{"id":7660,"date":"2025-01-15T17:22:41","date_gmt":"2025-01-15T16:22:41","guid":{"rendered":"https:\/\/vive-fuerteventura.com\/?page_id=7660"},"modified":"2025-12-08T18:10:39","modified_gmt":"2025-12-08T17:10:39","slug":"mercado-de-caleta-de-fuste","status":"publish","type":"page","link":"https:\/\/vive-fuerteventura.com\/es\/maerkte\/mercado-de-caleta-de-fuste\/","title":{"rendered":"Mercado de Caleta de Fuste"},"content":{"rendered":"<div data-elementor-type=\"wp-post\" data-elementor-id=\"7660\" class=\"elementor elementor-7660\" data-elementor-post-type=\"page\">\n\t\t\t\t\t\t<section class=\"elementor-section elementor-top-section elementor-element elementor-element-3791e69 elementor-section-boxed elementor-section-height-default elementor-section-height-default\" data-id=\"3791e69\" data-element_type=\"section\" data-e-type=\"section\" data-settings=\"{&quot;jet_parallax_layout_list&quot;:[{&quot;jet_parallax_layout_image&quot;:{&quot;url&quot;:&quot;&quot;,&quot;id&quot;:&quot;&quot;,&quot;size&quot;:&quot;&quot;},&quot;_id&quot;:&quot;431fff4&quot;,&quot;jet_parallax_layout_speed&quot;:{&quot;unit&quot;:&quot;%&quot;,&quot;size&quot;:50,&quot;sizes&quot;:[]},&quot;jet_parallax_layout_image_tablet&quot;:{&quot;url&quot;:&quot;&quot;,&quot;id&quot;:&quot;&quot;,&quot;size&quot;:&quot;&quot;},&quot;jet_parallax_layout_image_mobile&quot;:{&quot;url&quot;:&quot;&quot;,&quot;id&quot;:&quot;&quot;,&quot;size&quot;:&quot;&quot;},&quot;jet_parallax_layout_type&quot;:&quot;scroll&quot;,&quot;jet_parallax_layout_direction&quot;:&quot;1&quot;,&quot;jet_parallax_layout_fx_direction&quot;:null,&quot;jet_parallax_layout_z_index&quot;:&quot;&quot;,&quot;jet_parallax_layout_bg_x&quot;:50,&quot;jet_parallax_layout_bg_x_tablet&quot;:&quot;&quot;,&quot;jet_parallax_layout_bg_x_mobile&quot;:&quot;&quot;,&quot;jet_parallax_layout_bg_y&quot;:50,&quot;jet_parallax_layout_bg_y_tablet&quot;:&quot;&quot;,&quot;jet_parallax_layout_bg_y_mobile&quot;:&quot;&quot;,&quot;jet_parallax_layout_bg_size&quot;:&quot;auto&quot;,&quot;jet_parallax_layout_bg_size_tablet&quot;:&quot;&quot;,&quot;jet_parallax_layout_bg_size_mobile&quot;:&quot;&quot;,&quot;jet_parallax_layout_animation_prop&quot;:&quot;transform&quot;,&quot;jet_parallax_layout_on&quot;:[&quot;desktop&quot;,&quot;tablet&quot;]}],&quot;background_background&quot;:&quot;classic&quot;}\">\n\t\t\t\t\t\t<div class=\"elementor-container elementor-column-gap-no\">\n\t\t\t\t\t<div class=\"elementor-column elementor-col-100 elementor-top-column elementor-element elementor-element-374d4c7\" data-id=\"374d4c7\" data-element_type=\"column\" data-e-type=\"column\" data-settings=\"{&quot;background_background&quot;:&quot;classic&quot;}\">\n\t\t\t<div class=\"elementor-widget-wrap elementor-element-populated\">\n\t\t\t\t\t\t<div class=\"elementor-element elementor-element-45e84c5 elementor-arrows-position-inside elementor-widget elementor-widget-image-carousel\" data-id=\"45e84c5\" data-element_type=\"widget\" data-e-type=\"widget\" data-settings=\"{&quot;slides_to_show&quot;:&quot;3&quot;,&quot;navigation&quot;:&quot;arrows&quot;,&quot;infinite&quot;:&quot;yes&quot;,&quot;speed&quot;:500}\" data-widget_type=\"image-carousel.default\">\n\t\t\t\t<div class=\"elementor-widget-container\">\n\t\t\t\t\t\t\t<div class=\"elementor-image-carousel-wrapper swiper\" role=\"region\" aria-roledescription=\"carousel\" aria-label=\"Carrusel de im\u00e1genes\" dir=\"ltr\">\n\t\t\t<div class=\"elementor-image-carousel swiper-wrapper\" aria-live=\"polite\">\n\t\t\t\t\t\t\t\t<div class=\"swiper-slide\" role=\"group\" aria-roledescription=\"slide\" aria-label=\"1 de 5\"><figure class=\"swiper-slide-inner\"><img decoding=\"async\" class=\"swiper-slide-image\" src=\"https:\/\/vive-fuerteventura.com\/wp-content\/uploads\/2025\/10\/598c6d04-aaeb-42a6-9aec-258df725b43aMarket-Calet-de-Fuste_result-500x500.jpg\" alt=\"598c6d04-aaeb-42a6-9aec-258df725b43aMarket Calet de Fuste_result\" \/><\/figure><\/div><div class=\"swiper-slide\" role=\"group\" aria-roledescription=\"slide\" aria-label=\"2 de 5\"><figure class=\"swiper-slide-inner\"><img decoding=\"async\" class=\"swiper-slide-image\" src=\"https:\/\/vive-fuerteventura.com\/wp-content\/uploads\/2025\/10\/eef1ee81-27fe-4dad-9219-458ade340d0cMarket-Calet-de-Fuste_result-500x500.jpg\" alt=\"eef1ee81-27fe-4dad-9219-458ade340d0cMarket Calet de Fuste_result\" \/><\/figure><\/div><div class=\"swiper-slide\" role=\"group\" aria-roledescription=\"slide\" aria-label=\"3 de 5\"><figure class=\"swiper-slide-inner\"><img decoding=\"async\" class=\"swiper-slide-image\" src=\"https:\/\/vive-fuerteventura.com\/wp-content\/uploads\/2025\/10\/2fe521ca-7d63-4445-990d-369b49436020Market-Calet-de-Fuste_result-500x500.jpg\" alt=\"2fe521ca-7d63-4445-990d-369b49436020Market Calet de Fuste_result\" \/><\/figure><\/div><div class=\"swiper-slide\" role=\"group\" aria-roledescription=\"slide\" aria-label=\"4 de 5\"><figure class=\"swiper-slide-inner\"><img decoding=\"async\" class=\"swiper-slide-image\" src=\"https:\/\/vive-fuerteventura.com\/wp-content\/uploads\/2025\/10\/IMG_8004Market-Calet-de-Fuste_result-500x500.jpg\" alt=\"IMG_8004Market Calet de Fuste_result\" \/><\/figure><\/div><div class=\"swiper-slide\" role=\"group\" aria-roledescription=\"slide\" aria-label=\"5 de 5\"><figure class=\"swiper-slide-inner\"><img decoding=\"async\" class=\"swiper-slide-image\" src=\"https:\/\/vive-fuerteventura.com\/wp-content\/uploads\/2025\/10\/IMG_8002Market-Calet-de-Fuste_result-500x500.jpg\" alt=\"IMG_8002Market Calet de Fuste_result\" \/><\/figure><\/div>\t\t\t<\/div>\n\t\t\t\t\t\t\t\t\t\t\t\t<div class=\"elementor-swiper-button elementor-swiper-button-prev\" role=\"button\" tabindex=\"0\">\n\t\t\t\t\t\t<svg aria-hidden=\"true\" class=\"e-font-icon-svg e-eicon-chevron-left\" viewbox=\"0 0 1000 1000\" xmlns=\"http:\/\/www.w3.org\/2000\/svg\"><path d=\"M646 125C629 125 613 133 604 142L308 442C296 454 292 471 292 487 292 504 296 521 308 533L604 854C617 867 629 875 646 875 663 875 679 871 692 858 704 846 713 829 713 812 713 796 708 779 692 767L438 487 692 225C700 217 708 204 708 187 708 171 704 154 692 142 675 129 663 125 646 125Z\"><\/path><\/svg>\t\t\t\t\t<\/div>\n\t\t\t\t\t<div class=\"elementor-swiper-button elementor-swiper-button-next\" role=\"button\" tabindex=\"0\">\n\t\t\t\t\t\t<svg aria-hidden=\"true\" class=\"e-font-icon-svg e-eicon-chevron-right\" viewbox=\"0 0 1000 1000\" xmlns=\"http:\/\/www.w3.org\/2000\/svg\"><path d=\"M696 533C708 521 713 504 713 487 713 471 708 454 696 446L400 146C388 133 375 125 354 125 338 125 325 129 313 142 300 154 292 171 292 187 292 204 296 221 308 233L563 492 304 771C292 783 288 800 288 817 288 833 296 850 308 863 321 871 338 875 354 875 371 875 388 867 400 854L696 533Z\"><\/path><\/svg>\t\t\t\t\t<\/div>\n\t\t\t\t\n\t\t\t\t\t\t\t\t\t<\/div>\n\t\t\t\t\t\t<\/div>\n\t\t\t\t<\/div>\n\t\t\t\t<div class=\"elementor-element elementor-element-510a156 elementor-align-justify elementor-mobile-align-justify elementor-widget elementor-widget-button\" data-id=\"510a156\" data-element_type=\"widget\" data-e-type=\"widget\" data-settings=\"{&quot;_animation_mobile&quot;:&quot;slideInDown&quot;}\" data-widget_type=\"button.default\">\n\t\t\t\t<div class=\"elementor-widget-container\">\n\t\t\t\t\t\t\t\t\t<div class=\"elementor-button-wrapper\">\n\t\t\t\t\t<a class=\"elementor-button elementor-button-link elementor-size-sm\" href=\"#\">\n\t\t\t\t\t\t<span class=\"elementor-button-content-wrapper\">\n\t\t\t\t\t\t\t\t\t<span class=\"elementor-button-text\">Mercado de Caleta de Fuste<\/span>\n\t\t\t\t\t<\/span>\n\t\t\t\t\t<\/a>\n\t\t\t\t<\/div>\n\t\t\t\t\t\t\t\t<\/div>\n\t\t\t\t<\/div>\n\t\t\t\t<div class=\"elementor-element elementor-element-7c70610 elementor-widget-mobile__width-inherit elementor-icon-list--layout-traditional elementor-list-item-link-full_width elementor-widget elementor-widget-icon-list\" data-id=\"7c70610\" data-element_type=\"widget\" data-e-type=\"widget\" data-widget_type=\"icon-list.default\">\n\t\t\t\t<div class=\"elementor-widget-container\">\n\t\t\t\t\t\t\t<ul class=\"elementor-icon-list-items\">\n\t\t\t\t\t\t\t<li class=\"elementor-icon-list-item\">\n\t\t\t\t\t\t\t\t\t\t<span class=\"elementor-icon-list-text\"> Mercadillo - Caleta de Fuste<\/span>\n\t\t\t\t\t\t\t\t\t<\/li>\n\t\t\t\t\t\t<\/ul>\n\t\t\t\t\t\t<\/div>\n\t\t\t\t<\/div>\n\t\t\t\t<div class=\"elementor-element elementor-element-f64e305 elementor-widget-mobile__width-inherit elementor-icon-list--layout-traditional elementor-list-item-link-full_width elementor-widget elementor-widget-icon-list\" data-id=\"f64e305\" data-element_type=\"widget\" data-e-type=\"widget\" data-widget_type=\"icon-list.default\">\n\t\t\t\t<div class=\"elementor-widget-container\">\n\t\t\t\t\t\t\t<ul class=\"elementor-icon-list-items\">\n\t\t\t\t\t\t\t<li class=\"elementor-icon-list-item\">\n\t\t\t\t\t\t\t\t\t\t\t<span class=\"elementor-icon-list-icon\">\n\t\t\t\t\t\t\t<svg aria-hidden=\"true\" class=\"e-font-icon-svg e-fas-store\" viewbox=\"0 0 616 512\" xmlns=\"http:\/\/www.w3.org\/2000\/svg\"><path d=\"M602 118.6L537.1 15C531.3 5.7 521 0 510 0H106C95 0 84.7 5.7 78.9 15L14 118.6c-33.5 53.5-3.8 127.9 58.8 136.4 4.5.6 9.1.9 13.7.9 29.6 0 55.8-13 73.8-33.1 18 20.1 44.3 33.1 73.8 33.1 29.6 0 55.8-13 73.8-33.1 18 20.1 44.3 33.1 73.8 33.1 29.6 0 55.8-13 73.8-33.1 18.1 20.1 44.3 33.1 73.8 33.1 4.7 0 9.2-.3 13.7-.9 62.8-8.4 92.6-82.8 59-136.4zM529.5 288c-10 0-19.9-1.5-29.5-3.8V384H116v-99.8c-9.6 2.2-19.5 3.8-29.5 3.8-6 0-12.1-.4-18-1.2-5.6-.8-11.1-2.1-16.4-3.6V480c0 17.7 14.3 32 32 32h448c17.7 0 32-14.3 32-32V283.2c-5.4 1.6-10.8 2.9-16.4 3.6-6.1.8-12.1 1.2-18.2 1.2z\"><\/path><\/svg>\t\t\t\t\t\t<\/span>\n\t\t\t\t\t\t\t\t\t\t<span class=\"elementor-icon-list-text\">Ropa, accesorios, recuerdos, artesan\u00eda<\/span>\n\t\t\t\t\t\t\t\t\t<\/li>\n\t\t\t\t\t\t\t\t<li class=\"elementor-icon-list-item\">\n\t\t\t\t\t\t\t\t\t\t\t<span class=\"elementor-icon-list-icon\">\n\t\t\t\t\t\t\t<svg aria-hidden=\"true\" class=\"e-font-icon-svg e-fas-guitar\" viewbox=\"0 0 512 512\" xmlns=\"http:\/\/www.w3.org\/2000\/svg\"><path d=\"M502.63 39L473 9.37a32 32 0 0 0-45.26 0L381.46 55.7a35.14 35.14 0 0 0-8.53 13.79L360.77 106l-76.26 76.26c-12.16-8.76-25.5-15.74-40.1-19.14-33.45-7.78-67-.88-89.88 22a82.45 82.45 0 0 0-20.24 33.47c-6 18.56-23.21 32.69-42.15 34.46-23.7 2.27-45.73 11.45-62.61 28.44C-16.11 327-7.9 409 47.58 464.45S185 528 230.56 482.52c17-16.88 26.16-38.9 28.45-62.71 1.76-18.85 15.89-36.13 34.43-42.14a82.6 82.6 0 0 0 33.48-20.25c22.87-22.88 29.74-56.36 22-89.75-3.39-14.64-10.37-28-19.16-40.2L406 151.23l36.48-12.16a35.14 35.14 0 0 0 13.79-8.53l46.33-46.32a32 32 0 0 0 .03-45.22zM208 352a48 48 0 1 1 48-48 48 48 0 0 1-48 48z\"><\/path><\/svg>\t\t\t\t\t\t<\/span>\n\t\t\t\t\t\t\t\t\t\t<span class=\"elementor-icon-list-text\"> A menudo con m\u00fasica en directo<\/span>\n\t\t\t\t\t\t\t\t\t<\/li>\n\t\t\t\t\t\t\t\t<li class=\"elementor-icon-list-item\">\n\t\t\t\t\t\t\t\t\t\t\t<span class=\"elementor-icon-list-icon\">\n\t\t\t\t\t\t\t<svg aria-hidden=\"true\" class=\"e-font-icon-svg e-far-calendar-alt\" viewbox=\"0 0 448 512\" xmlns=\"http:\/\/www.w3.org\/2000\/svg\"><path d=\"M148 288h-40c-6.6 0-12-5.4-12-12v-40c0-6.6 5.4-12 12-12h40c6.6 0 12 5.4 12 12v40c0 6.6-5.4 12-12 12zm108-12v-40c0-6.6-5.4-12-12-12h-40c-6.6 0-12 5.4-12 12v40c0 6.6 5.4 12 12 12h40c6.6 0 12-5.4 12-12zm96 0v-40c0-6.6-5.4-12-12-12h-40c-6.6 0-12 5.4-12 12v40c0 6.6 5.4 12 12 12h40c6.6 0 12-5.4 12-12zm-96 96v-40c0-6.6-5.4-12-12-12h-40c-6.6 0-12 5.4-12 12v40c0 6.6 5.4 12 12 12h40c6.6 0 12-5.4 12-12zm-96 0v-40c0-6.6-5.4-12-12-12h-40c-6.6 0-12 5.4-12 12v40c0 6.6 5.4 12 12 12h40c6.6 0 12-5.4 12-12zm192 0v-40c0-6.6-5.4-12-12-12h-40c-6.6 0-12 5.4-12 12v40c0 6.6 5.4 12 12 12h40c6.6 0 12-5.4 12-12zm96-260v352c0 26.5-21.5 48-48 48H48c-26.5 0-48-21.5-48-48V112c0-26.5 21.5-48 48-48h48V12c0-6.6 5.4-12 12-12h40c6.6 0 12 5.4 12 12v52h128V12c0-6.6 5.4-12 12-12h40c6.6 0 12 5.4 12 12v52h48c26.5 0 48 21.5 48 48zm-48 346V160H48v298c0 3.3 2.7 6 6 6h340c3.3 0 6-2.7 6-6z\"><\/path><\/svg>\t\t\t\t\t\t<\/span>\n\t\t\t\t\t\t\t\t\t\t<span class=\"elementor-icon-list-text\">Martes y s\u00e1bados: 9:00 - 14:00<\/span>\n\t\t\t\t\t\t\t\t\t<\/li>\n\t\t\t\t\t\t<\/ul>\n\t\t\t\t\t\t<\/div>\n\t\t\t\t<\/div>\n\t\t\t\t\t<\/div>\n\t\t<\/div>\n\t\t\t\t\t<\/div>\n\t\t<\/section>\n\t\t\t\t<section class=\"elementor-section elementor-top-section elementor-element elementor-element-414839a elementor-section-boxed elementor-section-height-default elementor-section-height-default\" data-id=\"414839a\" data-element_type=\"section\" data-e-type=\"section\" data-settings=\"{&quot;jet_parallax_layout_list&quot;:[{&quot;jet_parallax_layout_image&quot;:{&quot;url&quot;:&quot;&quot;,&quot;id&quot;:&quot;&quot;,&quot;size&quot;:&quot;&quot;},&quot;_id&quot;:&quot;431fff4&quot;,&quot;jet_parallax_layout_speed&quot;:{&quot;unit&quot;:&quot;%&quot;,&quot;size&quot;:50,&quot;sizes&quot;:[]},&quot;jet_parallax_layout_image_tablet&quot;:{&quot;url&quot;:&quot;&quot;,&quot;id&quot;:&quot;&quot;,&quot;size&quot;:&quot;&quot;},&quot;jet_parallax_layout_image_mobile&quot;:{&quot;url&quot;:&quot;&quot;,&quot;id&quot;:&quot;&quot;,&quot;size&quot;:&quot;&quot;},&quot;jet_parallax_layout_type&quot;:&quot;scroll&quot;,&quot;jet_parallax_layout_direction&quot;:&quot;1&quot;,&quot;jet_parallax_layout_fx_direction&quot;:null,&quot;jet_parallax_layout_z_index&quot;:&quot;&quot;,&quot;jet_parallax_layout_bg_x&quot;:50,&quot;jet_parallax_layout_bg_x_tablet&quot;:&quot;&quot;,&quot;jet_parallax_layout_bg_x_mobile&quot;:&quot;&quot;,&quot;jet_parallax_layout_bg_y&quot;:50,&quot;jet_parallax_layout_bg_y_tablet&quot;:&quot;&quot;,&quot;jet_parallax_layout_bg_y_mobile&quot;:&quot;&quot;,&quot;jet_parallax_layout_bg_size&quot;:&quot;auto&quot;,&quot;jet_parallax_layout_bg_size_tablet&quot;:&quot;&quot;,&quot;jet_parallax_layout_bg_size_mobile&quot;:&quot;&quot;,&quot;jet_parallax_layout_animation_prop&quot;:&quot;transform&quot;,&quot;jet_parallax_layout_on&quot;:[&quot;desktop&quot;,&quot;tablet&quot;]}],&quot;background_background&quot;:&quot;classic&quot;}\">\n\t\t\t\t\t\t<div class=\"elementor-container elementor-column-gap-no\">\n\t\t\t\t\t<div class=\"elementor-column elementor-col-50 elementor-top-column elementor-element elementor-element-03f917c\" data-id=\"03f917c\" data-element_type=\"column\" data-e-type=\"column\" data-settings=\"{&quot;background_background&quot;:&quot;classic&quot;}\">\n\t\t\t<div class=\"elementor-widget-wrap elementor-element-populated\">\n\t\t\t\t\t\t<div class=\"elementor-element elementor-element-5c0f0b9 elementor-widget-mobile__width-inherit elementor-mobile-align-start elementor-icon-list--layout-traditional elementor-list-item-link-full_width elementor-widget elementor-widget-icon-list\" data-id=\"5c0f0b9\" data-element_type=\"widget\" data-e-type=\"widget\" data-widget_type=\"icon-list.default\">\n\t\t\t\t<div class=\"elementor-widget-container\">\n\t\t\t\t\t\t\t<ul class=\"elementor-icon-list-items\">\n\t\t\t\t\t\t\t<li class=\"elementor-icon-list-item\">\n\t\t\t\t\t\t\t\t\t\t\t<span class=\"elementor-icon-list-icon\">\n\t\t\t\t\t\t\t<svg aria-hidden=\"true\" class=\"e-font-icon-svg e-fas-align-left\" viewbox=\"0 0 448 512\" xmlns=\"http:\/\/www.w3.org\/2000\/svg\"><path d=\"M12.83 352h262.34A12.82 12.82 0 0 0 288 339.17v-38.34A12.82 12.82 0 0 0 275.17 288H12.83A12.82 12.82 0 0 0 0 300.83v38.34A12.82 12.82 0 0 0 12.83 352zm0-256h262.34A12.82 12.82 0 0 0 288 83.17V44.83A12.82 12.82 0 0 0 275.17 32H12.83A12.82 12.82 0 0 0 0 44.83v38.34A12.82 12.82 0 0 0 12.83 96zM432 160H16a16 16 0 0 0-16 16v32a16 16 0 0 0 16 16h416a16 16 0 0 0 16-16v-32a16 16 0 0 0-16-16zm0 256H16a16 16 0 0 0-16 16v32a16 16 0 0 0 16 16h416a16 16 0 0 0 16-16v-32a16 16 0 0 0-16-16z\"><\/path><\/svg>\t\t\t\t\t\t<\/span>\n\t\t\t\t\t\t\t\t\t\t<span class=\"elementor-icon-list-text\">DETALLES<\/span>\n\t\t\t\t\t\t\t\t\t<\/li>\n\t\t\t\t\t\t<\/ul>\n\t\t\t\t\t\t<\/div>\n\t\t\t\t<\/div>\n\t\t\t\t<div class=\"elementor-element elementor-element-7f1b698 elementor-widget elementor-widget-n-accordion\" data-id=\"7f1b698\" data-element_type=\"widget\" data-e-type=\"widget\" data-settings=\"{&quot;default_state&quot;:&quot;all_collapsed&quot;,&quot;max_items_expended&quot;:&quot;one&quot;,&quot;n_accordion_animation_duration&quot;:{&quot;unit&quot;:&quot;ms&quot;,&quot;size&quot;:400,&quot;sizes&quot;:[]}}\" data-widget_type=\"nested-accordion.default\">\n\t\t\t\t<div class=\"elementor-widget-container\">\n\t\t\t\t\t\t\t<div class=\"e-n-accordion\" aria-label=\"Acorde\u00f3n. Abra los enlaces con Intro o Espacio, ci\u00e9rrelos con Escape y navegue con las teclas de flecha.\">\n\t\t\t\t\t\t<details id=\"e-n-accordion-item-1330\" class=\"e-n-accordion-item\" >\n\t\t\t\t<summary class=\"e-n-accordion-item-title\" data-accordion-index=\"1\" tabindex=\"0\" aria-expanded=\"false\" aria-controls=\"e-n-accordion-item-1330\" >\n\t\t\t\t\t<span class='e-n-accordion-item-title-header'><div class=\"e-n-accordion-item-title-text\">  <\/div><\/span>\n\t\t\t\t\t\t\t<span class='e-n-accordion-item-title-icon'>\n\t\t\t<span class='e-opened' ><svg aria-hidden=\"true\" class=\"e-font-icon-svg e-fas-minus\" viewbox=\"0 0 448 512\" xmlns=\"http:\/\/www.w3.org\/2000\/svg\"><path d=\"M416 208H32c-17.67 0-32 14.33-32 32v32c0 17.67 14.33 32 32 32h384c17.67 0 32-14.33 32-32v-32c0-17.67-14.33-32-32-32z\"><\/path><\/svg><\/span>\n\t\t\t<span class='e-closed'><svg aria-hidden=\"true\" class=\"e-font-icon-svg e-fas-chevron-down\" viewbox=\"0 0 448 512\" xmlns=\"http:\/\/www.w3.org\/2000\/svg\"><path d=\"M207.029 381.476L12.686 187.132c-9.373-9.373-9.373-24.569 0-33.941l22.667-22.667c9.357-9.357 24.522-9.375 33.901-.04L224 284.505l154.745-154.021c9.379-9.335 24.544-9.317 33.901.04l22.667 22.667c9.373 9.373 9.373 24.569 0 33.941L240.971 381.476c-9.373 9.372-24.569 9.372-33.942 0z\"><\/path><\/svg><\/span>\n\t\t<\/span>\n\n\t\t\t\t\t\t<\/summary>\n\t\t\t\t<div role=\"region\" aria-labelledby=\"e-n-accordion-item-1330\" class=\"elementor-element elementor-element-3e74beb e-con-full e-flex e-con e-child\" data-id=\"3e74beb\" data-element_type=\"container\" data-e-type=\"container\" data-settings=\"{&quot;jet_parallax_layout_list&quot;:[]}\">\n\t\t\t\t<div class=\"elementor-element elementor-element-7c1d326 elementor-widget elementor-widget-heading\" data-id=\"7c1d326\" data-element_type=\"widget\" data-e-type=\"widget\" data-widget_type=\"heading.default\">\n\t\t\t\t<div class=\"elementor-widget-container\">\n\t\t\t\t\t<h2 class=\"elementor-heading-title elementor-size-default\">Animado mercado de recuerdos y accesorios<\/h2>\t\t\t\t<\/div>\n\t\t\t\t<\/div>\n\t\t\t\t<div class=\"elementor-element elementor-element-c6a0972 elementor-widget elementor-widget-text-editor\" data-id=\"c6a0972\" data-element_type=\"widget\" data-e-type=\"widget\" data-widget_type=\"text-editor.default\">\n\t\t\t\t<div class=\"elementor-widget-container\">\n\t\t\t\t\t\t\t\t\t<p>El Mercado de Caleta de Fuste es un mercado tur\u00edstico que atrae tanto a locales como a visitantes.<\/p><p>Con una amplia selecci\u00f3n de productos como ropa, accesorios y recuerdos hechos a mano, ofrece una animada experiencia de compras.<\/p><p>El bullicioso ambiente y la amplia gama de productos que se ofrecen lo convierten en un destino popular para cualquiera que busque recuerdos especiales.<\/p>\t\t\t\t\t\t\t\t<\/div>\n\t\t\t\t<\/div>\n\t\t\t\t<\/div>\n\t\t\t\t\t<\/details>\n\t\t\t\t\t<\/div>\n\t\t\t\t\t\t<\/div>\n\t\t\t\t<\/div>\n\t\t\t\t\t<\/div>\n\t\t<\/div>\n\t\t\t\t<div class=\"elementor-column elementor-col-50 elementor-top-column elementor-element elementor-element-1134e6c\" data-id=\"1134e6c\" data-element_type=\"column\" data-e-type=\"column\" data-settings=\"{&quot;background_background&quot;:&quot;classic&quot;}\">\n\t\t\t<div class=\"elementor-widget-wrap elementor-element-populated\">\n\t\t\t\t\t\t<div class=\"elementor-element elementor-element-f06d64a elementor-widget-mobile__width-inherit elementor-mobile-align-start elementor-icon-list--layout-traditional elementor-list-item-link-full_width elementor-widget elementor-widget-icon-list\" data-id=\"f06d64a\" data-element_type=\"widget\" data-e-type=\"widget\" data-widget_type=\"icon-list.default\">\n\t\t\t\t<div class=\"elementor-widget-container\">\n\t\t\t\t\t\t\t<ul class=\"elementor-icon-list-items\">\n\t\t\t\t\t\t\t<li class=\"elementor-icon-list-item\">\n\t\t\t\t\t\t\t\t\t\t\t<span class=\"elementor-icon-list-icon\">\n\t\t\t\t\t\t\t<svg aria-hidden=\"true\" class=\"e-font-icon-svg e-fas-map-marker-alt\" viewbox=\"0 0 384 512\" xmlns=\"http:\/\/www.w3.org\/2000\/svg\"><path d=\"M172.268 501.67C26.97 291.031 0 269.413 0 192 0 85.961 85.961 0 192 0s192 85.961 192 192c0 77.413-26.97 99.031-172.268 309.67-9.535 13.774-29.93 13.773-39.464 0zM192 272c44.183 0 80-35.817 80-80s-35.817-80-80-80-80 35.817-80 80 35.817 80 80 80z\"><\/path><\/svg>\t\t\t\t\t\t<\/span>\n\t\t\t\t\t\t\t\t\t\t<span class=\"elementor-icon-list-text\">C\u00f3mo llegar<\/span>\n\t\t\t\t\t\t\t\t\t<\/li>\n\t\t\t\t\t\t<\/ul>\n\t\t\t\t\t\t<\/div>\n\t\t\t\t<\/div>\n\t\t\t\t<div class=\"elementor-element elementor-element-cfcdeff elementor-widget elementor-widget-n-accordion\" data-id=\"cfcdeff\" data-element_type=\"widget\" data-e-type=\"widget\" data-settings=\"{&quot;default_state&quot;:&quot;all_collapsed&quot;,&quot;max_items_expended&quot;:&quot;one&quot;,&quot;n_accordion_animation_duration&quot;:{&quot;unit&quot;:&quot;ms&quot;,&quot;size&quot;:400,&quot;sizes&quot;:[]}}\" data-widget_type=\"nested-accordion.default\">\n\t\t\t\t<div class=\"elementor-widget-container\">\n\t\t\t\t\t\t\t<div class=\"e-n-accordion\" aria-label=\"Acorde\u00f3n. Abra los enlaces con Intro o Espacio, ci\u00e9rrelos con Escape y navegue con las teclas de flecha.\">\n\t\t\t\t\t\t<details id=\"e-n-accordion-item-2170\" class=\"e-n-accordion-item\" >\n\t\t\t\t<summary class=\"e-n-accordion-item-title\" data-accordion-index=\"1\" tabindex=\"0\" aria-expanded=\"false\" aria-controls=\"e-n-accordion-item-2170\" >\n\t\t\t\t\t<span class='e-n-accordion-item-title-header'><div class=\"e-n-accordion-item-title-text\">  <\/div><\/span>\n\t\t\t\t\t\t\t<span class='e-n-accordion-item-title-icon'>\n\t\t\t<span class='e-opened' ><svg aria-hidden=\"true\" class=\"e-font-icon-svg e-fas-minus\" viewbox=\"0 0 448 512\" xmlns=\"http:\/\/www.w3.org\/2000\/svg\"><path d=\"M416 208H32c-17.67 0-32 14.33-32 32v32c0 17.67 14.33 32 32 32h384c17.67 0 32-14.33 32-32v-32c0-17.67-14.33-32-32-32z\"><\/path><\/svg><\/span>\n\t\t\t<span class='e-closed'><svg aria-hidden=\"true\" class=\"e-font-icon-svg e-fas-chevron-down\" viewbox=\"0 0 448 512\" xmlns=\"http:\/\/www.w3.org\/2000\/svg\"><path d=\"M207.029 381.476L12.686 187.132c-9.373-9.373-9.373-24.569 0-33.941l22.667-22.667c9.357-9.357 24.522-9.375 33.901-.04L224 284.505l154.745-154.021c9.379-9.335 24.544-9.317 33.901.04l22.667 22.667c9.373 9.373 9.373 24.569 0 33.941L240.971 381.476c-9.373 9.372-24.569 9.372-33.942 0z\"><\/path><\/svg><\/span>\n\t\t<\/span>\n\n\t\t\t\t\t\t<\/summary>\n\t\t\t\t<div role=\"region\" aria-labelledby=\"e-n-accordion-item-2170\" class=\"elementor-element elementor-element-aa676e8 e-con-full e-flex e-con e-child\" data-id=\"aa676e8\" data-element_type=\"container\" data-e-type=\"container\" data-settings=\"{&quot;jet_parallax_layout_list&quot;:[]}\">\n\t\t\t\t<div class=\"elementor-element elementor-element-f099235 elementor-widget elementor-widget-heading\" data-id=\"f099235\" data-element_type=\"widget\" data-e-type=\"widget\" data-widget_type=\"heading.default\">\n\t\t\t\t<div class=\"elementor-widget-container\">\n\t\t\t\t\t<h2 class=\"elementor-heading-title elementor-size-default\">En coche<\/h2>\t\t\t\t<\/div>\n\t\t\t\t<\/div>\n\t\t\t\t<div class=\"elementor-element elementor-element-47ae74e elementor-icon-list--layout-traditional elementor-list-item-link-full_width elementor-widget elementor-widget-icon-list\" data-id=\"47ae74e\" data-element_type=\"widget\" data-e-type=\"widget\" data-widget_type=\"icon-list.default\">\n\t\t\t\t<div class=\"elementor-widget-container\">\n\t\t\t\t\t\t\t<ul class=\"elementor-icon-list-items\">\n\t\t\t\t\t\t\t<li class=\"elementor-icon-list-item\">\n\t\t\t\t\t\t\t\t\t\t\t<span class=\"elementor-icon-list-icon\">\n\t\t\t\t\t\t\t<svg aria-hidden=\"true\" class=\"e-font-icon-svg e-fas-map-marker-alt\" viewbox=\"0 0 384 512\" xmlns=\"http:\/\/www.w3.org\/2000\/svg\"><path d=\"M172.268 501.67C26.97 291.031 0 269.413 0 192 0 85.961 85.961 0 192 0s192 85.961 192 192c0 77.413-26.97 99.031-172.268 309.67-9.535 13.774-29.93 13.773-39.464 0zM192 272c44.183 0 80-35.817 80-80s-35.817-80-80-80-80 35.817-80 80 35.817 80 80 80z\"><\/path><\/svg>\t\t\t\t\t\t<\/span>\n\t\t\t\t\t\t\t\t\t\t<span class=\"elementor-icon-list-text\">El Mercado de Caleta de Fuste est\u00e1 situado en el este de la isla, a las afueras del pueblo de Caleta de Fuste. Se accede por la FV-2.<\/span>\n\t\t\t\t\t\t\t\t\t<\/li>\n\t\t\t\t\t\t\t\t<li class=\"elementor-icon-list-item\">\n\t\t\t\t\t\t\t\t\t\t\t<span class=\"elementor-icon-list-icon\">\n\t\t\t\t\t\t\t<svg aria-hidden=\"true\" class=\"e-font-icon-svg e-fas-parking\" viewbox=\"0 0 448 512\" xmlns=\"http:\/\/www.w3.org\/2000\/svg\"><path d=\"M400 32H48C21.5 32 0 53.5 0 80v352c0 26.5 21.5 48 48 48h352c26.5 0 48-21.5 48-48V80c0-26.5-21.5-48-48-48zM240 320h-48v48c0 8.8-7.2 16-16 16h-32c-8.8 0-16-7.2-16-16V144c0-8.8 7.2-16 16-16h96c52.9 0 96 43.1 96 96s-43.1 96-96 96zm0-128h-48v64h48c17.6 0 32-14.4 32-32s-14.4-32-32-32z\"><\/path><\/svg>\t\t\t\t\t\t<\/span>\n\t\t\t\t\t\t\t\t\t\t<span class=\"elementor-icon-list-text\">Hay aparcamiento en las inmediaciones del mercado.<\/span>\n\t\t\t\t\t\t\t\t\t<\/li>\n\t\t\t\t\t\t<\/ul>\n\t\t\t\t\t\t<\/div>\n\t\t\t\t<\/div>\n\t\t\t\t<\/div>\n\t\t\t\t\t<\/details>\n\t\t\t\t\t<\/div>\n\t\t\t\t\t\t<\/div>\n\t\t\t\t<\/div>\n\t\t\t\t\t<\/div>\n\t\t<\/div>\n\t\t\t\t\t<\/div>\n\t\t<\/section>\n\t\t\t\t<section class=\"elementor-section elementor-top-section elementor-element elementor-element-fa8ea24 elementor-section-boxed elementor-section-height-default elementor-section-height-default\" data-id=\"fa8ea24\" data-element_type=\"section\" data-e-type=\"section\" data-settings=\"{&quot;jet_parallax_layout_list&quot;:[{&quot;jet_parallax_layout_image&quot;:{&quot;url&quot;:&quot;&quot;,&quot;id&quot;:&quot;&quot;,&quot;size&quot;:&quot;&quot;},&quot;_id&quot;:&quot;431fff4&quot;,&quot;jet_parallax_layout_speed&quot;:{&quot;unit&quot;:&quot;%&quot;,&quot;size&quot;:50,&quot;sizes&quot;:[]},&quot;jet_parallax_layout_image_tablet&quot;:{&quot;url&quot;:&quot;&quot;,&quot;id&quot;:&quot;&quot;,&quot;size&quot;:&quot;&quot;},&quot;jet_parallax_layout_image_mobile&quot;:{&quot;url&quot;:&quot;&quot;,&quot;id&quot;:&quot;&quot;,&quot;size&quot;:&quot;&quot;},&quot;jet_parallax_layout_type&quot;:&quot;scroll&quot;,&quot;jet_parallax_layout_direction&quot;:&quot;1&quot;,&quot;jet_parallax_layout_fx_direction&quot;:null,&quot;jet_parallax_layout_z_index&quot;:&quot;&quot;,&quot;jet_parallax_layout_bg_x&quot;:50,&quot;jet_parallax_layout_bg_x_tablet&quot;:&quot;&quot;,&quot;jet_parallax_layout_bg_x_mobile&quot;:&quot;&quot;,&quot;jet_parallax_layout_bg_y&quot;:50,&quot;jet_parallax_layout_bg_y_tablet&quot;:&quot;&quot;,&quot;jet_parallax_layout_bg_y_mobile&quot;:&quot;&quot;,&quot;jet_parallax_layout_bg_size&quot;:&quot;auto&quot;,&quot;jet_parallax_layout_bg_size_tablet&quot;:&quot;&quot;,&quot;jet_parallax_layout_bg_size_mobile&quot;:&quot;&quot;,&quot;jet_parallax_layout_animation_prop&quot;:&quot;transform&quot;,&quot;jet_parallax_layout_on&quot;:[&quot;desktop&quot;,&quot;tablet&quot;]}]}\">\n\t\t\t\t\t\t<div class=\"elementor-container elementor-column-gap-no\">\n\t\t\t\t\t<div class=\"elementor-column elementor-col-100 elementor-top-column elementor-element elementor-element-bdc7c40\" data-id=\"bdc7c40\" data-element_type=\"column\" data-e-type=\"column\" data-settings=\"{&quot;background_background&quot;:&quot;classic&quot;}\">\n\t\t\t<div class=\"elementor-widget-wrap elementor-element-populated\">\n\t\t\t\t\t\t<div class=\"elementor-element elementor-element-ec306da elementor-widget elementor-widget-google_maps\" data-id=\"ec306da\" data-element_type=\"widget\" data-e-type=\"widget\" data-widget_type=\"google_maps.default\">\n\t\t\t\t<div class=\"elementor-widget-container\">\n\t\t\t\t\t\t\t<div class=\"elementor-custom-embed\">\n\t\t\t<iframe loading=\"lazy\"\n\t\t\t\t\tsrc=\"https:\/\/maps.google.com\/maps?q=28.397224948530976%2C%20-13.86372347486818&#038;t=m&#038;z=10&#038;output=embed&#038;iwloc=near\"\n\t\t\t\t\ttitle=\"28.397224948530976, -13.86372347486818\"\n\t\t\t\t\taria-label=\"28.397224948530976, -13.86372347486818\"\n\t\t\t><\/iframe>\n\t\t<\/div>\n\t\t\t\t\t\t<\/div>\n\t\t\t\t<\/div>\n\t\t\t\t\t<\/div>\n\t\t<\/div>\n\t\t\t\t\t<\/div>\n\t\t<\/section>\n\t\t\t\t<section class=\"elementor-section elementor-top-section elementor-element elementor-element-19423fa elementor-section-boxed elementor-section-height-default elementor-section-height-default\" data-id=\"19423fa\" data-element_type=\"section\" data-e-type=\"section\" data-settings=\"{&quot;jet_parallax_layout_list&quot;:[{&quot;jet_parallax_layout_image&quot;:{&quot;url&quot;:&quot;&quot;,&quot;id&quot;:&quot;&quot;,&quot;size&quot;:&quot;&quot;},&quot;_id&quot;:&quot;431fff4&quot;,&quot;jet_parallax_layout_speed&quot;:{&quot;unit&quot;:&quot;%&quot;,&quot;size&quot;:50,&quot;sizes&quot;:[]},&quot;jet_parallax_layout_image_tablet&quot;:{&quot;url&quot;:&quot;&quot;,&quot;id&quot;:&quot;&quot;,&quot;size&quot;:&quot;&quot;},&quot;jet_parallax_layout_image_mobile&quot;:{&quot;url&quot;:&quot;&quot;,&quot;id&quot;:&quot;&quot;,&quot;size&quot;:&quot;&quot;},&quot;jet_parallax_layout_type&quot;:&quot;scroll&quot;,&quot;jet_parallax_layout_direction&quot;:&quot;1&quot;,&quot;jet_parallax_layout_fx_direction&quot;:null,&quot;jet_parallax_layout_z_index&quot;:&quot;&quot;,&quot;jet_parallax_layout_bg_x&quot;:50,&quot;jet_parallax_layout_bg_x_tablet&quot;:&quot;&quot;,&quot;jet_parallax_layout_bg_x_mobile&quot;:&quot;&quot;,&quot;jet_parallax_layout_bg_y&quot;:50,&quot;jet_parallax_layout_bg_y_tablet&quot;:&quot;&quot;,&quot;jet_parallax_layout_bg_y_mobile&quot;:&quot;&quot;,&quot;jet_parallax_layout_bg_size&quot;:&quot;auto&quot;,&quot;jet_parallax_layout_bg_size_tablet&quot;:&quot;&quot;,&quot;jet_parallax_layout_bg_size_mobile&quot;:&quot;&quot;,&quot;jet_parallax_layout_animation_prop&quot;:&quot;transform&quot;,&quot;jet_parallax_layout_on&quot;:[&quot;desktop&quot;,&quot;tablet&quot;]}],&quot;shape_divider_bottom&quot;:&quot;opacity-tilt&quot;}\">\n\t\t\t\t\t<div class=\"elementor-shape elementor-shape-bottom\" aria-hidden=\"true\" data-negative=\"false\">\n\t\t\t<svg xmlns=\"http:\/\/www.w3.org\/2000\/svg\" viewbox=\"0 0 2600 131.1\" preserveaspectratio=\"none\">\n\t<path class=\"elementor-shape-fill\" d=\"M0 0L2600 0 2600 69.1 0 0z\"\/>\n\t<path class=\"elementor-shape-fill\" style=\"opacity:0.5\" d=\"M0 0L2600 0 2600 69.1 0 69.1z\"\/>\n\t<path class=\"elementor-shape-fill\" style=\"opacity:0.25\" d=\"M2600 0L0 0 0 130.1 2600 69.1z\"\/>\n<\/svg>\t\t<\/div>\n\t\t\t\t\t<div class=\"elementor-container elementor-column-gap-no\">\n\t\t\t\t\t<div class=\"elementor-column elementor-col-50 elementor-top-column elementor-element elementor-element-6b3a0bc\" data-id=\"6b3a0bc\" data-element_type=\"column\" data-e-type=\"column\">\n\t\t\t<div class=\"elementor-widget-wrap elementor-element-populated\">\n\t\t\t\t\t\t<div class=\"elementor-element elementor-element-b8022be elementor-widget elementor-widget-image\" data-id=\"b8022be\" data-element_type=\"widget\" data-e-type=\"widget\" data-widget_type=\"image.default\">\n\t\t\t\t<div class=\"elementor-widget-container\">\n\t\t\t\t\t\t\t\t\t\t\t\t\t\t\t\t<a href=\"https:\/\/vive-fuerteventura.com\/es\/maerkte\/\">\n\t\t\t\t\t\t\t<img decoding=\"async\" src=\"https:\/\/vive-fuerteventura.com\/wp-content\/uploads\/elementor\/thumbs\/iStock-872593458market_result-r3sbtslmcbd0ddvijqmib6zt3ra93tvk13kbamu74o.webp\" title=\"iStock-872593458market_result\" alt=\"iStock-872593458market_result\" loading=\"lazy\" \/>\t\t\t\t\t\t\t\t<\/a>\n\t\t\t\t\t\t\t\t\t\t\t\t\t\t\t<\/div>\n\t\t\t\t<\/div>\n\t\t\t\t<div class=\"elementor-element elementor-element-6f86319 elementor-align-justify elementor-mobile-align-right elementor-widget elementor-widget-button\" data-id=\"6f86319\" data-element_type=\"widget\" data-e-type=\"widget\" data-widget_type=\"button.default\">\n\t\t\t\t<div class=\"elementor-widget-container\">\n\t\t\t\t\t\t\t\t\t<div class=\"elementor-button-wrapper\">\n\t\t\t\t\t<a class=\"elementor-button elementor-button-link elementor-size-sm elementor-animation-shrink\" href=\"https:\/\/vive-fuerteventura.com\/es\/maerkte\/\">\n\t\t\t\t\t\t<span class=\"elementor-button-content-wrapper\">\n\t\t\t\t\t\t<span class=\"elementor-button-icon\">\n\t\t\t\t<svg aria-hidden=\"true\" class=\"e-font-icon-svg e-fas-angle-double-left\" viewbox=\"0 0 448 512\" xmlns=\"http:\/\/www.w3.org\/2000\/svg\"><path d=\"M223.7 239l136-136c9.4-9.4 24.6-9.4 33.9 0l22.6 22.6c9.4 9.4 9.4 24.6 0 33.9L319.9 256l96.4 96.4c9.4 9.4 9.4 24.6 0 33.9L393.7 409c-9.4 9.4-24.6 9.4-33.9 0l-136-136c-9.5-9.4-9.5-24.6-.1-34zm-192 34l136 136c9.4 9.4 24.6 9.4 33.9 0l22.6-22.6c9.4-9.4 9.4-24.6 0-33.9L127.9 256l96.4-96.4c9.4-9.4 9.4-24.6 0-33.9L201.7 103c-9.4-9.4-24.6-9.4-33.9 0l-136 136c-9.5 9.4-9.5 24.6-.1 34z\"><\/path><\/svg>\t\t\t<\/span>\n\t\t\t\t\t\t\t\t\t<span class=\"elementor-button-text\">volver a la vista general<\/span>\n\t\t\t\t\t<\/span>\n\t\t\t\t\t<\/a>\n\t\t\t\t<\/div>\n\t\t\t\t\t\t\t\t<\/div>\n\t\t\t\t<\/div>\n\t\t\t\t\t<\/div>\n\t\t<\/div>\n\t\t\t\t<div class=\"elementor-column elementor-col-50 elementor-top-column elementor-element elementor-element-db28a9e\" data-id=\"db28a9e\" data-element_type=\"column\" data-e-type=\"column\">\n\t\t\t<div class=\"elementor-widget-wrap elementor-element-populated\">\n\t\t\t\t\t\t<div class=\"elementor-element elementor-element-5de2037 elementor-widget elementor-widget-heading\" data-id=\"5de2037\" data-element_type=\"widget\" data-e-type=\"widget\" data-widget_type=\"heading.default\">\n\t\t\t\t<div class=\"elementor-widget-container\">\n\t\t\t\t\t<h2 class=\"elementor-heading-title elementor-size-default\"><a href=\"https:\/\/vive-fuerteventura.com\/es\/maerkte\/\">Mercados<\/a><\/h2>\t\t\t\t<\/div>\n\t\t\t\t<\/div>\n\t\t\t\t\t<\/div>\n\t\t<\/div>\n\t\t\t\t\t<\/div>\n\t\t<\/section>\n\t\t\t\t<section class=\"elementor-section elementor-top-section elementor-element elementor-element-9007133 elementor-section-boxed elementor-section-height-default elementor-section-height-default\" data-id=\"9007133\" data-element_type=\"section\" data-e-type=\"section\" data-settings=\"{&quot;jet_parallax_layout_list&quot;:[{&quot;jet_parallax_layout_image&quot;:{&quot;url&quot;:&quot;&quot;,&quot;id&quot;:&quot;&quot;,&quot;size&quot;:&quot;&quot;},&quot;_id&quot;:&quot;431fff4&quot;,&quot;jet_parallax_layout_speed&quot;:{&quot;unit&quot;:&quot;%&quot;,&quot;size&quot;:50,&quot;sizes&quot;:[]},&quot;jet_parallax_layout_image_tablet&quot;:{&quot;url&quot;:&quot;&quot;,&quot;id&quot;:&quot;&quot;,&quot;size&quot;:&quot;&quot;},&quot;jet_parallax_layout_image_mobile&quot;:{&quot;url&quot;:&quot;&quot;,&quot;id&quot;:&quot;&quot;,&quot;size&quot;:&quot;&quot;},&quot;jet_parallax_layout_type&quot;:&quot;scroll&quot;,&quot;jet_parallax_layout_direction&quot;:&quot;1&quot;,&quot;jet_parallax_layout_fx_direction&quot;:null,&quot;jet_parallax_layout_z_index&quot;:&quot;&quot;,&quot;jet_parallax_layout_bg_x&quot;:50,&quot;jet_parallax_layout_bg_x_tablet&quot;:&quot;&quot;,&quot;jet_parallax_layout_bg_x_mobile&quot;:&quot;&quot;,&quot;jet_parallax_layout_bg_y&quot;:50,&quot;jet_parallax_layout_bg_y_tablet&quot;:&quot;&quot;,&quot;jet_parallax_layout_bg_y_mobile&quot;:&quot;&quot;,&quot;jet_parallax_layout_bg_size&quot;:&quot;auto&quot;,&quot;jet_parallax_layout_bg_size_tablet&quot;:&quot;&quot;,&quot;jet_parallax_layout_bg_size_mobile&quot;:&quot;&quot;,&quot;jet_parallax_layout_animation_prop&quot;:&quot;transform&quot;,&quot;jet_parallax_layout_on&quot;:[&quot;desktop&quot;,&quot;tablet&quot;]}],&quot;background_background&quot;:&quot;classic&quot;}\">\n\t\t\t\t\t\t<div class=\"elementor-container elementor-column-gap-no\">\n\t\t\t\t\t<div class=\"elementor-column elementor-col-100 elementor-top-column elementor-element elementor-element-5d48781\" data-id=\"5d48781\" data-element_type=\"column\" data-e-type=\"column\">\n\t\t\t<div class=\"elementor-widget-wrap elementor-element-populated\">\n\t\t\t\t\t\t<div class=\"elementor-element elementor-element-4430122 elementor-icon-list--layout-traditional elementor-list-item-link-full_width elementor-widget elementor-widget-icon-list\" data-id=\"4430122\" data-element_type=\"widget\" data-e-type=\"widget\" data-settings=\"{&quot;_animation_mobile&quot;:&quot;slideInLeft&quot;}\" data-widget_type=\"icon-list.default\">\n\t\t\t\t<div class=\"elementor-widget-container\">\n\t\t\t\t\t\t\t<ul class=\"elementor-icon-list-items\">\n\t\t\t\t\t\t\t<li class=\"elementor-icon-list-item\">\n\t\t\t\t\t\t\t\t\t\t\t<span class=\"elementor-icon-list-icon\">\n\t\t\t\t\t\t\t<svg aria-hidden=\"true\" class=\"e-font-icon-svg e-fas-angle-double-down\" viewbox=\"0 0 320 512\" xmlns=\"http:\/\/www.w3.org\/2000\/svg\"><path d=\"M143 256.3L7 120.3c-9.4-9.4-9.4-24.6 0-33.9l22.6-22.6c9.4-9.4 24.6-9.4 33.9 0l96.4 96.4 96.4-96.4c9.4-9.4 24.6-9.4 33.9 0L313 86.3c9.4 9.4 9.4 24.6 0 33.9l-136 136c-9.4 9.5-24.6 9.5-34 .1zm34 192l136-136c9.4-9.4 9.4-24.6 0-33.9l-22.6-22.6c-9.4-9.4-24.6-9.4-33.9 0L160 352.1l-96.4-96.4c-9.4-9.4-24.6-9.4-33.9 0L7 278.3c-9.4 9.4-9.4 24.6 0 33.9l136 136c9.4 9.5 24.6 9.5 34 .1z\"><\/path><\/svg>\t\t\t\t\t\t<\/span>\n\t\t\t\t\t\t\t\t\t\t<span class=\"elementor-icon-list-text\">Actividades<\/span>\n\t\t\t\t\t\t\t\t\t<\/li>\n\t\t\t\t\t\t<\/ul>\n\t\t\t\t\t\t<\/div>\n\t\t\t\t<\/div>\n\t\t\t\t<div class=\"elementor-element elementor-element-e3ea94a elementor-widget elementor-widget-heading\" data-id=\"e3ea94a\" data-element_type=\"widget\" data-e-type=\"widget\" data-widget_type=\"heading.default\">\n\t\t\t\t<div class=\"elementor-widget-container\">\n\t\t\t\t\t<h2 class=\"elementor-heading-title elementor-size-default\">Descubra experiencias y aventuras inolvidables<\/h2>\t\t\t\t<\/div>\n\t\t\t\t<\/div>\n\t\t\t\t<div class=\"elementor-element elementor-element-1df8fa8 raven-button-align-justify aktivitaeten-karussell elementor-widget elementor-widget-raven-posts-carousel\" data-id=\"1df8fa8\" data-element_type=\"widget\" data-e-type=\"widget\" data-settings=\"{&quot;classic_slides_view&quot;:&quot;4&quot;,&quot;classic_slides_view_mobile&quot;:&quot;2&quot;,&quot;classic_columns_space_between&quot;:{&quot;unit&quot;:&quot;px&quot;,&quot;size&quot;:15,&quot;sizes&quot;:[]},&quot;classic_enable_autoplay&quot;:&quot;yes&quot;,&quot;classic_autoplay_speed&quot;:5000,&quot;_skin&quot;:&quot;classic&quot;,&quot;query_posts_per_page&quot;:10,&quot;classic_slides_view_tablet&quot;:&quot;2&quot;,&quot;classic_slides_scroll&quot;:&quot;1&quot;,&quot;classic_slides_scroll_tablet&quot;:&quot;1&quot;,&quot;classic_slides_scroll_mobile&quot;:&quot;1&quot;,&quot;classic_transition_speed&quot;:500,&quot;classic_enable_infinite_loop&quot;:&quot;yes&quot;,&quot;classic_show_arrows&quot;:&quot;yes&quot;,&quot;query_offset&quot;:0,&quot;classic_columns_space_between_tablet&quot;:{&quot;unit&quot;:&quot;px&quot;,&quot;size&quot;:20,&quot;sizes&quot;:[]},&quot;classic_columns_space_between_mobile&quot;:{&quot;unit&quot;:&quot;px&quot;,&quot;size&quot;:10,&quot;sizes&quot;:[]}}\" data-widget_type=\"raven-posts-carousel.classic\">\n\t\t\t\t<div class=\"elementor-widget-container\">\n\t\t\t\t\t\t\t<div class=\"raven-posts-carousel raven-swiper-slider\">\n\t\t\t<div class=\"raven-posts-carousel-swiper-container swiper\">\n\t\t\t\t<div class=\"swiper-wrapper swiper-columns-4\" data-swiper='{&quot;rtl&quot;:false}'>\n\t\t\n\t\t<div class=\"swiper-slide\">\n\t\t\t<div class=\"raven-post-wrapper\">\n\t\t\t\t<div class=\"raven-post\">\n\t\t\t\t\t\t\t<div class=\"raven-post-image-wrap\">\n\t\t\t<a class=\"raven-post-image raven-image-fit\"  href=\"https:\/\/vive-fuerteventura.com\/es\/portfolio\/norden-corralejo-tour\/\"><img fetchpriority=\"high\" decoding=\"async\" width=\"1024\" height=\"767\" src=\"https:\/\/vive-fuerteventura.com\/wp-content\/uploads\/2025\/04\/VIVE_Pictures_2025-04-03\/iStock-2199817014calderon hondo trail_result-1024x767.webp\" class=\"attachment-large size-large wp-image-12851\" alt=\"\" srcset=\"\" sizes=\"(max-width: 1024px) 100vw, 1024px\" data-srcset=\"\" \/> <span class=\"raven-post-image-overlay\"><\/span><\/a>\t\t<\/div>\n\t\t\n\t\t\t\t\t<div class=\"raven-post-content\">\n\t\t\t\t\t\t<h3 class=\"raven-post-title\"><a class=\"raven-post-title-link\" href=\"https:\/\/vive-fuerteventura.com\/es\/portfolio\/norden-corralejo-tour\/\">Tour Norte y Corralejo<\/a><\/h3>\t\t<div class=\"raven-post-meta\"><span class=\"raven-post-meta-item raven-post-categories\"><a href=\"https:\/\/vive-fuerteventura.com\/es\/portfolio-category\/costa-calma\/\" rel=\"tag\">Costa Calma<\/a><\/span><\/div>\n\t\t<div class=\"raven-post-excerpt\">Explore la salvaje costa norte de Fuerteventura: desde imponentes dunas y cr\u00e1teres volc\u00e1nicos enfriados hasta pueblos pesqueros y tiendas en Corralejo. <\/div>\t\t<div class=\"raven-post-read-more\">\n\t\t\t<a class=\"raven-post-button\" href=\"https:\/\/vive-fuerteventura.com\/es\/portfolio\/norden-corralejo-tour\/\"><span class=\"raven-post-button-text\">Reserve ahora<\/span><\/a>\n\t\t<\/div>\n\t\t\t\t\t\t\t<\/div>\n\t\t\t\t<\/div>\n\t\t\t<\/div>\n\t\t<\/div>\n\t\t\n\t\t<div class=\"swiper-slide\">\n\t\t\t<div class=\"raven-post-wrapper\">\n\t\t\t\t<div class=\"raven-post\">\n\t\t\t\t\t\t\t<div class=\"raven-post-image-wrap\">\n\t\t\t<a class=\"raven-post-image raven-image-fit\"  href=\"https:\/\/vive-fuerteventura.com\/es\/portfolio\/sailing-dolphin-watching-morro-jable\/\"><img decoding=\"async\" width=\"1024\" height=\"680\" src=\"https:\/\/vive-fuerteventura.com\/wp-content\/uploads\/2025\/09\/iStock-465978266-1024x680.jpg\" class=\"attachment-large size-large wp-image-33566\" alt=\"\" srcset=\"https:\/\/vive-fuerteventura.com\/wp-content\/uploads\/2025\/09\/iStock-465978266-1024x680.jpg 1024w, https:\/\/vive-fuerteventura.com\/wp-content\/uploads\/2025\/09\/iStock-465978266-300x199.jpg 300w, https:\/\/vive-fuerteventura.com\/wp-content\/uploads\/2025\/09\/iStock-465978266-768x510.jpg 768w, https:\/\/vive-fuerteventura.com\/wp-content\/uploads\/2025\/09\/iStock-465978266-1536x1020.jpg 1536w, https:\/\/vive-fuerteventura.com\/wp-content\/uploads\/2025\/09\/iStock-465978266-2048x1360.jpg 2048w, https:\/\/vive-fuerteventura.com\/wp-content\/uploads\/2025\/09\/iStock-465978266-18x12.jpg 18w\" sizes=\"(max-width: 1024px) 100vw, 1024px\" \/> <span class=\"raven-post-image-overlay\"><\/span><\/a>\t\t<\/div>\n\t\t\n\t\t\t\t\t<div class=\"raven-post-content\">\n\t\t\t\t\t\t<h3 class=\"raven-post-title\"><a class=\"raven-post-title-link\" href=\"https:\/\/vive-fuerteventura.com\/es\/portfolio\/sailing-dolphin-watching-morro-jable\/\">Observaci\u00f3n de delfines<\/a><\/h3>\t\t<div class=\"raven-post-meta\"><span class=\"raven-post-meta-item raven-post-categories\"><a href=\"https:\/\/vive-fuerteventura.com\/es\/portfolio-category\/morro-jable\/\" rel=\"tag\">Morro Jable<\/a><\/span><\/div>\n\t\t<div class=\"raven-post-excerpt\">Sol, aguas azul turquesa y criaturas marinas de cerca: esta excursi\u00f3n en velero combina avistamientos de mar con relajadas pausas para practicar snorkel.<\/div>\t\t<div class=\"raven-post-read-more\">\n\t\t\t<a class=\"raven-post-button\" href=\"https:\/\/vive-fuerteventura.com\/es\/portfolio\/sailing-dolphin-watching-morro-jable\/\"><span class=\"raven-post-button-text\">Reserve ahora<\/span><\/a>\n\t\t<\/div>\n\t\t\t\t\t\t\t<\/div>\n\t\t\t\t<\/div>\n\t\t\t<\/div>\n\t\t<\/div>\n\t\t\n\t\t<div class=\"swiper-slide\">\n\t\t\t<div class=\"raven-post-wrapper\">\n\t\t\t\t<div class=\"raven-post\">\n\t\t\t\t\t\t\t<div class=\"raven-post-image-wrap\">\n\t\t\t<a class=\"raven-post-image raven-image-fit\"  href=\"https:\/\/vive-fuerteventura.com\/es\/portfolio\/island-hotspots-sight-seeing-caleta-de-fuste\/\"><img decoding=\"async\" width=\"1024\" height=\"683\" src=\"https:\/\/vive-fuerteventura.com\/wp-content\/uploads\/2025\/04\/VIVE_Pictures_2025-04-03\/iStock-1135174703guise ayose_result-1024x683.webp\" class=\"attachment-large size-large wp-image-12356\" alt=\"\" srcset=\"\" sizes=\"(max-width: 1024px) 100vw, 1024px\" data-srcset=\"\" \/> <span class=\"raven-post-image-overlay\"><\/span><\/a>\t\t<\/div>\n\t\t\n\t\t\t\t\t<div class=\"raven-post-content\">\n\t\t\t\t\t\t<h3 class=\"raven-post-title\"><a class=\"raven-post-title-link\" href=\"https:\/\/vive-fuerteventura.com\/es\/portfolio\/island-hotspots-sight-seeing-caleta-de-fuste\/\">Lugares destacados<\/a><\/h3>\t\t<div class=\"raven-post-meta\"><span class=\"raven-post-meta-item raven-post-categories\"><a href=\"https:\/\/vive-fuerteventura.com\/es\/portfolio-category\/caleta-de-fuste\/\" rel=\"tag\">Caleta de Fuste<\/a><\/span><\/div>\n\t\t<div class=\"raven-post-excerpt\">Experimente la diversidad de Fuerteventura en un solo d\u00eda: desde interminables dunas hasta hist\u00f3ricos pueblos de monta\u00f1a. Explore los lugares m\u00e1s destacados en un grupo reducido.<\/div>\t\t<div class=\"raven-post-read-more\">\n\t\t\t<a class=\"raven-post-button\" href=\"https:\/\/vive-fuerteventura.com\/es\/portfolio\/island-hotspots-sight-seeing-caleta-de-fuste\/\"><span class=\"raven-post-button-text\">Reserve ahora<\/span><\/a>\n\t\t<\/div>\n\t\t\t\t\t\t\t<\/div>\n\t\t\t\t<\/div>\n\t\t\t<\/div>\n\t\t<\/div>\n\t\t\n\t\t<div class=\"swiper-slide\">\n\t\t\t<div class=\"raven-post-wrapper\">\n\t\t\t\t<div class=\"raven-post\">\n\t\t\t\t\t\t\t<div class=\"raven-post-image-wrap\">\n\t\t\t<a class=\"raven-post-image raven-image-fit\"  href=\"https:\/\/vive-fuerteventura.com\/es\/portfolio\/windsurf-kurs-el-cotillo\/\"><img loading=\"lazy\" decoding=\"async\" width=\"1024\" height=\"683\" src=\"https:\/\/vive-fuerteventura.com\/wp-content\/uploads\/2025\/04\/VIVE_Pictures_2025-04-03\/iStock-1484880702sotavento_result-1024x683.webp\" class=\"attachment-large size-large wp-image-12609\" alt=\"\" srcset=\"https:\/\/vive-fuerteventura.com\/wp-content\/uploads\/2025\/04\/VIVE_Pictures_2025-04-03\/iStock-1484880702sotavento_result-1024x683.webp 1024w, https:\/\/vive-fuerteventura.com\/wp-content\/uploads\/2025\/04\/VIVE_Pictures_2025-04-03\/iStock-1484880702sotavento_result-300x200.webp 300w, https:\/\/vive-fuerteventura.com\/wp-content\/uploads\/2025\/04\/VIVE_Pictures_2025-04-03\/iStock-1484880702sotavento_result-768x512.webp 768w, https:\/\/vive-fuerteventura.com\/wp-content\/uploads\/2025\/04\/VIVE_Pictures_2025-04-03\/iStock-1484880702sotavento_result-1536x1024.webp 1536w, https:\/\/vive-fuerteventura.com\/wp-content\/uploads\/2025\/04\/VIVE_Pictures_2025-04-03\/iStock-1484880702sotavento_result-2048x1365.webp 2048w\" sizes=\"(max-width: 1024px) 100vw, 1024px\" \/> <span class=\"raven-post-image-overlay\"><\/span><\/a>\t\t<\/div>\n\t\t\n\t\t\t\t\t<div class=\"raven-post-content\">\n\t\t\t\t\t\t<h3 class=\"raven-post-title\"><a class=\"raven-post-title-link\" href=\"https:\/\/vive-fuerteventura.com\/es\/portfolio\/windsurf-kurs-el-cotillo\/\">Curso de windsurf<\/a><\/h3>\t\t<div class=\"raven-post-meta\"><span class=\"raven-post-meta-item raven-post-categories\"><a href=\"https:\/\/vive-fuerteventura.com\/es\/portfolio-category\/el-cotillo\/\" rel=\"tag\">El Cotillo<\/a><\/span><\/div>\n\t\t<div class=\"raven-post-excerpt\">Aprenda windsurf en una laguna protegida en El Cotillo con instrucci\u00f3n personalizada de gu\u00edas cualificados - perfecto para principiantes. <\/div>\t\t<div class=\"raven-post-read-more\">\n\t\t\t<a class=\"raven-post-button\" href=\"https:\/\/vive-fuerteventura.com\/es\/portfolio\/windsurf-kurs-el-cotillo\/\"><span class=\"raven-post-button-text\">Reserve ahora<\/span><\/a>\n\t\t<\/div>\n\t\t\t\t\t\t\t<\/div>\n\t\t\t\t<\/div>\n\t\t\t<\/div>\n\t\t<\/div>\n\t\t\n\t\t<div class=\"swiper-slide\">\n\t\t\t<div class=\"raven-post-wrapper\">\n\t\t\t\t<div class=\"raven-post\">\n\t\t\t\t\t\t\t<div class=\"raven-post-image-wrap\">\n\t\t\t<a class=\"raven-post-image raven-image-fit\"  href=\"https:\/\/vive-fuerteventura.com\/es\/portfolio\/catamaran-tour-lobos\/\"><img loading=\"lazy\" decoding=\"async\" width=\"500\" height=\"700\" src=\"https:\/\/vive-fuerteventura.com\/wp-content\/uploads\/2024\/11\/VIVE-Fuerteventura-Playa-de-la-Concha-Intro-01.jpg\" class=\"attachment-large size-large wp-image-1982\" alt=\"\" srcset=\"https:\/\/vive-fuerteventura.com\/wp-content\/uploads\/2024\/11\/VIVE-Fuerteventura-Playa-de-la-Concha-Intro-01.jpg 500w, https:\/\/vive-fuerteventura.com\/wp-content\/uploads\/2024\/11\/VIVE-Fuerteventura-Playa-de-la-Concha-Intro-01-214x300.jpg 214w\" sizes=\"(max-width: 500px) 100vw, 500px\" \/> <span class=\"raven-post-image-overlay\"><\/span><\/a>\t\t<\/div>\n\t\t\n\t\t\t\t\t<div class=\"raven-post-content\">\n\t\t\t\t\t\t<h3 class=\"raven-post-title\"><a class=\"raven-post-title-link\" href=\"https:\/\/vive-fuerteventura.com\/es\/portfolio\/catamaran-tour-lobos\/\">Catamar\u00e1n Tour Lobos<\/a><\/h3>\t\t<div class=\"raven-post-meta\"><span class=\"raven-post-meta-item raven-post-categories\"><a href=\"https:\/\/vive-fuerteventura.com\/es\/portfolio-category\/corralejo\/\" rel=\"tag\">Corralejo<\/a><\/span><\/div>\n\t\t<div class=\"raven-post-excerpt\">Zarpe de Corralejo, disfrute de aperitivos y bebidas a bordo, zamb\u00fallase en aguas color turquesa o reme a lo largo de la costa. <\/div>\t\t<div class=\"raven-post-read-more\">\n\t\t\t<a class=\"raven-post-button\" href=\"https:\/\/vive-fuerteventura.com\/es\/portfolio\/catamaran-tour-lobos\/\"><span class=\"raven-post-button-text\">Reserve ahora<\/span><\/a>\n\t\t<\/div>\n\t\t\t\t\t\t\t<\/div>\n\t\t\t\t<\/div>\n\t\t\t<\/div>\n\t\t<\/div>\n\t\t\n\t\t<div class=\"swiper-slide\">\n\t\t\t<div class=\"raven-post-wrapper\">\n\t\t\t\t<div class=\"raven-post\">\n\t\t\t\t\t\t\t<div class=\"raven-post-image-wrap\">\n\t\t\t<a class=\"raven-post-image raven-image-fit\"  href=\"https:\/\/vive-fuerteventura.com\/es\/portfolio\/jeep-tour\/\"><img loading=\"lazy\" decoding=\"async\" width=\"1024\" height=\"267\" src=\"https:\/\/vive-fuerteventura.com\/wp-content\/uploads\/2018\/08\/VIVE-Deals_Headerbild_Jeep-Tour_1920x500px-1024x267.jpg\" class=\"attachment-large size-large wp-image-906\" alt=\"\" srcset=\"https:\/\/vive-fuerteventura.com\/wp-content\/uploads\/2018\/08\/VIVE-Deals_Headerbild_Jeep-Tour_1920x500px-1024x267.jpg 1024w, https:\/\/vive-fuerteventura.com\/wp-content\/uploads\/2018\/08\/VIVE-Deals_Headerbild_Jeep-Tour_1920x500px-300x78.jpg 300w, https:\/\/vive-fuerteventura.com\/wp-content\/uploads\/2018\/08\/VIVE-Deals_Headerbild_Jeep-Tour_1920x500px-768x200.jpg 768w, https:\/\/vive-fuerteventura.com\/wp-content\/uploads\/2018\/08\/VIVE-Deals_Headerbild_Jeep-Tour_1920x500px-1536x400.jpg 1536w, https:\/\/vive-fuerteventura.com\/wp-content\/uploads\/2018\/08\/VIVE-Deals_Headerbild_Jeep-Tour_1920x500px.jpg 1920w\" sizes=\"(max-width: 1024px) 100vw, 1024px\" \/> <span class=\"raven-post-image-overlay\"><\/span><\/a>\t\t<\/div>\n\t\t\n\t\t\t\t\t<div class=\"raven-post-content\">\n\t\t\t\t\t\t<h3 class=\"raven-post-title\"><a class=\"raven-post-title-link\" href=\"https:\/\/vive-fuerteventura.com\/es\/portfolio\/jeep-tour\/\">Excursi\u00f3n en jeep 4\u00d74<\/a><\/h3>\t\t<div class=\"raven-post-meta\"><span class=\"raven-post-meta-item raven-post-categories\"><a href=\"https:\/\/vive-fuerteventura.com\/es\/portfolio-category\/corralejo\/\" rel=\"tag\">Corralejo<\/a><\/span><\/div>\n\t\t<div class=\"raven-post-excerpt\">Experimente las rutas todoterreno de Fuerteventura en un veh\u00edculo todoterreno y descubra el paisaje salvaje y las hermosas playas de la costa oeste.\r\n<\/div>\t\t<div class=\"raven-post-read-more\">\n\t\t\t<a class=\"raven-post-button\" href=\"https:\/\/vive-fuerteventura.com\/es\/portfolio\/jeep-tour\/\"><span class=\"raven-post-button-text\">Reserve ahora<\/span><\/a>\n\t\t<\/div>\n\t\t\t\t\t\t\t<\/div>\n\t\t\t\t<\/div>\n\t\t\t<\/div>\n\t\t<\/div>\n\t\t\n\t\t<div class=\"swiper-slide\">\n\t\t\t<div class=\"raven-post-wrapper\">\n\t\t\t\t<div class=\"raven-post\">\n\t\t\t\t\t\t\t<div class=\"raven-post-image-wrap\">\n\t\t\t<a class=\"raven-post-image raven-image-fit\"  href=\"https:\/\/vive-fuerteventura.com\/es\/portfolio\/weintour\/\"><img loading=\"lazy\" decoding=\"async\" width=\"1024\" height=\"683\" src=\"https:\/\/vive-fuerteventura.com\/wp-content\/uploads\/2018\/08\/image-9Conatvs-Wine-1024x683.webp\" class=\"attachment-large size-large wp-image-20782\" alt=\"\" srcset=\"https:\/\/vive-fuerteventura.com\/wp-content\/uploads\/2018\/08\/image-9Conatvs-Wine-1024x683.webp 1024w, https:\/\/vive-fuerteventura.com\/wp-content\/uploads\/2018\/08\/image-9Conatvs-Wine-300x200.webp 300w, https:\/\/vive-fuerteventura.com\/wp-content\/uploads\/2018\/08\/image-9Conatvs-Wine-768x512.webp 768w, https:\/\/vive-fuerteventura.com\/wp-content\/uploads\/2018\/08\/image-9Conatvs-Wine-1536x1024.webp 1536w, https:\/\/vive-fuerteventura.com\/wp-content\/uploads\/2018\/08\/image-9Conatvs-Wine.webp 1920w\" sizes=\"(max-width: 1024px) 100vw, 1024px\" \/> <span class=\"raven-post-image-overlay\"><\/span><\/a>\t\t<\/div>\n\t\t\n\t\t\t\t\t<div class=\"raven-post-content\">\n\t\t\t\t\t\t<h3 class=\"raven-post-title\"><a class=\"raven-post-title-link\" href=\"https:\/\/vive-fuerteventura.com\/es\/portfolio\/weintour\/\">Visita y degustaci\u00f3n de vinos<\/a><\/h3>\t\t<div class=\"raven-post-meta\"><span class=\"raven-post-meta-item raven-post-categories\"><a href=\"https:\/\/vive-fuerteventura.com\/es\/portfolio-category\/lajares\/\" rel=\"tag\">Lajares<\/a><\/span><\/div>\n\t\t<div class=\"raven-post-excerpt\">Descubra el paisaje volc\u00e1nico de la isla en una ruta del vino, con interesantes explicaciones y degustaciones del arte de los vinicultores locales.<\/div>\t\t<div class=\"raven-post-read-more\">\n\t\t\t<a class=\"raven-post-button\" href=\"https:\/\/vive-fuerteventura.com\/es\/portfolio\/weintour\/\"><span class=\"raven-post-button-text\">Reserve ahora<\/span><\/a>\n\t\t<\/div>\n\t\t\t\t\t\t\t<\/div>\n\t\t\t\t<\/div>\n\t\t\t<\/div>\n\t\t<\/div>\n\t\t\t\t\t\t<\/div>\n\t\t<div class=\"swiper-pagination swiper-pager-outside bullets-pagination-type\"><\/div>\n\t\t<\/div>\n\n\t\t\t\t\t\t\t<div class=\"swiper-button-prev\"><\/div>\n\t\t\t\t<div class=\"swiper-button-next\"><\/div>\n\t\t\t\n\t\t<\/div>\n\t\t\t\t\t\t<\/div>\n\t\t\t\t<\/div>\n\t\t\t\t<div class=\"elementor-element elementor-element-c7d6254 elementor-widget elementor-widget-html\" data-id=\"c7d6254\" data-element_type=\"widget\" data-e-type=\"widget\" data-widget_type=\"html.default\">\n\t\t\t\t<div class=\"elementor-widget-container\">\n\t\t\t\t\t<script>\ndocument.addEventListener(\"DOMContentLoaded\", function() {\n    \n    const MAX_ATTEMPTS = 3;\n    const INTERVAL_MS = 1700;\n    let attempt = 0;    \n    \n    tryResize();\n    \n    function tryResize() {\n        const swiperContainer = document.querySelector('.raven-posts-carousel-swiper-container');\n        attempt++;\n        if (swiperContainer && swiperContainer.swiper !== undefined) {\n           resizeSlidesEvenly(swiperContainer); \n        } else if (attempt < MAX_ATTEMPTS) {\n            setTimeout(tryResize, INTERVAL_MS);\n        } else {\n            console.log(\"Swiper was not defined after 3 attempts.\");\n        }            \n    }\n    \n    function resizeSlidesEvenly(swiperContainer) {\n        \/\/ Attach the event handler:\n        swiperContainer.swiper.on('update', onSwiperUpdate);\n        swiperContainer.swiper.update();  \n    }\n    \n    function onSwiperUpdate(swiperInstance) {\n        swiperContainer = swiperInstance.el;\n        \n        const titles = swiperContainer.querySelectorAll('.raven-post-title');\n        const excerpts = swiperContainer.querySelectorAll('.raven-post-excerpt'); \n\n        let maxTitleHeight = findMaxElementsHeight(titles); \n        let maxExcerptHeight = findMaxElementsHeight(excerpts); \n        \n        setElementsHeight(titles, maxTitleHeight);\n        setElementsHeight(excerpts, maxExcerptHeight);\n    }\n    \n    function findMaxElementsHeight(elements) {\n        let maxHeight = 0;\n        elements.forEach(element => {        \n            const height = element.offsetHeight;\n            if (height > maxHeight) {\n                maxHeight = height;            \n            }\n        });\n        return maxHeight;\n    }\n    \n    function setElementsHeight(elements, height) {\n      elements.forEach(element => {        \n        element.style.height = height + 'px';      \n      });    \n    }\n    \n});\n<\/script>\t\t\t\t<\/div>\n\t\t\t\t<\/div>\n\t\t\t\t\t<\/div>\n\t\t<\/div>\n\t\t\t\t\t<\/div>\n\t\t<\/section>\n\t\t\t\t<section class=\"elementor-section elementor-top-section elementor-element elementor-element-70d2f36 elementor-section-boxed elementor-section-height-default elementor-section-height-default\" data-id=\"70d2f36\" data-element_type=\"section\" data-e-type=\"section\" data-settings=\"{&quot;jet_parallax_layout_list&quot;:[{&quot;jet_parallax_layout_image&quot;:{&quot;url&quot;:&quot;&quot;,&quot;id&quot;:&quot;&quot;,&quot;size&quot;:&quot;&quot;},&quot;_id&quot;:&quot;431fff4&quot;,&quot;jet_parallax_layout_speed&quot;:{&quot;unit&quot;:&quot;%&quot;,&quot;size&quot;:50,&quot;sizes&quot;:[]},&quot;jet_parallax_layout_image_tablet&quot;:{&quot;url&quot;:&quot;&quot;,&quot;id&quot;:&quot;&quot;,&quot;size&quot;:&quot;&quot;},&quot;jet_parallax_layout_image_mobile&quot;:{&quot;url&quot;:&quot;&quot;,&quot;id&quot;:&quot;&quot;,&quot;size&quot;:&quot;&quot;},&quot;jet_parallax_layout_type&quot;:&quot;scroll&quot;,&quot;jet_parallax_layout_direction&quot;:&quot;1&quot;,&quot;jet_parallax_layout_fx_direction&quot;:null,&quot;jet_parallax_layout_z_index&quot;:&quot;&quot;,&quot;jet_parallax_layout_bg_x&quot;:50,&quot;jet_parallax_layout_bg_x_tablet&quot;:&quot;&quot;,&quot;jet_parallax_layout_bg_x_mobile&quot;:&quot;&quot;,&quot;jet_parallax_layout_bg_y&quot;:50,&quot;jet_parallax_layout_bg_y_tablet&quot;:&quot;&quot;,&quot;jet_parallax_layout_bg_y_mobile&quot;:&quot;&quot;,&quot;jet_parallax_layout_bg_size&quot;:&quot;auto&quot;,&quot;jet_parallax_layout_bg_size_tablet&quot;:&quot;&quot;,&quot;jet_parallax_layout_bg_size_mobile&quot;:&quot;&quot;,&quot;jet_parallax_layout_animation_prop&quot;:&quot;transform&quot;,&quot;jet_parallax_layout_on&quot;:[&quot;desktop&quot;,&quot;tablet&quot;]}],&quot;background_background&quot;:&quot;classic&quot;,&quot;shape_divider_top&quot;:&quot;mountains&quot;}\">\n\t\t\t\t\t<div class=\"elementor-shape elementor-shape-top\" aria-hidden=\"true\" data-negative=\"false\">\n\t\t\t<svg xmlns=\"http:\/\/www.w3.org\/2000\/svg\" viewbox=\"0 0 1000 100\" preserveaspectratio=\"none\">\n\t<path class=\"elementor-shape-fill\" opacity=\"0.33\" d=\"M473,67.3c-203.9,88.3-263.1-34-320.3,0C66,119.1,0,59.7,0,59.7V0h1000v59.7 c0,0-62.1,26.1-94.9,29.3c-32.8,3.3-62.8-12.3-75.8-22.1C806,49.6,745.3,8.7,694.9,4.7S492.4,59,473,67.3z\"\/>\n\t<path class=\"elementor-shape-fill\" opacity=\"0.66\" d=\"M734,67.3c-45.5,0-77.2-23.2-129.1-39.1c-28.6-8.7-150.3-10.1-254,39.1 s-91.7-34.4-149.2,0C115.7,118.3,0,39.8,0,39.8V0h1000v36.5c0,0-28.2-18.5-92.1-18.5C810.2,18.1,775.7,67.3,734,67.3z\"\/>\n\t<path class=\"elementor-shape-fill\" d=\"M766.1,28.9c-200-57.5-266,65.5-395.1,19.5C242,1.8,242,5.4,184.8,20.6C128,35.8,132.3,44.9,89.9,52.5C28.6,63.7,0,0,0,0 h1000c0,0-9.9,40.9-83.6,48.1S829.6,47,766.1,28.9z\"\/>\n<\/svg>\t\t<\/div>\n\t\t\t\t\t<div class=\"elementor-container elementor-column-gap-no\">\n\t\t\t\t\t<div class=\"elementor-column elementor-col-100 elementor-top-column elementor-element elementor-element-7c9fa4c\" data-id=\"7c9fa4c\" data-element_type=\"column\" data-e-type=\"column\">\n\t\t\t<div class=\"elementor-widget-wrap elementor-element-populated\">\n\t\t\t\t\t\t<div class=\"elementor-element elementor-element-43de12f elementor-mobile-align-start elementor-icon-list--layout-traditional elementor-list-item-link-full_width elementor-widget elementor-widget-icon-list\" data-id=\"43de12f\" data-element_type=\"widget\" data-e-type=\"widget\" data-widget_type=\"icon-list.default\">\n\t\t\t\t<div class=\"elementor-widget-container\">\n\t\t\t\t\t\t\t<ul class=\"elementor-icon-list-items\">\n\t\t\t\t\t\t\t<li class=\"elementor-icon-list-item\">\n\t\t\t\t\t\t\t\t\t\t\t<span class=\"elementor-icon-list-icon\">\n\t\t\t\t\t\t\t<svg aria-hidden=\"true\" class=\"e-font-icon-svg e-fas-angle-double-down\" viewbox=\"0 0 320 512\" xmlns=\"http:\/\/www.w3.org\/2000\/svg\"><path d=\"M143 256.3L7 120.3c-9.4-9.4-9.4-24.6 0-33.9l22.6-22.6c9.4-9.4 24.6-9.4 33.9 0l96.4 96.4 96.4-96.4c9.4-9.4 24.6-9.4 33.9 0L313 86.3c9.4 9.4 9.4 24.6 0 33.9l-136 136c-9.4 9.5-24.6 9.5-34 .1zm34 192l136-136c9.4-9.4 9.4-24.6 0-33.9l-22.6-22.6c-9.4-9.4-24.6-9.4-33.9 0L160 352.1l-96.4-96.4c-9.4-9.4-24.6-9.4-33.9 0L7 278.3c-9.4 9.4-9.4 24.6 0 33.9l136 136c9.4 9.5 24.6 9.5 34 .1z\"><\/path><\/svg>\t\t\t\t\t\t<\/span>\n\t\t\t\t\t\t\t\t\t\t<span class=\"elementor-icon-list-text\">descubrir m\u00e1s<\/span>\n\t\t\t\t\t\t\t\t\t<\/li>\n\t\t\t\t\t\t<\/ul>\n\t\t\t\t\t\t<\/div>\n\t\t\t\t<\/div>\n\t\t\t\t<div class=\"elementor-element elementor-element-c1063a7 elementor-widget elementor-widget-heading\" data-id=\"c1063a7\" data-element_type=\"widget\" data-e-type=\"widget\" data-widget_type=\"heading.default\">\n\t\t\t\t<div class=\"elementor-widget-container\">\n\t\t\t\t\t<h2 class=\"elementor-heading-title elementor-size-default\">Fuerteventura en todas sus facetas<\/h2>\t\t\t\t<\/div>\n\t\t\t\t<\/div>\n\t\t\t\t\t<\/div>\n\t\t<\/div>\n\t\t\t\t\t<\/div>\n\t\t<\/section>\n\t\t<div class=\"elementor-element elementor-element-0c81ca5 e-grid e-con-full discover-grid e-con e-child\" data-id=\"0c81ca5\" data-element_type=\"container\" data-e-type=\"container\" data-settings=\"{&quot;jet_parallax_layout_list&quot;:[],&quot;background_background&quot;:&quot;classic&quot;,&quot;shape_divider_bottom&quot;:&quot;opacity-tilt&quot;}\">\n\t\t\t\t<div class=\"elementor-shape elementor-shape-bottom\" aria-hidden=\"true\" data-negative=\"false\">\n\t\t\t<svg xmlns=\"http:\/\/www.w3.org\/2000\/svg\" viewbox=\"0 0 2600 131.1\" preserveaspectratio=\"none\">\n\t<path class=\"elementor-shape-fill\" d=\"M0 0L2600 0 2600 69.1 0 0z\"\/>\n\t<path class=\"elementor-shape-fill\" style=\"opacity:0.5\" d=\"M0 0L2600 0 2600 69.1 0 69.1z\"\/>\n\t<path class=\"elementor-shape-fill\" style=\"opacity:0.25\" d=\"M2600 0L0 0 0 130.1 2600 69.1z\"\/>\n<\/svg>\t\t<\/div>\n\t\t<div class=\"elementor-element elementor-element-c31e55b e-con-full e-flex e-con e-child\" data-id=\"c31e55b\" data-element_type=\"container\" data-e-type=\"container\" data-settings=\"{&quot;jet_parallax_layout_list&quot;:[],&quot;animation_mobile&quot;:&quot;none&quot;}\">\n\t\t\t\t<div class=\"elementor-element elementor-element-f8cdd0b elementor-widget elementor-widget-image\" data-id=\"f8cdd0b\" data-element_type=\"widget\" data-e-type=\"widget\" data-widget_type=\"image.default\">\n\t\t\t\t<div class=\"elementor-widget-container\">\n\t\t\t\t\t\t\t\t\t\t\t\t\t\t\t\t<a href=\"https:\/\/vive-fuerteventura.com\/es\/home\/\">\n\t\t\t\t\t\t\t<img loading=\"lazy\" decoding=\"async\" width=\"500\" height=\"500\" src=\"https:\/\/vive-fuerteventura.com\/wp-content\/uploads\/2018\/08\/Kite-Surf-Lessons1-500x500.jpg\" class=\"attachment-Image Size 500x500 size-Image Size 500x500 wp-image-19519\" alt=\"\" srcset=\"https:\/\/vive-fuerteventura.com\/wp-content\/uploads\/2018\/08\/Kite-Surf-Lessons1-500x500.jpg 500w, https:\/\/vive-fuerteventura.com\/wp-content\/uploads\/2018\/08\/Kite-Surf-Lessons1-150x150.jpg 150w\" sizes=\"(max-width: 500px) 100vw, 500px\" \/>\t\t\t\t\t\t\t\t<\/a>\n\t\t\t\t\t\t\t\t\t\t\t\t\t\t\t<\/div>\n\t\t\t\t<\/div>\n\t\t\t\t<div class=\"elementor-element elementor-element-24b41c5 elementor-align-justify elementor-widget elementor-widget-button\" data-id=\"24b41c5\" data-element_type=\"widget\" data-e-type=\"widget\" data-settings=\"{&quot;_animation_mobile&quot;:&quot;none&quot;}\" data-widget_type=\"button.default\">\n\t\t\t\t<div class=\"elementor-widget-container\">\n\t\t\t\t\t\t\t\t\t<div class=\"elementor-button-wrapper\">\n\t\t\t\t\t<a class=\"elementor-button elementor-button-link elementor-size-sm\" href=\"https:\/\/vive-fuerteventura.com\/es\/home\/\">\n\t\t\t\t\t\t<span class=\"elementor-button-content-wrapper\">\n\t\t\t\t\t\t\t\t\t<span class=\"elementor-button-text\">Actividades<\/span>\n\t\t\t\t\t<\/span>\n\t\t\t\t\t<\/a>\n\t\t\t\t<\/div>\n\t\t\t\t\t\t\t\t<\/div>\n\t\t\t\t<\/div>\n\t\t\t\t<\/div>\n\t\t<div class=\"elementor-element elementor-element-8fe17fb e-con-full e-flex e-con e-child\" data-id=\"8fe17fb\" data-element_type=\"container\" data-e-type=\"container\" data-settings=\"{&quot;jet_parallax_layout_list&quot;:[],&quot;animation_mobile&quot;:&quot;none&quot;}\">\n\t\t\t\t<div class=\"elementor-element elementor-element-a66be75 elementor-widget elementor-widget-image\" data-id=\"a66be75\" data-element_type=\"widget\" data-e-type=\"widget\" data-settings=\"{&quot;_animation_mobile&quot;:&quot;none&quot;}\" data-widget_type=\"image.default\">\n\t\t\t\t<div class=\"elementor-widget-container\">\n\t\t\t\t\t\t\t\t\t\t\t\t\t\t\t\t<a href=\"https:\/\/vive-fuerteventura.com\/es\/straende-und-naturpools\/\">\n\t\t\t\t\t\t\t<img loading=\"lazy\" decoding=\"async\" width=\"500\" height=\"500\" src=\"https:\/\/vive-fuerteventura.com\/wp-content\/uploads\/2025\/04\/VIVE_Pictures_2025-04-03\/iStock-1914201106cofete playa_result-500x500.webp\" class=\"attachment-Image Size 500x500 size-Image Size 500x500 wp-image-12714\" alt=\"\" srcset=\"\" sizes=\"(max-width: 500px) 100vw, 500px\" data-srcset=\"\" \/>\t\t\t\t\t\t\t\t<\/a>\n\t\t\t\t\t\t\t\t\t\t\t\t\t\t\t<\/div>\n\t\t\t\t<\/div>\n\t\t\t\t<div class=\"elementor-element elementor-element-8c5d787 elementor-align-justify elementor-widget elementor-widget-button\" data-id=\"8c5d787\" data-element_type=\"widget\" data-e-type=\"widget\" data-settings=\"{&quot;_animation_mobile&quot;:&quot;none&quot;}\" data-widget_type=\"button.default\">\n\t\t\t\t<div class=\"elementor-widget-container\">\n\t\t\t\t\t\t\t\t\t<div class=\"elementor-button-wrapper\">\n\t\t\t\t\t<a class=\"elementor-button elementor-button-link elementor-size-sm\" href=\"https:\/\/vive-fuerteventura.com\/es\/straende-und-naturpools\/\">\n\t\t\t\t\t\t<span class=\"elementor-button-content-wrapper\">\n\t\t\t\t\t\t\t\t\t<span class=\"elementor-button-text\">Playas<\/span>\n\t\t\t\t\t<\/span>\n\t\t\t\t\t<\/a>\n\t\t\t\t<\/div>\n\t\t\t\t\t\t\t\t<\/div>\n\t\t\t\t<\/div>\n\t\t\t\t<\/div>\n\t\t<div class=\"elementor-element elementor-element-7f771fb e-con-full e-flex e-con e-child\" data-id=\"7f771fb\" data-element_type=\"container\" data-e-type=\"container\" data-settings=\"{&quot;jet_parallax_layout_list&quot;:[],&quot;animation_mobile&quot;:&quot;none&quot;}\">\n\t\t\t\t<div class=\"elementor-element elementor-element-c008537 elementor-widget elementor-widget-image\" data-id=\"c008537\" data-element_type=\"widget\" data-e-type=\"widget\" data-settings=\"{&quot;_animation_mobile&quot;:&quot;none&quot;}\" data-widget_type=\"image.default\">\n\t\t\t\t<div class=\"elementor-widget-container\">\n\t\t\t\t\t\t\t\t\t\t\t\t\t\t\t\t<a href=\"https:\/\/vive-fuerteventura.com\/es\/staedte-doerfer\/\">\n\t\t\t\t\t\t\t<img loading=\"lazy\" decoding=\"async\" width=\"500\" height=\"500\" src=\"https:\/\/vive-fuerteventura.com\/wp-content\/uploads\/2024\/11\/VIVE-Fuerteventura_Towns-Villages-Corralejo_500x500px-500x500.jpg\" class=\"attachment-Image Size 500x500 size-Image Size 500x500 wp-image-1922\" alt=\"\" srcset=\"https:\/\/vive-fuerteventura.com\/wp-content\/uploads\/2024\/11\/VIVE-Fuerteventura_Towns-Villages-Corralejo_500x500px-500x500.jpg 500w, https:\/\/vive-fuerteventura.com\/wp-content\/uploads\/2024\/11\/VIVE-Fuerteventura_Towns-Villages-Corralejo_500x500px-e1733531481182-150x150.jpg 150w\" sizes=\"(max-width: 500px) 100vw, 500px\" \/>\t\t\t\t\t\t\t\t<\/a>\n\t\t\t\t\t\t\t\t\t\t\t\t\t\t\t<\/div>\n\t\t\t\t<\/div>\n\t\t\t\t<div class=\"elementor-element elementor-element-e68f872 elementor-align-justify elementor-widget elementor-widget-button\" data-id=\"e68f872\" data-element_type=\"widget\" data-e-type=\"widget\" data-settings=\"{&quot;_animation_mobile&quot;:&quot;none&quot;}\" data-widget_type=\"button.default\">\n\t\t\t\t<div class=\"elementor-widget-container\">\n\t\t\t\t\t\t\t\t\t<div class=\"elementor-button-wrapper\">\n\t\t\t\t\t<a class=\"elementor-button elementor-button-link elementor-size-sm\" href=\"https:\/\/vive-fuerteventura.com\/es\/staedte-doerfer\/\">\n\t\t\t\t\t\t<span class=\"elementor-button-content-wrapper\">\n\t\t\t\t\t\t\t\t\t<span class=\"elementor-button-text\">Lugares<\/span>\n\t\t\t\t\t<\/span>\n\t\t\t\t\t<\/a>\n\t\t\t\t<\/div>\n\t\t\t\t\t\t\t\t<\/div>\n\t\t\t\t<\/div>\n\t\t\t\t<\/div>\n\t\t<div class=\"elementor-element elementor-element-69e594d e-con-full e-flex e-con e-child\" data-id=\"69e594d\" data-element_type=\"container\" data-e-type=\"container\" data-settings=\"{&quot;jet_parallax_layout_list&quot;:[],&quot;animation_mobile&quot;:&quot;none&quot;}\">\n\t\t\t\t<div class=\"elementor-element elementor-element-9f186a0 elementor-widget elementor-widget-image\" data-id=\"9f186a0\" data-element_type=\"widget\" data-e-type=\"widget\" data-settings=\"{&quot;_animation_mobile&quot;:&quot;none&quot;}\" data-widget_type=\"image.default\">\n\t\t\t\t<div class=\"elementor-widget-container\">\n\t\t\t\t\t\t\t\t\t\t\t\t\t\t\t\t<a href=\"https:\/\/vive-fuerteventura.com\/es\/sehenswuerdigkeiten-aussichtspunkte\/\">\n\t\t\t\t\t\t\t<img loading=\"lazy\" decoding=\"async\" width=\"500\" height=\"500\" src=\"https:\/\/vive-fuerteventura.com\/wp-content\/uploads\/2025\/04\/VIVE_Pictures_2025-04-03\/iStock-1086925226roque del moro_result-500x500.webp\" class=\"attachment-Image Size 500x500 size-Image Size 500x500 wp-image-12335\" alt=\"\" srcset=\"\" sizes=\"(max-width: 500px) 100vw, 500px\" data-srcset=\"\" \/>\t\t\t\t\t\t\t\t<\/a>\n\t\t\t\t\t\t\t\t\t\t\t\t\t\t\t<\/div>\n\t\t\t\t<\/div>\n\t\t\t\t<div class=\"elementor-element elementor-element-dd19c29 elementor-align-justify elementor-widget elementor-widget-button\" data-id=\"dd19c29\" data-element_type=\"widget\" data-e-type=\"widget\" data-settings=\"{&quot;_animation_mobile&quot;:&quot;none&quot;}\" data-widget_type=\"button.default\">\n\t\t\t\t<div class=\"elementor-widget-container\">\n\t\t\t\t\t\t\t\t\t<div class=\"elementor-button-wrapper\">\n\t\t\t\t\t<a class=\"elementor-button elementor-button-link elementor-size-sm\" href=\"https:\/\/vive-fuerteventura.com\/es\/sehenswuerdigkeiten-aussichtspunkte\/\">\n\t\t\t\t\t\t<span class=\"elementor-button-content-wrapper\">\n\t\t\t\t\t\t\t\t\t<span class=\"elementor-button-text\">Visitas<\/span>\n\t\t\t\t\t<\/span>\n\t\t\t\t\t<\/a>\n\t\t\t\t<\/div>\n\t\t\t\t\t\t\t\t<\/div>\n\t\t\t\t<\/div>\n\t\t\t\t<\/div>\n\t\t<div class=\"elementor-element elementor-element-3bf51a1 e-con-full e-flex e-con e-child\" data-id=\"3bf51a1\" data-element_type=\"container\" data-e-type=\"container\" data-settings=\"{&quot;jet_parallax_layout_list&quot;:[],&quot;animation_mobile&quot;:&quot;none&quot;}\">\n\t\t\t\t<div class=\"elementor-element elementor-element-2619bf8 elementor-widget elementor-widget-image\" data-id=\"2619bf8\" data-element_type=\"widget\" data-e-type=\"widget\" data-settings=\"{&quot;_animation_mobile&quot;:&quot;none&quot;}\" data-widget_type=\"image.default\">\n\t\t\t\t<div class=\"elementor-widget-container\">\n\t\t\t\t\t\t\t\t\t\t\t\t\t\t\t\t<a href=\"https:\/\/vive-fuerteventura.com\/es\/wanderwege\/\">\n\t\t\t\t\t\t\t<img loading=\"lazy\" decoding=\"async\" width=\"500\" height=\"500\" src=\"https:\/\/vive-fuerteventura.com\/wp-content\/uploads\/2024\/10\/VIVE-Fuerteventura-Activities-Hiking_500x500px.jpg\" class=\"attachment-Image Size 500x500 size-Image Size 500x500 wp-image-697\" alt=\"\" srcset=\"https:\/\/vive-fuerteventura.com\/wp-content\/uploads\/2024\/10\/VIVE-Fuerteventura-Activities-Hiking_500x500px.jpg 500w, https:\/\/vive-fuerteventura.com\/wp-content\/uploads\/2024\/10\/VIVE-Fuerteventura-Activities-Hiking_500x500px-300x300.jpg 300w, https:\/\/vive-fuerteventura.com\/wp-content\/uploads\/2024\/10\/VIVE-Fuerteventura-Activities-Hiking_500x500px-150x150.jpg 150w\" sizes=\"(max-width: 500px) 100vw, 500px\" \/>\t\t\t\t\t\t\t\t<\/a>\n\t\t\t\t\t\t\t\t\t\t\t\t\t\t\t<\/div>\n\t\t\t\t<\/div>\n\t\t\t\t<div class=\"elementor-element elementor-element-e2e39cc elementor-align-justify elementor-widget elementor-widget-button\" data-id=\"e2e39cc\" data-element_type=\"widget\" data-e-type=\"widget\" data-settings=\"{&quot;_animation_mobile&quot;:&quot;none&quot;}\" data-widget_type=\"button.default\">\n\t\t\t\t<div class=\"elementor-widget-container\">\n\t\t\t\t\t\t\t\t\t<div class=\"elementor-button-wrapper\">\n\t\t\t\t\t<a class=\"elementor-button elementor-button-link elementor-size-sm\" href=\"https:\/\/vive-fuerteventura.com\/es\/wanderwege\/\">\n\t\t\t\t\t\t<span class=\"elementor-button-content-wrapper\">\n\t\t\t\t\t\t\t\t\t<span class=\"elementor-button-text\">Senderismo<\/span>\n\t\t\t\t\t<\/span>\n\t\t\t\t\t<\/a>\n\t\t\t\t<\/div>\n\t\t\t\t\t\t\t\t<\/div>\n\t\t\t\t<\/div>\n\t\t\t\t<\/div>\n\t\t<div class=\"elementor-element elementor-element-d608d5c e-con-full e-flex e-con e-child\" data-id=\"d608d5c\" data-element_type=\"container\" data-e-type=\"container\" data-settings=\"{&quot;jet_parallax_layout_list&quot;:[],&quot;animation_mobile&quot;:&quot;none&quot;}\">\n\t\t\t\t<div class=\"elementor-element elementor-element-5df5240 elementor-widget elementor-widget-image\" data-id=\"5df5240\" data-element_type=\"widget\" data-e-type=\"widget\" data-settings=\"{&quot;_animation_mobile&quot;:&quot;none&quot;}\" data-widget_type=\"image.default\">\n\t\t\t\t<div class=\"elementor-widget-container\">\n\t\t\t\t\t\t\t\t\t\t\t\t\t\t\t\t<a href=\"https:\/\/vive-fuerteventura.com\/es\/museen\/\">\n\t\t\t\t\t\t\t<img loading=\"lazy\" decoding=\"async\" width=\"500\" height=\"500\" src=\"https:\/\/vive-fuerteventura.com\/wp-content\/uploads\/2025\/04\/VIVE_Pictures_2025-04-03\/iStock-2148484773museo_result-500x500.webp\" class=\"attachment-Image Size 500x500 size-Image Size 500x500 wp-image-12752\" alt=\"\" srcset=\"https:\/\/vive-fuerteventura.com\/wp-content\/uploads\/2025\/04\/VIVE_Pictures_2025-04-03\/iStock-2148484773museo_result-500x500.webp 500w, https:\/\/vive-fuerteventura.com\/wp-content\/uploads\/2025\/04\/VIVE_Pictures_2025-04-03\/iStock-2148484773museo_result-150x150.webp 150w\" sizes=\"(max-width: 500px) 100vw, 500px\" \/>\t\t\t\t\t\t\t\t<\/a>\n\t\t\t\t\t\t\t\t\t\t\t\t\t\t\t<\/div>\n\t\t\t\t<\/div>\n\t\t\t\t<div class=\"elementor-element elementor-element-6255089 elementor-align-justify elementor-widget elementor-widget-button\" data-id=\"6255089\" data-element_type=\"widget\" data-e-type=\"widget\" data-settings=\"{&quot;_animation_mobile&quot;:&quot;none&quot;}\" data-widget_type=\"button.default\">\n\t\t\t\t<div class=\"elementor-widget-container\">\n\t\t\t\t\t\t\t\t\t<div class=\"elementor-button-wrapper\">\n\t\t\t\t\t<a class=\"elementor-button elementor-button-link elementor-size-sm\" href=\"https:\/\/vive-fuerteventura.com\/es\/museen\/\">\n\t\t\t\t\t\t<span class=\"elementor-button-content-wrapper\">\n\t\t\t\t\t\t\t\t\t<span class=\"elementor-button-text\">Museos<\/span>\n\t\t\t\t\t<\/span>\n\t\t\t\t\t<\/a>\n\t\t\t\t<\/div>\n\t\t\t\t\t\t\t\t<\/div>\n\t\t\t\t<\/div>\n\t\t\t\t<\/div>\n\t\t<div class=\"elementor-element elementor-element-df33a8c e-con-full e-flex e-con e-child\" data-id=\"df33a8c\" data-element_type=\"container\" data-e-type=\"container\" data-settings=\"{&quot;jet_parallax_layout_list&quot;:[],&quot;animation_mobile&quot;:&quot;none&quot;}\">\n\t\t\t\t<div class=\"elementor-element elementor-element-99f80b2 elementor-widget elementor-widget-image\" data-id=\"99f80b2\" data-element_type=\"widget\" data-e-type=\"widget\" data-settings=\"{&quot;_animation_mobile&quot;:&quot;none&quot;}\" data-widget_type=\"image.default\">\n\t\t\t\t<div class=\"elementor-widget-container\">\n\t\t\t\t\t\t\t\t\t\t\t\t\t\t\t\t<a href=\"https:\/\/vive-fuerteventura.com\/es\/surf-spots\/\">\n\t\t\t\t\t\t\t<img loading=\"lazy\" decoding=\"async\" width=\"500\" height=\"500\" src=\"https:\/\/vive-fuerteventura.com\/wp-content\/uploads\/2024\/10\/VIVE-Fuerteventura-Activities-Surfing_500x500px.jpg\" class=\"attachment-Image Size 500x500 size-Image Size 500x500 wp-image-12269\" alt=\"\" srcset=\"https:\/\/vive-fuerteventura.com\/wp-content\/uploads\/2024\/10\/VIVE-Fuerteventura-Activities-Surfing_500x500px.jpg 500w, https:\/\/vive-fuerteventura.com\/wp-content\/uploads\/2024\/10\/VIVE-Fuerteventura-Activities-Surfing_500x500px-300x300.jpg 300w, https:\/\/vive-fuerteventura.com\/wp-content\/uploads\/2024\/10\/VIVE-Fuerteventura-Activities-Surfing_500x500px-150x150.jpg 150w\" sizes=\"(max-width: 500px) 100vw, 500px\" \/>\t\t\t\t\t\t\t\t<\/a>\n\t\t\t\t\t\t\t\t\t\t\t\t\t\t\t<\/div>\n\t\t\t\t<\/div>\n\t\t\t\t<div class=\"elementor-element elementor-element-add701b elementor-align-justify elementor-widget elementor-widget-button\" data-id=\"add701b\" data-element_type=\"widget\" data-e-type=\"widget\" data-settings=\"{&quot;_animation_mobile&quot;:&quot;none&quot;}\" data-widget_type=\"button.default\">\n\t\t\t\t<div class=\"elementor-widget-container\">\n\t\t\t\t\t\t\t\t\t<div class=\"elementor-button-wrapper\">\n\t\t\t\t\t<a class=\"elementor-button elementor-button-link elementor-size-sm\" href=\"https:\/\/vive-fuerteventura.com\/es\/surf-spots\/\">\n\t\t\t\t\t\t<span class=\"elementor-button-content-wrapper\">\n\t\t\t\t\t\t\t\t\t<span class=\"elementor-button-text\">Lugares de Surf<\/span>\n\t\t\t\t\t<\/span>\n\t\t\t\t\t<\/a>\n\t\t\t\t<\/div>\n\t\t\t\t\t\t\t\t<\/div>\n\t\t\t\t<\/div>\n\t\t\t\t<\/div>\n\t\t<div class=\"elementor-element elementor-element-bf6b12b e-con-full e-flex e-con e-child\" data-id=\"bf6b12b\" data-element_type=\"container\" data-e-type=\"container\" data-settings=\"{&quot;jet_parallax_layout_list&quot;:[],&quot;animation_mobile&quot;:&quot;none&quot;}\">\n\t\t\t\t<div class=\"elementor-element elementor-element-6a674a3 elementor-widget elementor-widget-image\" data-id=\"6a674a3\" data-element_type=\"widget\" data-e-type=\"widget\" data-settings=\"{&quot;_animation_mobile&quot;:&quot;none&quot;}\" data-widget_type=\"image.default\">\n\t\t\t\t<div class=\"elementor-widget-container\">\n\t\t\t\t\t\t\t\t\t\t\t\t\t\t\t\t<a href=\"https:\/\/vive-fuerteventura.com\/es\/eventkalender\/\">\n\t\t\t\t\t\t\t<img loading=\"lazy\" decoding=\"async\" width=\"500\" height=\"500\" src=\"https:\/\/vive-fuerteventura.com\/wp-content\/uploads\/2025\/04\/VIVE_Pictures_2025-04-03\/Grandes Playas Kitefest 2grandes playas_result-500x500.webp\" class=\"attachment-Image Size 500x500 size-Image Size 500x500 wp-image-11743\" alt=\"\" srcset=\"\" sizes=\"(max-width: 500px) 100vw, 500px\" data-srcset=\"\" \/>\t\t\t\t\t\t\t\t<\/a>\n\t\t\t\t\t\t\t\t\t\t\t\t\t\t\t<\/div>\n\t\t\t\t<\/div>\n\t\t\t\t<div class=\"elementor-element elementor-element-4bbf95d elementor-align-justify elementor-widget elementor-widget-button\" data-id=\"4bbf95d\" data-element_type=\"widget\" data-e-type=\"widget\" data-settings=\"{&quot;_animation_mobile&quot;:&quot;none&quot;}\" data-widget_type=\"button.default\">\n\t\t\t\t<div class=\"elementor-widget-container\">\n\t\t\t\t\t\t\t\t\t<div class=\"elementor-button-wrapper\">\n\t\t\t\t\t<a class=\"elementor-button elementor-button-link elementor-size-sm\" href=\"https:\/\/vive-fuerteventura.com\/es\/eventkalender\/\">\n\t\t\t\t\t\t<span class=\"elementor-button-content-wrapper\">\n\t\t\t\t\t\t\t\t\t<span class=\"elementor-button-text\">Eventos<\/span>\n\t\t\t\t\t<\/span>\n\t\t\t\t\t<\/a>\n\t\t\t\t<\/div>\n\t\t\t\t\t\t\t\t<\/div>\n\t\t\t\t<\/div>\n\t\t\t\t<\/div>\n\t\t\t\t<\/div>\n\t\t\t\t<section class=\"elementor-section elementor-top-section elementor-element elementor-element-7bbc425 elementor-section-boxed elementor-section-height-default elementor-section-height-default\" data-id=\"7bbc425\" data-element_type=\"section\" data-e-type=\"section\" data-settings=\"{&quot;jet_parallax_layout_list&quot;:[{&quot;jet_parallax_layout_image&quot;:{&quot;url&quot;:&quot;&quot;,&quot;id&quot;:&quot;&quot;,&quot;size&quot;:&quot;&quot;},&quot;_id&quot;:&quot;431fff4&quot;,&quot;jet_parallax_layout_speed&quot;:{&quot;unit&quot;:&quot;%&quot;,&quot;size&quot;:50,&quot;sizes&quot;:[]},&quot;jet_parallax_layout_image_tablet&quot;:{&quot;url&quot;:&quot;&quot;,&quot;id&quot;:&quot;&quot;,&quot;size&quot;:&quot;&quot;},&quot;jet_parallax_layout_image_mobile&quot;:{&quot;url&quot;:&quot;&quot;,&quot;id&quot;:&quot;&quot;,&quot;size&quot;:&quot;&quot;},&quot;jet_parallax_layout_type&quot;:&quot;scroll&quot;,&quot;jet_parallax_layout_direction&quot;:&quot;1&quot;,&quot;jet_parallax_layout_fx_direction&quot;:null,&quot;jet_parallax_layout_z_index&quot;:&quot;&quot;,&quot;jet_parallax_layout_bg_x&quot;:50,&quot;jet_parallax_layout_bg_x_tablet&quot;:&quot;&quot;,&quot;jet_parallax_layout_bg_x_mobile&quot;:&quot;&quot;,&quot;jet_parallax_layout_bg_y&quot;:50,&quot;jet_parallax_layout_bg_y_tablet&quot;:&quot;&quot;,&quot;jet_parallax_layout_bg_y_mobile&quot;:&quot;&quot;,&quot;jet_parallax_layout_bg_size&quot;:&quot;auto&quot;,&quot;jet_parallax_layout_bg_size_tablet&quot;:&quot;&quot;,&quot;jet_parallax_layout_bg_size_mobile&quot;:&quot;&quot;,&quot;jet_parallax_layout_animation_prop&quot;:&quot;transform&quot;,&quot;jet_parallax_layout_on&quot;:[&quot;desktop&quot;,&quot;tablet&quot;]}],&quot;background_background&quot;:&quot;classic&quot;}\">\n\t\t\t\t\t\t<div class=\"elementor-container elementor-column-gap-no\">\n\t\t\t\t\t<div class=\"elementor-column elementor-col-100 elementor-top-column elementor-element elementor-element-d435327\" data-id=\"d435327\" data-element_type=\"column\" data-e-type=\"column\">\n\t\t\t<div class=\"elementor-widget-wrap elementor-element-populated\">\n\t\t\t\t\t\t<div class=\"elementor-element elementor-element-0756d03 elementor-icon-list--layout-traditional elementor-list-item-link-full_width elementor-widget elementor-widget-icon-list\" data-id=\"0756d03\" data-element_type=\"widget\" data-e-type=\"widget\" data-settings=\"{&quot;_animation_mobile&quot;:&quot;slideInLeft&quot;}\" data-widget_type=\"icon-list.default\">\n\t\t\t\t<div class=\"elementor-widget-container\">\n\t\t\t\t\t\t\t<ul class=\"elementor-icon-list-items\">\n\t\t\t\t\t\t\t<li class=\"elementor-icon-list-item\">\n\t\t\t\t\t\t\t\t\t\t\t<span class=\"elementor-icon-list-icon\">\n\t\t\t\t\t\t\t<svg aria-hidden=\"true\" class=\"e-font-icon-svg e-fas-angle-double-down\" viewbox=\"0 0 320 512\" xmlns=\"http:\/\/www.w3.org\/2000\/svg\"><path d=\"M143 256.3L7 120.3c-9.4-9.4-9.4-24.6 0-33.9l22.6-22.6c9.4-9.4 24.6-9.4 33.9 0l96.4 96.4 96.4-96.4c9.4-9.4 24.6-9.4 33.9 0L313 86.3c9.4 9.4 9.4 24.6 0 33.9l-136 136c-9.4 9.5-24.6 9.5-34 .1zm34 192l136-136c9.4-9.4 9.4-24.6 0-33.9l-22.6-22.6c-9.4-9.4-24.6-9.4-33.9 0L160 352.1l-96.4-96.4c-9.4-9.4-24.6-9.4-33.9 0L7 278.3c-9.4 9.4-9.4 24.6 0 33.9l136 136c9.4 9.5 24.6 9.5 34 .1z\"><\/path><\/svg>\t\t\t\t\t\t<\/span>\n\t\t\t\t\t\t\t\t\t\t<span class=\"elementor-icon-list-text\">Blog y conocimiento de la isla<\/span>\n\t\t\t\t\t\t\t\t\t<\/li>\n\t\t\t\t\t\t<\/ul>\n\t\t\t\t\t\t<\/div>\n\t\t\t\t<\/div>\n\t\t\t\t<div class=\"elementor-element elementor-element-5e4977d elementor-widget elementor-widget-heading\" data-id=\"5e4977d\" data-element_type=\"widget\" data-e-type=\"widget\" data-widget_type=\"heading.default\">\n\t\t\t\t<div class=\"elementor-widget-container\">\n\t\t\t\t\t<h2 class=\"elementor-heading-title elementor-size-default\">Art\u00edculos, impresiones y curiosidades<\/h2>\t\t\t\t<\/div>\n\t\t\t\t<\/div>\n\t\t\t\t<div class=\"elementor-element elementor-element-73b946e raven-button-align-justify raven-mobile-button-align-center aktivitaeten-karussell elementor-widget elementor-widget-raven-posts-carousel\" data-id=\"73b946e\" data-element_type=\"widget\" data-e-type=\"widget\" data-settings=\"{&quot;classic_enable_autoplay&quot;:&quot;yes&quot;,&quot;classic_autoplay_speed&quot;:5000,&quot;classic_columns_space_between&quot;:{&quot;unit&quot;:&quot;px&quot;,&quot;size&quot;:15,&quot;sizes&quot;:[]},&quot;_skin&quot;:&quot;classic&quot;,&quot;query_posts_per_page&quot;:10,&quot;classic_slides_view&quot;:&quot;3&quot;,&quot;classic_slides_view_tablet&quot;:&quot;2&quot;,&quot;classic_slides_view_mobile&quot;:&quot;1&quot;,&quot;classic_slides_scroll&quot;:&quot;1&quot;,&quot;classic_slides_scroll_tablet&quot;:&quot;1&quot;,&quot;classic_slides_scroll_mobile&quot;:&quot;1&quot;,&quot;classic_transition_speed&quot;:500,&quot;classic_enable_infinite_loop&quot;:&quot;yes&quot;,&quot;classic_show_arrows&quot;:&quot;yes&quot;,&quot;query_offset&quot;:0,&quot;classic_columns_space_between_tablet&quot;:{&quot;unit&quot;:&quot;px&quot;,&quot;size&quot;:20,&quot;sizes&quot;:[]},&quot;classic_columns_space_between_mobile&quot;:{&quot;unit&quot;:&quot;px&quot;,&quot;size&quot;:10,&quot;sizes&quot;:[]}}\" data-widget_type=\"raven-posts-carousel.classic\">\n\t\t\t\t<div class=\"elementor-widget-container\">\n\t\t\t\t\t\t\t<div class=\"raven-posts-carousel raven-swiper-slider\">\n\t\t\t<div class=\"raven-posts-carousel-swiper-container swiper\">\n\t\t\t\t<div class=\"swiper-wrapper swiper-columns-3\" data-swiper='{&quot;rtl&quot;:false}'>\n\t\t\n\t\t<div class=\"swiper-slide\">\n\t\t\t<div class=\"raven-post-wrapper\">\n\t\t\t\t<div class=\"raven-post\">\n\t\t\t\t\t\t\t<div class=\"raven-post-image-wrap\">\n\t\t\t<a class=\"raven-post-image raven-image-fit\"  href=\"https:\/\/vive-fuerteventura.com\/es\/eine-insel-voller-kontraste\/\"><img loading=\"lazy\" decoding=\"async\" width=\"1024\" height=\"683\" src=\"https:\/\/vive-fuerteventura.com\/wp-content\/uploads\/2025\/04\/VIVE_Pictures_2025-04-03\/hanna-E-unsplashfuerteventura general_result.webp\" class=\"attachment-large size-large wp-image-12312\" alt=\"\" srcset=\"https:\/\/vive-fuerteventura.com\/wp-content\/uploads\/2025\/04\/VIVE_Pictures_2025-04-03\/hanna-E-unsplashfuerteventura%20general_result.webp 4608w, https:\/\/vive-fuerteventura.com\/wp-content\/uploads\/2025\/04\/VIVE_Pictures_2025-04-03\/hanna-E-unsplashfuerteventura%20general_result-300x200.webp 300w, https:\/\/vive-fuerteventura.com\/wp-content\/uploads\/2025\/04\/VIVE_Pictures_2025-04-03\/hanna-E-unsplashfuerteventura%20general_result-1024x683.webp 1024w, https:\/\/vive-fuerteventura.com\/wp-content\/uploads\/2025\/04\/VIVE_Pictures_2025-04-03\/hanna-E-unsplashfuerteventura%20general_result-768x512.webp 768w, https:\/\/vive-fuerteventura.com\/wp-content\/uploads\/2025\/04\/VIVE_Pictures_2025-04-03\/hanna-E-unsplashfuerteventura%20general_result-1536x1024.webp 1536w, https:\/\/vive-fuerteventura.com\/wp-content\/uploads\/2025\/04\/VIVE_Pictures_2025-04-03\/hanna-E-unsplashfuerteventura%20general_result-2048x1365.webp 2048w\" sizes=\"(max-width: 1024px) 100vw, 1024px\" \/> <span class=\"raven-post-image-overlay\"><\/span><\/a>\t\t<\/div>\n\t\t\n\t\t\t\t\t<div class=\"raven-post-content\">\n\t\t\t\t\t\t<h3 class=\"raven-post-title\"><a class=\"raven-post-title-link\" href=\"https:\/\/vive-fuerteventura.com\/es\/eine-insel-voller-kontraste\/\">Una isla llena de contrastes<\/a><\/h3>\t\t<div class=\"raven-post-meta\"><span class=\"raven-post-meta-item raven-post-categories\"><a href=\"https:\/\/vive-fuerteventura.com\/es\/category\/wissenswertes\/\" rel=\"tag\">Merece la pena saberlo<\/a><\/span><\/div>\n\t\t<div class=\"raven-post-excerpt\">Fuerteventura est\u00e1 situada a unos 100 kil\u00f3metros al oeste de la costa marroqu\u00ed. La isla es conocida por sus interminables playas, su paisaje volc\u00e1nico y su clima suave y soleado, que atrae a turistas durante todo el a\u00f1o.<\/div>\t\t<div class=\"raven-post-read-more\">\n\t\t\t<a class=\"raven-post-button\" href=\"https:\/\/vive-fuerteventura.com\/es\/eine-insel-voller-kontraste\/\"><span class=\"raven-post-button-text\">al art\u00edculo<\/span><\/a>\n\t\t<\/div>\n\t\t\t\t\t\t\t<\/div>\n\t\t\t\t<\/div>\n\t\t\t<\/div>\n\t\t<\/div>\n\t\t\n\t\t<div class=\"swiper-slide\">\n\t\t\t<div class=\"raven-post-wrapper\">\n\t\t\t\t<div class=\"raven-post\">\n\t\t\t\t\t\t\t<div class=\"raven-post-image-wrap\">\n\t\t\t<a class=\"raven-post-image raven-image-fit\"  href=\"https:\/\/vive-fuerteventura.com\/es\/die-tierwelt-fuerteventuras\/\"><img loading=\"lazy\" decoding=\"async\" width=\"1024\" height=\"681\" src=\"https:\/\/vive-fuerteventura.com\/wp-content\/uploads\/2025\/04\/VIVE_Pictures_2025-04-03\/iStock-1249356790animal_result-1024x681.webp\" class=\"attachment-large size-large wp-image-12407\" alt=\"\" srcset=\"https:\/\/vive-fuerteventura.com\/wp-content\/uploads\/2025\/04\/VIVE_Pictures_2025-04-03\/iStock-1249356790animal_result-1024x681.webp 1024w, https:\/\/vive-fuerteventura.com\/wp-content\/uploads\/2025\/04\/VIVE_Pictures_2025-04-03\/iStock-1249356790animal_result-300x199.webp 300w, https:\/\/vive-fuerteventura.com\/wp-content\/uploads\/2025\/04\/VIVE_Pictures_2025-04-03\/iStock-1249356790animal_result-768x511.webp 768w, https:\/\/vive-fuerteventura.com\/wp-content\/uploads\/2025\/04\/VIVE_Pictures_2025-04-03\/iStock-1249356790animal_result-1536x1021.webp 1536w, https:\/\/vive-fuerteventura.com\/wp-content\/uploads\/2025\/04\/VIVE_Pictures_2025-04-03\/iStock-1249356790animal_result-2048x1362.webp 2048w\" sizes=\"(max-width: 1024px) 100vw, 1024px\" \/> <span class=\"raven-post-image-overlay\"><\/span><\/a>\t\t<\/div>\n\t\t\n\t\t\t\t\t<div class=\"raven-post-content\">\n\t\t\t\t\t\t<h3 class=\"raven-post-title\"><a class=\"raven-post-title-link\" href=\"https:\/\/vive-fuerteventura.com\/es\/die-tierwelt-fuerteventuras\/\">La fauna de Fuerteventura<\/a><\/h3>\t\t<div class=\"raven-post-meta\"><span class=\"raven-post-meta-item raven-post-categories\"><a href=\"https:\/\/vive-fuerteventura.com\/es\/category\/wissenswertes\/\" rel=\"tag\">Merece la pena saberlo<\/a><\/span><\/div>\n\t\t<div class=\"raven-post-excerpt\">A primera vista, Fuerteventura parece est\u00e9ril, pero si se mira m\u00e1s de cerca, descubrir\u00e1 una fauna sorprendentemente diversa que se ha adaptado a las hostiles condiciones: desde animales terrestres y aves hasta el rico mundo submarino.<\/div>\t\t<div class=\"raven-post-read-more\">\n\t\t\t<a class=\"raven-post-button\" href=\"https:\/\/vive-fuerteventura.com\/es\/die-tierwelt-fuerteventuras\/\"><span class=\"raven-post-button-text\">al art\u00edculo<\/span><\/a>\n\t\t<\/div>\n\t\t\t\t\t\t\t<\/div>\n\t\t\t\t<\/div>\n\t\t\t<\/div>\n\t\t<\/div>\n\t\t\n\t\t<div class=\"swiper-slide\">\n\t\t\t<div class=\"raven-post-wrapper\">\n\t\t\t\t<div class=\"raven-post\">\n\t\t\t\t\t\t\t<div class=\"raven-post-image-wrap\">\n\t\t\t<a class=\"raven-post-image raven-image-fit\"  href=\"https:\/\/vive-fuerteventura.com\/es\/gemeinden-fuerteventuras\/\"><img loading=\"lazy\" decoding=\"async\" width=\"1024\" height=\"745\" src=\"https:\/\/vive-fuerteventura.com\/wp-content\/uploads\/2024\/10\/VIVE-Fuerteventura-Blog-Gemeinden-Fuerteventuras-1024x745.jpg\" class=\"attachment-large size-large wp-image-1129\" alt=\"\" srcset=\"https:\/\/vive-fuerteventura.com\/wp-content\/uploads\/2024\/10\/VIVE-Fuerteventura-Blog-Gemeinden-Fuerteventuras-1024x745.jpg 1024w, https:\/\/vive-fuerteventura.com\/wp-content\/uploads\/2024\/10\/VIVE-Fuerteventura-Blog-Gemeinden-Fuerteventuras-300x218.jpg 300w, https:\/\/vive-fuerteventura.com\/wp-content\/uploads\/2024\/10\/VIVE-Fuerteventura-Blog-Gemeinden-Fuerteventuras-768x559.jpg 768w, https:\/\/vive-fuerteventura.com\/wp-content\/uploads\/2024\/10\/VIVE-Fuerteventura-Blog-Gemeinden-Fuerteventuras.jpg 1100w\" sizes=\"(max-width: 1024px) 100vw, 1024px\" \/> <span class=\"raven-post-image-overlay\"><\/span><\/a>\t\t<\/div>\n\t\t\n\t\t\t\t\t<div class=\"raven-post-content\">\n\t\t\t\t\t\t<h3 class=\"raven-post-title\"><a class=\"raven-post-title-link\" href=\"https:\/\/vive-fuerteventura.com\/es\/gemeinden-fuerteventuras\/\">Los municipios de Fuerteventura<\/a><\/h3>\t\t<div class=\"raven-post-meta\"><span class=\"raven-post-meta-item raven-post-categories\"><a href=\"https:\/\/vive-fuerteventura.com\/es\/category\/wissenswertes\/\" rel=\"tag\">Merece la pena saberlo<\/a><\/span><\/div>\n\t\t<div class=\"raven-post-excerpt\">Fuerteventura, la segunda isla m\u00e1s grande de las Canarias, est\u00e1 situada a unos 100 kil\u00f3metros al oeste de la costa marroqu\u00ed. La isla es conocida por sus interminables playas, su paisaje volc\u00e1nico y su clima suave y soleado.<\/div>\t\t<div class=\"raven-post-read-more\">\n\t\t\t<a class=\"raven-post-button\" href=\"https:\/\/vive-fuerteventura.com\/es\/gemeinden-fuerteventuras\/\"><span class=\"raven-post-button-text\">al art\u00edculo<\/span><\/a>\n\t\t<\/div>\n\t\t\t\t\t\t\t<\/div>\n\t\t\t\t<\/div>\n\t\t\t<\/div>\n\t\t<\/div>\n\t\t\n\t\t<div class=\"swiper-slide\">\n\t\t\t<div class=\"raven-post-wrapper\">\n\t\t\t\t<div class=\"raven-post\">\n\t\t\t\t\t\t\t<div class=\"raven-post-image-wrap\">\n\t\t\t<a class=\"raven-post-image raven-image-fit\"  href=\"https:\/\/vive-fuerteventura.com\/es\/die-5-schoensten-tagesrouten\/\"><img loading=\"lazy\" decoding=\"async\" width=\"555\" height=\"900\" src=\"https:\/\/vive-fuerteventura.com\/wp-content\/uploads\/2024\/10\/VIVE-Fuerteventura-Beaches-Playa-Cofete_Start-01_555x900px.jpg\" class=\"attachment-large size-large wp-image-1059\" alt=\"\" srcset=\"https:\/\/vive-fuerteventura.com\/wp-content\/uploads\/2024\/10\/VIVE-Fuerteventura-Beaches-Playa-Cofete_Start-01_555x900px.jpg 555w, https:\/\/vive-fuerteventura.com\/wp-content\/uploads\/2024\/10\/VIVE-Fuerteventura-Beaches-Playa-Cofete_Start-01_555x900px-185x300.jpg 185w\" sizes=\"(max-width: 555px) 100vw, 555px\" \/> <span class=\"raven-post-image-overlay\"><\/span><\/a>\t\t<\/div>\n\t\t\n\t\t\t\t\t<div class=\"raven-post-content\">\n\t\t\t\t\t\t<h3 class=\"raven-post-title\"><a class=\"raven-post-title-link\" href=\"https:\/\/vive-fuerteventura.com\/es\/die-5-schoensten-tagesrouten\/\">Las rutas m\u00e1s bellas del d\u00eda<\/a><\/h3>\t\t<div class=\"raven-post-meta\"><span class=\"raven-post-meta-item raven-post-categories\"><a href=\"https:\/\/vive-fuerteventura.com\/es\/category\/erlebnisse\/\" rel=\"tag\">Experiencias<\/a><\/span><\/div>\n\t\t<div class=\"raven-post-excerpt\">Viva Fuerteventura seg\u00fan sus preferencias y descubra las m\u00faltiples facetas de la isla en extraordinarias excursiones de un d\u00eda. No importa la ruta que elija, cada d\u00eda ser\u00e1 una experiencia inolvidable.<\/div>\t\t<div class=\"raven-post-read-more\">\n\t\t\t<a class=\"raven-post-button\" href=\"https:\/\/vive-fuerteventura.com\/es\/die-5-schoensten-tagesrouten\/\"><span class=\"raven-post-button-text\">al art\u00edculo<\/span><\/a>\n\t\t<\/div>\n\t\t\t\t\t\t\t<\/div>\n\t\t\t\t<\/div>\n\t\t\t<\/div>\n\t\t<\/div>\n\t\t\t\t\t\t<\/div>\n\t\t<div class=\"swiper-pagination swiper-pager-outside bullets-pagination-type\"><\/div>\n\t\t<\/div>\n\n\t\t\t\t\t\t\t<div class=\"swiper-button-prev\"><\/div>\n\t\t\t\t<div class=\"swiper-button-next\"><\/div>\n\t\t\t\n\t\t<\/div>\n\t\t\t\t\t\t<\/div>\n\t\t\t\t<\/div>\n\t\t\t\t\t<\/div>\n\t\t<\/div>\n\t\t\t\t\t<\/div>\n\t\t<\/section>\n\t\t\t\t<section class=\"elementor-section elementor-top-section elementor-element elementor-element-74c5a58 elementor-section-boxed elementor-section-height-default elementor-section-height-default\" data-id=\"74c5a58\" data-element_type=\"section\" data-e-type=\"section\" data-settings=\"{&quot;jet_parallax_layout_list&quot;:[{&quot;jet_parallax_layout_image&quot;:{&quot;url&quot;:&quot;&quot;,&quot;id&quot;:&quot;&quot;,&quot;size&quot;:&quot;&quot;},&quot;_id&quot;:&quot;431fff4&quot;,&quot;jet_parallax_layout_speed&quot;:{&quot;unit&quot;:&quot;%&quot;,&quot;size&quot;:50,&quot;sizes&quot;:[]},&quot;jet_parallax_layout_image_tablet&quot;:{&quot;url&quot;:&quot;&quot;,&quot;id&quot;:&quot;&quot;,&quot;size&quot;:&quot;&quot;},&quot;jet_parallax_layout_image_mobile&quot;:{&quot;url&quot;:&quot;&quot;,&quot;id&quot;:&quot;&quot;,&quot;size&quot;:&quot;&quot;},&quot;jet_parallax_layout_type&quot;:&quot;scroll&quot;,&quot;jet_parallax_layout_direction&quot;:&quot;1&quot;,&quot;jet_parallax_layout_fx_direction&quot;:null,&quot;jet_parallax_layout_z_index&quot;:&quot;&quot;,&quot;jet_parallax_layout_bg_x&quot;:50,&quot;jet_parallax_layout_bg_x_tablet&quot;:&quot;&quot;,&quot;jet_parallax_layout_bg_x_mobile&quot;:&quot;&quot;,&quot;jet_parallax_layout_bg_y&quot;:50,&quot;jet_parallax_layout_bg_y_tablet&quot;:&quot;&quot;,&quot;jet_parallax_layout_bg_y_mobile&quot;:&quot;&quot;,&quot;jet_parallax_layout_bg_size&quot;:&quot;auto&quot;,&quot;jet_parallax_layout_bg_size_tablet&quot;:&quot;&quot;,&quot;jet_parallax_layout_bg_size_mobile&quot;:&quot;&quot;,&quot;jet_parallax_layout_animation_prop&quot;:&quot;transform&quot;,&quot;jet_parallax_layout_on&quot;:[&quot;desktop&quot;,&quot;tablet&quot;]}],&quot;background_background&quot;:&quot;classic&quot;}\">\n\t\t\t\t\t\t<div class=\"elementor-container elementor-column-gap-no\">\n\t\t\t\t\t<div class=\"elementor-column elementor-col-50 elementor-top-column elementor-element elementor-element-7001123\" data-id=\"7001123\" data-element_type=\"column\" data-e-type=\"column\">\n\t\t\t<div class=\"elementor-widget-wrap elementor-element-populated\">\n\t\t\t\t\t\t<div class=\"elementor-element elementor-element-2b44bc2 elementor-widget elementor-widget-image\" data-id=\"2b44bc2\" data-element_type=\"widget\" data-e-type=\"widget\" data-widget_type=\"image.default\">\n\t\t\t\t<div class=\"elementor-widget-container\">\n\t\t\t\t\t\t\t\t\t\t\t\t\t\t\t\t<a href=\"https:\/\/vive-fuerteventura.com\/es\/home\/\">\n\t\t\t\t\t\t\t<img decoding=\"async\" src=\"https:\/\/vive-fuerteventura.com\/wp-content\/uploads\/2025\/04\/VIVE_Pictures_2025-04-03\/pascal-scholl-WlxHpuwbLns-unsplashfuerteventura general_result.webp\" title=\"pascal-scholl-WlxHpuwbLns-unsplashfuerteventura general_result\" alt=\"pascal-scholl-WlxHpuwbLns-unsplashfuerteventura general_result\" loading=\"lazy\" \/>\t\t\t\t\t\t\t\t<\/a>\n\t\t\t\t\t\t\t\t\t\t\t\t\t\t\t<\/div>\n\t\t\t\t<\/div>\n\t\t\t\t<div class=\"elementor-element elementor-element-520c661 elementor-widget-mobile__width-initial elementor-widget elementor-widget-image\" data-id=\"520c661\" data-element_type=\"widget\" data-e-type=\"widget\" data-widget_type=\"image.default\">\n\t\t\t\t<div class=\"elementor-widget-container\">\n\t\t\t\t\t\t\t\t\t\t\t\t\t\t\t\t<a href=\"https:\/\/vive-fuerteventura.com\/es\/home\/\">\n\t\t\t\t\t\t\t<img loading=\"lazy\" decoding=\"async\" width=\"1024\" height=\"589\" src=\"https:\/\/vive-fuerteventura.com\/wp-content\/uploads\/2018\/09\/VIVE-Fuerteventura-white-Logo-e1727689829431-1024x589.png\" class=\"attachment-large size-large wp-image-321\" alt=\"\" srcset=\"https:\/\/vive-fuerteventura.com\/wp-content\/uploads\/2018\/09\/VIVE-Fuerteventura-white-Logo-e1727689829431-1024x589.png 1024w, https:\/\/vive-fuerteventura.com\/wp-content\/uploads\/2018\/09\/VIVE-Fuerteventura-white-Logo-e1727689829431-300x173.png 300w, https:\/\/vive-fuerteventura.com\/wp-content\/uploads\/2018\/09\/VIVE-Fuerteventura-white-Logo-e1727689829431-768x442.png 768w, https:\/\/vive-fuerteventura.com\/wp-content\/uploads\/2018\/09\/VIVE-Fuerteventura-white-Logo-e1727689829431.png 1395w\" sizes=\"(max-width: 1024px) 100vw, 1024px\" \/>\t\t\t\t\t\t\t\t<\/a>\n\t\t\t\t\t\t\t\t\t\t\t\t\t\t\t<\/div>\n\t\t\t\t<\/div>\n\t\t\t\t<div class=\"elementor-element elementor-element-7961351 elementor-align-justify elementor-mobile-align-right elementor-widget elementor-widget-button\" data-id=\"7961351\" data-element_type=\"widget\" data-e-type=\"widget\" data-widget_type=\"button.default\">\n\t\t\t\t<div class=\"elementor-widget-container\">\n\t\t\t\t\t\t\t\t\t<div class=\"elementor-button-wrapper\">\n\t\t\t\t\t<a class=\"elementor-button elementor-button-link elementor-size-sm elementor-animation-shrink\" href=\"https:\/\/vive-fuerteventura.com\/es\/home\/\">\n\t\t\t\t\t\t<span class=\"elementor-button-content-wrapper\">\n\t\t\t\t\t\t<span class=\"elementor-button-icon\">\n\t\t\t\t<svg aria-hidden=\"true\" class=\"e-font-icon-svg e-fas-angle-double-left\" viewbox=\"0 0 448 512\" xmlns=\"http:\/\/www.w3.org\/2000\/svg\"><path d=\"M223.7 239l136-136c9.4-9.4 24.6-9.4 33.9 0l22.6 22.6c9.4 9.4 9.4 24.6 0 33.9L319.9 256l96.4 96.4c9.4 9.4 9.4 24.6 0 33.9L393.7 409c-9.4 9.4-24.6 9.4-33.9 0l-136-136c-9.5-9.4-9.5-24.6-.1-34zm-192 34l136 136c9.4 9.4 24.6 9.4 33.9 0l22.6-22.6c9.4-9.4 9.4-24.6 0-33.9L127.9 256l96.4-96.4c9.4-9.4 9.4-24.6 0-33.9L201.7 103c-9.4-9.4-24.6-9.4-33.9 0l-136 136c-9.5 9.4-9.5 24.6-.1 34z\"><\/path><\/svg>\t\t\t<\/span>\n\t\t\t\t\t\t\t\t\t<span class=\"elementor-button-text\">volver a la p\u00e1gina de inicio<\/span>\n\t\t\t\t\t<\/span>\n\t\t\t\t\t<\/a>\n\t\t\t\t<\/div>\n\t\t\t\t\t\t\t\t<\/div>\n\t\t\t\t<\/div>\n\t\t\t\t\t<\/div>\n\t\t<\/div>\n\t\t\t\t<div class=\"elementor-column elementor-col-50 elementor-top-column elementor-element elementor-element-af86b2d\" data-id=\"af86b2d\" data-element_type=\"column\" data-e-type=\"column\">\n\t\t\t<div class=\"elementor-widget-wrap elementor-element-populated\">\n\t\t\t\t\t\t\t<\/div>\n\t\t<\/div>\n\t\t\t\t\t<\/div>\n\t\t<\/section>\n\t\t\t\t<\/div>\n\t\t<button class=\"simplefavorite-button\" data-postid=\"84\" data-siteid=\"1\" data-groupid=\"1\" data-favoritecount=\"0\" style=\"\">\u2661<\/button>","protected":false},"excerpt":{"rendered":"<p>Mercado de Caleta de Fuste Stra\u00dfenmarkt &#8211; Caleta de Fuste Kleidung, Accessoires, Souvenirs, Kunsthandwerk Oft mit Live-Musik Dienstags und Samstags: 9:00 \u2013 14:00 Uhr DETAILS Lebhafter Markt f\u00fcr Souvenirs und Accessoires Der Mercado de Caleta de Fuste ist ein touristisch gepr\u00e4gter Markt, der sowohl Einheimische als auch Besucher gleicherma\u00dfen anzieht. Mit einer breiten Auswahl an [&hellip;]<\/p>","protected":false},"author":2,"featured_media":0,"parent":7289,"menu_order":0,"comment_status":"closed","ping_status":"closed","template":"elementor_header_footer","meta":{"_acf_changed":false,"footnotes":""},"class_list":["post-7660","page","type-page","status-publish","hentry"],"acf":[],"yoast_head":"<!-- This site is optimized with the Yoast SEO plugin v26.7 - https:\/\/yoast.com\/wordpress\/plugins\/seo\/ -->\n<title>VIVE Fuerteventura - Mercado de Caleta de Fuste<\/title>\n<meta name=\"description\" content=\"Der Mercado de Caleta de Fuste ist ein touristisch gepr\u00e4gter Markt, mit Produkten wie Kleidung, Accessoires und handgefertigten Souvenirs.\" \/>\n<meta name=\"robots\" content=\"index, follow, max-snippet:-1, max-image-preview:large, max-video-preview:-1\" \/>\n<link rel=\"canonical\" href=\"https:\/\/vive-fuerteventura.com\/es\/maerkte\/mercado-de-caleta-de-fuste\/\" \/>\n<meta property=\"og:locale\" content=\"es_ES\" \/>\n<meta property=\"og:type\" content=\"article\" \/>\n<meta property=\"og:title\" content=\"VIVE Fuerteventura - Mercado de Caleta de Fuste\" \/>\n<meta property=\"og:description\" content=\"Der Mercado de Caleta de Fuste ist ein touristisch gepr\u00e4gter Markt, mit Produkten wie Kleidung, Accessoires und handgefertigten Souvenirs.\" \/>\n<meta property=\"og:url\" content=\"https:\/\/vive-fuerteventura.com\/es\/maerkte\/mercado-de-caleta-de-fuste\/\" \/>\n<meta property=\"og:site_name\" content=\"VIVE Fuerteventura\" \/>\n<meta property=\"article:modified_time\" content=\"2025-12-08T17:10:39+00:00\" \/>\n<meta property=\"og:image\" content=\"https:\/\/vive-fuerteventura.com\/wp-content\/uploads\/2025\/10\/598c6d04-aaeb-42a6-9aec-258df725b43aMarket-Calet-de-Fuste_result-500x500.jpg\" \/>\n<meta name=\"twitter:card\" content=\"summary_large_image\" \/>\n<meta name=\"twitter:label1\" content=\"Tiempo de lectura\" \/>\n\t<meta name=\"twitter:data1\" content=\"12 minutos\" \/>\n<script type=\"application\/ld+json\" class=\"yoast-schema-graph\">{\"@context\":\"https:\/\/schema.org\",\"@graph\":[{\"@type\":\"WebPage\",\"@id\":\"https:\/\/vive-fuerteventura.com\/maerkte\/mercado-de-caleta-de-fuste\/\",\"url\":\"https:\/\/vive-fuerteventura.com\/maerkte\/mercado-de-caleta-de-fuste\/\",\"name\":\"VIVE Fuerteventura - Mercado de Caleta de Fuste\",\"isPartOf\":{\"@id\":\"https:\/\/vive-fuerteventura.com\/#website\"},\"primaryImageOfPage\":{\"@id\":\"https:\/\/vive-fuerteventura.com\/maerkte\/mercado-de-caleta-de-fuste\/#primaryimage\"},\"image\":{\"@id\":\"https:\/\/vive-fuerteventura.com\/maerkte\/mercado-de-caleta-de-fuste\/#primaryimage\"},\"thumbnailUrl\":\"https:\/\/vive-fuerteventura.com\/wp-content\/uploads\/2025\/10\/598c6d04-aaeb-42a6-9aec-258df725b43aMarket-Calet-de-Fuste_result-500x500.jpg\",\"datePublished\":\"2025-01-15T16:22:41+00:00\",\"dateModified\":\"2025-12-08T17:10:39+00:00\",\"description\":\"Der Mercado de Caleta de Fuste ist ein touristisch gepr\u00e4gter Markt, mit Produkten wie Kleidung, Accessoires und handgefertigten Souvenirs.\",\"breadcrumb\":{\"@id\":\"https:\/\/vive-fuerteventura.com\/maerkte\/mercado-de-caleta-de-fuste\/#breadcrumb\"},\"inLanguage\":\"es\",\"potentialAction\":[{\"@type\":\"ReadAction\",\"target\":[\"https:\/\/vive-fuerteventura.com\/maerkte\/mercado-de-caleta-de-fuste\/\"]}]},{\"@type\":\"ImageObject\",\"inLanguage\":\"es\",\"@id\":\"https:\/\/vive-fuerteventura.com\/maerkte\/mercado-de-caleta-de-fuste\/#primaryimage\",\"url\":\"https:\/\/vive-fuerteventura.com\/wp-content\/uploads\/2025\/10\/598c6d04-aaeb-42a6-9aec-258df725b43aMarket-Calet-de-Fuste_result-500x500.jpg\",\"contentUrl\":\"https:\/\/vive-fuerteventura.com\/wp-content\/uploads\/2025\/10\/598c6d04-aaeb-42a6-9aec-258df725b43aMarket-Calet-de-Fuste_result-500x500.jpg\"},{\"@type\":\"BreadcrumbList\",\"@id\":\"https:\/\/vive-fuerteventura.com\/maerkte\/mercado-de-caleta-de-fuste\/#breadcrumb\",\"itemListElement\":[{\"@type\":\"ListItem\",\"position\":1,\"name\":\"Startseite\",\"item\":\"https:\/\/vive-fuerteventura.com\/\"},{\"@type\":\"ListItem\",\"position\":2,\"name\":\"M\u00e4rkte\",\"item\":\"https:\/\/vive-fuerteventura.com\/maerkte\/\"},{\"@type\":\"ListItem\",\"position\":3,\"name\":\"Mercado de Caleta de Fuste\"}]},{\"@type\":\"WebSite\",\"@id\":\"https:\/\/vive-fuerteventura.com\/#website\",\"url\":\"https:\/\/vive-fuerteventura.com\/\",\"name\":\"VIVE Fuerteventura\",\"description\":\"Deine interaktive Plattform f\u00fcr einzigartige Inselerlebnisse!\",\"potentialAction\":[{\"@type\":\"SearchAction\",\"target\":{\"@type\":\"EntryPoint\",\"urlTemplate\":\"https:\/\/vive-fuerteventura.com\/?s={search_term_string}\"},\"query-input\":{\"@type\":\"PropertyValueSpecification\",\"valueRequired\":true,\"valueName\":\"search_term_string\"}}],\"inLanguage\":\"es\"}]}<\/script>\n<!-- \/ Yoast SEO plugin. -->","yoast_head_json":{"title":"VIVE Fuerteventura - Mercado de Caleta de Fuste","description":"Der Mercado de Caleta de Fuste ist ein touristisch gepr\u00e4gter Markt, mit Produkten wie Kleidung, Accessoires und handgefertigten Souvenirs.","robots":{"index":"index","follow":"follow","max-snippet":"max-snippet:-1","max-image-preview":"max-image-preview:large","max-video-preview":"max-video-preview:-1"},"canonical":"https:\/\/vive-fuerteventura.com\/es\/maerkte\/mercado-de-caleta-de-fuste\/","og_locale":"es_ES","og_type":"article","og_title":"VIVE Fuerteventura - Mercado de Caleta de Fuste","og_description":"Der Mercado de Caleta de Fuste ist ein touristisch gepr\u00e4gter Markt, mit Produkten wie Kleidung, Accessoires und handgefertigten Souvenirs.","og_url":"https:\/\/vive-fuerteventura.com\/es\/maerkte\/mercado-de-caleta-de-fuste\/","og_site_name":"VIVE Fuerteventura","article_modified_time":"2025-12-08T17:10:39+00:00","og_image":[{"url":"https:\/\/vive-fuerteventura.com\/wp-content\/uploads\/2025\/10\/598c6d04-aaeb-42a6-9aec-258df725b43aMarket-Calet-de-Fuste_result-500x500.jpg","type":"","width":"","height":""}],"twitter_card":"summary_large_image","twitter_misc":{"Tiempo de lectura":"12 minutos"},"schema":{"@context":"https:\/\/schema.org","@graph":[{"@type":"WebPage","@id":"https:\/\/vive-fuerteventura.com\/maerkte\/mercado-de-caleta-de-fuste\/","url":"https:\/\/vive-fuerteventura.com\/maerkte\/mercado-de-caleta-de-fuste\/","name":"VIVE Fuerteventura - Mercado de Caleta de Fuste","isPartOf":{"@id":"https:\/\/vive-fuerteventura.com\/#website"},"primaryImageOfPage":{"@id":"https:\/\/vive-fuerteventura.com\/maerkte\/mercado-de-caleta-de-fuste\/#primaryimage"},"image":{"@id":"https:\/\/vive-fuerteventura.com\/maerkte\/mercado-de-caleta-de-fuste\/#primaryimage"},"thumbnailUrl":"https:\/\/vive-fuerteventura.com\/wp-content\/uploads\/2025\/10\/598c6d04-aaeb-42a6-9aec-258df725b43aMarket-Calet-de-Fuste_result-500x500.jpg","datePublished":"2025-01-15T16:22:41+00:00","dateModified":"2025-12-08T17:10:39+00:00","description":"Der Mercado de Caleta de Fuste ist ein touristisch gepr\u00e4gter Markt, mit Produkten wie Kleidung, Accessoires und handgefertigten Souvenirs.","breadcrumb":{"@id":"https:\/\/vive-fuerteventura.com\/maerkte\/mercado-de-caleta-de-fuste\/#breadcrumb"},"inLanguage":"es","potentialAction":[{"@type":"ReadAction","target":["https:\/\/vive-fuerteventura.com\/maerkte\/mercado-de-caleta-de-fuste\/"]}]},{"@type":"ImageObject","inLanguage":"es","@id":"https:\/\/vive-fuerteventura.com\/maerkte\/mercado-de-caleta-de-fuste\/#primaryimage","url":"https:\/\/vive-fuerteventura.com\/wp-content\/uploads\/2025\/10\/598c6d04-aaeb-42a6-9aec-258df725b43aMarket-Calet-de-Fuste_result-500x500.jpg","contentUrl":"https:\/\/vive-fuerteventura.com\/wp-content\/uploads\/2025\/10\/598c6d04-aaeb-42a6-9aec-258df725b43aMarket-Calet-de-Fuste_result-500x500.jpg"},{"@type":"BreadcrumbList","@id":"https:\/\/vive-fuerteventura.com\/maerkte\/mercado-de-caleta-de-fuste\/#breadcrumb","itemListElement":[{"@type":"ListItem","position":1,"name":"Startseite","item":"https:\/\/vive-fuerteventura.com\/"},{"@type":"ListItem","position":2,"name":"M\u00e4rkte","item":"https:\/\/vive-fuerteventura.com\/maerkte\/"},{"@type":"ListItem","position":3,"name":"Mercado de Caleta de Fuste"}]},{"@type":"WebSite","@id":"https:\/\/vive-fuerteventura.com\/#website","url":"https:\/\/vive-fuerteventura.com\/","name":"VIVE Fuerteventura","description":"Su plataforma interactiva para vivir experiencias \u00fanicas en la isla","potentialAction":[{"@type":"SearchAction","target":{"@type":"EntryPoint","urlTemplate":"https:\/\/vive-fuerteventura.com\/?s={search_term_string}"},"query-input":{"@type":"PropertyValueSpecification","valueRequired":true,"valueName":"search_term_string"}}],"inLanguage":"es"}]}},"_links":{"self":[{"href":"https:\/\/vive-fuerteventura.com\/es\/wp-json\/wp\/v2\/pages\/7660","targetHints":{"allow":["GET"]}}],"collection":[{"href":"https:\/\/vive-fuerteventura.com\/es\/wp-json\/wp\/v2\/pages"}],"about":[{"href":"https:\/\/vive-fuerteventura.com\/es\/wp-json\/wp\/v2\/types\/page"}],"author":[{"embeddable":true,"href":"https:\/\/vive-fuerteventura.com\/es\/wp-json\/wp\/v2\/users\/2"}],"replies":[{"embeddable":true,"href":"https:\/\/vive-fuerteventura.com\/es\/wp-json\/wp\/v2\/comments?post=7660"}],"version-history":[{"count":80,"href":"https:\/\/vive-fuerteventura.com\/es\/wp-json\/wp\/v2\/pages\/7660\/revisions"}],"predecessor-version":[{"id":40552,"href":"https:\/\/vive-fuerteventura.com\/es\/wp-json\/wp\/v2\/pages\/7660\/revisions\/40552"}],"up":[{"embeddable":true,"href":"https:\/\/vive-fuerteventura.com\/es\/wp-json\/wp\/v2\/pages\/7289"}],"wp:attachment":[{"href":"https:\/\/vive-fuerteventura.com\/es\/wp-json\/wp\/v2\/media?parent=7660"}],"curies":[{"name":"wp","href":"https:\/\/api.w.org\/{rel}","templated":true}]}}