{"id":1806,"date":"2024-11-02T10:50:10","date_gmt":"2024-11-02T09:50:10","guid":{"rendered":"https:\/\/vive-fuerteventura.com\/?page_id=1806"},"modified":"2025-12-09T00:31:57","modified_gmt":"2025-12-08T23:31:57","slug":"sehenswuerdigkeiten-aussichtspunkte","status":"publish","type":"page","link":"https:\/\/vive-fuerteventura.com\/en\/sehenswuerdigkeiten-aussichtspunkte\/","title":{"rendered":"Places of interest"},"content":{"rendered":"<div data-elementor-type=\"wp-post\" data-elementor-id=\"1806\" class=\"elementor elementor-1806\" data-elementor-post-type=\"page\">\n\t\t\t\t\t\t<section class=\"elementor-section elementor-top-section elementor-element elementor-element-a5a3db5 elementor-section-height-min-height elementor-section-content-top elementor-section-full_width elementor-section-height-default elementor-section-items-middle\" data-id=\"a5a3db5\" data-element_type=\"section\" data-e-type=\"section\" data-settings=\"{&quot;jet_parallax_layout_list&quot;:[{&quot;jet_parallax_layout_image&quot;:{&quot;url&quot;:&quot;&quot;,&quot;id&quot;:&quot;&quot;,&quot;size&quot;:&quot;&quot;},&quot;_id&quot;:&quot;c530a76&quot;,&quot;jet_parallax_layout_speed&quot;:{&quot;unit&quot;:&quot;%&quot;,&quot;size&quot;:50,&quot;sizes&quot;:[]},&quot;jet_parallax_layout_image_tablet&quot;:{&quot;url&quot;:&quot;&quot;,&quot;id&quot;:&quot;&quot;,&quot;size&quot;:&quot;&quot;},&quot;jet_parallax_layout_image_mobile&quot;:{&quot;url&quot;:&quot;&quot;,&quot;id&quot;:&quot;&quot;,&quot;size&quot;:&quot;&quot;},&quot;jet_parallax_layout_type&quot;:&quot;scroll&quot;,&quot;jet_parallax_layout_direction&quot;:&quot;1&quot;,&quot;jet_parallax_layout_fx_direction&quot;:null,&quot;jet_parallax_layout_z_index&quot;:&quot;&quot;,&quot;jet_parallax_layout_bg_x&quot;:50,&quot;jet_parallax_layout_bg_x_tablet&quot;:&quot;&quot;,&quot;jet_parallax_layout_bg_x_mobile&quot;:&quot;&quot;,&quot;jet_parallax_layout_bg_y&quot;:50,&quot;jet_parallax_layout_bg_y_tablet&quot;:&quot;&quot;,&quot;jet_parallax_layout_bg_y_mobile&quot;:&quot;&quot;,&quot;jet_parallax_layout_bg_size&quot;:&quot;auto&quot;,&quot;jet_parallax_layout_bg_size_tablet&quot;:&quot;&quot;,&quot;jet_parallax_layout_bg_size_mobile&quot;:&quot;&quot;,&quot;jet_parallax_layout_animation_prop&quot;:&quot;transform&quot;,&quot;jet_parallax_layout_on&quot;:[&quot;desktop&quot;,&quot;tablet&quot;]}],&quot;background_background&quot;:&quot;classic&quot;}\">\n\t\t\t\t\t\t<div class=\"elementor-container elementor-column-gap-default\">\n\t\t\t\t\t<div class=\"elementor-column elementor-col-100 elementor-top-column elementor-element elementor-element-27aed14\" data-id=\"27aed14\" data-element_type=\"column\" data-e-type=\"column\">\n\t\t\t<div class=\"elementor-widget-wrap elementor-element-populated\">\n\t\t\t\t\t\t<div class=\"elementor-element elementor-element-32bc5d3 elementor-widget elementor-widget-heading\" data-id=\"32bc5d3\" data-element_type=\"widget\" data-e-type=\"widget\" data-settings=\"{&quot;_animation_mobile&quot;:&quot;zoomIn&quot;}\" data-widget_type=\"heading.default\">\n\t\t\t\t<div class=\"elementor-widget-container\">\n\t\t\t\t\t<h2 class=\"elementor-heading-title elementor-size-default\">Places of Interest<\/h2>\t\t\t\t<\/div>\n\t\t\t\t<\/div>\n\t\t\t\t\t<\/div>\n\t\t<\/div>\n\t\t\t\t\t<\/div>\n\t\t<\/section>\n\t\t\t\t<section class=\"elementor-section elementor-top-section elementor-element elementor-element-e16c083 elementor-section-boxed elementor-section-height-default elementor-section-height-default\" data-id=\"e16c083\" data-element_type=\"section\" data-e-type=\"section\" data-settings=\"{&quot;jet_parallax_layout_list&quot;:[{&quot;jet_parallax_layout_image&quot;:{&quot;url&quot;:&quot;&quot;,&quot;id&quot;:&quot;&quot;,&quot;size&quot;:&quot;&quot;},&quot;_id&quot;:&quot;431fff4&quot;,&quot;jet_parallax_layout_speed&quot;:{&quot;unit&quot;:&quot;%&quot;,&quot;size&quot;:50,&quot;sizes&quot;:[]},&quot;jet_parallax_layout_image_tablet&quot;:{&quot;url&quot;:&quot;&quot;,&quot;id&quot;:&quot;&quot;,&quot;size&quot;:&quot;&quot;},&quot;jet_parallax_layout_image_mobile&quot;:{&quot;url&quot;:&quot;&quot;,&quot;id&quot;:&quot;&quot;,&quot;size&quot;:&quot;&quot;},&quot;jet_parallax_layout_type&quot;:&quot;scroll&quot;,&quot;jet_parallax_layout_direction&quot;:&quot;1&quot;,&quot;jet_parallax_layout_fx_direction&quot;:null,&quot;jet_parallax_layout_z_index&quot;:&quot;&quot;,&quot;jet_parallax_layout_bg_x&quot;:50,&quot;jet_parallax_layout_bg_x_tablet&quot;:&quot;&quot;,&quot;jet_parallax_layout_bg_x_mobile&quot;:&quot;&quot;,&quot;jet_parallax_layout_bg_y&quot;:50,&quot;jet_parallax_layout_bg_y_tablet&quot;:&quot;&quot;,&quot;jet_parallax_layout_bg_y_mobile&quot;:&quot;&quot;,&quot;jet_parallax_layout_bg_size&quot;:&quot;auto&quot;,&quot;jet_parallax_layout_bg_size_tablet&quot;:&quot;&quot;,&quot;jet_parallax_layout_bg_size_mobile&quot;:&quot;&quot;,&quot;jet_parallax_layout_animation_prop&quot;:&quot;transform&quot;,&quot;jet_parallax_layout_on&quot;:[&quot;desktop&quot;,&quot;tablet&quot;]}],&quot;background_background&quot;:&quot;classic&quot;}\">\n\t\t\t\t\t\t<div class=\"elementor-container elementor-column-gap-no\">\n\t\t\t\t\t<div class=\"elementor-column elementor-col-100 elementor-top-column elementor-element elementor-element-4e60fd2\" data-id=\"4e60fd2\" data-element_type=\"column\" data-e-type=\"column\">\n\t\t\t<div class=\"elementor-widget-wrap elementor-element-populated\">\n\t\t\t\t\t\t<div class=\"elementor-element elementor-element-531be5f elementor-widget elementor-widget-heading\" data-id=\"531be5f\" data-element_type=\"widget\" data-e-type=\"widget\" data-settings=\"{&quot;_animation_mobile&quot;:&quot;none&quot;}\" data-widget_type=\"heading.default\">\n\t\t\t\t<div class=\"elementor-widget-container\">\n\t\t\t\t\t<h2 class=\"elementor-heading-title elementor-size-default\">From historical sites to impressive natural monuments<\/h2>\t\t\t\t<\/div>\n\t\t\t\t<\/div>\n\t\t\t\t<div class=\"elementor-element elementor-element-8c121e4 elementor-widget__width-initial elementor-widget-mobile__width-inherit elementor-widget elementor-widget-text-editor\" data-id=\"8c121e4\" data-element_type=\"widget\" data-e-type=\"widget\" data-widget_type=\"text-editor.default\">\n\t\t\t\t<div class=\"elementor-widget-container\">\n\t\t\t\t\t\t\t\t\t<p>Fuerteventura's sights tell of the island's geological origins, religious tradition and cultural history. Between rock formations, old mills, caves, chapels and historic buildings, there is a special diversity that offers a real insight into the history and nature of the island.<\/p>\t\t\t\t\t\t\t\t<\/div>\n\t\t\t\t<\/div>\n\t\t\t\t\t<\/div>\n\t\t<\/div>\n\t\t\t\t\t<\/div>\n\t\t<\/section>\n\t\t\t\t<section class=\"elementor-section elementor-top-section elementor-element elementor-element-1430d0cb elementor-hidden-tablet elementor-hidden-mobile elementor-section-boxed elementor-section-height-default elementor-section-height-default\" data-id=\"1430d0cb\" data-element_type=\"section\" data-e-type=\"section\" data-settings=\"{&quot;jet_parallax_layout_list&quot;:[{&quot;jet_parallax_layout_image&quot;:{&quot;url&quot;:&quot;&quot;,&quot;id&quot;:&quot;&quot;,&quot;size&quot;:&quot;&quot;},&quot;_id&quot;:&quot;431fff4&quot;,&quot;jet_parallax_layout_speed&quot;:{&quot;unit&quot;:&quot;%&quot;,&quot;size&quot;:50,&quot;sizes&quot;:[]},&quot;jet_parallax_layout_image_tablet&quot;:{&quot;url&quot;:&quot;&quot;,&quot;id&quot;:&quot;&quot;,&quot;size&quot;:&quot;&quot;},&quot;jet_parallax_layout_image_mobile&quot;:{&quot;url&quot;:&quot;&quot;,&quot;id&quot;:&quot;&quot;,&quot;size&quot;:&quot;&quot;},&quot;jet_parallax_layout_type&quot;:&quot;scroll&quot;,&quot;jet_parallax_layout_direction&quot;:&quot;1&quot;,&quot;jet_parallax_layout_fx_direction&quot;:null,&quot;jet_parallax_layout_z_index&quot;:&quot;&quot;,&quot;jet_parallax_layout_bg_x&quot;:50,&quot;jet_parallax_layout_bg_x_tablet&quot;:&quot;&quot;,&quot;jet_parallax_layout_bg_x_mobile&quot;:&quot;&quot;,&quot;jet_parallax_layout_bg_y&quot;:50,&quot;jet_parallax_layout_bg_y_tablet&quot;:&quot;&quot;,&quot;jet_parallax_layout_bg_y_mobile&quot;:&quot;&quot;,&quot;jet_parallax_layout_bg_size&quot;:&quot;auto&quot;,&quot;jet_parallax_layout_bg_size_tablet&quot;:&quot;&quot;,&quot;jet_parallax_layout_bg_size_mobile&quot;:&quot;&quot;,&quot;jet_parallax_layout_animation_prop&quot;:&quot;transform&quot;,&quot;jet_parallax_layout_on&quot;:[&quot;desktop&quot;,&quot;tablet&quot;]}],&quot;background_background&quot;:&quot;classic&quot;}\">\n\t\t\t\t\t\t<div class=\"elementor-container elementor-column-gap-no\">\n\t\t\t\t\t<div class=\"elementor-column elementor-col-50 elementor-top-column elementor-element elementor-element-34b1e055\" data-id=\"34b1e055\" data-element_type=\"column\" data-e-type=\"column\">\n\t\t\t<div class=\"elementor-widget-wrap\">\n\t\t\t\t\t\t\t<\/div>\n\t\t<\/div>\n\t\t\t\t<div class=\"elementor-column elementor-col-25 elementor-top-column elementor-element elementor-element-2731ca82\" data-id=\"2731ca82\" data-element_type=\"column\" data-e-type=\"column\">\n\t\t\t<div class=\"elementor-widget-wrap elementor-element-populated\">\n\t\t\t\t\t\t<div class=\"elementor-element elementor-element-6ee36c7f elementor-widget elementor-widget-image\" data-id=\"6ee36c7f\" data-element_type=\"widget\" data-e-type=\"widget\" data-widget_type=\"image.default\">\n\t\t\t\t<div class=\"elementor-widget-container\">\n\t\t\t\t\t\t\t\t\t\t\t\t\t\t\t<img fetchpriority=\"high\" decoding=\"async\" width=\"500\" height=\"700\" src=\"https:\/\/vive-fuerteventura.com\/wp-content\/uploads\/2024\/11\/VIVE-Fuerteventura-Aussichtspunkte-Intro.jpg\" class=\"attachment-large size-large wp-image-1813\" alt=\"\" srcset=\"https:\/\/vive-fuerteventura.com\/wp-content\/uploads\/2024\/11\/VIVE-Fuerteventura-Aussichtspunkte-Intro.jpg 500w, https:\/\/vive-fuerteventura.com\/wp-content\/uploads\/2024\/11\/VIVE-Fuerteventura-Aussichtspunkte-Intro-214x300.jpg 214w\" sizes=\"(max-width: 500px) 100vw, 500px\" \/>\t\t\t\t\t\t\t\t\t\t\t\t\t\t\t<\/div>\n\t\t\t\t<\/div>\n\t\t\t\t\t<\/div>\n\t\t<\/div>\n\t\t\t\t<div class=\"elementor-column elementor-col-25 elementor-top-column elementor-element elementor-element-57393a0a\" data-id=\"57393a0a\" data-element_type=\"column\" data-e-type=\"column\">\n\t\t\t<div class=\"elementor-widget-wrap elementor-element-populated\">\n\t\t\t\t\t\t<div class=\"elementor-element elementor-element-338f2a21 elementor-widget elementor-widget-image\" data-id=\"338f2a21\" data-element_type=\"widget\" data-e-type=\"widget\" data-widget_type=\"image.default\">\n\t\t\t\t<div class=\"elementor-widget-container\">\n\t\t\t\t\t\t\t\t\t\t\t\t\t\t\t<img decoding=\"async\" width=\"500\" height=\"700\" src=\"https:\/\/vive-fuerteventura.com\/wp-content\/uploads\/2024\/11\/VIVE-Fuerteventura-Sehenswuerdigkeiten-Intro.jpg\" class=\"attachment-large size-large wp-image-1814\" alt=\"\" srcset=\"https:\/\/vive-fuerteventura.com\/wp-content\/uploads\/2024\/11\/VIVE-Fuerteventura-Sehenswuerdigkeiten-Intro.jpg 500w, https:\/\/vive-fuerteventura.com\/wp-content\/uploads\/2024\/11\/VIVE-Fuerteventura-Sehenswuerdigkeiten-Intro-214x300.jpg 214w\" sizes=\"(max-width: 500px) 100vw, 500px\" \/>\t\t\t\t\t\t\t\t\t\t\t\t\t\t\t<\/div>\n\t\t\t\t<\/div>\n\t\t\t\t\t<\/div>\n\t\t<\/div>\n\t\t\t\t\t<\/div>\n\t\t<\/section>\n\t\t\t\t<section class=\"elementor-section elementor-top-section elementor-element elementor-element-781c765 elementor-section-boxed elementor-section-height-default elementor-section-height-default\" data-id=\"781c765\" data-element_type=\"section\" data-e-type=\"section\" data-settings=\"{&quot;jet_parallax_layout_list&quot;:[{&quot;jet_parallax_layout_image&quot;:{&quot;url&quot;:&quot;&quot;,&quot;id&quot;:&quot;&quot;,&quot;size&quot;:&quot;&quot;},&quot;_id&quot;:&quot;431fff4&quot;,&quot;jet_parallax_layout_speed&quot;:{&quot;unit&quot;:&quot;%&quot;,&quot;size&quot;:50,&quot;sizes&quot;:[]},&quot;jet_parallax_layout_image_tablet&quot;:{&quot;url&quot;:&quot;&quot;,&quot;id&quot;:&quot;&quot;,&quot;size&quot;:&quot;&quot;},&quot;jet_parallax_layout_image_mobile&quot;:{&quot;url&quot;:&quot;&quot;,&quot;id&quot;:&quot;&quot;,&quot;size&quot;:&quot;&quot;},&quot;jet_parallax_layout_type&quot;:&quot;scroll&quot;,&quot;jet_parallax_layout_direction&quot;:&quot;1&quot;,&quot;jet_parallax_layout_fx_direction&quot;:null,&quot;jet_parallax_layout_z_index&quot;:&quot;&quot;,&quot;jet_parallax_layout_bg_x&quot;:50,&quot;jet_parallax_layout_bg_x_tablet&quot;:&quot;&quot;,&quot;jet_parallax_layout_bg_x_mobile&quot;:&quot;&quot;,&quot;jet_parallax_layout_bg_y&quot;:50,&quot;jet_parallax_layout_bg_y_tablet&quot;:&quot;&quot;,&quot;jet_parallax_layout_bg_y_mobile&quot;:&quot;&quot;,&quot;jet_parallax_layout_bg_size&quot;:&quot;auto&quot;,&quot;jet_parallax_layout_bg_size_tablet&quot;:&quot;&quot;,&quot;jet_parallax_layout_bg_size_mobile&quot;:&quot;&quot;,&quot;jet_parallax_layout_animation_prop&quot;:&quot;transform&quot;,&quot;jet_parallax_layout_on&quot;:[&quot;desktop&quot;,&quot;tablet&quot;]}]}\">\n\t\t\t\t\t\t<div class=\"elementor-container elementor-column-gap-no\">\n\t\t\t\t\t<div class=\"elementor-column elementor-col-100 elementor-top-column elementor-element elementor-element-cf07c25 raven-column-flex-center raven-column-flex-horizontal\" data-id=\"cf07c25\" data-element_type=\"column\" data-e-type=\"column\" data-settings=\"{&quot;background_background&quot;:&quot;classic&quot;,&quot;animation_mobile&quot;:&quot;none&quot;}\">\n\t\t\t<div class=\"elementor-widget-wrap elementor-element-populated\">\n\t\t\t\t<div class=\"elementor-element elementor-element-8353501 e-con-full e-flex e-con e-parent\" data-id=\"8353501\" data-element_type=\"container\" data-e-type=\"container\" data-settings=\"{&quot;jet_parallax_layout_list&quot;:[]}\">\n\t\t<div class=\"elementor-element elementor-element-e783741 e-con-full e-grid e-con e-child\" data-id=\"e783741\" data-element_type=\"container\" data-e-type=\"container\" data-settings=\"{&quot;jet_parallax_layout_list&quot;:[]}\">\n\t\t\t\t<div class=\"elementor-element elementor-element-ff0357f elementor-widget elementor-widget-n-accordion\" data-id=\"ff0357f\" data-element_type=\"widget\" data-e-type=\"widget\" data-settings=\"{&quot;default_state&quot;:&quot;all_collapsed&quot;,&quot;max_items_expended&quot;:&quot;one&quot;,&quot;n_accordion_animation_duration&quot;:{&quot;unit&quot;:&quot;ms&quot;,&quot;size&quot;:400,&quot;sizes&quot;:[]}}\" data-widget_type=\"nested-accordion.default\">\n\t\t\t\t<div class=\"elementor-widget-container\">\n\t\t\t\t\t\t\t<div class=\"e-n-accordion\" aria-label=\"Accordion. Open links with Enter or Space, close with Escape, and navigate with Arrow Keys\">\n\t\t\t\t\t\t<details id=\"e-n-accordion-item-2670\" class=\"e-n-accordion-item\" >\n\t\t\t\t<summary class=\"e-n-accordion-item-title\" data-accordion-index=\"1\" tabindex=\"0\" aria-expanded=\"false\" aria-controls=\"e-n-accordion-item-2670\" >\n\t\t\t\t\t<span class='e-n-accordion-item-title-header'><div class=\"e-n-accordion-item-title-text\"> Top spots <\/div><\/span>\n\t\t\t\t\t\t\t<span class='e-n-accordion-item-title-icon'>\n\t\t\t<span class='e-opened' ><svg aria-hidden=\"true\" class=\"e-font-icon-svg e-fas-caret-up\" viewbox=\"0 0 320 512\" xmlns=\"http:\/\/www.w3.org\/2000\/svg\"><path d=\"M288.662 352H31.338c-17.818 0-26.741-21.543-14.142-34.142l128.662-128.662c7.81-7.81 20.474-7.81 28.284 0l128.662 128.662c12.6 12.599 3.676 34.142-14.142 34.142z\"><\/path><\/svg><\/span>\n\t\t\t<span class='e-closed'><svg aria-hidden=\"true\" class=\"e-font-icon-svg e-fas-caret-down\" viewbox=\"0 0 320 512\" xmlns=\"http:\/\/www.w3.org\/2000\/svg\"><path d=\"M31.3 192h257.3c17.8 0 26.7 21.5 14.1 34.1L174.1 354.8c-7.8 7.8-20.5 7.8-28.3 0L17.2 226.1C4.6 213.5 13.5 192 31.3 192z\"><\/path><\/svg><\/span>\n\t\t<\/span>\n\n\t\t\t\t\t\t<\/summary>\n\t\t\t\t<div role=\"region\" aria-labelledby=\"e-n-accordion-item-2670\" class=\"elementor-element elementor-element-72544cd e-con-full e-flex e-con e-child\" data-id=\"72544cd\" data-element_type=\"container\" data-e-type=\"container\" data-settings=\"{&quot;jet_parallax_layout_list&quot;:[]}\">\n\t\t\t\t<div class=\"elementor-element elementor-element-ec23fdb elementor-widget elementor-widget-heading\" data-id=\"ec23fdb\" data-element_type=\"widget\" data-e-type=\"widget\" data-widget_type=\"heading.default\">\n\t\t\t\t<div class=\"elementor-widget-container\">\n\t\t\t\t\t<h2 class=\"elementor-heading-title elementor-size-default\">Cuevas de Ajuy<\/h2>\t\t\t\t<\/div>\n\t\t\t\t<\/div>\n\t\t\t\t<div class=\"elementor-element elementor-element-b2ca255 elementor-arrows-position-inside elementor-widget elementor-widget-image-carousel\" data-id=\"b2ca255\" data-element_type=\"widget\" data-e-type=\"widget\" data-settings=\"{&quot;navigation&quot;:&quot;arrows&quot;,&quot;infinite&quot;:&quot;yes&quot;,&quot;speed&quot;:500}\" data-widget_type=\"image-carousel.default\">\n\t\t\t\t<div class=\"elementor-widget-container\">\n\t\t\t\t\t\t\t<div class=\"elementor-image-carousel-wrapper swiper\" role=\"region\" aria-roledescription=\"carousel\" aria-label=\"Picture carousel\" dir=\"ltr\">\n\t\t\t<div class=\"elementor-image-carousel swiper-wrapper\" aria-live=\"polite\">\n\t\t\t\t\t\t\t\t<div class=\"swiper-slide\" role=\"group\" aria-roledescription=\"slide\" aria-label=\"1 of 6\"><figure class=\"swiper-slide-inner\"><img decoding=\"async\" class=\"swiper-slide-image\" src=\"https:\/\/vive-fuerteventura.com\/wp-content\/uploads\/2024\/11\/VIVE-Fuerteventura_Staedte-Doerfer_Ajuy_mobil_01_1920x1100px-500x500.jpg\" alt=\"VIVE Fuerteventura_St\u00e4dte &amp; D\u00f6rfer_Ajuy_mobil_01_1920x1100px\" \/><\/figure><\/div><div class=\"swiper-slide\" role=\"group\" aria-roledescription=\"slide\" aria-label=\"2 of 6\"><figure class=\"swiper-slide-inner\"><img decoding=\"async\" class=\"swiper-slide-image\" src=\"https:\/\/vive-fuerteventura.com\/wp-content\/uploads\/2025\/04\/VIVE_Pictures_2025-04-03\/iStock-1072928102ajuy cuevas_result-500x500.webp\" alt=\"iStock-1072928102ajuy cuevas_result\" \/><\/figure><\/div><div class=\"swiper-slide\" role=\"group\" aria-roledescription=\"slide\" aria-label=\"3 of 6\"><figure class=\"swiper-slide-inner\"><img decoding=\"async\" class=\"swiper-slide-image\" src=\"https:\/\/vive-fuerteventura.com\/wp-content\/uploads\/2025\/04\/VIVE_Pictures_2025-04-03\/iStock-813210656ajuy_result-500x500.webp\" alt=\"iStock-813210656ajuy_result\" \/><\/figure><\/div><div class=\"swiper-slide\" role=\"group\" aria-roledescription=\"slide\" aria-label=\"4 of 6\"><figure class=\"swiper-slide-inner\"><img decoding=\"async\" class=\"swiper-slide-image\" src=\"https:\/\/vive-fuerteventura.com\/wp-content\/uploads\/2025\/04\/VIVE_Pictures_2025-04-03\/iStock-1026221386ajuy trail_result-500x500.webp\" alt=\"iStock-1026221386ajuy trail_result\" \/><\/figure><\/div><div class=\"swiper-slide\" role=\"group\" aria-roledescription=\"slide\" aria-label=\"5 of 6\"><figure class=\"swiper-slide-inner\"><img decoding=\"async\" class=\"swiper-slide-image\" src=\"https:\/\/vive-fuerteventura.com\/wp-content\/uploads\/2025\/04\/VIVE_Pictures_2025-04-03\/iStock-883234684ajuy_result-500x500.webp\" alt=\"iStock-883234684ajuy_result\" \/><\/figure><\/div><div class=\"swiper-slide\" role=\"group\" aria-roledescription=\"slide\" aria-label=\"6 of 6\"><figure class=\"swiper-slide-inner\"><img decoding=\"async\" class=\"swiper-slide-image\" src=\"https:\/\/vive-fuerteventura.com\/wp-content\/uploads\/2025\/04\/VIVE_Pictures_2025-04-03\/iStock-2073989261ajuy_result-500x500.webp\" alt=\"iStock-2073989261ajuy_result\" \/><\/figure><\/div>\t\t\t<\/div>\n\t\t\t\t\t\t\t\t\t\t\t\t<div class=\"elementor-swiper-button elementor-swiper-button-prev\" role=\"button\" tabindex=\"0\">\n\t\t\t\t\t\t<svg aria-hidden=\"true\" class=\"e-font-icon-svg e-eicon-chevron-left\" viewbox=\"0 0 1000 1000\" xmlns=\"http:\/\/www.w3.org\/2000\/svg\"><path d=\"M646 125C629 125 613 133 604 142L308 442C296 454 292 471 292 487 292 504 296 521 308 533L604 854C617 867 629 875 646 875 663 875 679 871 692 858 704 846 713 829 713 812 713 796 708 779 692 767L438 487 692 225C700 217 708 204 708 187 708 171 704 154 692 142 675 129 663 125 646 125Z\"><\/path><\/svg>\t\t\t\t\t<\/div>\n\t\t\t\t\t<div class=\"elementor-swiper-button elementor-swiper-button-next\" role=\"button\" tabindex=\"0\">\n\t\t\t\t\t\t<svg aria-hidden=\"true\" class=\"e-font-icon-svg e-eicon-chevron-right\" viewbox=\"0 0 1000 1000\" xmlns=\"http:\/\/www.w3.org\/2000\/svg\"><path d=\"M696 533C708 521 713 504 713 487 713 471 708 454 696 446L400 146C388 133 375 125 354 125 338 125 325 129 313 142 300 154 292 171 292 187 292 204 296 221 308 233L563 492 304 771C292 783 288 800 288 817 288 833 296 850 308 863 321 871 338 875 354 875 371 875 388 867 400 854L696 533Z\"><\/path><\/svg>\t\t\t\t\t<\/div>\n\t\t\t\t\n\t\t\t\t\t\t\t\t\t<\/div>\n\t\t\t\t\t\t<\/div>\n\t\t\t\t<\/div>\n\t\t\t\t<div class=\"elementor-element elementor-element-1292d03 elementor-widget elementor-widget-text-editor\" data-id=\"1292d03\" data-element_type=\"widget\" data-e-type=\"widget\" data-widget_type=\"text-editor.default\">\n\t\t\t\t<div class=\"elementor-widget-container\">\n\t\t\t\t\t\t\t\t\t<p>LA OLIVA<\/p>\t\t\t\t\t\t\t\t<\/div>\n\t\t\t\t<\/div>\n\t\t\t\t<div class=\"elementor-element elementor-element-a996be9 elementor-widget elementor-widget-text-editor\" data-id=\"a996be9\" data-element_type=\"widget\" data-e-type=\"widget\" data-widget_type=\"text-editor.default\">\n\t\t\t\t<div class=\"elementor-widget-container\">\n\t\t\t\t\t\t\t\t\t<p>Natural caves on the west coast, embedded in the oldest exposed rock strata of the Canary Islands.<\/p>\t\t\t\t\t\t\t\t<\/div>\n\t\t\t\t<\/div>\n\t\t\t\t<div class=\"elementor-element elementor-element-339d06e elementor-align-justify elementor-mobile-align-justify elementor-widget elementor-widget-button\" data-id=\"339d06e\" data-element_type=\"widget\" data-e-type=\"widget\" data-widget_type=\"button.default\">\n\t\t\t\t<div class=\"elementor-widget-container\">\n\t\t\t\t\t\t\t\t\t<div class=\"elementor-button-wrapper\">\n\t\t\t\t\t<a class=\"elementor-button elementor-button-link elementor-size-sm\" href=\"https:\/\/vive-fuerteventura.com\/en\/sehenswuerdigkeiten-aussichtspunkte\/cuevas-de-ajuy\/\">\n\t\t\t\t\t\t<span class=\"elementor-button-content-wrapper\">\n\t\t\t\t\t\t<span class=\"elementor-button-icon\">\n\t\t\t\t<svg aria-hidden=\"true\" class=\"e-font-icon-svg e-fas-arrow-right\" viewbox=\"0 0 448 512\" xmlns=\"http:\/\/www.w3.org\/2000\/svg\"><path d=\"M190.5 66.9l22.2-22.2c9.4-9.4 24.6-9.4 33.9 0L441 239c9.4 9.4 9.4 24.6 0 33.9L246.6 467.3c-9.4 9.4-24.6 9.4-33.9 0l-22.2-22.2c-9.5-9.5-9.3-25 .4-34.3L311.4 296H24c-13.3 0-24-10.7-24-24v-32c0-13.3 10.7-24 24-24h287.4L190.9 101.2c-9.8-9.3-10-24.8-.4-34.3z\"><\/path><\/svg>\t\t\t<\/span>\n\t\t\t\t\t\t\t\t\t<span class=\"elementor-button-text\">to the detail page <\/span>\n\t\t\t\t\t<\/span>\n\t\t\t\t\t<\/a>\n\t\t\t\t<\/div>\n\t\t\t\t\t\t\t\t<\/div>\n\t\t\t\t<\/div>\n\t\t\t\t<div class=\"elementor-element elementor-element-19968cf elementor-widget elementor-widget-heading\" data-id=\"19968cf\" data-element_type=\"widget\" data-e-type=\"widget\" data-widget_type=\"heading.default\">\n\t\t\t\t<div class=\"elementor-widget-container\">\n\t\t\t\t\t<h2 class=\"elementor-heading-title elementor-size-default\">Dunas de Corralejo<\/h2>\t\t\t\t<\/div>\n\t\t\t\t<\/div>\n\t\t\t\t<div class=\"elementor-element elementor-element-075e59d elementor-arrows-position-inside elementor-widget elementor-widget-image-carousel\" data-id=\"075e59d\" data-element_type=\"widget\" data-e-type=\"widget\" data-settings=\"{&quot;navigation&quot;:&quot;arrows&quot;,&quot;infinite&quot;:&quot;yes&quot;,&quot;speed&quot;:500}\" data-widget_type=\"image-carousel.default\">\n\t\t\t\t<div class=\"elementor-widget-container\">\n\t\t\t\t\t\t\t<div class=\"elementor-image-carousel-wrapper swiper\" role=\"region\" aria-roledescription=\"carousel\" aria-label=\"Picture carousel\" dir=\"ltr\">\n\t\t\t<div class=\"elementor-image-carousel swiper-wrapper\" aria-live=\"polite\">\n\t\t\t\t\t\t\t\t<div class=\"swiper-slide\" role=\"group\" aria-roledescription=\"slide\" aria-label=\"1 of 4\"><figure class=\"swiper-slide-inner\"><img decoding=\"async\" class=\"swiper-slide-image\" src=\"https:\/\/vive-fuerteventura.com\/wp-content\/uploads\/2025\/04\/VIVE_Pictures_2025-04-03\/iStock-1484576636dunas_result-500x500.webp\" alt=\"iStock-1484576636dunas_result\" \/><\/figure><\/div><div class=\"swiper-slide\" role=\"group\" aria-roledescription=\"slide\" aria-label=\"2 of 4\"><figure class=\"swiper-slide-inner\"><img decoding=\"async\" class=\"swiper-slide-image\" src=\"https:\/\/vive-fuerteventura.com\/wp-content\/uploads\/2025\/04\/VIVE_Pictures_2025-04-03\/iStock-2166447659dunas_result-500x500.webp\" alt=\"iStock-2166447659dunas_result\" \/><\/figure><\/div><div class=\"swiper-slide\" role=\"group\" aria-roledescription=\"slide\" aria-label=\"3 of 4\"><figure class=\"swiper-slide-inner\"><img decoding=\"async\" class=\"swiper-slide-image\" src=\"https:\/\/vive-fuerteventura.com\/wp-content\/uploads\/2025\/04\/VIVE_Pictures_2025-04-03\/iStock-899200258dunas_result-500x500.webp\" alt=\"iStock-899200258dunas_result\" \/><\/figure><\/div><div class=\"swiper-slide\" role=\"group\" aria-roledescription=\"slide\" aria-label=\"4 of 4\"><figure class=\"swiper-slide-inner\"><img decoding=\"async\" class=\"swiper-slide-image\" src=\"https:\/\/vive-fuerteventura.com\/wp-content\/uploads\/2025\/04\/VIVE_Pictures_2025-04-03\/fabio-traina-6-unsplashdunas_result-500x500.webp\" alt=\"fabio-traina-6-unsplashdunas_result\" \/><\/figure><\/div>\t\t\t<\/div>\n\t\t\t\t\t\t\t\t\t\t\t\t<div class=\"elementor-swiper-button elementor-swiper-button-prev\" role=\"button\" tabindex=\"0\">\n\t\t\t\t\t\t<svg aria-hidden=\"true\" class=\"e-font-icon-svg e-eicon-chevron-left\" viewbox=\"0 0 1000 1000\" xmlns=\"http:\/\/www.w3.org\/2000\/svg\"><path d=\"M646 125C629 125 613 133 604 142L308 442C296 454 292 471 292 487 292 504 296 521 308 533L604 854C617 867 629 875 646 875 663 875 679 871 692 858 704 846 713 829 713 812 713 796 708 779 692 767L438 487 692 225C700 217 708 204 708 187 708 171 704 154 692 142 675 129 663 125 646 125Z\"><\/path><\/svg>\t\t\t\t\t<\/div>\n\t\t\t\t\t<div class=\"elementor-swiper-button elementor-swiper-button-next\" role=\"button\" tabindex=\"0\">\n\t\t\t\t\t\t<svg aria-hidden=\"true\" class=\"e-font-icon-svg e-eicon-chevron-right\" viewbox=\"0 0 1000 1000\" xmlns=\"http:\/\/www.w3.org\/2000\/svg\"><path d=\"M696 533C708 521 713 504 713 487 713 471 708 454 696 446L400 146C388 133 375 125 354 125 338 125 325 129 313 142 300 154 292 171 292 187 292 204 296 221 308 233L563 492 304 771C292 783 288 800 288 817 288 833 296 850 308 863 321 871 338 875 354 875 371 875 388 867 400 854L696 533Z\"><\/path><\/svg>\t\t\t\t\t<\/div>\n\t\t\t\t\n\t\t\t\t\t\t\t\t\t<\/div>\n\t\t\t\t\t\t<\/div>\n\t\t\t\t<\/div>\n\t\t\t\t<div class=\"elementor-element elementor-element-fed5196 elementor-widget elementor-widget-text-editor\" data-id=\"fed5196\" data-element_type=\"widget\" data-e-type=\"widget\" data-widget_type=\"text-editor.default\">\n\t\t\t\t<div class=\"elementor-widget-container\">\n\t\t\t\t\t\t\t\t\t<p>LA OLIVA<\/p>\t\t\t\t\t\t\t\t<\/div>\n\t\t\t\t<\/div>\n\t\t\t\t<div class=\"elementor-element elementor-element-d7a4d68 elementor-widget elementor-widget-text-editor\" data-id=\"d7a4d68\" data-element_type=\"widget\" data-e-type=\"widget\" data-widget_type=\"text-editor.default\">\n\t\t\t\t<div class=\"elementor-widget-container\">\n\t\t\t\t\t\t\t\t\t<p>Extensive dune landscape in the north of the island, characterised by light-coloured sand and the contrast between desert and sea.<\/p>\t\t\t\t\t\t\t\t<\/div>\n\t\t\t\t<\/div>\n\t\t\t\t<div class=\"elementor-element elementor-element-650fc57 elementor-align-justify elementor-mobile-align-justify elementor-widget elementor-widget-button\" data-id=\"650fc57\" data-element_type=\"widget\" data-e-type=\"widget\" data-widget_type=\"button.default\">\n\t\t\t\t<div class=\"elementor-widget-container\">\n\t\t\t\t\t\t\t\t\t<div class=\"elementor-button-wrapper\">\n\t\t\t\t\t<a class=\"elementor-button elementor-button-link elementor-size-sm\" href=\"https:\/\/vive-fuerteventura.com\/en\/sehenswuerdigkeiten-aussichtspunkte\/dunas-de-corralejo\/\">\n\t\t\t\t\t\t<span class=\"elementor-button-content-wrapper\">\n\t\t\t\t\t\t<span class=\"elementor-button-icon\">\n\t\t\t\t<svg aria-hidden=\"true\" class=\"e-font-icon-svg e-fas-arrow-right\" viewbox=\"0 0 448 512\" xmlns=\"http:\/\/www.w3.org\/2000\/svg\"><path d=\"M190.5 66.9l22.2-22.2c9.4-9.4 24.6-9.4 33.9 0L441 239c9.4 9.4 9.4 24.6 0 33.9L246.6 467.3c-9.4 9.4-24.6 9.4-33.9 0l-22.2-22.2c-9.5-9.5-9.3-25 .4-34.3L311.4 296H24c-13.3 0-24-10.7-24-24v-32c0-13.3 10.7-24 24-24h287.4L190.9 101.2c-9.8-9.3-10-24.8-.4-34.3z\"><\/path><\/svg>\t\t\t<\/span>\n\t\t\t\t\t\t\t\t\t<span class=\"elementor-button-text\">to the detail page<\/span>\n\t\t\t\t\t<\/span>\n\t\t\t\t\t<\/a>\n\t\t\t\t<\/div>\n\t\t\t\t\t\t\t\t<\/div>\n\t\t\t\t<\/div>\n\t\t\t\t<div class=\"elementor-element elementor-element-d75c337 elementor-widget elementor-widget-heading\" data-id=\"d75c337\" data-element_type=\"widget\" data-e-type=\"widget\" data-widget_type=\"heading.default\">\n\t\t\t\t<div class=\"elementor-widget-container\">\n\t\t\t\t\t<h2 class=\"elementor-heading-title elementor-size-default\">Faro de Tost\u00f3n<\/h2>\t\t\t\t<\/div>\n\t\t\t\t<\/div>\n\t\t\t\t<div class=\"elementor-element elementor-element-a5858ae elementor-arrows-position-inside elementor-widget elementor-widget-image-carousel\" data-id=\"a5858ae\" data-element_type=\"widget\" data-e-type=\"widget\" data-settings=\"{&quot;navigation&quot;:&quot;arrows&quot;,&quot;infinite&quot;:&quot;yes&quot;,&quot;speed&quot;:500}\" data-widget_type=\"image-carousel.default\">\n\t\t\t\t<div class=\"elementor-widget-container\">\n\t\t\t\t\t\t\t<div class=\"elementor-image-carousel-wrapper swiper\" role=\"region\" aria-roledescription=\"carousel\" aria-label=\"Picture carousel\" dir=\"ltr\">\n\t\t\t<div class=\"elementor-image-carousel swiper-wrapper\" aria-live=\"polite\">\n\t\t\t\t\t\t\t\t<div class=\"swiper-slide\" role=\"group\" aria-roledescription=\"slide\" aria-label=\"1 of 4\"><figure class=\"swiper-slide-inner\"><img decoding=\"async\" class=\"swiper-slide-image\" src=\"https:\/\/vive-fuerteventura.com\/wp-content\/uploads\/2025\/04\/VIVE_Pictures_2025-04-03\/iStock-1447456022faro toston_result-500x500.webp\" alt=\"iStock-1447456022faro toston_result\" \/><\/figure><\/div><div class=\"swiper-slide\" role=\"group\" aria-roledescription=\"slide\" aria-label=\"2 of 4\"><figure class=\"swiper-slide-inner\"><img decoding=\"async\" class=\"swiper-slide-image\" src=\"https:\/\/vive-fuerteventura.com\/wp-content\/uploads\/2025\/04\/VIVE_Pictures_2025-04-03\/iStock-1058322886faro toston_result-500x500.webp\" alt=\"iStock-1058322886faro toston_result\" \/><\/figure><\/div><div class=\"swiper-slide\" role=\"group\" aria-roledescription=\"slide\" aria-label=\"3 of 4\"><figure class=\"swiper-slide-inner\"><img decoding=\"async\" class=\"swiper-slide-image\" src=\"https:\/\/vive-fuerteventura.com\/wp-content\/uploads\/2025\/04\/VIVE_Pictures_2025-04-03\/iStock-1466329262faro toston_result-500x500.webp\" alt=\"iStock-1466329262faro toston_result\" \/><\/figure><\/div><div class=\"swiper-slide\" role=\"group\" aria-roledescription=\"slide\" aria-label=\"4 of 4\"><figure class=\"swiper-slide-inner\"><img decoding=\"async\" class=\"swiper-slide-image\" src=\"https:\/\/vive-fuerteventura.com\/wp-content\/uploads\/2025\/04\/VIVE_Pictures_2025-04-03\/michael-baccin-e_1vZQqyzn4-unsplashfaro toston_result-500x500.webp\" alt=\"michael-baccin-e_1vZQqyzn4-unsplashfaro toston_result\" \/><\/figure><\/div>\t\t\t<\/div>\n\t\t\t\t\t\t\t\t\t\t\t\t<div class=\"elementor-swiper-button elementor-swiper-button-prev\" role=\"button\" tabindex=\"0\">\n\t\t\t\t\t\t<svg aria-hidden=\"true\" class=\"e-font-icon-svg e-eicon-chevron-left\" viewbox=\"0 0 1000 1000\" xmlns=\"http:\/\/www.w3.org\/2000\/svg\"><path d=\"M646 125C629 125 613 133 604 142L308 442C296 454 292 471 292 487 292 504 296 521 308 533L604 854C617 867 629 875 646 875 663 875 679 871 692 858 704 846 713 829 713 812 713 796 708 779 692 767L438 487 692 225C700 217 708 204 708 187 708 171 704 154 692 142 675 129 663 125 646 125Z\"><\/path><\/svg>\t\t\t\t\t<\/div>\n\t\t\t\t\t<div class=\"elementor-swiper-button elementor-swiper-button-next\" role=\"button\" tabindex=\"0\">\n\t\t\t\t\t\t<svg aria-hidden=\"true\" class=\"e-font-icon-svg e-eicon-chevron-right\" viewbox=\"0 0 1000 1000\" xmlns=\"http:\/\/www.w3.org\/2000\/svg\"><path d=\"M696 533C708 521 713 504 713 487 713 471 708 454 696 446L400 146C388 133 375 125 354 125 338 125 325 129 313 142 300 154 292 171 292 187 292 204 296 221 308 233L563 492 304 771C292 783 288 800 288 817 288 833 296 850 308 863 321 871 338 875 354 875 371 875 388 867 400 854L696 533Z\"><\/path><\/svg>\t\t\t\t\t<\/div>\n\t\t\t\t\n\t\t\t\t\t\t\t\t\t<\/div>\n\t\t\t\t\t\t<\/div>\n\t\t\t\t<\/div>\n\t\t\t\t<div class=\"elementor-element elementor-element-c666480 elementor-widget elementor-widget-text-editor\" data-id=\"c666480\" data-element_type=\"widget\" data-e-type=\"widget\" data-widget_type=\"text-editor.default\">\n\t\t\t\t<div class=\"elementor-widget-container\">\n\t\t\t\t\t\t\t\t\t<p>LA OLIVA<\/p>\t\t\t\t\t\t\t\t<\/div>\n\t\t\t\t<\/div>\n\t\t\t\t<div class=\"elementor-element elementor-element-9cc12e0 elementor-widget elementor-widget-text-editor\" data-id=\"9cc12e0\" data-element_type=\"widget\" data-e-type=\"widget\" data-widget_type=\"text-editor.default\">\n\t\t\t\t<div class=\"elementor-widget-container\">\n\t\t\t\t\t\t\t\t\t<p>Lighthouse near El Cotillo, surrounded by lagoons and lava rocks - known for its expansive views and atmospheric sunsets.<\/p>\t\t\t\t\t\t\t\t<\/div>\n\t\t\t\t<\/div>\n\t\t\t\t<div class=\"elementor-element elementor-element-926029a elementor-align-justify elementor-mobile-align-justify elementor-widget elementor-widget-button\" data-id=\"926029a\" data-element_type=\"widget\" data-e-type=\"widget\" data-widget_type=\"button.default\">\n\t\t\t\t<div class=\"elementor-widget-container\">\n\t\t\t\t\t\t\t\t\t<div class=\"elementor-button-wrapper\">\n\t\t\t\t\t<a class=\"elementor-button elementor-button-link elementor-size-sm\" href=\"https:\/\/vive-fuerteventura.com\/en\/surf-spots\/surfspot-piedra-playa\/\">\n\t\t\t\t\t\t<span class=\"elementor-button-content-wrapper\">\n\t\t\t\t\t\t<span class=\"elementor-button-icon\">\n\t\t\t\t<svg aria-hidden=\"true\" class=\"e-font-icon-svg e-fas-arrow-right\" viewbox=\"0 0 448 512\" xmlns=\"http:\/\/www.w3.org\/2000\/svg\"><path d=\"M190.5 66.9l22.2-22.2c9.4-9.4 24.6-9.4 33.9 0L441 239c9.4 9.4 9.4 24.6 0 33.9L246.6 467.3c-9.4 9.4-24.6 9.4-33.9 0l-22.2-22.2c-9.5-9.5-9.3-25 .4-34.3L311.4 296H24c-13.3 0-24-10.7-24-24v-32c0-13.3 10.7-24 24-24h287.4L190.9 101.2c-9.8-9.3-10-24.8-.4-34.3z\"><\/path><\/svg>\t\t\t<\/span>\n\t\t\t\t\t\t\t\t\t<span class=\"elementor-button-text\">to the detail page<\/span>\n\t\t\t\t\t<\/span>\n\t\t\t\t\t<\/a>\n\t\t\t\t<\/div>\n\t\t\t\t\t\t\t\t<\/div>\n\t\t\t\t<\/div>\n\t\t\t\t<div class=\"elementor-element elementor-element-b671779 elementor-widget elementor-widget-heading\" data-id=\"b671779\" data-element_type=\"widget\" data-e-type=\"widget\" data-widget_type=\"heading.default\">\n\t\t\t\t<div class=\"elementor-widget-container\">\n\t\t\t\t\t<h2 class=\"elementor-heading-title elementor-size-default\">Roque del Moro<\/h2>\t\t\t\t<\/div>\n\t\t\t\t<\/div>\n\t\t\t\t<div class=\"elementor-element elementor-element-3a55a78 elementor-arrows-position-inside elementor-widget elementor-widget-image-carousel\" data-id=\"3a55a78\" data-element_type=\"widget\" data-e-type=\"widget\" data-settings=\"{&quot;navigation&quot;:&quot;arrows&quot;,&quot;infinite&quot;:&quot;yes&quot;,&quot;speed&quot;:500}\" data-widget_type=\"image-carousel.default\">\n\t\t\t\t<div class=\"elementor-widget-container\">\n\t\t\t\t\t\t\t<div class=\"elementor-image-carousel-wrapper swiper\" role=\"region\" aria-roledescription=\"carousel\" aria-label=\"Picture carousel\" dir=\"ltr\">\n\t\t\t<div class=\"elementor-image-carousel swiper-wrapper\" aria-live=\"polite\">\n\t\t\t\t\t\t\t\t<div class=\"swiper-slide\" role=\"group\" aria-roledescription=\"slide\" aria-label=\"1 of 3\"><figure class=\"swiper-slide-inner\"><img decoding=\"async\" class=\"swiper-slide-image\" src=\"https:\/\/vive-fuerteventura.com\/wp-content\/uploads\/2025\/04\/VIVE_Pictures_2025-04-03\/iStock-1326279532roque del moro_result-500x500.webp\" alt=\"iStock-1326279532roque del moro_result\" \/><\/figure><\/div><div class=\"swiper-slide\" role=\"group\" aria-roledescription=\"slide\" aria-label=\"2 of 3\"><figure class=\"swiper-slide-inner\"><img decoding=\"async\" class=\"swiper-slide-image\" src=\"https:\/\/vive-fuerteventura.com\/wp-content\/uploads\/2025\/04\/VIVE_Pictures_2025-04-03\/iStock-1086925226roque del moro_result-500x500.webp\" alt=\"iStock-1086925226roque del moro_result\" \/><\/figure><\/div><div class=\"swiper-slide\" role=\"group\" aria-roledescription=\"slide\" aria-label=\"3 of 3\"><figure class=\"swiper-slide-inner\"><img decoding=\"async\" class=\"swiper-slide-image\" src=\"https:\/\/vive-fuerteventura.com\/wp-content\/uploads\/2025\/04\/VIVE_Pictures_2025-04-03\/iStock-878893800roque del moro_result-500x500.webp\" alt=\"iStock-878893800roque del moro_result\" \/><\/figure><\/div>\t\t\t<\/div>\n\t\t\t\t\t\t\t\t\t\t\t\t<div class=\"elementor-swiper-button elementor-swiper-button-prev\" role=\"button\" tabindex=\"0\">\n\t\t\t\t\t\t<svg aria-hidden=\"true\" class=\"e-font-icon-svg e-eicon-chevron-left\" viewbox=\"0 0 1000 1000\" xmlns=\"http:\/\/www.w3.org\/2000\/svg\"><path d=\"M646 125C629 125 613 133 604 142L308 442C296 454 292 471 292 487 292 504 296 521 308 533L604 854C617 867 629 875 646 875 663 875 679 871 692 858 704 846 713 829 713 812 713 796 708 779 692 767L438 487 692 225C700 217 708 204 708 187 708 171 704 154 692 142 675 129 663 125 646 125Z\"><\/path><\/svg>\t\t\t\t\t<\/div>\n\t\t\t\t\t<div class=\"elementor-swiper-button elementor-swiper-button-next\" role=\"button\" tabindex=\"0\">\n\t\t\t\t\t\t<svg aria-hidden=\"true\" class=\"e-font-icon-svg e-eicon-chevron-right\" viewbox=\"0 0 1000 1000\" xmlns=\"http:\/\/www.w3.org\/2000\/svg\"><path d=\"M696 533C708 521 713 504 713 487 713 471 708 454 696 446L400 146C388 133 375 125 354 125 338 125 325 129 313 142 300 154 292 171 292 187 292 204 296 221 308 233L563 492 304 771C292 783 288 800 288 817 288 833 296 850 308 863 321 871 338 875 354 875 371 875 388 867 400 854L696 533Z\"><\/path><\/svg>\t\t\t\t\t<\/div>\n\t\t\t\t\n\t\t\t\t\t\t\t\t\t<\/div>\n\t\t\t\t\t\t<\/div>\n\t\t\t\t<\/div>\n\t\t\t\t<div class=\"elementor-element elementor-element-25dd453 elementor-widget elementor-widget-text-editor\" data-id=\"25dd453\" data-element_type=\"widget\" data-e-type=\"widget\" data-widget_type=\"text-editor.default\">\n\t\t\t\t<div class=\"elementor-widget-container\">\n\t\t\t\t\t\t\t\t\t<p>LA OLIVA<\/p>\t\t\t\t\t\t\t\t<\/div>\n\t\t\t\t<\/div>\n\t\t\t\t<div class=\"elementor-element elementor-element-5104109 elementor-widget elementor-widget-text-editor\" data-id=\"5104109\" data-element_type=\"widget\" data-e-type=\"widget\" data-widget_type=\"text-editor.default\">\n\t\t\t\t<div class=\"elementor-widget-container\">\n\t\t\t\t\t\t\t\t\t<p>Impressive rock monolith on the Playa de Cofete - secluded between fine sand and the wild Atlantic coast.<\/p>\t\t\t\t\t\t\t\t<\/div>\n\t\t\t\t<\/div>\n\t\t\t\t<div class=\"elementor-element elementor-element-673f613 elementor-align-justify elementor-mobile-align-justify elementor-widget elementor-widget-button\" data-id=\"673f613\" data-element_type=\"widget\" data-e-type=\"widget\" data-widget_type=\"button.default\">\n\t\t\t\t<div class=\"elementor-widget-container\">\n\t\t\t\t\t\t\t\t\t<div class=\"elementor-button-wrapper\">\n\t\t\t\t\t<a class=\"elementor-button elementor-button-link elementor-size-sm\" href=\"https:\/\/vive-fuerteventura.com\/en\/sehenswuerdigkeiten-aussichtspunkte\/roque-del-moro\/\">\n\t\t\t\t\t\t<span class=\"elementor-button-content-wrapper\">\n\t\t\t\t\t\t<span class=\"elementor-button-icon\">\n\t\t\t\t<svg aria-hidden=\"true\" class=\"e-font-icon-svg e-fas-arrow-right\" viewbox=\"0 0 448 512\" xmlns=\"http:\/\/www.w3.org\/2000\/svg\"><path d=\"M190.5 66.9l22.2-22.2c9.4-9.4 24.6-9.4 33.9 0L441 239c9.4 9.4 9.4 24.6 0 33.9L246.6 467.3c-9.4 9.4-24.6 9.4-33.9 0l-22.2-22.2c-9.5-9.5-9.3-25 .4-34.3L311.4 296H24c-13.3 0-24-10.7-24-24v-32c0-13.3 10.7-24 24-24h287.4L190.9 101.2c-9.8-9.3-10-24.8-.4-34.3z\"><\/path><\/svg>\t\t\t<\/span>\n\t\t\t\t\t\t\t\t\t<span class=\"elementor-button-text\">to the detail page<\/span>\n\t\t\t\t\t<\/span>\n\t\t\t\t\t<\/a>\n\t\t\t\t<\/div>\n\t\t\t\t\t\t\t\t<\/div>\n\t\t\t\t<\/div>\n\t\t\t\t<div class=\"elementor-element elementor-element-2d30844 elementor-widget elementor-widget-heading\" data-id=\"2d30844\" data-element_type=\"widget\" data-e-type=\"widget\" data-widget_type=\"heading.default\">\n\t\t\t\t<div class=\"elementor-widget-container\">\n\t\t\t\t\t<h2 class=\"elementor-heading-title elementor-size-default\">Mirador Astron\u00f3mico de Sicasumbre<\/h2>\t\t\t\t<\/div>\n\t\t\t\t<\/div>\n\t\t\t\t<div class=\"elementor-element elementor-element-168ceda elementor-arrows-position-inside elementor-widget elementor-widget-image-carousel\" data-id=\"168ceda\" data-element_type=\"widget\" data-e-type=\"widget\" data-settings=\"{&quot;navigation&quot;:&quot;arrows&quot;,&quot;infinite&quot;:&quot;yes&quot;,&quot;speed&quot;:500}\" data-widget_type=\"image-carousel.default\">\n\t\t\t\t<div class=\"elementor-widget-container\">\n\t\t\t\t\t\t\t<div class=\"elementor-image-carousel-wrapper swiper\" role=\"region\" aria-roledescription=\"carousel\" aria-label=\"Picture carousel\" dir=\"ltr\">\n\t\t\t<div class=\"elementor-image-carousel swiper-wrapper\" aria-live=\"polite\">\n\t\t\t\t\t\t\t\t<div class=\"swiper-slide\" role=\"group\" aria-roledescription=\"slide\" aria-label=\"1 of 4\"><figure class=\"swiper-slide-inner\"><img decoding=\"async\" class=\"swiper-slide-image\" src=\"https:\/\/vive-fuerteventura.com\/wp-content\/uploads\/2025\/04\/VIVE_Pictures_2025-04-03\/iStock-1459029563sicasumbre_result-e1746386860905-500x500.webp\" alt=\"iStock-1459029563sicasumbre_result\" \/><\/figure><\/div><div class=\"swiper-slide\" role=\"group\" aria-roledescription=\"slide\" aria-label=\"2 of 4\"><figure class=\"swiper-slide-inner\"><img decoding=\"async\" class=\"swiper-slide-image\" src=\"https:\/\/vive-fuerteventura.com\/wp-content\/uploads\/2025\/04\/VIVE_Pictures_2025-04-03\/iStock-883049198sicasumbre_result-500x500.webp\" alt=\"iStock-883049198sicasumbre_result\" \/><\/figure><\/div><div class=\"swiper-slide\" role=\"group\" aria-roledescription=\"slide\" aria-label=\"3 of 4\"><figure class=\"swiper-slide-inner\"><img decoding=\"async\" class=\"swiper-slide-image\" src=\"https:\/\/vive-fuerteventura.com\/wp-content\/uploads\/2025\/04\/VIVE_Pictures_2025-04-03\/iStock-1824101253sicasumbre_result-500x500.webp\" alt=\"iStock-1824101253sicasumbre_result\" \/><\/figure><\/div><div class=\"swiper-slide\" role=\"group\" aria-roledescription=\"slide\" aria-label=\"4 of 4\"><figure class=\"swiper-slide-inner\"><img decoding=\"async\" class=\"swiper-slide-image\" src=\"https:\/\/vive-fuerteventura.com\/wp-content\/uploads\/2025\/04\/VIVE_Pictures_2025-04-03\/iStock-1394211301sicasumbre_result-500x500.webp\" alt=\"iStock-1394211301sicasumbre_result\" \/><\/figure><\/div>\t\t\t<\/div>\n\t\t\t\t\t\t\t\t\t\t\t\t<div class=\"elementor-swiper-button elementor-swiper-button-prev\" role=\"button\" tabindex=\"0\">\n\t\t\t\t\t\t<svg aria-hidden=\"true\" class=\"e-font-icon-svg e-eicon-chevron-left\" viewbox=\"0 0 1000 1000\" xmlns=\"http:\/\/www.w3.org\/2000\/svg\"><path d=\"M646 125C629 125 613 133 604 142L308 442C296 454 292 471 292 487 292 504 296 521 308 533L604 854C617 867 629 875 646 875 663 875 679 871 692 858 704 846 713 829 713 812 713 796 708 779 692 767L438 487 692 225C700 217 708 204 708 187 708 171 704 154 692 142 675 129 663 125 646 125Z\"><\/path><\/svg>\t\t\t\t\t<\/div>\n\t\t\t\t\t<div class=\"elementor-swiper-button elementor-swiper-button-next\" role=\"button\" tabindex=\"0\">\n\t\t\t\t\t\t<svg aria-hidden=\"true\" class=\"e-font-icon-svg e-eicon-chevron-right\" viewbox=\"0 0 1000 1000\" xmlns=\"http:\/\/www.w3.org\/2000\/svg\"><path d=\"M696 533C708 521 713 504 713 487 713 471 708 454 696 446L400 146C388 133 375 125 354 125 338 125 325 129 313 142 300 154 292 171 292 187 292 204 296 221 308 233L563 492 304 771C292 783 288 800 288 817 288 833 296 850 308 863 321 871 338 875 354 875 371 875 388 867 400 854L696 533Z\"><\/path><\/svg>\t\t\t\t\t<\/div>\n\t\t\t\t\n\t\t\t\t\t\t\t\t\t<\/div>\n\t\t\t\t\t\t<\/div>\n\t\t\t\t<\/div>\n\t\t\t\t<div class=\"elementor-element elementor-element-7260fa2 elementor-widget elementor-widget-text-editor\" data-id=\"7260fa2\" data-element_type=\"widget\" data-e-type=\"widget\" data-widget_type=\"text-editor.default\">\n\t\t\t\t<div class=\"elementor-widget-container\">\n\t\t\t\t\t\t\t\t\t<p>LA OLIVA<\/p>\t\t\t\t\t\t\t\t<\/div>\n\t\t\t\t<\/div>\n\t\t\t\t<div class=\"elementor-element elementor-element-346df33 elementor-widget elementor-widget-text-editor\" data-id=\"346df33\" data-element_type=\"widget\" data-e-type=\"widget\" data-widget_type=\"text-editor.default\">\n\t\t\t\t<div class=\"elementor-widget-container\">\n\t\t\t\t\t\t\t\t\t<p>Astronomical viewpoint in an elevated position, known for its clear visibility and impressive sky observations.<\/p>\t\t\t\t\t\t\t\t<\/div>\n\t\t\t\t<\/div>\n\t\t\t\t<div class=\"elementor-element elementor-element-b9b83df elementor-align-justify elementor-mobile-align-justify elementor-widget elementor-widget-button\" data-id=\"b9b83df\" data-element_type=\"widget\" data-e-type=\"widget\" data-widget_type=\"button.default\">\n\t\t\t\t<div class=\"elementor-widget-container\">\n\t\t\t\t\t\t\t\t\t<div class=\"elementor-button-wrapper\">\n\t\t\t\t\t<a class=\"elementor-button elementor-button-link elementor-size-sm\" href=\"https:\/\/vive-fuerteventura.com\/en\/sehenswuerdigkeiten-aussichtspunkte\/mirador-astronomico-de-sicasumbre\/\">\n\t\t\t\t\t\t<span class=\"elementor-button-content-wrapper\">\n\t\t\t\t\t\t<span class=\"elementor-button-icon\">\n\t\t\t\t<svg aria-hidden=\"true\" class=\"e-font-icon-svg e-fas-arrow-right\" viewbox=\"0 0 448 512\" xmlns=\"http:\/\/www.w3.org\/2000\/svg\"><path d=\"M190.5 66.9l22.2-22.2c9.4-9.4 24.6-9.4 33.9 0L441 239c9.4 9.4 9.4 24.6 0 33.9L246.6 467.3c-9.4 9.4-24.6 9.4-33.9 0l-22.2-22.2c-9.5-9.5-9.3-25 .4-34.3L311.4 296H24c-13.3 0-24-10.7-24-24v-32c0-13.3 10.7-24 24-24h287.4L190.9 101.2c-9.8-9.3-10-24.8-.4-34.3z\"><\/path><\/svg>\t\t\t<\/span>\n\t\t\t\t\t\t\t\t\t<span class=\"elementor-button-text\">to the detail page<\/span>\n\t\t\t\t\t<\/span>\n\t\t\t\t\t<\/a>\n\t\t\t\t<\/div>\n\t\t\t\t\t\t\t\t<\/div>\n\t\t\t\t<\/div>\n\t\t\t\t<\/div>\n\t\t\t\t\t<\/details>\n\t\t\t\t\t<\/div>\n\t\t\t\t\t\t<\/div>\n\t\t\t\t<\/div>\n\t\t\t\t<\/div>\n\t\t\t\t<\/div>\n\t\t\t\t\t<\/div>\n\t\t<\/div>\n\t\t\t\t\t<\/div>\n\t\t<\/section>\n\t\t\t\t<section class=\"elementor-section elementor-top-section elementor-element elementor-element-553c38b elementor-section-boxed elementor-section-height-default elementor-section-height-default\" data-id=\"553c38b\" data-element_type=\"section\" data-e-type=\"section\" data-settings=\"{&quot;jet_parallax_layout_list&quot;:[{&quot;jet_parallax_layout_image&quot;:{&quot;url&quot;:&quot;&quot;,&quot;id&quot;:&quot;&quot;,&quot;size&quot;:&quot;&quot;},&quot;_id&quot;:&quot;431fff4&quot;,&quot;jet_parallax_layout_speed&quot;:{&quot;unit&quot;:&quot;%&quot;,&quot;size&quot;:50,&quot;sizes&quot;:[]},&quot;jet_parallax_layout_image_tablet&quot;:{&quot;url&quot;:&quot;&quot;,&quot;id&quot;:&quot;&quot;,&quot;size&quot;:&quot;&quot;},&quot;jet_parallax_layout_image_mobile&quot;:{&quot;url&quot;:&quot;&quot;,&quot;id&quot;:&quot;&quot;,&quot;size&quot;:&quot;&quot;},&quot;jet_parallax_layout_type&quot;:&quot;scroll&quot;,&quot;jet_parallax_layout_direction&quot;:&quot;1&quot;,&quot;jet_parallax_layout_fx_direction&quot;:null,&quot;jet_parallax_layout_z_index&quot;:&quot;&quot;,&quot;jet_parallax_layout_bg_x&quot;:50,&quot;jet_parallax_layout_bg_x_tablet&quot;:&quot;&quot;,&quot;jet_parallax_layout_bg_x_mobile&quot;:&quot;&quot;,&quot;jet_parallax_layout_bg_y&quot;:50,&quot;jet_parallax_layout_bg_y_tablet&quot;:&quot;&quot;,&quot;jet_parallax_layout_bg_y_mobile&quot;:&quot;&quot;,&quot;jet_parallax_layout_bg_size&quot;:&quot;auto&quot;,&quot;jet_parallax_layout_bg_size_tablet&quot;:&quot;&quot;,&quot;jet_parallax_layout_bg_size_mobile&quot;:&quot;&quot;,&quot;jet_parallax_layout_animation_prop&quot;:&quot;transform&quot;,&quot;jet_parallax_layout_on&quot;:[&quot;desktop&quot;,&quot;tablet&quot;]}]}\">\n\t\t\t\t\t\t<div class=\"elementor-container elementor-column-gap-no\">\n\t\t\t\t\t<div class=\"elementor-column elementor-col-100 elementor-top-column elementor-element elementor-element-137feaa\" data-id=\"137feaa\" data-element_type=\"column\" data-e-type=\"column\">\n\t\t\t<div class=\"elementor-widget-wrap elementor-element-populated\">\n\t\t\t\t\t\t<div class=\"elementor-element elementor-element-38b298b elementor-icon-list--layout-traditional elementor-list-item-link-full_width elementor-widget elementor-widget-icon-list\" data-id=\"38b298b\" data-element_type=\"widget\" data-e-type=\"widget\" data-settings=\"{&quot;_animation_mobile&quot;:&quot;none&quot;}\" data-widget_type=\"icon-list.default\">\n\t\t\t\t<div class=\"elementor-widget-container\">\n\t\t\t\t\t\t\t<ul class=\"elementor-icon-list-items\">\n\t\t\t\t\t\t\t<li class=\"elementor-icon-list-item\">\n\t\t\t\t\t\t\t\t\t\t\t<span class=\"elementor-icon-list-icon\">\n\t\t\t\t\t\t\t<svg aria-hidden=\"true\" class=\"e-font-icon-svg e-fas-angle-double-down\" viewbox=\"0 0 320 512\" xmlns=\"http:\/\/www.w3.org\/2000\/svg\"><path d=\"M143 256.3L7 120.3c-9.4-9.4-9.4-24.6 0-33.9l22.6-22.6c9.4-9.4 24.6-9.4 33.9 0l96.4 96.4 96.4-96.4c9.4-9.4 24.6-9.4 33.9 0L313 86.3c9.4 9.4 9.4 24.6 0 33.9l-136 136c-9.4 9.5-24.6 9.5-34 .1zm34 192l136-136c9.4-9.4 9.4-24.6 0-33.9l-22.6-22.6c-9.4-9.4-24.6-9.4-33.9 0L160 352.1l-96.4-96.4c-9.4-9.4-24.6-9.4-33.9 0L7 278.3c-9.4 9.4-9.4 24.6 0 33.9l136 136c9.4 9.5 24.6 9.5 34 .1z\"><\/path><\/svg>\t\t\t\t\t\t<\/span>\n\t\t\t\t\t\t\t\t\t\t<span class=\"elementor-icon-list-text\">All sights at a glance<\/span>\n\t\t\t\t\t\t\t\t\t<\/li>\n\t\t\t\t\t\t<\/ul>\n\t\t\t\t\t\t<\/div>\n\t\t\t\t<\/div>\n\t\t\t\t\t<\/div>\n\t\t<\/div>\n\t\t\t\t\t<\/div>\n\t\t<\/section>\n\t\t<div class=\"elementor-element elementor-element-c6cb260 e-flex e-con-boxed e-con e-parent\" data-id=\"c6cb260\" data-element_type=\"container\" data-e-type=\"container\" data-settings=\"{&quot;jet_parallax_layout_list&quot;:[]}\">\n\t\t\t\t\t<div class=\"e-con-inner\">\n\t\t<div class=\"elementor-element elementor-element-b20f92a e-con-full e-flex e-con e-child\" data-id=\"b20f92a\" data-element_type=\"container\" data-e-type=\"container\" data-settings=\"{&quot;jet_parallax_layout_list&quot;:[]}\">\n\t\t\t\t<div class=\"elementor-element elementor-element-e9e23b1 elementor-widget elementor-widget-html\" data-id=\"e9e23b1\" data-element_type=\"widget\" data-e-type=\"widget\" data-widget_type=\"html.default\">\n\t\t\t\t<div class=\"elementor-widget-container\">\n\t\t\t\t\t<div>\n    <select id=\"filter-select\"> \n        <option value=\"ALL\">All municipalities <\/option>\n        <option value=\"ANTIGUA\">Antigua\n        <\/option>\n        <option value=\"BETANCURIA\">Betancuria<\/option>\n        <option value=\"LA OLIVA\">La Oliva<\/option>\n        <option value=\"P\u00c1JARA\">P\u00e1jara<\/option>\n        <option value=\"PUERTO DEL ROSARIO\">Puerto del Rosario<\/option>\n        <option value=\"TUINIJE\">Tuineje<\/option>\n    <\/select>\n<\/div>\n\n\n<script>\ndocument.addEventListener('DOMContentLoaded', function() { \n    document.getElementById('filter-select').addEventListener('change', function() {\n        console.log('Inside change');\n        var selectedValue = this.value;\n        console.log(selectedValue);\n        var columns = document.querySelectorAll('.filter-item');\n        console.log(columns);\n        columns.forEach(function(column) {\n            var headings = column.querySelectorAll('h2');\n            var containsText = false;\n            headings.forEach(function(heading) { if (heading.textContent.toUpperCase().includes(selectedValue)) { containsText = true; } \n            });\n        if (containsText || selectedValue === \"ALL\") { column.style.display = 'flex';\n        } else {\n            column.style.display = 'none'; \n        }\n    });\n    });\n});\n<\/script>\n\t\t\t\t<\/div>\n\t\t\t\t<\/div>\n\t\t\t\t<div class=\"elementor-element elementor-element-5d4b426 elementor-widget elementor-widget-text-editor\" data-id=\"5d4b426\" data-element_type=\"widget\" data-e-type=\"widget\" data-widget_type=\"text-editor.default\">\n\t\t\t\t<div class=\"elementor-widget-container\">\n\t\t\t\t\t\t\t\t\t<p>&gt;&gt; Select the appropriate filter and display cities &amp; villages near you...<\/p>\t\t\t\t\t\t\t\t<\/div>\n\t\t\t\t<\/div>\n\t\t\t\t<div data-raven-element-link=\"{&quot;url&quot;:&quot;https:\\\/\\\/vive-fuerteventura.com\\\/wp-content\\\/uploads\\\/2025\\\/06\\\/VIVE-Fuerteventura_Gemeinden_Karte.png&quot;,&quot;is_external&quot;:&quot;&quot;,&quot;nofollow&quot;:&quot;&quot;,&quot;custom_attributes&quot;:&quot;&quot;}\" style=\"cursor: pointer\" class=\"elementor-element elementor-element-b7aca98 elementor-mobile-align-start elementor-icon-list--layout-traditional elementor-list-item-link-full_width elementor-widget elementor-widget-icon-list\" data-id=\"b7aca98\" data-element_type=\"widget\" data-e-type=\"widget\" data-settings=\"{&quot;_animation_mobile&quot;:&quot;none&quot;}\" data-widget_type=\"icon-list.default\">\n\t\t\t\t<div class=\"elementor-widget-container\">\n\t\t\t\t\t\t\t<ul class=\"elementor-icon-list-items\">\n\t\t\t\t\t\t\t<li class=\"elementor-icon-list-item\">\n\t\t\t\t\t\t\t\t\t\t\t<span class=\"elementor-icon-list-icon\">\n\t\t\t\t\t\t\t<svg aria-hidden=\"true\" class=\"e-font-icon-svg e-far-map\" viewbox=\"0 0 576 512\" xmlns=\"http:\/\/www.w3.org\/2000\/svg\"><path d=\"M560.02 32c-1.96 0-3.98.37-5.96 1.16L384.01 96H384L212 35.28A64.252 64.252 0 0 0 191.76 32c-6.69 0-13.37 1.05-19.81 3.14L20.12 87.95A32.006 32.006 0 0 0 0 117.66v346.32C0 473.17 7.53 480 15.99 480c1.96 0 3.97-.37 5.96-1.16L192 416l172 60.71a63.98 63.98 0 0 0 40.05.15l151.83-52.81A31.996 31.996 0 0 0 576 394.34V48.02c0-9.19-7.53-16.02-15.98-16.02zM224 90.42l128 45.19v285.97l-128-45.19V90.42zM48 418.05V129.07l128-44.53v286.2l-.64.23L48 418.05zm480-35.13l-128 44.53V141.26l.64-.24L528 93.95v288.97z\"><\/path><\/svg>\t\t\t\t\t\t<\/span>\n\t\t\t\t\t\t\t\t\t\t<span class=\"elementor-icon-list-text\">Municipality map<\/span>\n\t\t\t\t\t\t\t\t\t<\/li>\n\t\t\t\t\t\t<\/ul>\n\t\t\t\t\t\t<\/div>\n\t\t\t\t<\/div>\n\t\t\t\t<\/div>\n\t\t<div class=\"elementor-element elementor-element-f43a84c e-con-full e-grid elementor-hidden-desktop filter-grid e-con e-child\" data-id=\"f43a84c\" data-element_type=\"container\" data-e-type=\"container\" data-settings=\"{&quot;jet_parallax_layout_list&quot;:[]}\">\n\t\t<div class=\"elementor-element elementor-element-9501b29 filter-item e-flex e-con-boxed e-con e-child\" data-id=\"9501b29\" data-element_type=\"container\" data-e-type=\"container\" data-settings=\"{&quot;jet_parallax_layout_list&quot;:[]}\">\n\t\t\t\t\t<div class=\"e-con-inner\">\n\t\t\t\t<div class=\"elementor-element elementor-element-eaa9c42 elementor-widget elementor-widget-image\" data-id=\"eaa9c42\" data-element_type=\"widget\" data-e-type=\"widget\" data-widget_type=\"image.default\">\n\t\t\t\t<div class=\"elementor-widget-container\">\n\t\t\t\t\t\t\t\t\t\t\t\t\t\t\t\t<a href=\"https:\/\/vive-fuerteventura.com\/en\/sehenswuerdigkeiten-aussichtspunkte\/atalayita\/\">\n\t\t\t\t\t\t\t<img decoding=\"async\" width=\"500\" height=\"500\" src=\"https:\/\/vive-fuerteventura.com\/wp-content\/uploads\/2025\/04\/VIVE_Pictures_2025-04-03\/iStock-891390600atalayita_result-500x500.webp\" class=\"attachment-Image Size 500x500 size-Image Size 500x500 wp-image-12993\" alt=\"\" srcset=\"https:\/\/vive-fuerteventura.com\/wp-content\/uploads\/2025\/04\/VIVE_Pictures_2025-04-03\/iStock-891390600atalayita_result-500x500.webp 500w, https:\/\/vive-fuerteventura.com\/wp-content\/uploads\/2025\/04\/VIVE_Pictures_2025-04-03\/iStock-891390600atalayita_result-150x150.webp 150w\" sizes=\"(max-width: 500px) 100vw, 500px\" \/>\t\t\t\t\t\t\t\t<\/a>\n\t\t\t\t\t\t\t\t\t\t\t\t\t\t\t<\/div>\n\t\t\t\t<\/div>\n\t\t\t\t<div class=\"elementor-element elementor-element-6489bea elementor-hidden-desktop elementor-hidden-tablet elementor-hidden-mobile elementor-widget elementor-widget-heading\" data-id=\"6489bea\" data-element_type=\"widget\" data-e-type=\"widget\" data-widget_type=\"heading.default\">\n\t\t\t\t<div class=\"elementor-widget-container\">\n\t\t\t\t\t<h2 class=\"elementor-heading-title elementor-size-default\">ANTIGUA<\/h2>\t\t\t\t<\/div>\n\t\t\t\t<\/div>\n\t\t<div class=\"elementor-element elementor-element-71baedb e-con-full e-flex e-con e-child\" data-id=\"71baedb\" data-element_type=\"container\" data-e-type=\"container\" data-settings=\"{&quot;jet_parallax_layout_list&quot;:[]}\">\n\t\t\t\t<div class=\"elementor-element elementor-element-24b8a6d elementor-mobile-align-justify elementor-widget-mobile__width-inherit elementor-widget elementor-widget-button\" data-id=\"24b8a6d\" data-element_type=\"widget\" data-e-type=\"widget\" data-widget_type=\"button.default\">\n\t\t\t\t<div class=\"elementor-widget-container\">\n\t\t\t\t\t\t\t\t\t<div class=\"elementor-button-wrapper\">\n\t\t\t\t\t<a class=\"elementor-button elementor-button-link elementor-size-sm\" href=\"https:\/\/vive-fuerteventura.com\/en\/sehenswuerdigkeiten-aussichtspunkte\/atalayita\/\">\n\t\t\t\t\t\t<span class=\"elementor-button-content-wrapper\">\n\t\t\t\t\t\t\t\t\t<span class=\"elementor-button-text\">Atalayita<\/span>\n\t\t\t\t\t<\/span>\n\t\t\t\t\t<\/a>\n\t\t\t\t<\/div>\n\t\t\t\t\t\t\t\t<\/div>\n\t\t\t\t<\/div>\n\t\t\t\t<\/div>\n\t\t\t\t\t<\/div>\n\t\t\t\t<\/div>\n\t\t<div class=\"elementor-element elementor-element-193064f filter-item e-flex e-con-boxed e-con e-child\" data-id=\"193064f\" data-element_type=\"container\" data-e-type=\"container\" data-settings=\"{&quot;jet_parallax_layout_list&quot;:[]}\">\n\t\t\t\t\t<div class=\"e-con-inner\">\n\t\t\t\t<div class=\"elementor-element elementor-element-c337f65 elementor-widget elementor-widget-image\" data-id=\"c337f65\" data-element_type=\"widget\" data-e-type=\"widget\" data-widget_type=\"image.default\">\n\t\t\t\t<div class=\"elementor-widget-container\">\n\t\t\t\t\t\t\t\t\t\t\t\t\t\t\t\t<a href=\"https:\/\/vive-fuerteventura.com\/en\/sehenswuerdigkeiten-aussichtspunkte\/avenida-maritima\/\">\n\t\t\t\t\t\t\t<img loading=\"lazy\" decoding=\"async\" width=\"500\" height=\"500\" src=\"https:\/\/vive-fuerteventura.com\/wp-content\/uploads\/2025\/09\/IMG_3476Puerto-del-Rosario_result-500x500.jpg\" class=\"attachment-Image Size 500x500 size-Image Size 500x500 wp-image-33937\" alt=\"\" srcset=\"https:\/\/vive-fuerteventura.com\/wp-content\/uploads\/2025\/09\/IMG_3476Puerto-del-Rosario_result-500x500.jpg 500w, https:\/\/vive-fuerteventura.com\/wp-content\/uploads\/2025\/09\/IMG_3476Puerto-del-Rosario_result-150x150.jpg 150w\" sizes=\"(max-width: 500px) 100vw, 500px\" \/>\t\t\t\t\t\t\t\t<\/a>\n\t\t\t\t\t\t\t\t\t\t\t\t\t\t\t<\/div>\n\t\t\t\t<\/div>\n\t\t\t\t<div class=\"elementor-element elementor-element-311f1cc elementor-hidden-desktop elementor-hidden-tablet elementor-hidden-mobile elementor-widget elementor-widget-heading\" data-id=\"311f1cc\" data-element_type=\"widget\" data-e-type=\"widget\" data-widget_type=\"heading.default\">\n\t\t\t\t<div class=\"elementor-widget-container\">\n\t\t\t\t\t<h2 class=\"elementor-heading-title elementor-size-default\">PUERTO DEL ROSARIO<\/h2>\t\t\t\t<\/div>\n\t\t\t\t<\/div>\n\t\t<div class=\"elementor-element elementor-element-2104249 e-con-full e-flex e-con e-child\" data-id=\"2104249\" data-element_type=\"container\" data-e-type=\"container\" data-settings=\"{&quot;jet_parallax_layout_list&quot;:[]}\">\n\t\t\t\t<div class=\"elementor-element elementor-element-aa17d83 elementor-mobile-align-justify elementor-widget-mobile__width-inherit elementor-widget elementor-widget-button\" data-id=\"aa17d83\" data-element_type=\"widget\" data-e-type=\"widget\" data-widget_type=\"button.default\">\n\t\t\t\t<div class=\"elementor-widget-container\">\n\t\t\t\t\t\t\t\t\t<div class=\"elementor-button-wrapper\">\n\t\t\t\t\t<a class=\"elementor-button elementor-button-link elementor-size-sm\" href=\"https:\/\/vive-fuerteventura.com\/en\/sehenswuerdigkeiten-aussichtspunkte\/avenida-maritima\/\">\n\t\t\t\t\t\t<span class=\"elementor-button-content-wrapper\">\n\t\t\t\t\t\t\t\t\t<span class=\"elementor-button-text\">Avenida Mar\u00edtima<\/span>\n\t\t\t\t\t<\/span>\n\t\t\t\t\t<\/a>\n\t\t\t\t<\/div>\n\t\t\t\t\t\t\t\t<\/div>\n\t\t\t\t<\/div>\n\t\t\t\t<\/div>\n\t\t\t\t\t<\/div>\n\t\t\t\t<\/div>\n\t\t<div class=\"elementor-element elementor-element-72346d2 filter-item e-flex e-con-boxed e-con e-child\" data-id=\"72346d2\" data-element_type=\"container\" data-e-type=\"container\" data-settings=\"{&quot;jet_parallax_layout_list&quot;:[]}\">\n\t\t\t\t\t<div class=\"e-con-inner\">\n\t\t\t\t<div class=\"elementor-element elementor-element-8e81bd0 elementor-widget elementor-widget-image\" data-id=\"8e81bd0\" data-element_type=\"widget\" data-e-type=\"widget\" data-widget_type=\"image.default\">\n\t\t\t\t<div class=\"elementor-widget-container\">\n\t\t\t\t\t\t\t\t\t\t\t\t\t\t\t\t<a href=\"https:\/\/vive-fuerteventura.com\/en\/sehenswuerdigkeiten-aussichtspunkte\/barranco-de-esquinzo\/\">\n\t\t\t\t\t\t\t<img loading=\"lazy\" decoding=\"async\" width=\"500\" height=\"500\" src=\"https:\/\/vive-fuerteventura.com\/wp-content\/uploads\/2025\/04\/VIVE_Pictures_2025-04-03\/iStock-660288670esquinzo_result-500x500.webp\" class=\"attachment-Image Size 500x500 size-Image Size 500x500 wp-image-12911\" alt=\"\" srcset=\"https:\/\/vive-fuerteventura.com\/wp-content\/uploads\/2025\/04\/VIVE_Pictures_2025-04-03\/iStock-660288670esquinzo_result-500x500.webp 500w, https:\/\/vive-fuerteventura.com\/wp-content\/uploads\/2025\/04\/VIVE_Pictures_2025-04-03\/iStock-660288670esquinzo_result-150x150.webp 150w\" sizes=\"(max-width: 500px) 100vw, 500px\" \/>\t\t\t\t\t\t\t\t<\/a>\n\t\t\t\t\t\t\t\t\t\t\t\t\t\t\t<\/div>\n\t\t\t\t<\/div>\n\t\t\t\t<div class=\"elementor-element elementor-element-926bf0d elementor-hidden-desktop elementor-hidden-tablet elementor-hidden-mobile elementor-widget elementor-widget-heading\" data-id=\"926bf0d\" data-element_type=\"widget\" data-e-type=\"widget\" data-widget_type=\"heading.default\">\n\t\t\t\t<div class=\"elementor-widget-container\">\n\t\t\t\t\t<h2 class=\"elementor-heading-title elementor-size-default\">LA OLIVA<\/h2>\t\t\t\t<\/div>\n\t\t\t\t<\/div>\n\t\t<div class=\"elementor-element elementor-element-21da65a e-con-full e-flex e-con e-child\" data-id=\"21da65a\" data-element_type=\"container\" data-e-type=\"container\" data-settings=\"{&quot;jet_parallax_layout_list&quot;:[]}\">\n\t\t\t\t<div class=\"elementor-element elementor-element-ec0e559 elementor-mobile-align-justify elementor-widget-mobile__width-inherit elementor-widget elementor-widget-button\" data-id=\"ec0e559\" data-element_type=\"widget\" data-e-type=\"widget\" data-widget_type=\"button.default\">\n\t\t\t\t<div class=\"elementor-widget-container\">\n\t\t\t\t\t\t\t\t\t<div class=\"elementor-button-wrapper\">\n\t\t\t\t\t<a class=\"elementor-button elementor-button-link elementor-size-sm\" href=\"https:\/\/vive-fuerteventura.com\/en\/sehenswuerdigkeiten-aussichtspunkte\/barranco-de-esquinzo\/\">\n\t\t\t\t\t\t<span class=\"elementor-button-content-wrapper\">\n\t\t\t\t\t\t\t\t\t<span class=\"elementor-button-text\">Barranco de Esquinzo<\/span>\n\t\t\t\t\t<\/span>\n\t\t\t\t\t<\/a>\n\t\t\t\t<\/div>\n\t\t\t\t\t\t\t\t<\/div>\n\t\t\t\t<\/div>\n\t\t\t\t<\/div>\n\t\t\t\t\t<\/div>\n\t\t\t\t<\/div>\n\t\t<div class=\"elementor-element elementor-element-114eb0a filter-item e-flex e-con-boxed e-con e-child\" data-id=\"114eb0a\" data-element_type=\"container\" data-e-type=\"container\" data-settings=\"{&quot;jet_parallax_layout_list&quot;:[]}\">\n\t\t\t\t\t<div class=\"e-con-inner\">\n\t\t\t\t<div class=\"elementor-element elementor-element-b9f5cdd elementor-widget elementor-widget-image\" data-id=\"b9f5cdd\" data-element_type=\"widget\" data-e-type=\"widget\" data-widget_type=\"image.default\">\n\t\t\t\t<div class=\"elementor-widget-container\">\n\t\t\t\t\t\t\t\t\t\t\t\t\t\t\t\t<a href=\"https:\/\/vive-fuerteventura.com\/en\/sehenswuerdigkeiten-aussichtspunkte\/barranco-de-la-torre\/\">\n\t\t\t\t\t\t\t<img loading=\"lazy\" decoding=\"async\" width=\"500\" height=\"500\" src=\"https:\/\/vive-fuerteventura.com\/wp-content\/uploads\/2025\/04\/VIVE_Pictures_2025-04-03\/IMG_3740barranco torre_result-500x500.webp\" class=\"attachment-Image Size 500x500 size-Image Size 500x500 wp-image-11945\" alt=\"\" srcset=\"https:\/\/vive-fuerteventura.com\/wp-content\/uploads\/2025\/04\/VIVE_Pictures_2025-04-03\/IMG_3740barranco%20torre_result-500x500.webp 500w, https:\/\/vive-fuerteventura.com\/wp-content\/uploads\/2025\/04\/VIVE_Pictures_2025-04-03\/IMG_3740barranco%20torre_result-150x150.webp 150w\" sizes=\"(max-width: 500px) 100vw, 500px\" \/>\t\t\t\t\t\t\t\t<\/a>\n\t\t\t\t\t\t\t\t\t\t\t\t\t\t\t<\/div>\n\t\t\t\t<\/div>\n\t\t\t\t<div class=\"elementor-element elementor-element-5a8f371 elementor-hidden-desktop elementor-hidden-tablet elementor-hidden-mobile elementor-widget elementor-widget-heading\" data-id=\"5a8f371\" data-element_type=\"widget\" data-e-type=\"widget\" data-widget_type=\"heading.default\">\n\t\t\t\t<div class=\"elementor-widget-container\">\n\t\t\t\t\t<h2 class=\"elementor-heading-title elementor-size-default\">ANTIGUA<\/h2>\t\t\t\t<\/div>\n\t\t\t\t<\/div>\n\t\t<div class=\"elementor-element elementor-element-da6ccc9 e-con-full e-flex e-con e-child\" data-id=\"da6ccc9\" data-element_type=\"container\" data-e-type=\"container\" data-settings=\"{&quot;jet_parallax_layout_list&quot;:[]}\">\n\t\t\t\t<div class=\"elementor-element elementor-element-8ad2e4b elementor-mobile-align-justify elementor-widget-mobile__width-inherit elementor-widget elementor-widget-button\" data-id=\"8ad2e4b\" data-element_type=\"widget\" data-e-type=\"widget\" data-widget_type=\"button.default\">\n\t\t\t\t<div class=\"elementor-widget-container\">\n\t\t\t\t\t\t\t\t\t<div class=\"elementor-button-wrapper\">\n\t\t\t\t\t<a class=\"elementor-button elementor-button-link elementor-size-sm\" href=\"https:\/\/vive-fuerteventura.com\/en\/sehenswuerdigkeiten-aussichtspunkte\/barranco-de-la-torre\/\">\n\t\t\t\t\t\t<span class=\"elementor-button-content-wrapper\">\n\t\t\t\t\t\t\t\t\t<span class=\"elementor-button-text\">Barranco de la Torre<\/span>\n\t\t\t\t\t<\/span>\n\t\t\t\t\t<\/a>\n\t\t\t\t<\/div>\n\t\t\t\t\t\t\t\t<\/div>\n\t\t\t\t<\/div>\n\t\t\t\t<\/div>\n\t\t\t\t\t<\/div>\n\t\t\t\t<\/div>\n\t\t<div class=\"elementor-element elementor-element-0f3975b filter-item e-flex e-con-boxed e-con e-child\" data-id=\"0f3975b\" data-element_type=\"container\" data-e-type=\"container\" data-settings=\"{&quot;jet_parallax_layout_list&quot;:[]}\">\n\t\t\t\t\t<div class=\"e-con-inner\">\n\t\t\t\t<div class=\"elementor-element elementor-element-9ef85c3 elementor-widget elementor-widget-image\" data-id=\"9ef85c3\" data-element_type=\"widget\" data-e-type=\"widget\" data-widget_type=\"image.default\">\n\t\t\t\t<div class=\"elementor-widget-container\">\n\t\t\t\t\t\t\t\t\t\t\t\t\t\t\t\t<a href=\"https:\/\/vive-fuerteventura.com\/en\/sehenswuerdigkeiten-aussichtspunkte\/cabra-al-viento\/\">\n\t\t\t\t\t\t\t<img loading=\"lazy\" decoding=\"async\" width=\"500\" height=\"500\" src=\"https:\/\/vive-fuerteventura.com\/wp-content\/uploads\/2025\/04\/cabra-al-viento-2-500x500.jpg\" class=\"attachment-Image Size 500x500 size-Image Size 500x500 wp-image-14496\" alt=\"\" srcset=\"https:\/\/vive-fuerteventura.com\/wp-content\/uploads\/2025\/04\/cabra-al-viento-2-500x500.jpg 500w, https:\/\/vive-fuerteventura.com\/wp-content\/uploads\/2025\/04\/cabra-al-viento-2-150x150.jpg 150w\" sizes=\"(max-width: 500px) 100vw, 500px\" \/>\t\t\t\t\t\t\t\t<\/a>\n\t\t\t\t\t\t\t\t\t\t\t\t\t\t\t<\/div>\n\t\t\t\t<\/div>\n\t\t\t\t<div class=\"elementor-element elementor-element-27fb61d elementor-hidden-desktop elementor-hidden-tablet elementor-hidden-mobile elementor-widget elementor-widget-heading\" data-id=\"27fb61d\" data-element_type=\"widget\" data-e-type=\"widget\" data-widget_type=\"heading.default\">\n\t\t\t\t<div class=\"elementor-widget-container\">\n\t\t\t\t\t<h2 class=\"elementor-heading-title elementor-size-default\">ANTIGUA<\/h2>\t\t\t\t<\/div>\n\t\t\t\t<\/div>\n\t\t<div class=\"elementor-element elementor-element-1436498 e-con-full e-flex e-con e-child\" data-id=\"1436498\" data-element_type=\"container\" data-e-type=\"container\" data-settings=\"{&quot;jet_parallax_layout_list&quot;:[]}\">\n\t\t\t\t<div class=\"elementor-element elementor-element-2eab9b6 elementor-mobile-align-justify elementor-widget-mobile__width-inherit elementor-widget elementor-widget-button\" data-id=\"2eab9b6\" data-element_type=\"widget\" data-e-type=\"widget\" data-widget_type=\"button.default\">\n\t\t\t\t<div class=\"elementor-widget-container\">\n\t\t\t\t\t\t\t\t\t<div class=\"elementor-button-wrapper\">\n\t\t\t\t\t<a class=\"elementor-button elementor-button-link elementor-size-sm\" href=\"https:\/\/vive-fuerteventura.com\/en\/sehenswuerdigkeiten-aussichtspunkte\/cabra-al-viento\/\">\n\t\t\t\t\t\t<span class=\"elementor-button-content-wrapper\">\n\t\t\t\t\t\t\t\t\t<span class=\"elementor-button-text\">Cabra al Viento<\/span>\n\t\t\t\t\t<\/span>\n\t\t\t\t\t<\/a>\n\t\t\t\t<\/div>\n\t\t\t\t\t\t\t\t<\/div>\n\t\t\t\t<\/div>\n\t\t\t\t<\/div>\n\t\t\t\t\t<\/div>\n\t\t\t\t<\/div>\n\t\t<div class=\"elementor-element elementor-element-1a2451d filter-item e-con-full e-flex e-con e-child\" data-id=\"1a2451d\" data-element_type=\"container\" data-e-type=\"container\" data-settings=\"{&quot;jet_parallax_layout_list&quot;:[]}\">\n\t\t\t\t<div class=\"elementor-element elementor-element-85c78f2 elementor-widget elementor-widget-image\" data-id=\"85c78f2\" data-element_type=\"widget\" data-e-type=\"widget\" data-widget_type=\"image.default\">\n\t\t\t\t<div class=\"elementor-widget-container\">\n\t\t\t\t\t\t\t\t\t\t\t\t\t\t\t\t<a href=\"https:\/\/vive-fuerteventura.com\/en\/sehenswuerdigkeiten-aussichtspunkte\/casa-winter\/\">\n\t\t\t\t\t\t\t<img loading=\"lazy\" decoding=\"async\" width=\"500\" height=\"500\" src=\"https:\/\/vive-fuerteventura.com\/wp-content\/uploads\/2024\/10\/VIVE-Fuerteventura-Museen-Kultur-Casa-Winter_500x500px.jpg\" class=\"attachment-Image Size 500x500 size-Image Size 500x500 wp-image-772\" alt=\"\" srcset=\"https:\/\/vive-fuerteventura.com\/wp-content\/uploads\/2024\/10\/VIVE-Fuerteventura-Museen-Kultur-Casa-Winter_500x500px.jpg 500w, https:\/\/vive-fuerteventura.com\/wp-content\/uploads\/2024\/10\/VIVE-Fuerteventura-Museen-Kultur-Casa-Winter_500x500px-300x300.jpg 300w, https:\/\/vive-fuerteventura.com\/wp-content\/uploads\/2024\/10\/VIVE-Fuerteventura-Museen-Kultur-Casa-Winter_500x500px-150x150.jpg 150w\" sizes=\"(max-width: 500px) 100vw, 500px\" \/>\t\t\t\t\t\t\t\t<\/a>\n\t\t\t\t\t\t\t\t\t\t\t\t\t\t\t<\/div>\n\t\t\t\t<\/div>\n\t\t\t\t<div class=\"elementor-element elementor-element-5415089 elementor-hidden-desktop elementor-hidden-tablet elementor-hidden-mobile elementor-widget elementor-widget-heading\" data-id=\"5415089\" data-element_type=\"widget\" data-e-type=\"widget\" data-widget_type=\"heading.default\">\n\t\t\t\t<div class=\"elementor-widget-container\">\n\t\t\t\t\t<h2 class=\"elementor-heading-title elementor-size-default\">ANTIGUA<\/h2>\t\t\t\t<\/div>\n\t\t\t\t<\/div>\n\t\t<div class=\"elementor-element elementor-element-26e7a28 e-con-full e-flex e-con e-child\" data-id=\"26e7a28\" data-element_type=\"container\" data-e-type=\"container\" data-settings=\"{&quot;jet_parallax_layout_list&quot;:[]}\">\n\t\t\t\t<div class=\"elementor-element elementor-element-0593b6d elementor-mobile-align-justify elementor-widget-mobile__width-inherit elementor-widget elementor-widget-button\" data-id=\"0593b6d\" data-element_type=\"widget\" data-e-type=\"widget\" data-widget_type=\"button.default\">\n\t\t\t\t<div class=\"elementor-widget-container\">\n\t\t\t\t\t\t\t\t\t<div class=\"elementor-button-wrapper\">\n\t\t\t\t\t<a class=\"elementor-button elementor-button-link elementor-size-sm\" href=\"https:\/\/vive-fuerteventura.com\/en\/sehenswuerdigkeiten-aussichtspunkte\/casa-winter\/\">\n\t\t\t\t\t\t<span class=\"elementor-button-content-wrapper\">\n\t\t\t\t\t\t\t\t\t<span class=\"elementor-button-text\">Casa Winter<\/span>\n\t\t\t\t\t<\/span>\n\t\t\t\t\t<\/a>\n\t\t\t\t<\/div>\n\t\t\t\t\t\t\t\t<\/div>\n\t\t\t\t<\/div>\n\t\t\t\t<\/div>\n\t\t\t\t<\/div>\n\t\t<div class=\"elementor-element elementor-element-ca05671 filter-item e-flex e-con-boxed e-con e-child\" data-id=\"ca05671\" data-element_type=\"container\" data-e-type=\"container\" data-settings=\"{&quot;jet_parallax_layout_list&quot;:[]}\">\n\t\t\t\t\t<div class=\"e-con-inner\">\n\t\t\t\t<div class=\"elementor-element elementor-element-4892b30 elementor-widget elementor-widget-image\" data-id=\"4892b30\" data-element_type=\"widget\" data-e-type=\"widget\" data-widget_type=\"image.default\">\n\t\t\t\t<div class=\"elementor-widget-container\">\n\t\t\t\t\t\t\t\t\t\t\t\t\t\t\t\t<a href=\"https:\/\/vive-fuerteventura.com\/en\/sehenswuerdigkeiten-aussichtspunkte\/casitas-de-la-florida\/\">\n\t\t\t\t\t\t\t<img loading=\"lazy\" decoding=\"async\" width=\"500\" height=\"500\" src=\"https:\/\/vive-fuerteventura.com\/wp-content\/uploads\/2025\/04\/VIVE_Pictures_2025-04-03\/IMG_4515La Floridacasitas florida_result-500x500.webp\" class=\"attachment-Image Size 500x500 size-Image Size 500x500 wp-image-12246\" alt=\"\" srcset=\"https:\/\/vive-fuerteventura.com\/wp-content\/uploads\/2025\/04\/VIVE_Pictures_2025-04-03\/IMG_4515La%20Floridacasitas%20florida_result-500x500.webp 500w, https:\/\/vive-fuerteventura.com\/wp-content\/uploads\/2025\/04\/VIVE_Pictures_2025-04-03\/IMG_4515La%20Floridacasitas%20florida_result-150x150.webp 150w\" sizes=\"(max-width: 500px) 100vw, 500px\" \/>\t\t\t\t\t\t\t\t<\/a>\n\t\t\t\t\t\t\t\t\t\t\t\t\t\t\t<\/div>\n\t\t\t\t<\/div>\n\t\t\t\t<div class=\"elementor-element elementor-element-9431ae0 elementor-hidden-desktop elementor-hidden-tablet elementor-hidden-mobile elementor-widget elementor-widget-heading\" data-id=\"9431ae0\" data-element_type=\"widget\" data-e-type=\"widget\" data-widget_type=\"heading.default\">\n\t\t\t\t<div class=\"elementor-widget-container\">\n\t\t\t\t\t<h2 class=\"elementor-heading-title elementor-size-default\">TUINEJE<\/h2>\t\t\t\t<\/div>\n\t\t\t\t<\/div>\n\t\t<div class=\"elementor-element elementor-element-f69ed64 e-con-full e-flex e-con e-child\" data-id=\"f69ed64\" data-element_type=\"container\" data-e-type=\"container\" data-settings=\"{&quot;jet_parallax_layout_list&quot;:[]}\">\n\t\t\t\t<div class=\"elementor-element elementor-element-2d0ecff elementor-mobile-align-justify elementor-widget-mobile__width-inherit elementor-widget elementor-widget-button\" data-id=\"2d0ecff\" data-element_type=\"widget\" data-e-type=\"widget\" data-widget_type=\"button.default\">\n\t\t\t\t<div class=\"elementor-widget-container\">\n\t\t\t\t\t\t\t\t\t<div class=\"elementor-button-wrapper\">\n\t\t\t\t\t<a class=\"elementor-button elementor-button-link elementor-size-sm\" href=\"https:\/\/vive-fuerteventura.com\/en\/sehenswuerdigkeiten-aussichtspunkte\/casitas-de-la-florida\/\">\n\t\t\t\t\t\t<span class=\"elementor-button-content-wrapper\">\n\t\t\t\t\t\t\t\t\t<span class=\"elementor-button-text\">Casitas de La Florida<\/span>\n\t\t\t\t\t<\/span>\n\t\t\t\t\t<\/a>\n\t\t\t\t<\/div>\n\t\t\t\t\t\t\t\t<\/div>\n\t\t\t\t<\/div>\n\t\t\t\t<\/div>\n\t\t\t\t\t<\/div>\n\t\t\t\t<\/div>\n\t\t<div class=\"elementor-element elementor-element-e77fab1 filter-item e-flex e-con-boxed e-con e-child\" data-id=\"e77fab1\" data-element_type=\"container\" data-e-type=\"container\" data-settings=\"{&quot;jet_parallax_layout_list&quot;:[]}\">\n\t\t\t\t\t<div class=\"e-con-inner\">\n\t\t\t\t<div class=\"elementor-element elementor-element-10f7ea4 elementor-widget elementor-widget-image\" data-id=\"10f7ea4\" data-element_type=\"widget\" data-e-type=\"widget\" data-widget_type=\"image.default\">\n\t\t\t\t<div class=\"elementor-widget-container\">\n\t\t\t\t\t\t\t\t\t\t\t\t\t\t\t\t<a href=\"https:\/\/vive-fuerteventura.com\/en\/sehenswuerdigkeiten-aussichtspunkte\/cementerio-de-cofete\/\">\n\t\t\t\t\t\t\t<img loading=\"lazy\" decoding=\"async\" width=\"500\" height=\"500\" src=\"https:\/\/vive-fuerteventura.com\/wp-content\/uploads\/2025\/04\/VIVE_Pictures_2025-04-03\/iStock-1090453406cementerio_result-500x500.webp\" class=\"attachment-Image Size 500x500 size-Image Size 500x500 wp-image-12341\" alt=\"\" srcset=\"https:\/\/vive-fuerteventura.com\/wp-content\/uploads\/2025\/04\/VIVE_Pictures_2025-04-03\/iStock-1090453406cementerio_result-500x500.webp 500w, https:\/\/vive-fuerteventura.com\/wp-content\/uploads\/2025\/04\/VIVE_Pictures_2025-04-03\/iStock-1090453406cementerio_result-150x150.webp 150w\" sizes=\"(max-width: 500px) 100vw, 500px\" \/>\t\t\t\t\t\t\t\t<\/a>\n\t\t\t\t\t\t\t\t\t\t\t\t\t\t\t<\/div>\n\t\t\t\t<\/div>\n\t\t\t\t<div class=\"elementor-element elementor-element-858eda4 elementor-hidden-desktop elementor-hidden-tablet elementor-hidden-mobile elementor-widget elementor-widget-heading\" data-id=\"858eda4\" data-element_type=\"widget\" data-e-type=\"widget\" data-widget_type=\"heading.default\">\n\t\t\t\t<div class=\"elementor-widget-container\">\n\t\t\t\t\t<h2 class=\"elementor-heading-title elementor-size-default\">P\u00c1JARA<\/h2>\t\t\t\t<\/div>\n\t\t\t\t<\/div>\n\t\t<div class=\"elementor-element elementor-element-98990db e-con-full e-flex e-con e-child\" data-id=\"98990db\" data-element_type=\"container\" data-e-type=\"container\" data-settings=\"{&quot;jet_parallax_layout_list&quot;:[]}\">\n\t\t\t\t<div class=\"elementor-element elementor-element-519aaf6 elementor-mobile-align-justify elementor-widget-mobile__width-inherit elementor-widget elementor-widget-button\" data-id=\"519aaf6\" data-element_type=\"widget\" data-e-type=\"widget\" data-widget_type=\"button.default\">\n\t\t\t\t<div class=\"elementor-widget-container\">\n\t\t\t\t\t\t\t\t\t<div class=\"elementor-button-wrapper\">\n\t\t\t\t\t<a class=\"elementor-button elementor-button-link elementor-size-sm\" href=\"https:\/\/vive-fuerteventura.com\/en\/sehenswuerdigkeiten-aussichtspunkte\/cementerio-de-cofete\/\">\n\t\t\t\t\t\t<span class=\"elementor-button-content-wrapper\">\n\t\t\t\t\t\t\t\t\t<span class=\"elementor-button-text\">Cementerio de Cofete<\/span>\n\t\t\t\t\t<\/span>\n\t\t\t\t\t<\/a>\n\t\t\t\t<\/div>\n\t\t\t\t\t\t\t\t<\/div>\n\t\t\t\t<\/div>\n\t\t\t\t<\/div>\n\t\t\t\t\t<\/div>\n\t\t\t\t<\/div>\n\t\t<div class=\"elementor-element elementor-element-07c3bd2 filter-item e-flex e-con-boxed e-con e-child\" data-id=\"07c3bd2\" data-element_type=\"container\" data-e-type=\"container\" data-settings=\"{&quot;jet_parallax_layout_list&quot;:[]}\">\n\t\t\t\t\t<div class=\"e-con-inner\">\n\t\t\t\t<div class=\"elementor-element elementor-element-2191ea2 elementor-widget elementor-widget-image\" data-id=\"2191ea2\" data-element_type=\"widget\" data-e-type=\"widget\" data-widget_type=\"image.default\">\n\t\t\t\t<div class=\"elementor-widget-container\">\n\t\t\t\t\t\t\t\t\t\t\t\t\t\t\t\t<a href=\"https:\/\/vive-fuerteventura.com\/en\/sehenswuerdigkeiten-aussichtspunkte\/cuevas-de-ajuy\/\">\n\t\t\t\t\t\t\t<img loading=\"lazy\" decoding=\"async\" width=\"500\" height=\"500\" src=\"https:\/\/vive-fuerteventura.com\/wp-content\/uploads\/2025\/04\/VIVE_Pictures_2025-04-03\/iStock-1026221386ajuy trail_result-500x500.webp\" class=\"attachment-Image Size 500x500 size-Image Size 500x500 wp-image-12319\" alt=\"\" srcset=\"https:\/\/vive-fuerteventura.com\/wp-content\/uploads\/2025\/04\/VIVE_Pictures_2025-04-03\/iStock-1026221386ajuy%20trail_result-500x500.webp 500w, https:\/\/vive-fuerteventura.com\/wp-content\/uploads\/2025\/04\/VIVE_Pictures_2025-04-03\/iStock-1026221386ajuy%20trail_result-150x150.webp 150w\" sizes=\"(max-width: 500px) 100vw, 500px\" \/>\t\t\t\t\t\t\t\t<\/a>\n\t\t\t\t\t\t\t\t\t\t\t\t\t\t\t<\/div>\n\t\t\t\t<\/div>\n\t\t\t\t<div class=\"elementor-element elementor-element-5886ec9 elementor-hidden-desktop elementor-hidden-tablet elementor-hidden-mobile elementor-widget elementor-widget-heading\" data-id=\"5886ec9\" data-element_type=\"widget\" data-e-type=\"widget\" data-widget_type=\"heading.default\">\n\t\t\t\t<div class=\"elementor-widget-container\">\n\t\t\t\t\t<h2 class=\"elementor-heading-title elementor-size-default\">P\u00c1JARA<\/h2>\t\t\t\t<\/div>\n\t\t\t\t<\/div>\n\t\t<div class=\"elementor-element elementor-element-f8a001c e-con-full e-flex e-con e-child\" data-id=\"f8a001c\" data-element_type=\"container\" data-e-type=\"container\" data-settings=\"{&quot;jet_parallax_layout_list&quot;:[]}\">\n\t\t\t\t<div class=\"elementor-element elementor-element-2304bb2 elementor-mobile-align-justify elementor-widget-mobile__width-inherit elementor-widget elementor-widget-button\" data-id=\"2304bb2\" data-element_type=\"widget\" data-e-type=\"widget\" data-widget_type=\"button.default\">\n\t\t\t\t<div class=\"elementor-widget-container\">\n\t\t\t\t\t\t\t\t\t<div class=\"elementor-button-wrapper\">\n\t\t\t\t\t<a class=\"elementor-button elementor-button-link elementor-size-sm\" href=\"https:\/\/vive-fuerteventura.com\/en\/sehenswuerdigkeiten-aussichtspunkte\/cuevas-de-ajuy\/\">\n\t\t\t\t\t\t<span class=\"elementor-button-content-wrapper\">\n\t\t\t\t\t\t\t\t\t<span class=\"elementor-button-text\">Cuevas de Ajuy<\/span>\n\t\t\t\t\t<\/span>\n\t\t\t\t\t<\/a>\n\t\t\t\t<\/div>\n\t\t\t\t\t\t\t\t<\/div>\n\t\t\t\t<\/div>\n\t\t\t\t<\/div>\n\t\t\t\t\t<\/div>\n\t\t\t\t<\/div>\n\t\t<div class=\"elementor-element elementor-element-9ed09b7 filter-item e-flex e-con-boxed e-con e-child\" data-id=\"9ed09b7\" data-element_type=\"container\" data-e-type=\"container\" data-settings=\"{&quot;jet_parallax_layout_list&quot;:[]}\">\n\t\t\t\t\t<div class=\"e-con-inner\">\n\t\t\t\t<div class=\"elementor-element elementor-element-b8f8856 elementor-widget elementor-widget-image\" data-id=\"b8f8856\" data-element_type=\"widget\" data-e-type=\"widget\" data-widget_type=\"image.default\">\n\t\t\t\t<div class=\"elementor-widget-container\">\n\t\t\t\t\t\t\t\t\t\t\t\t\t\t\t\t<a href=\"https:\/\/vive-fuerteventura.com\/en\/sehenswuerdigkeiten-aussichtspunkte\/dunas-de-corralejo\/\">\n\t\t\t\t\t\t\t<img loading=\"lazy\" decoding=\"async\" width=\"500\" height=\"500\" src=\"https:\/\/vive-fuerteventura.com\/wp-content\/uploads\/2025\/04\/VIVE_Pictures_2025-04-03\/iStock-1484576636dunas_result-500x500.webp\" class=\"attachment-Image Size 500x500 size-Image Size 500x500 wp-image-12602\" alt=\"\" srcset=\"https:\/\/vive-fuerteventura.com\/wp-content\/uploads\/2025\/04\/VIVE_Pictures_2025-04-03\/iStock-1484576636dunas_result-500x500.webp 500w, https:\/\/vive-fuerteventura.com\/wp-content\/uploads\/2025\/04\/VIVE_Pictures_2025-04-03\/iStock-1484576636dunas_result-150x150.webp 150w\" sizes=\"(max-width: 500px) 100vw, 500px\" \/>\t\t\t\t\t\t\t\t<\/a>\n\t\t\t\t\t\t\t\t\t\t\t\t\t\t\t<\/div>\n\t\t\t\t<\/div>\n\t\t\t\t<div class=\"elementor-element elementor-element-0e81675 elementor-hidden-desktop elementor-hidden-tablet elementor-hidden-mobile elementor-widget elementor-widget-heading\" data-id=\"0e81675\" data-element_type=\"widget\" data-e-type=\"widget\" data-widget_type=\"heading.default\">\n\t\t\t\t<div class=\"elementor-widget-container\">\n\t\t\t\t\t<h2 class=\"elementor-heading-title elementor-size-default\">LA OLIVA<\/h2>\t\t\t\t<\/div>\n\t\t\t\t<\/div>\n\t\t<div class=\"elementor-element elementor-element-48600e0 e-con-full e-flex e-con e-child\" data-id=\"48600e0\" data-element_type=\"container\" data-e-type=\"container\" data-settings=\"{&quot;jet_parallax_layout_list&quot;:[]}\">\n\t\t\t\t<div class=\"elementor-element elementor-element-8fc7078 elementor-mobile-align-justify elementor-widget-mobile__width-inherit elementor-widget elementor-widget-button\" data-id=\"8fc7078\" data-element_type=\"widget\" data-e-type=\"widget\" data-widget_type=\"button.default\">\n\t\t\t\t<div class=\"elementor-widget-container\">\n\t\t\t\t\t\t\t\t\t<div class=\"elementor-button-wrapper\">\n\t\t\t\t\t<a class=\"elementor-button elementor-button-link elementor-size-sm\" href=\"https:\/\/vive-fuerteventura.com\/en\/sehenswuerdigkeiten-aussichtspunkte\/dunas-de-corralejo\/\">\n\t\t\t\t\t\t<span class=\"elementor-button-content-wrapper\">\n\t\t\t\t\t\t\t\t\t<span class=\"elementor-button-text\">Dunas de Corralejo<\/span>\n\t\t\t\t\t<\/span>\n\t\t\t\t\t<\/a>\n\t\t\t\t<\/div>\n\t\t\t\t\t\t\t\t<\/div>\n\t\t\t\t<\/div>\n\t\t\t\t<\/div>\n\t\t\t\t\t<\/div>\n\t\t\t\t<\/div>\n\t\t<div class=\"elementor-element elementor-element-4dad022 filter-item e-flex e-con-boxed e-con e-child\" data-id=\"4dad022\" data-element_type=\"container\" data-e-type=\"container\" data-settings=\"{&quot;jet_parallax_layout_list&quot;:[]}\">\n\t\t\t\t\t<div class=\"e-con-inner\">\n\t\t\t\t<div class=\"elementor-element elementor-element-453aeb5 elementor-widget elementor-widget-image\" data-id=\"453aeb5\" data-element_type=\"widget\" data-e-type=\"widget\" data-widget_type=\"image.default\">\n\t\t\t\t<div class=\"elementor-widget-container\">\n\t\t\t\t\t\t\t\t\t\t\t\t\t\t\t\t<a href=\"https:\/\/vive-fuerteventura.com\/en\/sehenswuerdigkeiten-aussichtspunkte\/faro-de-la-entallada\/\">\n\t\t\t\t\t\t\t<img loading=\"lazy\" decoding=\"async\" width=\"500\" height=\"500\" src=\"https:\/\/vive-fuerteventura.com\/wp-content\/uploads\/2025\/04\/VIVE_Pictures_2025-04-03\/iStock-1484576764entallada_result-500x500.webp\" class=\"attachment-Image Size 500x500 size-Image Size 500x500 wp-image-12604\" alt=\"\" srcset=\"https:\/\/vive-fuerteventura.com\/wp-content\/uploads\/2025\/04\/VIVE_Pictures_2025-04-03\/iStock-1484576764entallada_result-500x500.webp 500w, https:\/\/vive-fuerteventura.com\/wp-content\/uploads\/2025\/04\/VIVE_Pictures_2025-04-03\/iStock-1484576764entallada_result-150x150.webp 150w\" sizes=\"(max-width: 500px) 100vw, 500px\" \/>\t\t\t\t\t\t\t\t<\/a>\n\t\t\t\t\t\t\t\t\t\t\t\t\t\t\t<\/div>\n\t\t\t\t<\/div>\n\t\t\t\t<div class=\"elementor-element elementor-element-78c95e8 elementor-hidden-desktop elementor-hidden-tablet elementor-hidden-mobile elementor-widget elementor-widget-heading\" data-id=\"78c95e8\" data-element_type=\"widget\" data-e-type=\"widget\" data-widget_type=\"heading.default\">\n\t\t\t\t<div class=\"elementor-widget-container\">\n\t\t\t\t\t<h2 class=\"elementor-heading-title elementor-size-default\">TUINEJE<\/h2>\t\t\t\t<\/div>\n\t\t\t\t<\/div>\n\t\t<div class=\"elementor-element elementor-element-873ff98 e-con-full e-flex e-con e-child\" data-id=\"873ff98\" data-element_type=\"container\" data-e-type=\"container\" data-settings=\"{&quot;jet_parallax_layout_list&quot;:[]}\">\n\t\t\t\t<div class=\"elementor-element elementor-element-2eb5539 elementor-mobile-align-justify elementor-widget-mobile__width-inherit elementor-widget elementor-widget-button\" data-id=\"2eb5539\" data-element_type=\"widget\" data-e-type=\"widget\" data-widget_type=\"button.default\">\n\t\t\t\t<div class=\"elementor-widget-container\">\n\t\t\t\t\t\t\t\t\t<div class=\"elementor-button-wrapper\">\n\t\t\t\t\t<a class=\"elementor-button elementor-button-link elementor-size-sm\" href=\"https:\/\/vive-fuerteventura.com\/en\/sehenswuerdigkeiten-aussichtspunkte\/faro-de-la-entallada\/\">\n\t\t\t\t\t\t<span class=\"elementor-button-content-wrapper\">\n\t\t\t\t\t\t\t\t\t<span class=\"elementor-button-text\">Faro de la Entallada<\/span>\n\t\t\t\t\t<\/span>\n\t\t\t\t\t<\/a>\n\t\t\t\t<\/div>\n\t\t\t\t\t\t\t\t<\/div>\n\t\t\t\t<\/div>\n\t\t\t\t<\/div>\n\t\t\t\t\t<\/div>\n\t\t\t\t<\/div>\n\t\t<div class=\"elementor-element elementor-element-8847686 filter-item e-flex e-con-boxed e-con e-child\" data-id=\"8847686\" data-element_type=\"container\" data-e-type=\"container\" data-settings=\"{&quot;jet_parallax_layout_list&quot;:[]}\">\n\t\t\t\t\t<div class=\"e-con-inner\">\n\t\t\t\t<div class=\"elementor-element elementor-element-f36732e elementor-widget elementor-widget-image\" data-id=\"f36732e\" data-element_type=\"widget\" data-e-type=\"widget\" data-widget_type=\"image.default\">\n\t\t\t\t<div class=\"elementor-widget-container\">\n\t\t\t\t\t\t\t\t\t\t\t\t\t\t\t\t<a href=\"https:\/\/vive-fuerteventura.com\/en\/sehenswuerdigkeiten-aussichtspunkte\/faro-de-punta-jandia\/\">\n\t\t\t\t\t\t\t<img loading=\"lazy\" decoding=\"async\" width=\"500\" height=\"500\" src=\"https:\/\/vive-fuerteventura.com\/wp-content\/uploads\/2025\/04\/VIVE_Pictures_2025-04-03\/fuerteventura-5006945_1920faro jandia_result-500x500.webp\" class=\"attachment-Image Size 500x500 size-Image Size 500x500 wp-image-12309\" alt=\"\" srcset=\"https:\/\/vive-fuerteventura.com\/wp-content\/uploads\/2025\/04\/VIVE_Pictures_2025-04-03\/fuerteventura-5006945_1920faro%20jandia_result-500x500.webp 500w, https:\/\/vive-fuerteventura.com\/wp-content\/uploads\/2025\/04\/VIVE_Pictures_2025-04-03\/fuerteventura-5006945_1920faro%20jandia_result-150x150.webp 150w\" sizes=\"(max-width: 500px) 100vw, 500px\" \/>\t\t\t\t\t\t\t\t<\/a>\n\t\t\t\t\t\t\t\t\t\t\t\t\t\t\t<\/div>\n\t\t\t\t<\/div>\n\t\t\t\t<div class=\"elementor-element elementor-element-8b4518c elementor-hidden-desktop elementor-hidden-tablet elementor-hidden-mobile elementor-widget elementor-widget-heading\" data-id=\"8b4518c\" data-element_type=\"widget\" data-e-type=\"widget\" data-widget_type=\"heading.default\">\n\t\t\t\t<div class=\"elementor-widget-container\">\n\t\t\t\t\t<h2 class=\"elementor-heading-title elementor-size-default\">P\u00c1JARA<\/h2>\t\t\t\t<\/div>\n\t\t\t\t<\/div>\n\t\t<div class=\"elementor-element elementor-element-854917f e-con-full e-flex e-con e-child\" data-id=\"854917f\" data-element_type=\"container\" data-e-type=\"container\" data-settings=\"{&quot;jet_parallax_layout_list&quot;:[]}\">\n\t\t\t\t<div class=\"elementor-element elementor-element-5bf20a2 elementor-mobile-align-justify elementor-widget-mobile__width-inherit elementor-widget elementor-widget-button\" data-id=\"5bf20a2\" data-element_type=\"widget\" data-e-type=\"widget\" data-widget_type=\"button.default\">\n\t\t\t\t<div class=\"elementor-widget-container\">\n\t\t\t\t\t\t\t\t\t<div class=\"elementor-button-wrapper\">\n\t\t\t\t\t<a class=\"elementor-button elementor-button-link elementor-size-sm\" href=\"https:\/\/vive-fuerteventura.com\/en\/sehenswuerdigkeiten-aussichtspunkte\/faro-de-punta-jandia\/\">\n\t\t\t\t\t\t<span class=\"elementor-button-content-wrapper\">\n\t\t\t\t\t\t\t\t\t<span class=\"elementor-button-text\">Faro de Punta Jand\u00eda<\/span>\n\t\t\t\t\t<\/span>\n\t\t\t\t\t<\/a>\n\t\t\t\t<\/div>\n\t\t\t\t\t\t\t\t<\/div>\n\t\t\t\t<\/div>\n\t\t\t\t<\/div>\n\t\t\t\t\t<\/div>\n\t\t\t\t<\/div>\n\t\t<div class=\"elementor-element elementor-element-a8d2a2c filter-item e-flex e-con-boxed e-con e-child\" data-id=\"a8d2a2c\" data-element_type=\"container\" data-e-type=\"container\" data-settings=\"{&quot;jet_parallax_layout_list&quot;:[]}\">\n\t\t\t\t\t<div class=\"e-con-inner\">\n\t\t\t\t<div class=\"elementor-element elementor-element-dfc2e15 elementor-widget elementor-widget-image\" data-id=\"dfc2e15\" data-element_type=\"widget\" data-e-type=\"widget\" data-widget_type=\"image.default\">\n\t\t\t\t<div class=\"elementor-widget-container\">\n\t\t\t\t\t\t\t\t\t\t\t\t\t\t\t\t<a href=\"https:\/\/vive-fuerteventura.com\/en\/sehenswuerdigkeiten-aussichtspunkte\/faro-de-toston\/\">\n\t\t\t\t\t\t\t<img loading=\"lazy\" decoding=\"async\" width=\"500\" height=\"500\" src=\"https:\/\/vive-fuerteventura.com\/wp-content\/uploads\/2025\/04\/VIVE_Pictures_2025-04-03\/iStock-1447456022faro toston_result-500x500.webp\" class=\"attachment-Image Size 500x500 size-Image Size 500x500 wp-image-12526\" alt=\"\" srcset=\"https:\/\/vive-fuerteventura.com\/wp-content\/uploads\/2025\/04\/VIVE_Pictures_2025-04-03\/iStock-1447456022faro%20toston_result-500x500.webp 500w, https:\/\/vive-fuerteventura.com\/wp-content\/uploads\/2025\/04\/VIVE_Pictures_2025-04-03\/iStock-1447456022faro%20toston_result-150x150.webp 150w\" sizes=\"(max-width: 500px) 100vw, 500px\" \/>\t\t\t\t\t\t\t\t<\/a>\n\t\t\t\t\t\t\t\t\t\t\t\t\t\t\t<\/div>\n\t\t\t\t<\/div>\n\t\t\t\t<div class=\"elementor-element elementor-element-01d6d16 elementor-hidden-desktop elementor-hidden-tablet elementor-hidden-mobile elementor-widget elementor-widget-heading\" data-id=\"01d6d16\" data-element_type=\"widget\" data-e-type=\"widget\" data-widget_type=\"heading.default\">\n\t\t\t\t<div class=\"elementor-widget-container\">\n\t\t\t\t\t<h2 class=\"elementor-heading-title elementor-size-default\">LA OLIVA<\/h2>\t\t\t\t<\/div>\n\t\t\t\t<\/div>\n\t\t<div class=\"elementor-element elementor-element-0cc3c0b e-con-full e-flex e-con e-child\" data-id=\"0cc3c0b\" data-element_type=\"container\" data-e-type=\"container\" data-settings=\"{&quot;jet_parallax_layout_list&quot;:[]}\">\n\t\t\t\t<div class=\"elementor-element elementor-element-6ec906e elementor-mobile-align-justify elementor-widget-mobile__width-inherit elementor-widget elementor-widget-button\" data-id=\"6ec906e\" data-element_type=\"widget\" data-e-type=\"widget\" data-widget_type=\"button.default\">\n\t\t\t\t<div class=\"elementor-widget-container\">\n\t\t\t\t\t\t\t\t\t<div class=\"elementor-button-wrapper\">\n\t\t\t\t\t<a class=\"elementor-button elementor-button-link elementor-size-sm\" href=\"https:\/\/vive-fuerteventura.com\/en\/sehenswuerdigkeiten-aussichtspunkte\/faro-de-toston\/\">\n\t\t\t\t\t\t<span class=\"elementor-button-content-wrapper\">\n\t\t\t\t\t\t\t\t\t<span class=\"elementor-button-text\">Faro de Tost\u00f3n<\/span>\n\t\t\t\t\t<\/span>\n\t\t\t\t\t<\/a>\n\t\t\t\t<\/div>\n\t\t\t\t\t\t\t\t<\/div>\n\t\t\t\t<\/div>\n\t\t\t\t<\/div>\n\t\t\t\t\t<\/div>\n\t\t\t\t<\/div>\n\t\t<div class=\"elementor-element elementor-element-dde57da filter-item e-flex e-con-boxed e-con e-child\" data-id=\"dde57da\" data-element_type=\"container\" data-e-type=\"container\" data-settings=\"{&quot;jet_parallax_layout_list&quot;:[]}\">\n\t\t\t\t\t<div class=\"e-con-inner\">\n\t\t\t\t<div class=\"elementor-element elementor-element-a0974a8 elementor-widget elementor-widget-image\" data-id=\"a0974a8\" data-element_type=\"widget\" data-e-type=\"widget\" data-widget_type=\"image.default\">\n\t\t\t\t<div class=\"elementor-widget-container\">\n\t\t\t\t\t\t\t\t\t\t\t\t\t\t\t\t<a href=\"https:\/\/vive-fuerteventura.com\/en\/sehenswuerdigkeiten-aussichtspunkte\/mirador-astronomico-de-sicasumbre\/\">\n\t\t\t\t\t\t\t<img loading=\"lazy\" decoding=\"async\" width=\"500\" height=\"500\" src=\"https:\/\/vive-fuerteventura.com\/wp-content\/uploads\/2025\/04\/VIVE_Pictures_2025-04-03\/iStock-1394211301sicasumbre_result-500x500.webp\" class=\"attachment-Image Size 500x500 size-Image Size 500x500 wp-image-12485\" alt=\"\" srcset=\"https:\/\/vive-fuerteventura.com\/wp-content\/uploads\/2025\/04\/VIVE_Pictures_2025-04-03\/iStock-1394211301sicasumbre_result-500x500.webp 500w, https:\/\/vive-fuerteventura.com\/wp-content\/uploads\/2025\/04\/VIVE_Pictures_2025-04-03\/iStock-1394211301sicasumbre_result-150x150.webp 150w\" sizes=\"(max-width: 500px) 100vw, 500px\" \/>\t\t\t\t\t\t\t\t<\/a>\n\t\t\t\t\t\t\t\t\t\t\t\t\t\t\t<\/div>\n\t\t\t\t<\/div>\n\t\t\t\t<div class=\"elementor-element elementor-element-25632e4 elementor-hidden-desktop elementor-hidden-tablet elementor-hidden-mobile elementor-widget elementor-widget-heading\" data-id=\"25632e4\" data-element_type=\"widget\" data-e-type=\"widget\" data-widget_type=\"heading.default\">\n\t\t\t\t<div class=\"elementor-widget-container\">\n\t\t\t\t\t<h2 class=\"elementor-heading-title elementor-size-default\">P\u00c1JARA<\/h2>\t\t\t\t<\/div>\n\t\t\t\t<\/div>\n\t\t<div class=\"elementor-element elementor-element-1237ddc e-con-full e-flex e-con e-child\" data-id=\"1237ddc\" data-element_type=\"container\" data-e-type=\"container\" data-settings=\"{&quot;jet_parallax_layout_list&quot;:[]}\">\n\t\t\t\t<div class=\"elementor-element elementor-element-336e000 elementor-mobile-align-justify elementor-widget-mobile__width-inherit elementor-widget elementor-widget-button\" data-id=\"336e000\" data-element_type=\"widget\" data-e-type=\"widget\" data-widget_type=\"button.default\">\n\t\t\t\t<div class=\"elementor-widget-container\">\n\t\t\t\t\t\t\t\t\t<div class=\"elementor-button-wrapper\">\n\t\t\t\t\t<a class=\"elementor-button elementor-button-link elementor-size-sm\" href=\"https:\/\/vive-fuerteventura.com\/en\/sehenswuerdigkeiten-aussichtspunkte\/mirador-astronomico-de-sicasumbre\/\">\n\t\t\t\t\t\t<span class=\"elementor-button-content-wrapper\">\n\t\t\t\t\t\t\t\t\t<span class=\"elementor-button-text\">Mirador de Sicasumbre<\/span>\n\t\t\t\t\t<\/span>\n\t\t\t\t\t<\/a>\n\t\t\t\t<\/div>\n\t\t\t\t\t\t\t\t<\/div>\n\t\t\t\t<\/div>\n\t\t\t\t<\/div>\n\t\t\t\t\t<\/div>\n\t\t\t\t<\/div>\n\t\t<div class=\"elementor-element elementor-element-c60cb15 filter-item e-flex e-con-boxed e-con e-child\" data-id=\"c60cb15\" data-element_type=\"container\" data-e-type=\"container\" data-settings=\"{&quot;jet_parallax_layout_list&quot;:[]}\">\n\t\t\t\t\t<div class=\"e-con-inner\">\n\t\t\t\t<div class=\"elementor-element elementor-element-90bd359 elementor-widget elementor-widget-image\" data-id=\"90bd359\" data-element_type=\"widget\" data-e-type=\"widget\" data-widget_type=\"image.default\">\n\t\t\t\t<div class=\"elementor-widget-container\">\n\t\t\t\t\t\t\t\t\t\t\t\t\t\t\t\t<a href=\"https:\/\/vive-fuerteventura.com\/en\/sehenswuerdigkeiten-aussichtspunkte\/mirador-de-cofete\/\">\n\t\t\t\t\t\t\t<img loading=\"lazy\" decoding=\"async\" width=\"500\" height=\"500\" src=\"https:\/\/vive-fuerteventura.com\/wp-content\/uploads\/2024\/10\/VIVE-Fuerteventura-Beaches-Playa-Cofete_Start-01_555x900px-500x500.jpg\" class=\"attachment-Image Size 500x500 size-Image Size 500x500 wp-image-1059\" alt=\"\" srcset=\"https:\/\/vive-fuerteventura.com\/wp-content\/uploads\/2024\/10\/VIVE-Fuerteventura-Beaches-Playa-Cofete_Start-01_555x900px-500x500.jpg 500w, https:\/\/vive-fuerteventura.com\/wp-content\/uploads\/2024\/10\/VIVE-Fuerteventura-Beaches-Playa-Cofete_Start-01_555x900px-150x150.jpg 150w\" sizes=\"(max-width: 500px) 100vw, 500px\" \/>\t\t\t\t\t\t\t\t<\/a>\n\t\t\t\t\t\t\t\t\t\t\t\t\t\t\t<\/div>\n\t\t\t\t<\/div>\n\t\t\t\t<div class=\"elementor-element elementor-element-3147941 elementor-hidden-desktop elementor-hidden-tablet elementor-hidden-mobile elementor-widget elementor-widget-heading\" data-id=\"3147941\" data-element_type=\"widget\" data-e-type=\"widget\" data-widget_type=\"heading.default\">\n\t\t\t\t<div class=\"elementor-widget-container\">\n\t\t\t\t\t<h2 class=\"elementor-heading-title elementor-size-default\">P\u00c1JARA<\/h2>\t\t\t\t<\/div>\n\t\t\t\t<\/div>\n\t\t<div class=\"elementor-element elementor-element-9917822 e-con-full e-flex e-con e-child\" data-id=\"9917822\" data-element_type=\"container\" data-e-type=\"container\" data-settings=\"{&quot;jet_parallax_layout_list&quot;:[]}\">\n\t\t\t\t<div class=\"elementor-element elementor-element-4180306 elementor-mobile-align-justify elementor-widget-mobile__width-inherit elementor-widget elementor-widget-button\" data-id=\"4180306\" data-element_type=\"widget\" data-e-type=\"widget\" data-widget_type=\"button.default\">\n\t\t\t\t<div class=\"elementor-widget-container\">\n\t\t\t\t\t\t\t\t\t<div class=\"elementor-button-wrapper\">\n\t\t\t\t\t<a class=\"elementor-button elementor-button-link elementor-size-sm\" href=\"https:\/\/vive-fuerteventura.com\/en\/sehenswuerdigkeiten-aussichtspunkte\/mirador-de-cofete\/\">\n\t\t\t\t\t\t<span class=\"elementor-button-content-wrapper\">\n\t\t\t\t\t\t\t\t\t<span class=\"elementor-button-text\">Mirador de Cofete<\/span>\n\t\t\t\t\t<\/span>\n\t\t\t\t\t<\/a>\n\t\t\t\t<\/div>\n\t\t\t\t\t\t\t\t<\/div>\n\t\t\t\t<\/div>\n\t\t\t\t<\/div>\n\t\t\t\t\t<\/div>\n\t\t\t\t<\/div>\n\t\t<div class=\"elementor-element elementor-element-d5d1cbe filter-item e-flex e-con-boxed e-con e-child\" data-id=\"d5d1cbe\" data-element_type=\"container\" data-e-type=\"container\" data-settings=\"{&quot;jet_parallax_layout_list&quot;:[]}\">\n\t\t\t\t\t<div class=\"e-con-inner\">\n\t\t\t\t<div class=\"elementor-element elementor-element-bcf6a9a elementor-widget elementor-widget-image\" data-id=\"bcf6a9a\" data-element_type=\"widget\" data-e-type=\"widget\" data-widget_type=\"image.default\">\n\t\t\t\t<div class=\"elementor-widget-container\">\n\t\t\t\t\t\t\t\t\t\t\t\t\t\t\t\t<a href=\"https:\/\/vive-fuerteventura.com\/en\/sehenswuerdigkeiten-aussichtspunkte\/mirador-de-guisguey\/\">\n\t\t\t\t\t\t\t<img loading=\"lazy\" decoding=\"async\" width=\"500\" height=\"500\" src=\"https:\/\/vive-fuerteventura.com\/wp-content\/uploads\/2025\/04\/VIVE_Pictures_2025-04-03\/IMG_4249guisguey_result-500x500.webp\" class=\"attachment-Image Size 500x500 size-Image Size 500x500 wp-image-12111\" alt=\"\" srcset=\"https:\/\/vive-fuerteventura.com\/wp-content\/uploads\/2025\/04\/VIVE_Pictures_2025-04-03\/IMG_4249guisguey_result-500x500.webp 500w, https:\/\/vive-fuerteventura.com\/wp-content\/uploads\/2025\/04\/VIVE_Pictures_2025-04-03\/IMG_4249guisguey_result-150x150.webp 150w\" sizes=\"(max-width: 500px) 100vw, 500px\" \/>\t\t\t\t\t\t\t\t<\/a>\n\t\t\t\t\t\t\t\t\t\t\t\t\t\t\t<\/div>\n\t\t\t\t<\/div>\n\t\t\t\t<div class=\"elementor-element elementor-element-eb178c6 elementor-hidden-desktop elementor-hidden-tablet elementor-hidden-mobile elementor-widget elementor-widget-heading\" data-id=\"eb178c6\" data-element_type=\"widget\" data-e-type=\"widget\" data-widget_type=\"heading.default\">\n\t\t\t\t<div class=\"elementor-widget-container\">\n\t\t\t\t\t<h2 class=\"elementor-heading-title elementor-size-default\">PUERTO DEL ROSARIO<\/h2>\t\t\t\t<\/div>\n\t\t\t\t<\/div>\n\t\t<div class=\"elementor-element elementor-element-e4e9294 e-con-full e-flex e-con e-child\" data-id=\"e4e9294\" data-element_type=\"container\" data-e-type=\"container\" data-settings=\"{&quot;jet_parallax_layout_list&quot;:[]}\">\n\t\t\t\t<div class=\"elementor-element elementor-element-82f59b2 elementor-mobile-align-justify elementor-widget-mobile__width-inherit elementor-widget elementor-widget-button\" data-id=\"82f59b2\" data-element_type=\"widget\" data-e-type=\"widget\" data-widget_type=\"button.default\">\n\t\t\t\t<div class=\"elementor-widget-container\">\n\t\t\t\t\t\t\t\t\t<div class=\"elementor-button-wrapper\">\n\t\t\t\t\t<a class=\"elementor-button elementor-button-link elementor-size-sm\" href=\"https:\/\/vive-fuerteventura.com\/en\/sehenswuerdigkeiten-aussichtspunkte\/mirador-de-guisguey\/\">\n\t\t\t\t\t\t<span class=\"elementor-button-content-wrapper\">\n\t\t\t\t\t\t\t\t\t<span class=\"elementor-button-text\">Mirador de Guisguey<\/span>\n\t\t\t\t\t<\/span>\n\t\t\t\t\t<\/a>\n\t\t\t\t<\/div>\n\t\t\t\t\t\t\t\t<\/div>\n\t\t\t\t<\/div>\n\t\t\t\t<\/div>\n\t\t\t\t\t<\/div>\n\t\t\t\t<\/div>\n\t\t<div class=\"elementor-element elementor-element-229b0e4 filter-item e-flex e-con-boxed e-con e-child\" data-id=\"229b0e4\" data-element_type=\"container\" data-e-type=\"container\" data-settings=\"{&quot;jet_parallax_layout_list&quot;:[]}\">\n\t\t\t\t\t<div class=\"e-con-inner\">\n\t\t\t\t<div class=\"elementor-element elementor-element-cf448cc elementor-widget elementor-widget-image\" data-id=\"cf448cc\" data-element_type=\"widget\" data-e-type=\"widget\" data-widget_type=\"image.default\">\n\t\t\t\t<div class=\"elementor-widget-container\">\n\t\t\t\t\t\t\t\t\t\t\t\t\t\t\t\t<a href=\"https:\/\/vive-fuerteventura.com\/en\/sehenswuerdigkeiten-aussichtspunkte\/mirador-de-vallebron\/\">\n\t\t\t\t\t\t\t<img loading=\"lazy\" decoding=\"async\" width=\"500\" height=\"500\" src=\"https:\/\/vive-fuerteventura.com\/wp-content\/uploads\/2025\/04\/VIVE_Pictures_2025-04-03\/iStock-1145468183mirador vallebron_result-500x500.webp\" class=\"attachment-Image Size 500x500 size-Image Size 500x500 wp-image-12358\" alt=\"\" srcset=\"https:\/\/vive-fuerteventura.com\/wp-content\/uploads\/2025\/04\/VIVE_Pictures_2025-04-03\/iStock-1145468183mirador%20vallebron_result-500x500.webp 500w, https:\/\/vive-fuerteventura.com\/wp-content\/uploads\/2025\/04\/VIVE_Pictures_2025-04-03\/iStock-1145468183mirador%20vallebron_result-150x150.webp 150w\" sizes=\"(max-width: 500px) 100vw, 500px\" \/>\t\t\t\t\t\t\t\t<\/a>\n\t\t\t\t\t\t\t\t\t\t\t\t\t\t\t<\/div>\n\t\t\t\t<\/div>\n\t\t\t\t<div class=\"elementor-element elementor-element-080fedb elementor-hidden-desktop elementor-hidden-tablet elementor-hidden-mobile elementor-widget elementor-widget-heading\" data-id=\"080fedb\" data-element_type=\"widget\" data-e-type=\"widget\" data-widget_type=\"heading.default\">\n\t\t\t\t<div class=\"elementor-widget-container\">\n\t\t\t\t\t<h2 class=\"elementor-heading-title elementor-size-default\">LA OLIVA<\/h2>\t\t\t\t<\/div>\n\t\t\t\t<\/div>\n\t\t<div class=\"elementor-element elementor-element-03b5f33 e-con-full e-flex e-con e-child\" data-id=\"03b5f33\" data-element_type=\"container\" data-e-type=\"container\" data-settings=\"{&quot;jet_parallax_layout_list&quot;:[]}\">\n\t\t\t\t<div class=\"elementor-element elementor-element-bf5f2f1 elementor-mobile-align-justify elementor-widget-mobile__width-inherit elementor-widget elementor-widget-button\" data-id=\"bf5f2f1\" data-element_type=\"widget\" data-e-type=\"widget\" data-widget_type=\"button.default\">\n\t\t\t\t<div class=\"elementor-widget-container\">\n\t\t\t\t\t\t\t\t\t<div class=\"elementor-button-wrapper\">\n\t\t\t\t\t<a class=\"elementor-button elementor-button-link elementor-size-sm\" href=\"https:\/\/vive-fuerteventura.com\/en\/sehenswuerdigkeiten-aussichtspunkte\/mirador-de-vallebron\/\">\n\t\t\t\t\t\t<span class=\"elementor-button-content-wrapper\">\n\t\t\t\t\t\t\t\t\t<span class=\"elementor-button-text\">Mirador de Valebr\u00f3n<\/span>\n\t\t\t\t\t<\/span>\n\t\t\t\t\t<\/a>\n\t\t\t\t<\/div>\n\t\t\t\t\t\t\t\t<\/div>\n\t\t\t\t<\/div>\n\t\t\t\t<\/div>\n\t\t\t\t\t<\/div>\n\t\t\t\t<\/div>\n\t\t<div class=\"elementor-element elementor-element-f5917ff filter-item e-flex e-con-boxed e-con e-child\" data-id=\"f5917ff\" data-element_type=\"container\" data-e-type=\"container\" data-settings=\"{&quot;jet_parallax_layout_list&quot;:[]}\">\n\t\t\t\t\t<div class=\"e-con-inner\">\n\t\t\t\t<div class=\"elementor-element elementor-element-a5ebeac elementor-widget elementor-widget-image\" data-id=\"a5ebeac\" data-element_type=\"widget\" data-e-type=\"widget\" data-widget_type=\"image.default\">\n\t\t\t\t<div class=\"elementor-widget-container\">\n\t\t\t\t\t\t\t\t\t\t\t\t\t\t\t\t<a href=\"https:\/\/vive-fuerteventura.com\/en\/sehenswuerdigkeiten-aussichtspunkte\/mirador-del-salmo\/\">\n\t\t\t\t\t\t\t<img loading=\"lazy\" decoding=\"async\" width=\"500\" height=\"500\" src=\"https:\/\/vive-fuerteventura.com\/wp-content\/uploads\/2025\/04\/VIVE_Pictures_2025-04-03\/iStock-1288910417salmo_result-500x500.webp\" class=\"attachment-Image Size 500x500 size-Image Size 500x500 wp-image-12434\" alt=\"\" srcset=\"https:\/\/vive-fuerteventura.com\/wp-content\/uploads\/2025\/04\/VIVE_Pictures_2025-04-03\/iStock-1288910417salmo_result-500x500.webp 500w, https:\/\/vive-fuerteventura.com\/wp-content\/uploads\/2025\/04\/VIVE_Pictures_2025-04-03\/iStock-1288910417salmo_result-150x150.webp 150w\" sizes=\"(max-width: 500px) 100vw, 500px\" \/>\t\t\t\t\t\t\t\t<\/a>\n\t\t\t\t\t\t\t\t\t\t\t\t\t\t\t<\/div>\n\t\t\t\t<\/div>\n\t\t\t\t<div class=\"elementor-element elementor-element-64f0740 elementor-hidden-desktop elementor-hidden-tablet elementor-hidden-mobile elementor-widget elementor-widget-heading\" data-id=\"64f0740\" data-element_type=\"widget\" data-e-type=\"widget\" data-widget_type=\"heading.default\">\n\t\t\t\t<div class=\"elementor-widget-container\">\n\t\t\t\t\t<h2 class=\"elementor-heading-title elementor-size-default\">P\u00c1JARA<\/h2>\t\t\t\t<\/div>\n\t\t\t\t<\/div>\n\t\t<div class=\"elementor-element elementor-element-57bbaec e-con-full e-flex e-con e-child\" data-id=\"57bbaec\" data-element_type=\"container\" data-e-type=\"container\" data-settings=\"{&quot;jet_parallax_layout_list&quot;:[]}\">\n\t\t\t\t<div class=\"elementor-element elementor-element-fe8f7af elementor-mobile-align-justify elementor-widget-mobile__width-inherit elementor-widget elementor-widget-button\" data-id=\"fe8f7af\" data-element_type=\"widget\" data-e-type=\"widget\" data-widget_type=\"button.default\">\n\t\t\t\t<div class=\"elementor-widget-container\">\n\t\t\t\t\t\t\t\t\t<div class=\"elementor-button-wrapper\">\n\t\t\t\t\t<a class=\"elementor-button elementor-button-link elementor-size-sm\" href=\"https:\/\/vive-fuerteventura.com\/en\/sehenswuerdigkeiten-aussichtspunkte\/mirador-del-salmo\/\">\n\t\t\t\t\t\t<span class=\"elementor-button-content-wrapper\">\n\t\t\t\t\t\t\t\t\t<span class=\"elementor-button-text\">Mirador del salmo<\/span>\n\t\t\t\t\t<\/span>\n\t\t\t\t\t<\/a>\n\t\t\t\t<\/div>\n\t\t\t\t\t\t\t\t<\/div>\n\t\t\t\t<\/div>\n\t\t\t\t<\/div>\n\t\t\t\t\t<\/div>\n\t\t\t\t<\/div>\n\t\t<div class=\"elementor-element elementor-element-087e5c5 filter-item e-flex e-con-boxed e-con e-child\" data-id=\"087e5c5\" data-element_type=\"container\" data-e-type=\"container\" data-settings=\"{&quot;jet_parallax_layout_list&quot;:[]}\">\n\t\t\t\t\t<div class=\"e-con-inner\">\n\t\t\t\t<div class=\"elementor-element elementor-element-79d389a elementor-widget elementor-widget-image\" data-id=\"79d389a\" data-element_type=\"widget\" data-e-type=\"widget\" data-widget_type=\"image.default\">\n\t\t\t\t<div class=\"elementor-widget-container\">\n\t\t\t\t\t\t\t\t\t\t\t\t\t\t\t\t<a href=\"https:\/\/vive-fuerteventura.com\/en\/sehenswuerdigkeiten-aussichtspunkte\/mirador-guise-y-ayose\/\">\n\t\t\t\t\t\t\t<img loading=\"lazy\" decoding=\"async\" width=\"500\" height=\"500\" src=\"https:\/\/vive-fuerteventura.com\/wp-content\/uploads\/2025\/04\/VIVE_Pictures_2025-04-03\/iStock-1135174703guise ayose_result-500x500.webp\" class=\"attachment-Image Size 500x500 size-Image Size 500x500 wp-image-12356\" alt=\"\" srcset=\"https:\/\/vive-fuerteventura.com\/wp-content\/uploads\/2025\/04\/VIVE_Pictures_2025-04-03\/iStock-1135174703guise%20ayose_result-500x500.webp 500w, https:\/\/vive-fuerteventura.com\/wp-content\/uploads\/2025\/04\/VIVE_Pictures_2025-04-03\/iStock-1135174703guise%20ayose_result-150x150.webp 150w\" sizes=\"(max-width: 500px) 100vw, 500px\" \/>\t\t\t\t\t\t\t\t<\/a>\n\t\t\t\t\t\t\t\t\t\t\t\t\t\t\t<\/div>\n\t\t\t\t<\/div>\n\t\t\t\t<div class=\"elementor-element elementor-element-22d9d37 elementor-hidden-desktop elementor-hidden-tablet elementor-hidden-mobile elementor-widget elementor-widget-heading\" data-id=\"22d9d37\" data-element_type=\"widget\" data-e-type=\"widget\" data-widget_type=\"heading.default\">\n\t\t\t\t<div class=\"elementor-widget-container\">\n\t\t\t\t\t<h2 class=\"elementor-heading-title elementor-size-default\">BETANCURIA<\/h2>\t\t\t\t<\/div>\n\t\t\t\t<\/div>\n\t\t<div class=\"elementor-element elementor-element-bd2f35b e-con-full e-flex e-con e-child\" data-id=\"bd2f35b\" data-element_type=\"container\" data-e-type=\"container\" data-settings=\"{&quot;jet_parallax_layout_list&quot;:[]}\">\n\t\t\t\t<div class=\"elementor-element elementor-element-24f3b3f elementor-mobile-align-justify elementor-widget-mobile__width-inherit elementor-widget elementor-widget-button\" data-id=\"24f3b3f\" data-element_type=\"widget\" data-e-type=\"widget\" data-widget_type=\"button.default\">\n\t\t\t\t<div class=\"elementor-widget-container\">\n\t\t\t\t\t\t\t\t\t<div class=\"elementor-button-wrapper\">\n\t\t\t\t\t<a class=\"elementor-button elementor-button-link elementor-size-sm\" href=\"https:\/\/vive-fuerteventura.com\/en\/sehenswuerdigkeiten-aussichtspunkte\/mirador-guise-y-ayose\/\">\n\t\t\t\t\t\t<span class=\"elementor-button-content-wrapper\">\n\t\t\t\t\t\t\t\t\t<span class=\"elementor-button-text\">Mirador de Guise y Ayose<\/span>\n\t\t\t\t\t<\/span>\n\t\t\t\t\t<\/a>\n\t\t\t\t<\/div>\n\t\t\t\t\t\t\t\t<\/div>\n\t\t\t\t<\/div>\n\t\t\t\t<\/div>\n\t\t\t\t\t<\/div>\n\t\t\t\t<\/div>\n\t\t<div class=\"elementor-element elementor-element-75c2e76 filter-item e-flex e-con-boxed e-con e-child\" data-id=\"75c2e76\" data-element_type=\"container\" data-e-type=\"container\" data-settings=\"{&quot;jet_parallax_layout_list&quot;:[]}\">\n\t\t\t\t\t<div class=\"e-con-inner\">\n\t\t\t\t<div class=\"elementor-element elementor-element-2fd5c12 elementor-widget elementor-widget-image\" data-id=\"2fd5c12\" data-element_type=\"widget\" data-e-type=\"widget\" data-widget_type=\"image.default\">\n\t\t\t\t<div class=\"elementor-widget-container\">\n\t\t\t\t\t\t\t\t\t\t\t\t\t\t\t\t<a href=\"https:\/\/vive-fuerteventura.com\/en\/sehenswuerdigkeiten-aussichtspunkte\/mirador-risco-de-las-penas\/\">\n\t\t\t\t\t\t\t<img loading=\"lazy\" decoding=\"async\" width=\"500\" height=\"500\" src=\"https:\/\/vive-fuerteventura.com\/wp-content\/uploads\/2025\/04\/VIVE_Pictures_2025-04-03\/iStock-1370303190risco penas_result-500x500.webp\" class=\"attachment-Image Size 500x500 size-Image Size 500x500 wp-image-12473\" alt=\"\" srcset=\"https:\/\/vive-fuerteventura.com\/wp-content\/uploads\/2025\/04\/VIVE_Pictures_2025-04-03\/iStock-1370303190risco%20penas_result-500x500.webp 500w, https:\/\/vive-fuerteventura.com\/wp-content\/uploads\/2025\/04\/VIVE_Pictures_2025-04-03\/iStock-1370303190risco%20penas_result-150x150.webp 150w\" sizes=\"(max-width: 500px) 100vw, 500px\" \/>\t\t\t\t\t\t\t\t<\/a>\n\t\t\t\t\t\t\t\t\t\t\t\t\t\t\t<\/div>\n\t\t\t\t<\/div>\n\t\t\t\t<div class=\"elementor-element elementor-element-e24a0e1 elementor-hidden-desktop elementor-hidden-tablet elementor-hidden-mobile elementor-widget elementor-widget-heading\" data-id=\"e24a0e1\" data-element_type=\"widget\" data-e-type=\"widget\" data-widget_type=\"heading.default\">\n\t\t\t\t<div class=\"elementor-widget-container\">\n\t\t\t\t\t<h2 class=\"elementor-heading-title elementor-size-default\">BETANCURIA<\/h2>\t\t\t\t<\/div>\n\t\t\t\t<\/div>\n\t\t<div class=\"elementor-element elementor-element-23306f8 e-con-full e-flex e-con e-child\" data-id=\"23306f8\" data-element_type=\"container\" data-e-type=\"container\" data-settings=\"{&quot;jet_parallax_layout_list&quot;:[]}\">\n\t\t\t\t<div class=\"elementor-element elementor-element-d4992f6 elementor-mobile-align-justify elementor-widget-mobile__width-inherit elementor-widget elementor-widget-button\" data-id=\"d4992f6\" data-element_type=\"widget\" data-e-type=\"widget\" data-widget_type=\"button.default\">\n\t\t\t\t<div class=\"elementor-widget-container\">\n\t\t\t\t\t\t\t\t\t<div class=\"elementor-button-wrapper\">\n\t\t\t\t\t<a class=\"elementor-button elementor-button-link elementor-size-sm\" href=\"https:\/\/vive-fuerteventura.com\/en\/sehenswuerdigkeiten-aussichtspunkte\/mirador-risco-de-las-penas\/\">\n\t\t\t\t\t\t<span class=\"elementor-button-content-wrapper\">\n\t\t\t\t\t\t\t\t\t<span class=\"elementor-button-text\">Mirador de Las Pe\u00f1as<\/span>\n\t\t\t\t\t<\/span>\n\t\t\t\t\t<\/a>\n\t\t\t\t<\/div>\n\t\t\t\t\t\t\t\t<\/div>\n\t\t\t\t<\/div>\n\t\t\t\t<\/div>\n\t\t\t\t\t<\/div>\n\t\t\t\t<\/div>\n\t\t<div class=\"elementor-element elementor-element-bf11ef8 filter-item e-flex e-con-boxed e-con e-child\" data-id=\"bf11ef8\" data-element_type=\"container\" data-e-type=\"container\" data-settings=\"{&quot;jet_parallax_layout_list&quot;:[]}\">\n\t\t\t\t\t<div class=\"e-con-inner\">\n\t\t\t\t<div class=\"elementor-element elementor-element-9100fc7 elementor-widget elementor-widget-image\" data-id=\"9100fc7\" data-element_type=\"widget\" data-e-type=\"widget\" data-widget_type=\"image.default\">\n\t\t\t\t<div class=\"elementor-widget-container\">\n\t\t\t\t\t\t\t\t\t\t\t\t\t\t\t\t<a href=\"https:\/\/vive-fuerteventura.com\/en\/sehenswuerdigkeiten-aussichtspunkte\/molino-de-el-roque\/\">\n\t\t\t\t\t\t\t<img loading=\"lazy\" decoding=\"async\" width=\"500\" height=\"500\" src=\"https:\/\/vive-fuerteventura.com\/wp-content\/uploads\/2025\/04\/VIVE_Pictures_2025-04-03\/iStock-1474555033molino el roque_result-500x500.webp\" class=\"attachment-Image Size 500x500 size-Image Size 500x500 wp-image-12586\" alt=\"\" srcset=\"https:\/\/vive-fuerteventura.com\/wp-content\/uploads\/2025\/04\/VIVE_Pictures_2025-04-03\/iStock-1474555033molino%20el%20roque_result-500x500.webp 500w, https:\/\/vive-fuerteventura.com\/wp-content\/uploads\/2025\/04\/VIVE_Pictures_2025-04-03\/iStock-1474555033molino%20el%20roque_result-150x150.webp 150w\" sizes=\"(max-width: 500px) 100vw, 500px\" \/>\t\t\t\t\t\t\t\t<\/a>\n\t\t\t\t\t\t\t\t\t\t\t\t\t\t\t<\/div>\n\t\t\t\t<\/div>\n\t\t\t\t<div class=\"elementor-element elementor-element-2b2007a elementor-hidden-desktop elementor-hidden-tablet elementor-hidden-mobile elementor-widget elementor-widget-heading\" data-id=\"2b2007a\" data-element_type=\"widget\" data-e-type=\"widget\" data-widget_type=\"heading.default\">\n\t\t\t\t<div class=\"elementor-widget-container\">\n\t\t\t\t\t<h2 class=\"elementor-heading-title elementor-size-default\">LA OLIVA<\/h2>\t\t\t\t<\/div>\n\t\t\t\t<\/div>\n\t\t<div class=\"elementor-element elementor-element-4f16bff e-con-full e-flex e-con e-child\" data-id=\"4f16bff\" data-element_type=\"container\" data-e-type=\"container\" data-settings=\"{&quot;jet_parallax_layout_list&quot;:[]}\">\n\t\t\t\t<div class=\"elementor-element elementor-element-9f9cd64 elementor-mobile-align-justify elementor-widget-mobile__width-inherit elementor-widget elementor-widget-button\" data-id=\"9f9cd64\" data-element_type=\"widget\" data-e-type=\"widget\" data-widget_type=\"button.default\">\n\t\t\t\t<div class=\"elementor-widget-container\">\n\t\t\t\t\t\t\t\t\t<div class=\"elementor-button-wrapper\">\n\t\t\t\t\t<a class=\"elementor-button elementor-button-link elementor-size-sm\" href=\"https:\/\/vive-fuerteventura.com\/en\/sehenswuerdigkeiten-aussichtspunkte\/molino-de-el-roque\/\">\n\t\t\t\t\t\t<span class=\"elementor-button-content-wrapper\">\n\t\t\t\t\t\t\t\t\t<span class=\"elementor-button-text\">Molino de El Roque<\/span>\n\t\t\t\t\t<\/span>\n\t\t\t\t\t<\/a>\n\t\t\t\t<\/div>\n\t\t\t\t\t\t\t\t<\/div>\n\t\t\t\t<\/div>\n\t\t\t\t<\/div>\n\t\t\t\t\t<\/div>\n\t\t\t\t<\/div>\n\t\t<div class=\"elementor-element elementor-element-7adcfe1 filter-item e-flex e-con-boxed e-con e-child\" data-id=\"7adcfe1\" data-element_type=\"container\" data-e-type=\"container\" data-settings=\"{&quot;jet_parallax_layout_list&quot;:[]}\">\n\t\t\t\t\t<div class=\"e-con-inner\">\n\t\t\t\t<div class=\"elementor-element elementor-element-fc84ff6 elementor-widget elementor-widget-image\" data-id=\"fc84ff6\" data-element_type=\"widget\" data-e-type=\"widget\" data-widget_type=\"image.default\">\n\t\t\t\t<div class=\"elementor-widget-container\">\n\t\t\t\t\t\t\t\t\t\t\t\t\t\t\t\t<a href=\"https:\/\/vive-fuerteventura.com\/en\/sehenswuerdigkeiten-aussichtspunkte\/molino-de-tefia\/\">\n\t\t\t\t\t\t\t<img loading=\"lazy\" decoding=\"async\" width=\"500\" height=\"500\" src=\"https:\/\/vive-fuerteventura.com\/wp-content\/uploads\/2025\/04\/VIVE_Pictures_2025-04-03\/iStock-693826866molino tefia_result-500x500.webp\" class=\"attachment-Image Size 500x500 size-Image Size 500x500 wp-image-12937\" alt=\"\" srcset=\"https:\/\/vive-fuerteventura.com\/wp-content\/uploads\/2025\/04\/VIVE_Pictures_2025-04-03\/iStock-693826866molino%20tefia_result-500x500.webp 500w, https:\/\/vive-fuerteventura.com\/wp-content\/uploads\/2025\/04\/VIVE_Pictures_2025-04-03\/iStock-693826866molino%20tefia_result-150x150.webp 150w\" sizes=\"(max-width: 500px) 100vw, 500px\" \/>\t\t\t\t\t\t\t\t<\/a>\n\t\t\t\t\t\t\t\t\t\t\t\t\t\t\t<\/div>\n\t\t\t\t<\/div>\n\t\t\t\t<div class=\"elementor-element elementor-element-b66a55b elementor-hidden-desktop elementor-hidden-tablet elementor-hidden-mobile elementor-widget elementor-widget-heading\" data-id=\"b66a55b\" data-element_type=\"widget\" data-e-type=\"widget\" data-widget_type=\"heading.default\">\n\t\t\t\t<div class=\"elementor-widget-container\">\n\t\t\t\t\t<h2 class=\"elementor-heading-title elementor-size-default\">PUERTO DEL ROSARIO<\/h2>\t\t\t\t<\/div>\n\t\t\t\t<\/div>\n\t\t<div class=\"elementor-element elementor-element-e6977e0 e-con-full e-flex e-con e-child\" data-id=\"e6977e0\" data-element_type=\"container\" data-e-type=\"container\" data-settings=\"{&quot;jet_parallax_layout_list&quot;:[]}\">\n\t\t\t\t<div class=\"elementor-element elementor-element-a64e490 elementor-mobile-align-justify elementor-widget-mobile__width-inherit elementor-widget elementor-widget-button\" data-id=\"a64e490\" data-element_type=\"widget\" data-e-type=\"widget\" data-widget_type=\"button.default\">\n\t\t\t\t<div class=\"elementor-widget-container\">\n\t\t\t\t\t\t\t\t\t<div class=\"elementor-button-wrapper\">\n\t\t\t\t\t<a class=\"elementor-button elementor-button-link elementor-size-sm\" href=\"https:\/\/vive-fuerteventura.com\/en\/sehenswuerdigkeiten-aussichtspunkte\/molino-de-tefia\/\">\n\t\t\t\t\t\t<span class=\"elementor-button-content-wrapper\">\n\t\t\t\t\t\t\t\t\t<span class=\"elementor-button-text\">Molino de Tef\u00eda<\/span>\n\t\t\t\t\t<\/span>\n\t\t\t\t\t<\/a>\n\t\t\t\t<\/div>\n\t\t\t\t\t\t\t\t<\/div>\n\t\t\t\t<\/div>\n\t\t\t\t<\/div>\n\t\t\t\t\t<\/div>\n\t\t\t\t<\/div>\n\t\t<div class=\"elementor-element elementor-element-4711960 filter-item e-flex e-con-boxed e-con e-child\" data-id=\"4711960\" data-element_type=\"container\" data-e-type=\"container\" data-settings=\"{&quot;jet_parallax_layout_list&quot;:[]}\">\n\t\t\t\t\t<div class=\"e-con-inner\">\n\t\t\t\t<div class=\"elementor-element elementor-element-4fd61c4 elementor-widget elementor-widget-image\" data-id=\"4fd61c4\" data-element_type=\"widget\" data-e-type=\"widget\" data-widget_type=\"image.default\">\n\t\t\t\t<div class=\"elementor-widget-container\">\n\t\t\t\t\t\t\t\t\t\t\t\t\t\t\t\t<a href=\"https:\/\/vive-fuerteventura.com\/en\/sehenswuerdigkeiten-aussichtspunkte\/molinos-de-villaverde\/\">\n\t\t\t\t\t\t\t<img loading=\"lazy\" decoding=\"async\" width=\"500\" height=\"500\" src=\"https:\/\/vive-fuerteventura.com\/wp-content\/uploads\/2025\/04\/VIVE_Pictures_2025-04-03\/iStock-1475120256villaverde_result-500x500.webp\" class=\"attachment-Image Size 500x500 size-Image Size 500x500 wp-image-12588\" alt=\"\" srcset=\"https:\/\/vive-fuerteventura.com\/wp-content\/uploads\/2025\/04\/VIVE_Pictures_2025-04-03\/iStock-1475120256villaverde_result-500x500.webp 500w, https:\/\/vive-fuerteventura.com\/wp-content\/uploads\/2025\/04\/VIVE_Pictures_2025-04-03\/iStock-1475120256villaverde_result-150x150.webp 150w\" sizes=\"(max-width: 500px) 100vw, 500px\" \/>\t\t\t\t\t\t\t\t<\/a>\n\t\t\t\t\t\t\t\t\t\t\t\t\t\t\t<\/div>\n\t\t\t\t<\/div>\n\t\t\t\t<div class=\"elementor-element elementor-element-98c2621 elementor-hidden-desktop elementor-hidden-tablet elementor-hidden-mobile elementor-widget elementor-widget-heading\" data-id=\"98c2621\" data-element_type=\"widget\" data-e-type=\"widget\" data-widget_type=\"heading.default\">\n\t\t\t\t<div class=\"elementor-widget-container\">\n\t\t\t\t\t<h2 class=\"elementor-heading-title elementor-size-default\">LA OLIVA<\/h2>\t\t\t\t<\/div>\n\t\t\t\t<\/div>\n\t\t<div class=\"elementor-element elementor-element-0d95bf7 e-con-full e-flex e-con e-child\" data-id=\"0d95bf7\" data-element_type=\"container\" data-e-type=\"container\" data-settings=\"{&quot;jet_parallax_layout_list&quot;:[]}\">\n\t\t\t\t<div class=\"elementor-element elementor-element-781ce43 elementor-mobile-align-justify elementor-widget-mobile__width-inherit elementor-widget elementor-widget-button\" data-id=\"781ce43\" data-element_type=\"widget\" data-e-type=\"widget\" data-widget_type=\"button.default\">\n\t\t\t\t<div class=\"elementor-widget-container\">\n\t\t\t\t\t\t\t\t\t<div class=\"elementor-button-wrapper\">\n\t\t\t\t\t<a class=\"elementor-button elementor-button-link elementor-size-sm\" href=\"https:\/\/vive-fuerteventura.com\/en\/sehenswuerdigkeiten-aussichtspunkte\/molinos-de-villaverde\/\">\n\t\t\t\t\t\t<span class=\"elementor-button-content-wrapper\">\n\t\t\t\t\t\t\t\t\t<span class=\"elementor-button-text\">Molinos de Villaverde<\/span>\n\t\t\t\t\t<\/span>\n\t\t\t\t\t<\/a>\n\t\t\t\t<\/div>\n\t\t\t\t\t\t\t\t<\/div>\n\t\t\t\t<\/div>\n\t\t\t\t<\/div>\n\t\t\t\t\t<\/div>\n\t\t\t\t<\/div>\n\t\t<div class=\"elementor-element elementor-element-34c7c5b filter-item e-flex e-con-boxed e-con e-child\" data-id=\"34c7c5b\" data-element_type=\"container\" data-e-type=\"container\" data-settings=\"{&quot;jet_parallax_layout_list&quot;:[]}\">\n\t\t\t\t\t<div class=\"e-con-inner\">\n\t\t\t\t<div class=\"elementor-element elementor-element-c0f9e22 elementor-widget elementor-widget-image\" data-id=\"c0f9e22\" data-element_type=\"widget\" data-e-type=\"widget\" data-widget_type=\"image.default\">\n\t\t\t\t<div class=\"elementor-widget-container\">\n\t\t\t\t\t\t\t\t\t\t\t\t\t\t\t\t<a href=\"https:\/\/vive-fuerteventura.com\/en\/sehenswuerdigkeiten-aussichtspunkte\/montana-tindaya\/\">\n\t\t\t\t\t\t\t<img loading=\"lazy\" decoding=\"async\" width=\"500\" height=\"500\" src=\"https:\/\/vive-fuerteventura.com\/wp-content\/uploads\/2025\/09\/IMG_7368_resultMontana-Tindaya-500x500.jpg\" class=\"attachment-Image Size 500x500 size-Image Size 500x500 wp-image-34016\" alt=\"\" srcset=\"https:\/\/vive-fuerteventura.com\/wp-content\/uploads\/2025\/09\/IMG_7368_resultMontana-Tindaya-500x500.jpg 500w, https:\/\/vive-fuerteventura.com\/wp-content\/uploads\/2025\/09\/IMG_7368_resultMontana-Tindaya-150x150.jpg 150w\" sizes=\"(max-width: 500px) 100vw, 500px\" \/>\t\t\t\t\t\t\t\t<\/a>\n\t\t\t\t\t\t\t\t\t\t\t\t\t\t\t<\/div>\n\t\t\t\t<\/div>\n\t\t\t\t<div class=\"elementor-element elementor-element-b27e07b elementor-hidden-desktop elementor-hidden-tablet elementor-hidden-mobile elementor-widget elementor-widget-heading\" data-id=\"b27e07b\" data-element_type=\"widget\" data-e-type=\"widget\" data-widget_type=\"heading.default\">\n\t\t\t\t<div class=\"elementor-widget-container\">\n\t\t\t\t\t<h2 class=\"elementor-heading-title elementor-size-default\">LA OLIVA<\/h2>\t\t\t\t<\/div>\n\t\t\t\t<\/div>\n\t\t<div class=\"elementor-element elementor-element-c67b56e e-con-full e-flex e-con e-child\" data-id=\"c67b56e\" data-element_type=\"container\" data-e-type=\"container\" data-settings=\"{&quot;jet_parallax_layout_list&quot;:[]}\">\n\t\t\t\t<div class=\"elementor-element elementor-element-0954d64 elementor-mobile-align-justify elementor-widget-mobile__width-inherit elementor-widget elementor-widget-button\" data-id=\"0954d64\" data-element_type=\"widget\" data-e-type=\"widget\" data-widget_type=\"button.default\">\n\t\t\t\t<div class=\"elementor-widget-container\">\n\t\t\t\t\t\t\t\t\t<div class=\"elementor-button-wrapper\">\n\t\t\t\t\t<a class=\"elementor-button elementor-button-link elementor-size-sm\" href=\"https:\/\/vive-fuerteventura.com\/en\/sehenswuerdigkeiten-aussichtspunkte\/montana-tindaya\/\">\n\t\t\t\t\t\t<span class=\"elementor-button-content-wrapper\">\n\t\t\t\t\t\t\t\t\t<span class=\"elementor-button-text\">Monta\u00f1a de Tindaya<\/span>\n\t\t\t\t\t<\/span>\n\t\t\t\t\t<\/a>\n\t\t\t\t<\/div>\n\t\t\t\t\t\t\t\t<\/div>\n\t\t\t\t<\/div>\n\t\t\t\t<\/div>\n\t\t\t\t\t<\/div>\n\t\t\t\t<\/div>\n\t\t<div class=\"elementor-element elementor-element-3a0c855 filter-item e-flex e-con-boxed e-con e-child\" data-id=\"3a0c855\" data-element_type=\"container\" data-e-type=\"container\" data-settings=\"{&quot;jet_parallax_layout_list&quot;:[]}\">\n\t\t\t\t\t<div class=\"e-con-inner\">\n\t\t\t\t<div class=\"elementor-element elementor-element-a95669e elementor-widget elementor-widget-image\" data-id=\"a95669e\" data-element_type=\"widget\" data-e-type=\"widget\" data-widget_type=\"image.default\">\n\t\t\t\t<div class=\"elementor-widget-container\">\n\t\t\t\t\t\t\t\t\t\t\t\t\t\t\t\t<a href=\"https:\/\/vive-fuerteventura.com\/en\/sehenswuerdigkeiten-aussichtspunkte\/roque-del-moro\/\">\n\t\t\t\t\t\t\t<img loading=\"lazy\" decoding=\"async\" width=\"500\" height=\"500\" src=\"https:\/\/vive-fuerteventura.com\/wp-content\/uploads\/2025\/04\/VIVE_Pictures_2025-04-03\/iStock-1326279532roque del moro_result-500x500.webp\" class=\"attachment-Image Size 500x500 size-Image Size 500x500 wp-image-12454\" alt=\"\" srcset=\"https:\/\/vive-fuerteventura.com\/wp-content\/uploads\/2025\/04\/VIVE_Pictures_2025-04-03\/iStock-1326279532roque%20del%20moro_result-500x500.webp 500w, https:\/\/vive-fuerteventura.com\/wp-content\/uploads\/2025\/04\/VIVE_Pictures_2025-04-03\/iStock-1326279532roque%20del%20moro_result-150x150.webp 150w\" sizes=\"(max-width: 500px) 100vw, 500px\" \/>\t\t\t\t\t\t\t\t<\/a>\n\t\t\t\t\t\t\t\t\t\t\t\t\t\t\t<\/div>\n\t\t\t\t<\/div>\n\t\t\t\t<div class=\"elementor-element elementor-element-aa9066e elementor-hidden-desktop elementor-hidden-tablet elementor-hidden-mobile elementor-widget elementor-widget-heading\" data-id=\"aa9066e\" data-element_type=\"widget\" data-e-type=\"widget\" data-widget_type=\"heading.default\">\n\t\t\t\t<div class=\"elementor-widget-container\">\n\t\t\t\t\t<h2 class=\"elementor-heading-title elementor-size-default\">P\u00c1JARA<\/h2>\t\t\t\t<\/div>\n\t\t\t\t<\/div>\n\t\t<div class=\"elementor-element elementor-element-ccdd1d8 e-con-full e-flex e-con e-child\" data-id=\"ccdd1d8\" data-element_type=\"container\" data-e-type=\"container\" data-settings=\"{&quot;jet_parallax_layout_list&quot;:[]}\">\n\t\t\t\t<div class=\"elementor-element elementor-element-bd314fe elementor-mobile-align-justify elementor-widget-mobile__width-inherit elementor-widget elementor-widget-button\" data-id=\"bd314fe\" data-element_type=\"widget\" data-e-type=\"widget\" data-widget_type=\"button.default\">\n\t\t\t\t<div class=\"elementor-widget-container\">\n\t\t\t\t\t\t\t\t\t<div class=\"elementor-button-wrapper\">\n\t\t\t\t\t<a class=\"elementor-button elementor-button-link elementor-size-sm\" href=\"https:\/\/vive-fuerteventura.com\/en\/sehenswuerdigkeiten-aussichtspunkte\/roque-del-moro\/\">\n\t\t\t\t\t\t<span class=\"elementor-button-content-wrapper\">\n\t\t\t\t\t\t\t\t\t<span class=\"elementor-button-text\">Roque del Moro<\/span>\n\t\t\t\t\t<\/span>\n\t\t\t\t\t<\/a>\n\t\t\t\t<\/div>\n\t\t\t\t\t\t\t\t<\/div>\n\t\t\t\t<\/div>\n\t\t\t\t<\/div>\n\t\t\t\t\t<\/div>\n\t\t\t\t<\/div>\n\t\t\t\t<\/div>\n\t\t\t\t\t<\/div>\n\t\t\t\t<\/div>\n\t\t<div class=\"elementor-element elementor-element-201662e e-flex e-con-boxed e-con e-parent\" data-id=\"201662e\" data-element_type=\"container\" data-e-type=\"container\" data-settings=\"{&quot;jet_parallax_layout_list&quot;:[],&quot;background_background&quot;:&quot;classic&quot;,&quot;shape_divider_top&quot;:&quot;mountains&quot;}\">\n\t\t\t\t\t<div class=\"e-con-inner\">\n\t\t\t\t<div class=\"elementor-shape elementor-shape-top\" aria-hidden=\"true\" data-negative=\"false\">\n\t\t\t<svg xmlns=\"http:\/\/www.w3.org\/2000\/svg\" viewbox=\"0 0 1000 100\" preserveaspectratio=\"none\">\n\t<path class=\"elementor-shape-fill\" opacity=\"0.33\" d=\"M473,67.3c-203.9,88.3-263.1-34-320.3,0C66,119.1,0,59.7,0,59.7V0h1000v59.7 c0,0-62.1,26.1-94.9,29.3c-32.8,3.3-62.8-12.3-75.8-22.1C806,49.6,745.3,8.7,694.9,4.7S492.4,59,473,67.3z\"\/>\n\t<path class=\"elementor-shape-fill\" opacity=\"0.66\" d=\"M734,67.3c-45.5,0-77.2-23.2-129.1-39.1c-28.6-8.7-150.3-10.1-254,39.1 s-91.7-34.4-149.2,0C115.7,118.3,0,39.8,0,39.8V0h1000v36.5c0,0-28.2-18.5-92.1-18.5C810.2,18.1,775.7,67.3,734,67.3z\"\/>\n\t<path class=\"elementor-shape-fill\" d=\"M766.1,28.9c-200-57.5-266,65.5-395.1,19.5C242,1.8,242,5.4,184.8,20.6C128,35.8,132.3,44.9,89.9,52.5C28.6,63.7,0,0,0,0 h1000c0,0-9.9,40.9-83.6,48.1S829.6,47,766.1,28.9z\"\/>\n<\/svg>\t\t<\/div>\n\t\t\t\t<div class=\"elementor-element elementor-element-a2b8ef2 elementor-icon-list--layout-traditional elementor-list-item-link-full_width elementor-widget elementor-widget-icon-list\" data-id=\"a2b8ef2\" data-element_type=\"widget\" data-e-type=\"widget\" data-settings=\"{&quot;_animation_mobile&quot;:&quot;slideInLeft&quot;}\" data-widget_type=\"icon-list.default\">\n\t\t\t\t<div class=\"elementor-widget-container\">\n\t\t\t\t\t\t\t<ul class=\"elementor-icon-list-items\">\n\t\t\t\t\t\t\t<li class=\"elementor-icon-list-item\">\n\t\t\t\t\t\t\t\t\t\t\t<span class=\"elementor-icon-list-icon\">\n\t\t\t\t\t\t\t<svg aria-hidden=\"true\" class=\"e-font-icon-svg e-fas-angle-double-down\" viewbox=\"0 0 320 512\" xmlns=\"http:\/\/www.w3.org\/2000\/svg\"><path d=\"M143 256.3L7 120.3c-9.4-9.4-9.4-24.6 0-33.9l22.6-22.6c9.4-9.4 24.6-9.4 33.9 0l96.4 96.4 96.4-96.4c9.4-9.4 24.6-9.4 33.9 0L313 86.3c9.4 9.4 9.4 24.6 0 33.9l-136 136c-9.4 9.5-24.6 9.5-34 .1zm34 192l136-136c9.4-9.4 9.4-24.6 0-33.9l-22.6-22.6c-9.4-9.4-24.6-9.4-33.9 0L160 352.1l-96.4-96.4c-9.4-9.4-24.6-9.4-33.9 0L7 278.3c-9.4 9.4-9.4 24.6 0 33.9l136 136c9.4 9.5 24.6 9.5 34 .1z\"><\/path><\/svg>\t\t\t\t\t\t<\/span>\n\t\t\t\t\t\t\t\t\t\t<span class=\"elementor-icon-list-text\">Info &amp; tips<\/span>\n\t\t\t\t\t\t\t\t\t<\/li>\n\t\t\t\t\t\t<\/ul>\n\t\t\t\t\t\t<\/div>\n\t\t\t\t<\/div>\n\t\t\t\t<div class=\"elementor-element elementor-element-eff8f35 elementor-widget elementor-widget-heading\" data-id=\"eff8f35\" data-element_type=\"widget\" data-e-type=\"widget\" data-widget_type=\"heading.default\">\n\t\t\t\t<div class=\"elementor-widget-container\">\n\t\t\t\t\t<h2 class=\"elementor-heading-title elementor-size-default\">PRACTICAL HINTS FOR exploring nature<\/h2>\t\t\t\t<\/div>\n\t\t\t\t<\/div>\n\t\t\t\t\t<\/div>\n\t\t\t\t<\/div>\n\t\t\t\t<section class=\"elementor-section elementor-top-section elementor-element elementor-element-23e58e7 elementor-section-boxed elementor-section-height-default elementor-section-height-default\" data-id=\"23e58e7\" data-element_type=\"section\" data-e-type=\"section\" data-settings=\"{&quot;jet_parallax_layout_list&quot;:[{&quot;jet_parallax_layout_image&quot;:{&quot;url&quot;:&quot;&quot;,&quot;id&quot;:&quot;&quot;,&quot;size&quot;:&quot;&quot;},&quot;_id&quot;:&quot;431fff4&quot;,&quot;jet_parallax_layout_speed&quot;:{&quot;unit&quot;:&quot;%&quot;,&quot;size&quot;:50,&quot;sizes&quot;:[]},&quot;jet_parallax_layout_image_tablet&quot;:{&quot;url&quot;:&quot;&quot;,&quot;id&quot;:&quot;&quot;,&quot;size&quot;:&quot;&quot;},&quot;jet_parallax_layout_image_mobile&quot;:{&quot;url&quot;:&quot;&quot;,&quot;id&quot;:&quot;&quot;,&quot;size&quot;:&quot;&quot;},&quot;jet_parallax_layout_type&quot;:&quot;scroll&quot;,&quot;jet_parallax_layout_direction&quot;:&quot;1&quot;,&quot;jet_parallax_layout_fx_direction&quot;:null,&quot;jet_parallax_layout_z_index&quot;:&quot;&quot;,&quot;jet_parallax_layout_bg_x&quot;:50,&quot;jet_parallax_layout_bg_x_tablet&quot;:&quot;&quot;,&quot;jet_parallax_layout_bg_x_mobile&quot;:&quot;&quot;,&quot;jet_parallax_layout_bg_y&quot;:50,&quot;jet_parallax_layout_bg_y_tablet&quot;:&quot;&quot;,&quot;jet_parallax_layout_bg_y_mobile&quot;:&quot;&quot;,&quot;jet_parallax_layout_bg_size&quot;:&quot;auto&quot;,&quot;jet_parallax_layout_bg_size_tablet&quot;:&quot;&quot;,&quot;jet_parallax_layout_bg_size_mobile&quot;:&quot;&quot;,&quot;jet_parallax_layout_animation_prop&quot;:&quot;transform&quot;,&quot;jet_parallax_layout_on&quot;:[&quot;desktop&quot;,&quot;tablet&quot;]}],&quot;background_background&quot;:&quot;classic&quot;,&quot;shape_divider_bottom&quot;:&quot;mountains&quot;}\">\n\t\t\t\t\t<div class=\"elementor-shape elementor-shape-bottom\" aria-hidden=\"true\" data-negative=\"false\">\n\t\t\t<svg xmlns=\"http:\/\/www.w3.org\/2000\/svg\" viewbox=\"0 0 1000 100\" preserveaspectratio=\"none\">\n\t<path class=\"elementor-shape-fill\" opacity=\"0.33\" d=\"M473,67.3c-203.9,88.3-263.1-34-320.3,0C66,119.1,0,59.7,0,59.7V0h1000v59.7 c0,0-62.1,26.1-94.9,29.3c-32.8,3.3-62.8-12.3-75.8-22.1C806,49.6,745.3,8.7,694.9,4.7S492.4,59,473,67.3z\"\/>\n\t<path class=\"elementor-shape-fill\" opacity=\"0.66\" d=\"M734,67.3c-45.5,0-77.2-23.2-129.1-39.1c-28.6-8.7-150.3-10.1-254,39.1 s-91.7-34.4-149.2,0C115.7,118.3,0,39.8,0,39.8V0h1000v36.5c0,0-28.2-18.5-92.1-18.5C810.2,18.1,775.7,67.3,734,67.3z\"\/>\n\t<path class=\"elementor-shape-fill\" d=\"M766.1,28.9c-200-57.5-266,65.5-395.1,19.5C242,1.8,242,5.4,184.8,20.6C128,35.8,132.3,44.9,89.9,52.5C28.6,63.7,0,0,0,0 h1000c0,0-9.9,40.9-83.6,48.1S829.6,47,766.1,28.9z\"\/>\n<\/svg>\t\t<\/div>\n\t\t\t\t\t<div class=\"elementor-container elementor-column-gap-no\">\n\t\t\t\t\t<div class=\"raven-column-link elementor-column elementor-col-100 elementor-top-column elementor-element elementor-element-2ac975c\" data-raven-link=\"https:\/\/vive-fuerteventura.com\/verhaltenstipps-ausfluege\/\" data-raven-link-target=\"_self\" data-id=\"2ac975c\" data-element_type=\"column\" data-e-type=\"column\" data-settings=\"{&quot;background_background&quot;:&quot;classic&quot;}\">\n\t\t\t<div class=\"elementor-widget-wrap elementor-element-populated\">\n\t\t\t\t\t\t<div class=\"elementor-element elementor-element-ea8b40d elementor-widget elementor-widget-image\" data-id=\"ea8b40d\" data-element_type=\"widget\" data-e-type=\"widget\" data-widget_type=\"image.default\">\n\t\t\t\t<div class=\"elementor-widget-container\">\n\t\t\t\t\t\t\t\t\t\t\t\t\t\t\t\t<a href=\"https:\/\/vive-fuerteventura.com\/en\/verhaltenstipps-ausfluege\/\">\n\t\t\t\t\t\t\t<img decoding=\"async\" src=\"https:\/\/vive-fuerteventura.com\/wp-content\/uploads\/elementor\/thumbs\/VIVE-Fuerteventura-Blog-Verhalten-Natur-qxg5yg822h98jkvfbw69t0x9cx8wn1kl9a2kq35tc4.jpg\" title=\"VIVE Fuerteventura - Blog - Behaviour Nature\" alt=\"VIVE Fuerteventura - Blog - Verhalten Natur\" loading=\"lazy\" \/>\t\t\t\t\t\t\t\t<\/a>\n\t\t\t\t\t\t\t\t\t\t\t\t\t\t\t<\/div>\n\t\t\t\t<\/div>\n\t\t\t\t<div class=\"elementor-element elementor-element-591b442 elementor-align-justify elementor-widget elementor-widget-button\" data-id=\"591b442\" data-element_type=\"widget\" data-e-type=\"widget\" data-widget_type=\"button.default\">\n\t\t\t\t<div class=\"elementor-widget-container\">\n\t\t\t\t\t\t\t\t\t<div class=\"elementor-button-wrapper\">\n\t\t\t\t\t<a class=\"elementor-button elementor-button-link elementor-size-sm\" href=\"https:\/\/vive-fuerteventura.com\/en\/verhaltenstipps-ausfluege\/\">\n\t\t\t\t\t\t<span class=\"elementor-button-content-wrapper\">\n\t\t\t\t\t\t<span class=\"elementor-button-icon\">\n\t\t\t\t<svg aria-hidden=\"true\" class=\"e-font-icon-svg e-fas-angle-double-right\" viewbox=\"0 0 448 512\" xmlns=\"http:\/\/www.w3.org\/2000\/svg\"><path d=\"M224.3 273l-136 136c-9.4 9.4-24.6 9.4-33.9 0l-22.6-22.6c-9.4-9.4-9.4-24.6 0-33.9l96.4-96.4-96.4-96.4c-9.4-9.4-9.4-24.6 0-33.9L54.3 103c9.4-9.4 24.6-9.4 33.9 0l136 136c9.5 9.4 9.5 24.6.1 34zm192-34l-136-136c-9.4-9.4-24.6-9.4-33.9 0l-22.6 22.6c-9.4 9.4-9.4 24.6 0 33.9l96.4 96.4-96.4 96.4c-9.4 9.4-9.4 24.6 0 33.9l22.6 22.6c9.4 9.4 24.6 9.4 33.9 0l136-136c9.4-9.2 9.4-24.4 0-33.8z\"><\/path><\/svg>\t\t\t<\/span>\n\t\t\t\t\t\t\t\t\t<span class=\"elementor-button-text\">Nature excursions<\/span>\n\t\t\t\t\t<\/span>\n\t\t\t\t\t<\/a>\n\t\t\t\t<\/div>\n\t\t\t\t\t\t\t\t<\/div>\n\t\t\t\t<\/div>\n\t\t\t\t\t<\/div>\n\t\t<\/div>\n\t\t\t\t\t<\/div>\n\t\t<\/section>\n\t\t\t\t<section class=\"elementor-section elementor-top-section elementor-element elementor-element-25e2fe8 elementor-section-boxed elementor-section-height-default elementor-section-height-default\" data-id=\"25e2fe8\" data-element_type=\"section\" data-e-type=\"section\" data-settings=\"{&quot;jet_parallax_layout_list&quot;:[{&quot;jet_parallax_layout_image&quot;:{&quot;url&quot;:&quot;&quot;,&quot;id&quot;:&quot;&quot;,&quot;size&quot;:&quot;&quot;},&quot;_id&quot;:&quot;431fff4&quot;,&quot;jet_parallax_layout_speed&quot;:{&quot;unit&quot;:&quot;%&quot;,&quot;size&quot;:50,&quot;sizes&quot;:[]},&quot;jet_parallax_layout_image_tablet&quot;:{&quot;url&quot;:&quot;&quot;,&quot;id&quot;:&quot;&quot;,&quot;size&quot;:&quot;&quot;},&quot;jet_parallax_layout_image_mobile&quot;:{&quot;url&quot;:&quot;&quot;,&quot;id&quot;:&quot;&quot;,&quot;size&quot;:&quot;&quot;},&quot;jet_parallax_layout_type&quot;:&quot;scroll&quot;,&quot;jet_parallax_layout_direction&quot;:&quot;1&quot;,&quot;jet_parallax_layout_fx_direction&quot;:null,&quot;jet_parallax_layout_z_index&quot;:&quot;&quot;,&quot;jet_parallax_layout_bg_x&quot;:50,&quot;jet_parallax_layout_bg_x_tablet&quot;:&quot;&quot;,&quot;jet_parallax_layout_bg_x_mobile&quot;:&quot;&quot;,&quot;jet_parallax_layout_bg_y&quot;:50,&quot;jet_parallax_layout_bg_y_tablet&quot;:&quot;&quot;,&quot;jet_parallax_layout_bg_y_mobile&quot;:&quot;&quot;,&quot;jet_parallax_layout_bg_size&quot;:&quot;auto&quot;,&quot;jet_parallax_layout_bg_size_tablet&quot;:&quot;&quot;,&quot;jet_parallax_layout_bg_size_mobile&quot;:&quot;&quot;,&quot;jet_parallax_layout_animation_prop&quot;:&quot;transform&quot;,&quot;jet_parallax_layout_on&quot;:[&quot;desktop&quot;,&quot;tablet&quot;]}],&quot;background_background&quot;:&quot;classic&quot;}\">\n\t\t\t\t\t\t<div class=\"elementor-container elementor-column-gap-no\">\n\t\t\t\t\t<div class=\"elementor-column elementor-col-100 elementor-top-column elementor-element elementor-element-7f1e9f1\" data-id=\"7f1e9f1\" data-element_type=\"column\" data-e-type=\"column\">\n\t\t\t<div class=\"elementor-widget-wrap elementor-element-populated\">\n\t\t\t\t\t\t<div class=\"elementor-element elementor-element-5f8cafd elementor-icon-list--layout-traditional elementor-list-item-link-full_width elementor-widget elementor-widget-icon-list\" data-id=\"5f8cafd\" data-element_type=\"widget\" data-e-type=\"widget\" data-settings=\"{&quot;_animation_mobile&quot;:&quot;slideInLeft&quot;}\" data-widget_type=\"icon-list.default\">\n\t\t\t\t<div class=\"elementor-widget-container\">\n\t\t\t\t\t\t\t<ul class=\"elementor-icon-list-items\">\n\t\t\t\t\t\t\t<li class=\"elementor-icon-list-item\">\n\t\t\t\t\t\t\t\t\t\t\t<span class=\"elementor-icon-list-icon\">\n\t\t\t\t\t\t\t<svg aria-hidden=\"true\" class=\"e-font-icon-svg e-fas-angle-double-down\" viewbox=\"0 0 320 512\" xmlns=\"http:\/\/www.w3.org\/2000\/svg\"><path d=\"M143 256.3L7 120.3c-9.4-9.4-9.4-24.6 0-33.9l22.6-22.6c9.4-9.4 24.6-9.4 33.9 0l96.4 96.4 96.4-96.4c9.4-9.4 24.6-9.4 33.9 0L313 86.3c9.4 9.4 9.4 24.6 0 33.9l-136 136c-9.4 9.5-24.6 9.5-34 .1zm34 192l136-136c9.4-9.4 9.4-24.6 0-33.9l-22.6-22.6c-9.4-9.4-24.6-9.4-33.9 0L160 352.1l-96.4-96.4c-9.4-9.4-24.6-9.4-33.9 0L7 278.3c-9.4 9.4-9.4 24.6 0 33.9l136 136c9.4 9.5 24.6 9.5 34 .1z\"><\/path><\/svg>\t\t\t\t\t\t<\/span>\n\t\t\t\t\t\t\t\t\t\t<span class=\"elementor-icon-list-text\">Activities<\/span>\n\t\t\t\t\t\t\t\t\t<\/li>\n\t\t\t\t\t\t<\/ul>\n\t\t\t\t\t\t<\/div>\n\t\t\t\t<\/div>\n\t\t\t\t<div class=\"elementor-element elementor-element-53f311e elementor-widget elementor-widget-heading\" data-id=\"53f311e\" data-element_type=\"widget\" data-e-type=\"widget\" data-widget_type=\"heading.default\">\n\t\t\t\t<div class=\"elementor-widget-container\">\n\t\t\t\t\t<h2 class=\"elementor-heading-title elementor-size-default\">Discover unforgettable experiences &amp; adventures<\/h2>\t\t\t\t<\/div>\n\t\t\t\t<\/div>\n\t\t\t\t<div class=\"elementor-element elementor-element-d8ec6af raven-button-align-justify aktivitaeten-karussell elementor-widget elementor-widget-raven-posts-carousel\" data-id=\"d8ec6af\" data-element_type=\"widget\" data-e-type=\"widget\" data-settings=\"{&quot;classic_slides_view&quot;:&quot;4&quot;,&quot;classic_slides_view_mobile&quot;:&quot;2&quot;,&quot;classic_columns_space_between&quot;:{&quot;unit&quot;:&quot;px&quot;,&quot;size&quot;:15,&quot;sizes&quot;:[]},&quot;classic_enable_autoplay&quot;:&quot;yes&quot;,&quot;classic_autoplay_speed&quot;:5000,&quot;_skin&quot;:&quot;classic&quot;,&quot;query_posts_per_page&quot;:10,&quot;classic_slides_view_tablet&quot;:&quot;2&quot;,&quot;classic_slides_scroll&quot;:&quot;1&quot;,&quot;classic_slides_scroll_tablet&quot;:&quot;1&quot;,&quot;classic_slides_scroll_mobile&quot;:&quot;1&quot;,&quot;classic_transition_speed&quot;:500,&quot;classic_enable_infinite_loop&quot;:&quot;yes&quot;,&quot;classic_show_arrows&quot;:&quot;yes&quot;,&quot;query_offset&quot;:0,&quot;classic_columns_space_between_tablet&quot;:{&quot;unit&quot;:&quot;px&quot;,&quot;size&quot;:20,&quot;sizes&quot;:[]},&quot;classic_columns_space_between_mobile&quot;:{&quot;unit&quot;:&quot;px&quot;,&quot;size&quot;:10,&quot;sizes&quot;:[]}}\" data-widget_type=\"raven-posts-carousel.classic\">\n\t\t\t\t<div class=\"elementor-widget-container\">\n\t\t\t\t\t\t\t<div class=\"raven-posts-carousel raven-swiper-slider\">\n\t\t\t<div class=\"raven-posts-carousel-swiper-container swiper\">\n\t\t\t\t<div class=\"swiper-wrapper swiper-columns-4\" data-swiper='{&quot;rtl&quot;:false}'>\n\t\t\n\t\t<div class=\"swiper-slide\">\n\t\t\t<div class=\"raven-post-wrapper\">\n\t\t\t\t<div class=\"raven-post\">\n\t\t\t\t\t\t\t<div class=\"raven-post-image-wrap\">\n\t\t\t<a class=\"raven-post-image raven-image-fit\"  href=\"https:\/\/vive-fuerteventura.com\/en\/portfolio\/norden-corralejo-tour\/\"><img loading=\"lazy\" decoding=\"async\" width=\"1024\" height=\"767\" src=\"https:\/\/vive-fuerteventura.com\/wp-content\/uploads\/2025\/04\/VIVE_Pictures_2025-04-03\/iStock-2199817014calderon hondo trail_result-1024x767.webp\" class=\"attachment-large size-large wp-image-12851\" alt=\"\" srcset=\"\" sizes=\"(max-width: 1024px) 100vw, 1024px\" data-srcset=\"\" \/> <span class=\"raven-post-image-overlay\"><\/span><\/a>\t\t<\/div>\n\t\t\n\t\t\t\t\t<div class=\"raven-post-content\">\n\t\t\t\t\t\t<h3 class=\"raven-post-title\"><a class=\"raven-post-title-link\" href=\"https:\/\/vive-fuerteventura.com\/en\/portfolio\/norden-corralejo-tour\/\">North &amp; Corralejo Tour<\/a><\/h3>\t\t<div class=\"raven-post-meta\"><span class=\"raven-post-meta-item raven-post-categories\"><a href=\"https:\/\/vive-fuerteventura.com\/en\/portfolio-category\/costa-calma\/\" rel=\"tag\">Costa Calma<\/a><\/span><\/div>\n\t\t<div class=\"raven-post-excerpt\">Explore the wild north coast of Fuerteventura - from imposing dunes and cooled volcanic craters to fishing villages and shopping in Corralejo. <\/div>\t\t<div class=\"raven-post-read-more\">\n\t\t\t<a class=\"raven-post-button\" href=\"https:\/\/vive-fuerteventura.com\/en\/portfolio\/norden-corralejo-tour\/\"><span class=\"raven-post-button-text\">Book now<\/span><\/a>\n\t\t<\/div>\n\t\t\t\t\t\t\t<\/div>\n\t\t\t\t<\/div>\n\t\t\t<\/div>\n\t\t<\/div>\n\t\t\n\t\t<div class=\"swiper-slide\">\n\t\t\t<div class=\"raven-post-wrapper\">\n\t\t\t\t<div class=\"raven-post\">\n\t\t\t\t\t\t\t<div class=\"raven-post-image-wrap\">\n\t\t\t<a class=\"raven-post-image raven-image-fit\"  href=\"https:\/\/vive-fuerteventura.com\/en\/portfolio\/sailing-dolphin-watching-morro-jable\/\"><img loading=\"lazy\" decoding=\"async\" width=\"1024\" height=\"680\" src=\"https:\/\/vive-fuerteventura.com\/wp-content\/uploads\/2025\/09\/iStock-465978266-1024x680.jpg\" class=\"attachment-large size-large wp-image-33566\" alt=\"\" srcset=\"https:\/\/vive-fuerteventura.com\/wp-content\/uploads\/2025\/09\/iStock-465978266-1024x680.jpg 1024w, https:\/\/vive-fuerteventura.com\/wp-content\/uploads\/2025\/09\/iStock-465978266-300x199.jpg 300w, https:\/\/vive-fuerteventura.com\/wp-content\/uploads\/2025\/09\/iStock-465978266-768x510.jpg 768w, https:\/\/vive-fuerteventura.com\/wp-content\/uploads\/2025\/09\/iStock-465978266-1536x1020.jpg 1536w, https:\/\/vive-fuerteventura.com\/wp-content\/uploads\/2025\/09\/iStock-465978266-2048x1360.jpg 2048w, https:\/\/vive-fuerteventura.com\/wp-content\/uploads\/2025\/09\/iStock-465978266-18x12.jpg 18w\" sizes=\"(max-width: 1024px) 100vw, 1024px\" \/> <span class=\"raven-post-image-overlay\"><\/span><\/a>\t\t<\/div>\n\t\t\n\t\t\t\t\t<div class=\"raven-post-content\">\n\t\t\t\t\t\t<h3 class=\"raven-post-title\"><a class=\"raven-post-title-link\" href=\"https:\/\/vive-fuerteventura.com\/en\/portfolio\/sailing-dolphin-watching-morro-jable\/\">Dolphin observation<\/a><\/h3>\t\t<div class=\"raven-post-meta\"><span class=\"raven-post-meta-item raven-post-categories\"><a href=\"https:\/\/vive-fuerteventura.com\/en\/portfolio-category\/morro-jable\/\" rel=\"tag\">Morro Jable<\/a><\/span><\/div>\n\t\t<div class=\"raven-post-excerpt\">Sun, turquoise blue water and sea creatures up close: this sailing tour combines sea sightings with relaxed snorkelling breaks.<\/div>\t\t<div class=\"raven-post-read-more\">\n\t\t\t<a class=\"raven-post-button\" href=\"https:\/\/vive-fuerteventura.com\/en\/portfolio\/sailing-dolphin-watching-morro-jable\/\"><span class=\"raven-post-button-text\">Book now<\/span><\/a>\n\t\t<\/div>\n\t\t\t\t\t\t\t<\/div>\n\t\t\t\t<\/div>\n\t\t\t<\/div>\n\t\t<\/div>\n\t\t\n\t\t<div class=\"swiper-slide\">\n\t\t\t<div class=\"raven-post-wrapper\">\n\t\t\t\t<div class=\"raven-post\">\n\t\t\t\t\t\t\t<div class=\"raven-post-image-wrap\">\n\t\t\t<a class=\"raven-post-image raven-image-fit\"  href=\"https:\/\/vive-fuerteventura.com\/en\/portfolio\/island-hotspots-sight-seeing-caleta-de-fuste\/\"><img loading=\"lazy\" decoding=\"async\" width=\"1024\" height=\"683\" src=\"https:\/\/vive-fuerteventura.com\/wp-content\/uploads\/2025\/04\/VIVE_Pictures_2025-04-03\/iStock-1135174703guise ayose_result-1024x683.webp\" class=\"attachment-large size-large wp-image-12356\" alt=\"\" srcset=\"\" sizes=\"(max-width: 1024px) 100vw, 1024px\" data-srcset=\"\" \/> <span class=\"raven-post-image-overlay\"><\/span><\/a>\t\t<\/div>\n\t\t\n\t\t\t\t\t<div class=\"raven-post-content\">\n\t\t\t\t\t\t<h3 class=\"raven-post-title\"><a class=\"raven-post-title-link\" href=\"https:\/\/vive-fuerteventura.com\/en\/portfolio\/island-hotspots-sight-seeing-caleta-de-fuste\/\">Highlights Sight Seeing<\/a><\/h3>\t\t<div class=\"raven-post-meta\"><span class=\"raven-post-meta-item raven-post-categories\"><a href=\"https:\/\/vive-fuerteventura.com\/en\/portfolio-category\/caleta-de-fuste\/\" rel=\"tag\">Caleta de Fuste<\/a><\/span><\/div>\n\t\t<div class=\"raven-post-excerpt\">Experience the diversity of Fuerteventura in one day: from endless dunes to historic mountain villages. Explore the highlights in a small group.<\/div>\t\t<div class=\"raven-post-read-more\">\n\t\t\t<a class=\"raven-post-button\" href=\"https:\/\/vive-fuerteventura.com\/en\/portfolio\/island-hotspots-sight-seeing-caleta-de-fuste\/\"><span class=\"raven-post-button-text\">Book now<\/span><\/a>\n\t\t<\/div>\n\t\t\t\t\t\t\t<\/div>\n\t\t\t\t<\/div>\n\t\t\t<\/div>\n\t\t<\/div>\n\t\t\n\t\t<div class=\"swiper-slide\">\n\t\t\t<div class=\"raven-post-wrapper\">\n\t\t\t\t<div class=\"raven-post\">\n\t\t\t\t\t\t\t<div class=\"raven-post-image-wrap\">\n\t\t\t<a class=\"raven-post-image raven-image-fit\"  href=\"https:\/\/vive-fuerteventura.com\/en\/portfolio\/windsurf-kurs-el-cotillo\/\"><img loading=\"lazy\" decoding=\"async\" width=\"1024\" height=\"683\" src=\"https:\/\/vive-fuerteventura.com\/wp-content\/uploads\/2025\/04\/VIVE_Pictures_2025-04-03\/iStock-1484880702sotavento_result-1024x683.webp\" class=\"attachment-large size-large wp-image-12609\" alt=\"\" srcset=\"https:\/\/vive-fuerteventura.com\/wp-content\/uploads\/2025\/04\/VIVE_Pictures_2025-04-03\/iStock-1484880702sotavento_result-1024x683.webp 1024w, https:\/\/vive-fuerteventura.com\/wp-content\/uploads\/2025\/04\/VIVE_Pictures_2025-04-03\/iStock-1484880702sotavento_result-300x200.webp 300w, https:\/\/vive-fuerteventura.com\/wp-content\/uploads\/2025\/04\/VIVE_Pictures_2025-04-03\/iStock-1484880702sotavento_result-768x512.webp 768w, https:\/\/vive-fuerteventura.com\/wp-content\/uploads\/2025\/04\/VIVE_Pictures_2025-04-03\/iStock-1484880702sotavento_result-1536x1024.webp 1536w, https:\/\/vive-fuerteventura.com\/wp-content\/uploads\/2025\/04\/VIVE_Pictures_2025-04-03\/iStock-1484880702sotavento_result-2048x1365.webp 2048w\" sizes=\"(max-width: 1024px) 100vw, 1024px\" \/> <span class=\"raven-post-image-overlay\"><\/span><\/a>\t\t<\/div>\n\t\t\n\t\t\t\t\t<div class=\"raven-post-content\">\n\t\t\t\t\t\t<h3 class=\"raven-post-title\"><a class=\"raven-post-title-link\" href=\"https:\/\/vive-fuerteventura.com\/en\/portfolio\/windsurf-kurs-el-cotillo\/\">Windsurfing course<\/a><\/h3>\t\t<div class=\"raven-post-meta\"><span class=\"raven-post-meta-item raven-post-categories\"><a href=\"https:\/\/vive-fuerteventura.com\/en\/portfolio-category\/el-cotillo\/\" rel=\"tag\">El Cotillo<\/a><\/span><\/div>\n\t\t<div class=\"raven-post-excerpt\">Learn to windsurf in a sheltered lagoon in El Cotillo with personalised instruction from qualified guides - perfect for beginners. <\/div>\t\t<div class=\"raven-post-read-more\">\n\t\t\t<a class=\"raven-post-button\" href=\"https:\/\/vive-fuerteventura.com\/en\/portfolio\/windsurf-kurs-el-cotillo\/\"><span class=\"raven-post-button-text\">Book now<\/span><\/a>\n\t\t<\/div>\n\t\t\t\t\t\t\t<\/div>\n\t\t\t\t<\/div>\n\t\t\t<\/div>\n\t\t<\/div>\n\t\t\n\t\t<div class=\"swiper-slide\">\n\t\t\t<div class=\"raven-post-wrapper\">\n\t\t\t\t<div class=\"raven-post\">\n\t\t\t\t\t\t\t<div class=\"raven-post-image-wrap\">\n\t\t\t<a class=\"raven-post-image raven-image-fit\"  href=\"https:\/\/vive-fuerteventura.com\/en\/portfolio\/catamaran-tour-lobos\/\"><img loading=\"lazy\" decoding=\"async\" width=\"500\" height=\"700\" src=\"https:\/\/vive-fuerteventura.com\/wp-content\/uploads\/2024\/11\/VIVE-Fuerteventura-Playa-de-la-Concha-Intro-01.jpg\" class=\"attachment-large size-large wp-image-1982\" alt=\"\" srcset=\"https:\/\/vive-fuerteventura.com\/wp-content\/uploads\/2024\/11\/VIVE-Fuerteventura-Playa-de-la-Concha-Intro-01.jpg 500w, https:\/\/vive-fuerteventura.com\/wp-content\/uploads\/2024\/11\/VIVE-Fuerteventura-Playa-de-la-Concha-Intro-01-214x300.jpg 214w\" sizes=\"(max-width: 500px) 100vw, 500px\" \/> <span class=\"raven-post-image-overlay\"><\/span><\/a>\t\t<\/div>\n\t\t\n\t\t\t\t\t<div class=\"raven-post-content\">\n\t\t\t\t\t\t<h3 class=\"raven-post-title\"><a class=\"raven-post-title-link\" href=\"https:\/\/vive-fuerteventura.com\/en\/portfolio\/catamaran-tour-lobos\/\">Catamaran Tour Lobos<\/a><\/h3>\t\t<div class=\"raven-post-meta\"><span class=\"raven-post-meta-item raven-post-categories\"><a href=\"https:\/\/vive-fuerteventura.com\/en\/portfolio-category\/corralejo\/\" rel=\"tag\">Corralejo<\/a><\/span><\/div>\n\t\t<div class=\"raven-post-excerpt\">Set sail from Corralejo - enjoy snacks and drinks on board, dive into turquoise-coloured water or paddle along the coast. <\/div>\t\t<div class=\"raven-post-read-more\">\n\t\t\t<a class=\"raven-post-button\" href=\"https:\/\/vive-fuerteventura.com\/en\/portfolio\/catamaran-tour-lobos\/\"><span class=\"raven-post-button-text\">Book now<\/span><\/a>\n\t\t<\/div>\n\t\t\t\t\t\t\t<\/div>\n\t\t\t\t<\/div>\n\t\t\t<\/div>\n\t\t<\/div>\n\t\t\n\t\t<div class=\"swiper-slide\">\n\t\t\t<div class=\"raven-post-wrapper\">\n\t\t\t\t<div class=\"raven-post\">\n\t\t\t\t\t\t\t<div class=\"raven-post-image-wrap\">\n\t\t\t<a class=\"raven-post-image raven-image-fit\"  href=\"https:\/\/vive-fuerteventura.com\/en\/portfolio\/jeep-tour\/\"><img loading=\"lazy\" decoding=\"async\" width=\"1024\" height=\"267\" src=\"https:\/\/vive-fuerteventura.com\/wp-content\/uploads\/2018\/08\/VIVE-Deals_Headerbild_Jeep-Tour_1920x500px-1024x267.jpg\" class=\"attachment-large size-large wp-image-906\" alt=\"\" srcset=\"https:\/\/vive-fuerteventura.com\/wp-content\/uploads\/2018\/08\/VIVE-Deals_Headerbild_Jeep-Tour_1920x500px-1024x267.jpg 1024w, https:\/\/vive-fuerteventura.com\/wp-content\/uploads\/2018\/08\/VIVE-Deals_Headerbild_Jeep-Tour_1920x500px-300x78.jpg 300w, https:\/\/vive-fuerteventura.com\/wp-content\/uploads\/2018\/08\/VIVE-Deals_Headerbild_Jeep-Tour_1920x500px-768x200.jpg 768w, https:\/\/vive-fuerteventura.com\/wp-content\/uploads\/2018\/08\/VIVE-Deals_Headerbild_Jeep-Tour_1920x500px-1536x400.jpg 1536w, https:\/\/vive-fuerteventura.com\/wp-content\/uploads\/2018\/08\/VIVE-Deals_Headerbild_Jeep-Tour_1920x500px.jpg 1920w\" sizes=\"(max-width: 1024px) 100vw, 1024px\" \/> <span class=\"raven-post-image-overlay\"><\/span><\/a>\t\t<\/div>\n\t\t\n\t\t\t\t\t<div class=\"raven-post-content\">\n\t\t\t\t\t\t<h3 class=\"raven-post-title\"><a class=\"raven-post-title-link\" href=\"https:\/\/vive-fuerteventura.com\/en\/portfolio\/jeep-tour\/\">4\u00d74 jeep tour<\/a><\/h3>\t\t<div class=\"raven-post-meta\"><span class=\"raven-post-meta-item raven-post-categories\"><a href=\"https:\/\/vive-fuerteventura.com\/en\/portfolio-category\/corralejo\/\" rel=\"tag\">Corralejo<\/a><\/span><\/div>\n\t\t<div class=\"raven-post-excerpt\">Experience Fuerteventura's off-road routes in an off-road vehicle and discover the wild landscape and beautiful beaches along the west coast.\r\n<\/div>\t\t<div class=\"raven-post-read-more\">\n\t\t\t<a class=\"raven-post-button\" href=\"https:\/\/vive-fuerteventura.com\/en\/portfolio\/jeep-tour\/\"><span class=\"raven-post-button-text\">Book now<\/span><\/a>\n\t\t<\/div>\n\t\t\t\t\t\t\t<\/div>\n\t\t\t\t<\/div>\n\t\t\t<\/div>\n\t\t<\/div>\n\t\t\n\t\t<div class=\"swiper-slide\">\n\t\t\t<div class=\"raven-post-wrapper\">\n\t\t\t\t<div class=\"raven-post\">\n\t\t\t\t\t\t\t<div class=\"raven-post-image-wrap\">\n\t\t\t<a class=\"raven-post-image raven-image-fit\"  href=\"https:\/\/vive-fuerteventura.com\/en\/portfolio\/weintour\/\"><img loading=\"lazy\" decoding=\"async\" width=\"1024\" height=\"683\" src=\"https:\/\/vive-fuerteventura.com\/wp-content\/uploads\/2018\/08\/image-9Conatvs-Wine-1024x683.webp\" class=\"attachment-large size-large wp-image-20782\" alt=\"\" srcset=\"https:\/\/vive-fuerteventura.com\/wp-content\/uploads\/2018\/08\/image-9Conatvs-Wine-1024x683.webp 1024w, https:\/\/vive-fuerteventura.com\/wp-content\/uploads\/2018\/08\/image-9Conatvs-Wine-300x200.webp 300w, https:\/\/vive-fuerteventura.com\/wp-content\/uploads\/2018\/08\/image-9Conatvs-Wine-768x512.webp 768w, https:\/\/vive-fuerteventura.com\/wp-content\/uploads\/2018\/08\/image-9Conatvs-Wine-1536x1024.webp 1536w, https:\/\/vive-fuerteventura.com\/wp-content\/uploads\/2018\/08\/image-9Conatvs-Wine.webp 1920w\" sizes=\"(max-width: 1024px) 100vw, 1024px\" \/> <span class=\"raven-post-image-overlay\"><\/span><\/a>\t\t<\/div>\n\t\t\n\t\t\t\t\t<div class=\"raven-post-content\">\n\t\t\t\t\t\t<h3 class=\"raven-post-title\"><a class=\"raven-post-title-link\" href=\"https:\/\/vive-fuerteventura.com\/en\/portfolio\/weintour\/\">Wine tour &amp; tasting<\/a><\/h3>\t\t<div class=\"raven-post-meta\"><span class=\"raven-post-meta-item raven-post-categories\"><a href=\"https:\/\/vive-fuerteventura.com\/en\/portfolio-category\/lajares\/\" rel=\"tag\">Lajares<\/a><\/span><\/div>\n\t\t<div class=\"raven-post-excerpt\">Discover the island's volcanic landscape on a wine tour - with exciting insights and tastings of local winemakers' art.<\/div>\t\t<div class=\"raven-post-read-more\">\n\t\t\t<a class=\"raven-post-button\" href=\"https:\/\/vive-fuerteventura.com\/en\/portfolio\/weintour\/\"><span class=\"raven-post-button-text\">Book now<\/span><\/a>\n\t\t<\/div>\n\t\t\t\t\t\t\t<\/div>\n\t\t\t\t<\/div>\n\t\t\t<\/div>\n\t\t<\/div>\n\t\t\t\t\t\t<\/div>\n\t\t<div class=\"swiper-pagination swiper-pager-outside bullets-pagination-type\"><\/div>\n\t\t<\/div>\n\n\t\t\t\t\t\t\t<div class=\"swiper-button-prev\"><\/div>\n\t\t\t\t<div class=\"swiper-button-next\"><\/div>\n\t\t\t\n\t\t<\/div>\n\t\t\t\t\t\t<\/div>\n\t\t\t\t<\/div>\n\t\t\t\t<div class=\"elementor-element elementor-element-79182d1 elementor-widget elementor-widget-html\" data-id=\"79182d1\" data-element_type=\"widget\" data-e-type=\"widget\" data-widget_type=\"html.default\">\n\t\t\t\t<div class=\"elementor-widget-container\">\n\t\t\t\t\t<script>\ndocument.addEventListener(\"DOMContentLoaded\", function() {\n    \n    const MAX_ATTEMPTS = 3;\n    const INTERVAL_MS = 1700;\n    let attempt = 0;    \n    \n    tryResize();\n    \n    function tryResize() {\n        const swiperContainer = document.querySelector('.raven-posts-carousel-swiper-container');\n        attempt++;\n        if (swiperContainer && swiperContainer.swiper !== undefined) {\n           resizeSlidesEvenly(swiperContainer); \n        } else if (attempt < MAX_ATTEMPTS) {\n            setTimeout(tryResize, INTERVAL_MS);\n        } else {\n            console.log(\"Swiper was not defined after 3 attempts.\");\n        }            \n    }\n    \n    function resizeSlidesEvenly(swiperContainer) {\n        \/\/ Attach the event handler:\n        swiperContainer.swiper.on('update', onSwiperUpdate);\n        swiperContainer.swiper.update();  \n    }\n    \n    function onSwiperUpdate(swiperInstance) {\n        swiperContainer = swiperInstance.el;\n        \n        const titles = swiperContainer.querySelectorAll('.raven-post-title');\n        const excerpts = swiperContainer.querySelectorAll('.raven-post-excerpt'); \n\n        let maxTitleHeight = findMaxElementsHeight(titles); \n        let maxExcerptHeight = findMaxElementsHeight(excerpts); \n        \n        setElementsHeight(titles, maxTitleHeight);\n        setElementsHeight(excerpts, maxExcerptHeight);\n    }\n    \n    function findMaxElementsHeight(elements) {\n        let maxHeight = 0;\n        elements.forEach(element => {        \n            const height = element.offsetHeight;\n            if (height > maxHeight) {\n                maxHeight = height;            \n            }\n        });\n        return maxHeight;\n    }\n    \n    function setElementsHeight(elements, height) {\n      elements.forEach(element => {        \n        element.style.height = height + 'px';      \n      });    \n    }\n    \n});\n<\/script>\t\t\t\t<\/div>\n\t\t\t\t<\/div>\n\t\t\t\t\t<\/div>\n\t\t<\/div>\n\t\t\t\t\t<\/div>\n\t\t<\/section>\n\t\t\t\t<section class=\"elementor-section elementor-top-section elementor-element elementor-element-7d77743 elementor-section-boxed elementor-section-height-default elementor-section-height-default\" data-id=\"7d77743\" data-element_type=\"section\" data-e-type=\"section\" data-settings=\"{&quot;jet_parallax_layout_list&quot;:[{&quot;jet_parallax_layout_image&quot;:{&quot;url&quot;:&quot;&quot;,&quot;id&quot;:&quot;&quot;,&quot;size&quot;:&quot;&quot;},&quot;_id&quot;:&quot;431fff4&quot;,&quot;jet_parallax_layout_speed&quot;:{&quot;unit&quot;:&quot;%&quot;,&quot;size&quot;:50,&quot;sizes&quot;:[]},&quot;jet_parallax_layout_image_tablet&quot;:{&quot;url&quot;:&quot;&quot;,&quot;id&quot;:&quot;&quot;,&quot;size&quot;:&quot;&quot;},&quot;jet_parallax_layout_image_mobile&quot;:{&quot;url&quot;:&quot;&quot;,&quot;id&quot;:&quot;&quot;,&quot;size&quot;:&quot;&quot;},&quot;jet_parallax_layout_type&quot;:&quot;scroll&quot;,&quot;jet_parallax_layout_direction&quot;:&quot;1&quot;,&quot;jet_parallax_layout_fx_direction&quot;:null,&quot;jet_parallax_layout_z_index&quot;:&quot;&quot;,&quot;jet_parallax_layout_bg_x&quot;:50,&quot;jet_parallax_layout_bg_x_tablet&quot;:&quot;&quot;,&quot;jet_parallax_layout_bg_x_mobile&quot;:&quot;&quot;,&quot;jet_parallax_layout_bg_y&quot;:50,&quot;jet_parallax_layout_bg_y_tablet&quot;:&quot;&quot;,&quot;jet_parallax_layout_bg_y_mobile&quot;:&quot;&quot;,&quot;jet_parallax_layout_bg_size&quot;:&quot;auto&quot;,&quot;jet_parallax_layout_bg_size_tablet&quot;:&quot;&quot;,&quot;jet_parallax_layout_bg_size_mobile&quot;:&quot;&quot;,&quot;jet_parallax_layout_animation_prop&quot;:&quot;transform&quot;,&quot;jet_parallax_layout_on&quot;:[&quot;desktop&quot;,&quot;tablet&quot;]}],&quot;background_background&quot;:&quot;classic&quot;,&quot;shape_divider_top&quot;:&quot;mountains&quot;}\">\n\t\t\t\t\t<div class=\"elementor-shape elementor-shape-top\" aria-hidden=\"true\" data-negative=\"false\">\n\t\t\t<svg xmlns=\"http:\/\/www.w3.org\/2000\/svg\" viewbox=\"0 0 1000 100\" preserveaspectratio=\"none\">\n\t<path class=\"elementor-shape-fill\" opacity=\"0.33\" d=\"M473,67.3c-203.9,88.3-263.1-34-320.3,0C66,119.1,0,59.7,0,59.7V0h1000v59.7 c0,0-62.1,26.1-94.9,29.3c-32.8,3.3-62.8-12.3-75.8-22.1C806,49.6,745.3,8.7,694.9,4.7S492.4,59,473,67.3z\"\/>\n\t<path class=\"elementor-shape-fill\" opacity=\"0.66\" d=\"M734,67.3c-45.5,0-77.2-23.2-129.1-39.1c-28.6-8.7-150.3-10.1-254,39.1 s-91.7-34.4-149.2,0C115.7,118.3,0,39.8,0,39.8V0h1000v36.5c0,0-28.2-18.5-92.1-18.5C810.2,18.1,775.7,67.3,734,67.3z\"\/>\n\t<path class=\"elementor-shape-fill\" d=\"M766.1,28.9c-200-57.5-266,65.5-395.1,19.5C242,1.8,242,5.4,184.8,20.6C128,35.8,132.3,44.9,89.9,52.5C28.6,63.7,0,0,0,0 h1000c0,0-9.9,40.9-83.6,48.1S829.6,47,766.1,28.9z\"\/>\n<\/svg>\t\t<\/div>\n\t\t\t\t\t<div class=\"elementor-container elementor-column-gap-no\">\n\t\t\t\t\t<div class=\"elementor-column elementor-col-100 elementor-top-column elementor-element elementor-element-19d4509\" data-id=\"19d4509\" data-element_type=\"column\" data-e-type=\"column\">\n\t\t\t<div class=\"elementor-widget-wrap elementor-element-populated\">\n\t\t\t\t\t\t<div class=\"elementor-element elementor-element-7aa3166 elementor-mobile-align-start elementor-icon-list--layout-traditional elementor-list-item-link-full_width elementor-widget elementor-widget-icon-list\" data-id=\"7aa3166\" data-element_type=\"widget\" data-e-type=\"widget\" data-widget_type=\"icon-list.default\">\n\t\t\t\t<div class=\"elementor-widget-container\">\n\t\t\t\t\t\t\t<ul class=\"elementor-icon-list-items\">\n\t\t\t\t\t\t\t<li class=\"elementor-icon-list-item\">\n\t\t\t\t\t\t\t\t\t\t\t<span class=\"elementor-icon-list-icon\">\n\t\t\t\t\t\t\t<svg aria-hidden=\"true\" class=\"e-font-icon-svg e-fas-angle-double-down\" viewbox=\"0 0 320 512\" xmlns=\"http:\/\/www.w3.org\/2000\/svg\"><path d=\"M143 256.3L7 120.3c-9.4-9.4-9.4-24.6 0-33.9l22.6-22.6c9.4-9.4 24.6-9.4 33.9 0l96.4 96.4 96.4-96.4c9.4-9.4 24.6-9.4 33.9 0L313 86.3c9.4 9.4 9.4 24.6 0 33.9l-136 136c-9.4 9.5-24.6 9.5-34 .1zm34 192l136-136c9.4-9.4 9.4-24.6 0-33.9l-22.6-22.6c-9.4-9.4-24.6-9.4-33.9 0L160 352.1l-96.4-96.4c-9.4-9.4-24.6-9.4-33.9 0L7 278.3c-9.4 9.4-9.4 24.6 0 33.9l136 136c9.4 9.5 24.6 9.5 34 .1z\"><\/path><\/svg>\t\t\t\t\t\t<\/span>\n\t\t\t\t\t\t\t\t\t\t<span class=\"elementor-icon-list-text\">discover more<\/span>\n\t\t\t\t\t\t\t\t\t<\/li>\n\t\t\t\t\t\t<\/ul>\n\t\t\t\t\t\t<\/div>\n\t\t\t\t<\/div>\n\t\t\t\t<div class=\"elementor-element elementor-element-bb3c8d1 elementor-widget elementor-widget-heading\" data-id=\"bb3c8d1\" data-element_type=\"widget\" data-e-type=\"widget\" data-widget_type=\"heading.default\">\n\t\t\t\t<div class=\"elementor-widget-container\">\n\t\t\t\t\t<h2 class=\"elementor-heading-title elementor-size-default\">Experience Fuerteventura in all its facets<\/h2>\t\t\t\t<\/div>\n\t\t\t\t<\/div>\n\t\t\t\t\t<\/div>\n\t\t<\/div>\n\t\t\t\t\t<\/div>\n\t\t<\/section>\n\t\t<div class=\"elementor-element elementor-element-cc02cff e-grid e-con-full e-con e-child\" data-id=\"cc02cff\" data-element_type=\"container\" data-e-type=\"container\" data-settings=\"{&quot;jet_parallax_layout_list&quot;:[],&quot;background_background&quot;:&quot;classic&quot;,&quot;shape_divider_bottom&quot;:&quot;opacity-tilt&quot;}\">\n\t\t\t\t<div class=\"elementor-shape elementor-shape-bottom\" aria-hidden=\"true\" data-negative=\"false\">\n\t\t\t<svg xmlns=\"http:\/\/www.w3.org\/2000\/svg\" viewbox=\"0 0 2600 131.1\" preserveaspectratio=\"none\">\n\t<path class=\"elementor-shape-fill\" d=\"M0 0L2600 0 2600 69.1 0 0z\"\/>\n\t<path class=\"elementor-shape-fill\" style=\"opacity:0.5\" d=\"M0 0L2600 0 2600 69.1 0 69.1z\"\/>\n\t<path class=\"elementor-shape-fill\" style=\"opacity:0.25\" d=\"M2600 0L0 0 0 130.1 2600 69.1z\"\/>\n<\/svg>\t\t<\/div>\n\t\t<div class=\"elementor-element elementor-element-33cbdfe e-con-full e-flex e-con e-child\" data-id=\"33cbdfe\" data-element_type=\"container\" data-e-type=\"container\" data-settings=\"{&quot;jet_parallax_layout_list&quot;:[],&quot;animation_mobile&quot;:&quot;none&quot;,&quot;background_background&quot;:&quot;classic&quot;}\">\n\t\t\t\t<div class=\"elementor-element elementor-element-0762039 elementor-widget elementor-widget-image\" data-id=\"0762039\" data-element_type=\"widget\" data-e-type=\"widget\" data-widget_type=\"image.default\">\n\t\t\t\t<div class=\"elementor-widget-container\">\n\t\t\t\t\t\t\t\t\t\t\t\t\t\t\t\t<a href=\"https:\/\/vive-fuerteventura.com\/en\/home\/\">\n\t\t\t\t\t\t\t<img loading=\"lazy\" decoding=\"async\" width=\"500\" height=\"500\" src=\"https:\/\/vive-fuerteventura.com\/wp-content\/uploads\/2018\/08\/Kite-Surf-Lessons1-500x500.jpg\" class=\"attachment-Image Size 500x500 size-Image Size 500x500 wp-image-19519\" alt=\"\" srcset=\"https:\/\/vive-fuerteventura.com\/wp-content\/uploads\/2018\/08\/Kite-Surf-Lessons1-500x500.jpg 500w, https:\/\/vive-fuerteventura.com\/wp-content\/uploads\/2018\/08\/Kite-Surf-Lessons1-150x150.jpg 150w\" sizes=\"(max-width: 500px) 100vw, 500px\" \/>\t\t\t\t\t\t\t\t<\/a>\n\t\t\t\t\t\t\t\t\t\t\t\t\t\t\t<\/div>\n\t\t\t\t<\/div>\n\t\t\t\t<div class=\"elementor-element elementor-element-ee76191 elementor-align-justify elementor-widget elementor-widget-button\" data-id=\"ee76191\" data-element_type=\"widget\" data-e-type=\"widget\" data-settings=\"{&quot;_animation_mobile&quot;:&quot;none&quot;}\" data-widget_type=\"button.default\">\n\t\t\t\t<div class=\"elementor-widget-container\">\n\t\t\t\t\t\t\t\t\t<div class=\"elementor-button-wrapper\">\n\t\t\t\t\t<a class=\"elementor-button elementor-button-link elementor-size-sm\" href=\"https:\/\/vive-fuerteventura.com\/en\/home\/\">\n\t\t\t\t\t\t<span class=\"elementor-button-content-wrapper\">\n\t\t\t\t\t\t\t\t\t<span class=\"elementor-button-text\">Activities<\/span>\n\t\t\t\t\t<\/span>\n\t\t\t\t\t<\/a>\n\t\t\t\t<\/div>\n\t\t\t\t\t\t\t\t<\/div>\n\t\t\t\t<\/div>\n\t\t\t\t<\/div>\n\t\t<div class=\"elementor-element elementor-element-40dee4e e-con-full e-flex e-con e-child\" data-id=\"40dee4e\" data-element_type=\"container\" data-e-type=\"container\" data-settings=\"{&quot;jet_parallax_layout_list&quot;:[],&quot;animation_mobile&quot;:&quot;none&quot;,&quot;background_background&quot;:&quot;classic&quot;}\">\n\t\t\t\t<div class=\"elementor-element elementor-element-c99e36d elementor-widget elementor-widget-image\" data-id=\"c99e36d\" data-element_type=\"widget\" data-e-type=\"widget\" data-settings=\"{&quot;_animation_mobile&quot;:&quot;none&quot;}\" data-widget_type=\"image.default\">\n\t\t\t\t<div class=\"elementor-widget-container\">\n\t\t\t\t\t\t\t\t\t\t\t\t\t\t\t\t<a href=\"https:\/\/vive-fuerteventura.com\/en\/straende-und-naturpools\/\">\n\t\t\t\t\t\t\t<img loading=\"lazy\" decoding=\"async\" width=\"500\" height=\"500\" src=\"https:\/\/vive-fuerteventura.com\/wp-content\/uploads\/2025\/04\/VIVE_Pictures_2025-04-03\/iStock-1914201106cofete playa_result-500x500.webp\" class=\"attachment-Image Size 500x500 size-Image Size 500x500 wp-image-12714\" alt=\"\" srcset=\"\" sizes=\"(max-width: 500px) 100vw, 500px\" data-srcset=\"\" \/>\t\t\t\t\t\t\t\t<\/a>\n\t\t\t\t\t\t\t\t\t\t\t\t\t\t\t<\/div>\n\t\t\t\t<\/div>\n\t\t\t\t<div class=\"elementor-element elementor-element-3903c3b elementor-align-justify elementor-widget elementor-widget-button\" data-id=\"3903c3b\" data-element_type=\"widget\" data-e-type=\"widget\" data-settings=\"{&quot;_animation_mobile&quot;:&quot;none&quot;}\" data-widget_type=\"button.default\">\n\t\t\t\t<div class=\"elementor-widget-container\">\n\t\t\t\t\t\t\t\t\t<div class=\"elementor-button-wrapper\">\n\t\t\t\t\t<a class=\"elementor-button elementor-button-link elementor-size-sm\" href=\"https:\/\/vive-fuerteventura.com\/en\/straende-und-naturpools\/\">\n\t\t\t\t\t\t<span class=\"elementor-button-content-wrapper\">\n\t\t\t\t\t\t\t\t\t<span class=\"elementor-button-text\">Beaches<\/span>\n\t\t\t\t\t<\/span>\n\t\t\t\t\t<\/a>\n\t\t\t\t<\/div>\n\t\t\t\t\t\t\t\t<\/div>\n\t\t\t\t<\/div>\n\t\t\t\t<\/div>\n\t\t<div class=\"elementor-element elementor-element-332a376 e-con-full e-flex e-con e-child\" data-id=\"332a376\" data-element_type=\"container\" data-e-type=\"container\" data-settings=\"{&quot;jet_parallax_layout_list&quot;:[],&quot;animation_mobile&quot;:&quot;none&quot;,&quot;background_background&quot;:&quot;classic&quot;}\">\n\t\t\t\t<div class=\"elementor-element elementor-element-e5f8a81 elementor-widget elementor-widget-image\" data-id=\"e5f8a81\" data-element_type=\"widget\" data-e-type=\"widget\" data-settings=\"{&quot;_animation_mobile&quot;:&quot;none&quot;}\" data-widget_type=\"image.default\">\n\t\t\t\t<div class=\"elementor-widget-container\">\n\t\t\t\t\t\t\t\t\t\t\t\t\t\t\t\t<a href=\"https:\/\/vive-fuerteventura.com\/en\/staedte-doerfer\/\">\n\t\t\t\t\t\t\t<img loading=\"lazy\" decoding=\"async\" width=\"500\" height=\"500\" src=\"https:\/\/vive-fuerteventura.com\/wp-content\/uploads\/2024\/11\/VIVE-Fuerteventura_Towns-Villages-Corralejo_500x500px-500x500.jpg\" class=\"attachment-Image Size 500x500 size-Image Size 500x500 wp-image-1922\" alt=\"\" srcset=\"https:\/\/vive-fuerteventura.com\/wp-content\/uploads\/2024\/11\/VIVE-Fuerteventura_Towns-Villages-Corralejo_500x500px-500x500.jpg 500w, https:\/\/vive-fuerteventura.com\/wp-content\/uploads\/2024\/11\/VIVE-Fuerteventura_Towns-Villages-Corralejo_500x500px-e1733531481182-150x150.jpg 150w\" sizes=\"(max-width: 500px) 100vw, 500px\" \/>\t\t\t\t\t\t\t\t<\/a>\n\t\t\t\t\t\t\t\t\t\t\t\t\t\t\t<\/div>\n\t\t\t\t<\/div>\n\t\t\t\t<div class=\"elementor-element elementor-element-98b801b elementor-align-justify elementor-widget elementor-widget-button\" data-id=\"98b801b\" data-element_type=\"widget\" data-e-type=\"widget\" data-settings=\"{&quot;_animation_mobile&quot;:&quot;none&quot;}\" data-widget_type=\"button.default\">\n\t\t\t\t<div class=\"elementor-widget-container\">\n\t\t\t\t\t\t\t\t\t<div class=\"elementor-button-wrapper\">\n\t\t\t\t\t<a class=\"elementor-button elementor-button-link elementor-size-sm\" href=\"https:\/\/vive-fuerteventura.com\/en\/staedte-doerfer\/\">\n\t\t\t\t\t\t<span class=\"elementor-button-content-wrapper\">\n\t\t\t\t\t\t\t\t\t<span class=\"elementor-button-text\">Towns &amp; Villages<\/span>\n\t\t\t\t\t<\/span>\n\t\t\t\t\t<\/a>\n\t\t\t\t<\/div>\n\t\t\t\t\t\t\t\t<\/div>\n\t\t\t\t<\/div>\n\t\t\t\t<\/div>\n\t\t<div class=\"elementor-element elementor-element-32ad01f e-con-full e-flex e-con e-child\" data-id=\"32ad01f\" data-element_type=\"container\" data-e-type=\"container\" data-settings=\"{&quot;jet_parallax_layout_list&quot;:[],&quot;animation_mobile&quot;:&quot;none&quot;,&quot;background_background&quot;:&quot;classic&quot;}\">\n\t\t\t\t<div class=\"elementor-element elementor-element-f9399c3 elementor-widget elementor-widget-image\" data-id=\"f9399c3\" data-element_type=\"widget\" data-e-type=\"widget\" data-settings=\"{&quot;_animation_mobile&quot;:&quot;none&quot;}\" data-widget_type=\"image.default\">\n\t\t\t\t<div class=\"elementor-widget-container\">\n\t\t\t\t\t\t\t\t\t\t\t\t\t\t\t\t<a href=\"https:\/\/vive-fuerteventura.com\/en\/wanderwege\/\">\n\t\t\t\t\t\t\t<img loading=\"lazy\" decoding=\"async\" width=\"500\" height=\"500\" src=\"https:\/\/vive-fuerteventura.com\/wp-content\/uploads\/2024\/10\/VIVE-Fuerteventura-Activities-Hiking_500x500px.jpg\" class=\"attachment-Image Size 500x500 size-Image Size 500x500 wp-image-697\" alt=\"\" srcset=\"https:\/\/vive-fuerteventura.com\/wp-content\/uploads\/2024\/10\/VIVE-Fuerteventura-Activities-Hiking_500x500px.jpg 500w, https:\/\/vive-fuerteventura.com\/wp-content\/uploads\/2024\/10\/VIVE-Fuerteventura-Activities-Hiking_500x500px-300x300.jpg 300w, https:\/\/vive-fuerteventura.com\/wp-content\/uploads\/2024\/10\/VIVE-Fuerteventura-Activities-Hiking_500x500px-150x150.jpg 150w\" sizes=\"(max-width: 500px) 100vw, 500px\" \/>\t\t\t\t\t\t\t\t<\/a>\n\t\t\t\t\t\t\t\t\t\t\t\t\t\t\t<\/div>\n\t\t\t\t<\/div>\n\t\t\t\t<div class=\"elementor-element elementor-element-e33093c elementor-align-justify elementor-widget elementor-widget-button\" data-id=\"e33093c\" data-element_type=\"widget\" data-e-type=\"widget\" data-settings=\"{&quot;_animation_mobile&quot;:&quot;none&quot;}\" data-widget_type=\"button.default\">\n\t\t\t\t<div class=\"elementor-widget-container\">\n\t\t\t\t\t\t\t\t\t<div class=\"elementor-button-wrapper\">\n\t\t\t\t\t<a class=\"elementor-button elementor-button-link elementor-size-sm\" href=\"https:\/\/vive-fuerteventura.com\/en\/wanderwege\/\">\n\t\t\t\t\t\t<span class=\"elementor-button-content-wrapper\">\n\t\t\t\t\t\t\t\t\t<span class=\"elementor-button-text\">Hiking<\/span>\n\t\t\t\t\t<\/span>\n\t\t\t\t\t<\/a>\n\t\t\t\t<\/div>\n\t\t\t\t\t\t\t\t<\/div>\n\t\t\t\t<\/div>\n\t\t\t\t<\/div>\n\t\t<div class=\"elementor-element elementor-element-065120d e-con-full e-flex e-con e-child\" data-id=\"065120d\" data-element_type=\"container\" data-e-type=\"container\" data-settings=\"{&quot;jet_parallax_layout_list&quot;:[],&quot;animation_mobile&quot;:&quot;none&quot;,&quot;background_background&quot;:&quot;classic&quot;}\">\n\t\t\t\t<div class=\"elementor-element elementor-element-9d13608 elementor-widget elementor-widget-image\" data-id=\"9d13608\" data-element_type=\"widget\" data-e-type=\"widget\" data-settings=\"{&quot;_animation_mobile&quot;:&quot;none&quot;}\" data-widget_type=\"image.default\">\n\t\t\t\t<div class=\"elementor-widget-container\">\n\t\t\t\t\t\t\t\t\t\t\t\t\t\t\t\t<a href=\"https:\/\/vive-fuerteventura.com\/en\/maerkte\/\">\n\t\t\t\t\t\t\t<img loading=\"lazy\" decoding=\"async\" width=\"500\" height=\"500\" src=\"https:\/\/vive-fuerteventura.com\/wp-content\/uploads\/2024\/10\/VIVE-Fuerteventura-Markets-Categories_500x500px.jpg\" class=\"attachment-Image Size 500x500 size-Image Size 500x500 wp-image-741\" alt=\"\" srcset=\"https:\/\/vive-fuerteventura.com\/wp-content\/uploads\/2024\/10\/VIVE-Fuerteventura-Markets-Categories_500x500px.jpg 500w, https:\/\/vive-fuerteventura.com\/wp-content\/uploads\/2024\/10\/VIVE-Fuerteventura-Markets-Categories_500x500px-300x300.jpg 300w, https:\/\/vive-fuerteventura.com\/wp-content\/uploads\/2024\/10\/VIVE-Fuerteventura-Markets-Categories_500x500px-150x150.jpg 150w\" sizes=\"(max-width: 500px) 100vw, 500px\" \/>\t\t\t\t\t\t\t\t<\/a>\n\t\t\t\t\t\t\t\t\t\t\t\t\t\t\t<\/div>\n\t\t\t\t<\/div>\n\t\t\t\t<div class=\"elementor-element elementor-element-961a618 elementor-align-justify elementor-widget elementor-widget-button\" data-id=\"961a618\" data-element_type=\"widget\" data-e-type=\"widget\" data-settings=\"{&quot;_animation_mobile&quot;:&quot;none&quot;}\" data-widget_type=\"button.default\">\n\t\t\t\t<div class=\"elementor-widget-container\">\n\t\t\t\t\t\t\t\t\t<div class=\"elementor-button-wrapper\">\n\t\t\t\t\t<a class=\"elementor-button elementor-button-link elementor-size-sm\" href=\"https:\/\/vive-fuerteventura.com\/en\/maerkte\/\">\n\t\t\t\t\t\t<span class=\"elementor-button-content-wrapper\">\n\t\t\t\t\t\t\t\t\t<span class=\"elementor-button-text\">Markets<\/span>\n\t\t\t\t\t<\/span>\n\t\t\t\t\t<\/a>\n\t\t\t\t<\/div>\n\t\t\t\t\t\t\t\t<\/div>\n\t\t\t\t<\/div>\n\t\t\t\t<\/div>\n\t\t<div class=\"elementor-element elementor-element-1f619fb e-con-full e-flex e-con e-child\" data-id=\"1f619fb\" data-element_type=\"container\" data-e-type=\"container\" data-settings=\"{&quot;jet_parallax_layout_list&quot;:[],&quot;animation_mobile&quot;:&quot;none&quot;,&quot;background_background&quot;:&quot;classic&quot;}\">\n\t\t\t\t<div class=\"elementor-element elementor-element-49cbf16 elementor-widget elementor-widget-image\" data-id=\"49cbf16\" data-element_type=\"widget\" data-e-type=\"widget\" data-settings=\"{&quot;_animation_mobile&quot;:&quot;none&quot;}\" data-widget_type=\"image.default\">\n\t\t\t\t<div class=\"elementor-widget-container\">\n\t\t\t\t\t\t\t\t\t\t\t\t\t\t\t\t<a href=\"https:\/\/vive-fuerteventura.com\/en\/museen\/\">\n\t\t\t\t\t\t\t<img loading=\"lazy\" decoding=\"async\" width=\"500\" height=\"500\" src=\"https:\/\/vive-fuerteventura.com\/wp-content\/uploads\/2025\/04\/VIVE_Pictures_2025-04-03\/iStock-2148484773museo_result-500x500.webp\" class=\"attachment-Image Size 500x500 size-Image Size 500x500 wp-image-12752\" alt=\"\" srcset=\"https:\/\/vive-fuerteventura.com\/wp-content\/uploads\/2025\/04\/VIVE_Pictures_2025-04-03\/iStock-2148484773museo_result-500x500.webp 500w, https:\/\/vive-fuerteventura.com\/wp-content\/uploads\/2025\/04\/VIVE_Pictures_2025-04-03\/iStock-2148484773museo_result-150x150.webp 150w\" sizes=\"(max-width: 500px) 100vw, 500px\" \/>\t\t\t\t\t\t\t\t<\/a>\n\t\t\t\t\t\t\t\t\t\t\t\t\t\t\t<\/div>\n\t\t\t\t<\/div>\n\t\t\t\t<div class=\"elementor-element elementor-element-98a2a2f elementor-align-justify elementor-widget elementor-widget-button\" data-id=\"98a2a2f\" data-element_type=\"widget\" data-e-type=\"widget\" data-settings=\"{&quot;_animation_mobile&quot;:&quot;none&quot;}\" data-widget_type=\"button.default\">\n\t\t\t\t<div class=\"elementor-widget-container\">\n\t\t\t\t\t\t\t\t\t<div class=\"elementor-button-wrapper\">\n\t\t\t\t\t<a class=\"elementor-button elementor-button-link elementor-size-sm\" href=\"https:\/\/vive-fuerteventura.com\/en\/museen\/\">\n\t\t\t\t\t\t<span class=\"elementor-button-content-wrapper\">\n\t\t\t\t\t\t\t\t\t<span class=\"elementor-button-text\">Museums<\/span>\n\t\t\t\t\t<\/span>\n\t\t\t\t\t<\/a>\n\t\t\t\t<\/div>\n\t\t\t\t\t\t\t\t<\/div>\n\t\t\t\t<\/div>\n\t\t\t\t<\/div>\n\t\t<div class=\"elementor-element elementor-element-e8ae3b8 e-con-full e-flex e-con e-child\" data-id=\"e8ae3b8\" data-element_type=\"container\" data-e-type=\"container\" data-settings=\"{&quot;jet_parallax_layout_list&quot;:[],&quot;animation_mobile&quot;:&quot;none&quot;,&quot;background_background&quot;:&quot;classic&quot;}\">\n\t\t\t\t<div class=\"elementor-element elementor-element-dddaad8 elementor-widget elementor-widget-image\" data-id=\"dddaad8\" data-element_type=\"widget\" data-e-type=\"widget\" data-settings=\"{&quot;_animation_mobile&quot;:&quot;none&quot;}\" data-widget_type=\"image.default\">\n\t\t\t\t<div class=\"elementor-widget-container\">\n\t\t\t\t\t\t\t\t\t\t\t\t\t\t\t\t<a href=\"https:\/\/vive-fuerteventura.com\/en\/surf-spots\/\">\n\t\t\t\t\t\t\t<img loading=\"lazy\" decoding=\"async\" width=\"500\" height=\"500\" src=\"https:\/\/vive-fuerteventura.com\/wp-content\/uploads\/2025\/04\/VIVE_Pictures_2025-04-03\/alen-smola-luyXNjr7tkY-unsplashsurf spot_result-500x500.webp\" class=\"attachment-Image Size 500x500 size-Image Size 500x500 wp-image-12269\" alt=\"\" srcset=\"\" sizes=\"(max-width: 500px) 100vw, 500px\" data-srcset=\"\" \/>\t\t\t\t\t\t\t\t<\/a>\n\t\t\t\t\t\t\t\t\t\t\t\t\t\t\t<\/div>\n\t\t\t\t<\/div>\n\t\t\t\t<div class=\"elementor-element elementor-element-bb58b78 elementor-align-justify elementor-widget elementor-widget-button\" data-id=\"bb58b78\" data-element_type=\"widget\" data-e-type=\"widget\" data-settings=\"{&quot;_animation_mobile&quot;:&quot;none&quot;}\" data-widget_type=\"button.default\">\n\t\t\t\t<div class=\"elementor-widget-container\">\n\t\t\t\t\t\t\t\t\t<div class=\"elementor-button-wrapper\">\n\t\t\t\t\t<a class=\"elementor-button elementor-button-link elementor-size-sm\" href=\"https:\/\/vive-fuerteventura.com\/en\/surf-spots\/\">\n\t\t\t\t\t\t<span class=\"elementor-button-content-wrapper\">\n\t\t\t\t\t\t\t\t\t<span class=\"elementor-button-text\">Surf Spots<\/span>\n\t\t\t\t\t<\/span>\n\t\t\t\t\t<\/a>\n\t\t\t\t<\/div>\n\t\t\t\t\t\t\t\t<\/div>\n\t\t\t\t<\/div>\n\t\t\t\t<\/div>\n\t\t<div class=\"elementor-element elementor-element-a368da1 e-con-full e-flex e-con e-child\" data-id=\"a368da1\" data-element_type=\"container\" data-e-type=\"container\" data-settings=\"{&quot;jet_parallax_layout_list&quot;:[],&quot;animation_mobile&quot;:&quot;none&quot;,&quot;background_background&quot;:&quot;classic&quot;}\">\n\t\t\t\t<div class=\"elementor-element elementor-element-a2372fc elementor-widget elementor-widget-image\" data-id=\"a2372fc\" data-element_type=\"widget\" data-e-type=\"widget\" data-settings=\"{&quot;_animation_mobile&quot;:&quot;none&quot;}\" data-widget_type=\"image.default\">\n\t\t\t\t<div class=\"elementor-widget-container\">\n\t\t\t\t\t\t\t\t\t\t\t\t\t\t\t\t<a href=\"https:\/\/vive-fuerteventura.com\/en\/eventkalender\/\">\n\t\t\t\t\t\t\t<img loading=\"lazy\" decoding=\"async\" width=\"500\" height=\"500\" src=\"https:\/\/vive-fuerteventura.com\/wp-content\/uploads\/2025\/04\/VIVE_Pictures_2025-04-03\/Grandes Playas Kitefest 2grandes playas_result-500x500.webp\" class=\"attachment-Image Size 500x500 size-Image Size 500x500 wp-image-11743\" alt=\"\" srcset=\"\" sizes=\"(max-width: 500px) 100vw, 500px\" data-srcset=\"\" \/>\t\t\t\t\t\t\t\t<\/a>\n\t\t\t\t\t\t\t\t\t\t\t\t\t\t\t<\/div>\n\t\t\t\t<\/div>\n\t\t\t\t<div class=\"elementor-element elementor-element-eb4300f elementor-align-justify elementor-widget elementor-widget-button\" data-id=\"eb4300f\" data-element_type=\"widget\" data-e-type=\"widget\" data-settings=\"{&quot;_animation_mobile&quot;:&quot;none&quot;}\" data-widget_type=\"button.default\">\n\t\t\t\t<div class=\"elementor-widget-container\">\n\t\t\t\t\t\t\t\t\t<div class=\"elementor-button-wrapper\">\n\t\t\t\t\t<a class=\"elementor-button elementor-button-link elementor-size-sm\" href=\"https:\/\/vive-fuerteventura.com\/en\/eventkalender\/\">\n\t\t\t\t\t\t<span class=\"elementor-button-content-wrapper\">\n\t\t\t\t\t\t\t\t\t<span class=\"elementor-button-text\">Event calendar<\/span>\n\t\t\t\t\t<\/span>\n\t\t\t\t\t<\/a>\n\t\t\t\t<\/div>\n\t\t\t\t\t\t\t\t<\/div>\n\t\t\t\t<\/div>\n\t\t\t\t<\/div>\n\t\t\t\t<\/div>\n\t\t\t\t<section class=\"elementor-section elementor-top-section elementor-element elementor-element-4d08364 elementor-section-boxed elementor-section-height-default elementor-section-height-default\" data-id=\"4d08364\" data-element_type=\"section\" data-e-type=\"section\" data-settings=\"{&quot;jet_parallax_layout_list&quot;:[{&quot;jet_parallax_layout_image&quot;:{&quot;url&quot;:&quot;&quot;,&quot;id&quot;:&quot;&quot;,&quot;size&quot;:&quot;&quot;},&quot;_id&quot;:&quot;431fff4&quot;,&quot;jet_parallax_layout_speed&quot;:{&quot;unit&quot;:&quot;%&quot;,&quot;size&quot;:50,&quot;sizes&quot;:[]},&quot;jet_parallax_layout_image_tablet&quot;:{&quot;url&quot;:&quot;&quot;,&quot;id&quot;:&quot;&quot;,&quot;size&quot;:&quot;&quot;},&quot;jet_parallax_layout_image_mobile&quot;:{&quot;url&quot;:&quot;&quot;,&quot;id&quot;:&quot;&quot;,&quot;size&quot;:&quot;&quot;},&quot;jet_parallax_layout_type&quot;:&quot;scroll&quot;,&quot;jet_parallax_layout_direction&quot;:&quot;1&quot;,&quot;jet_parallax_layout_fx_direction&quot;:null,&quot;jet_parallax_layout_z_index&quot;:&quot;&quot;,&quot;jet_parallax_layout_bg_x&quot;:50,&quot;jet_parallax_layout_bg_x_tablet&quot;:&quot;&quot;,&quot;jet_parallax_layout_bg_x_mobile&quot;:&quot;&quot;,&quot;jet_parallax_layout_bg_y&quot;:50,&quot;jet_parallax_layout_bg_y_tablet&quot;:&quot;&quot;,&quot;jet_parallax_layout_bg_y_mobile&quot;:&quot;&quot;,&quot;jet_parallax_layout_bg_size&quot;:&quot;auto&quot;,&quot;jet_parallax_layout_bg_size_tablet&quot;:&quot;&quot;,&quot;jet_parallax_layout_bg_size_mobile&quot;:&quot;&quot;,&quot;jet_parallax_layout_animation_prop&quot;:&quot;transform&quot;,&quot;jet_parallax_layout_on&quot;:[&quot;desktop&quot;,&quot;tablet&quot;]}],&quot;background_background&quot;:&quot;classic&quot;}\">\n\t\t\t\t\t\t<div class=\"elementor-container elementor-column-gap-no\">\n\t\t\t\t\t<div class=\"elementor-column elementor-col-100 elementor-top-column elementor-element elementor-element-3840037\" data-id=\"3840037\" data-element_type=\"column\" data-e-type=\"column\">\n\t\t\t<div class=\"elementor-widget-wrap elementor-element-populated\">\n\t\t\t\t\t\t<div class=\"elementor-element elementor-element-8f71479 elementor-icon-list--layout-traditional elementor-list-item-link-full_width elementor-widget elementor-widget-icon-list\" data-id=\"8f71479\" data-element_type=\"widget\" data-e-type=\"widget\" data-settings=\"{&quot;_animation_mobile&quot;:&quot;slideInLeft&quot;}\" data-widget_type=\"icon-list.default\">\n\t\t\t\t<div class=\"elementor-widget-container\">\n\t\t\t\t\t\t\t<ul class=\"elementor-icon-list-items\">\n\t\t\t\t\t\t\t<li class=\"elementor-icon-list-item\">\n\t\t\t\t\t\t\t\t\t\t\t<span class=\"elementor-icon-list-icon\">\n\t\t\t\t\t\t\t<svg aria-hidden=\"true\" class=\"e-font-icon-svg e-fas-angle-double-down\" viewbox=\"0 0 320 512\" xmlns=\"http:\/\/www.w3.org\/2000\/svg\"><path d=\"M143 256.3L7 120.3c-9.4-9.4-9.4-24.6 0-33.9l22.6-22.6c9.4-9.4 24.6-9.4 33.9 0l96.4 96.4 96.4-96.4c9.4-9.4 24.6-9.4 33.9 0L313 86.3c9.4 9.4 9.4 24.6 0 33.9l-136 136c-9.4 9.5-24.6 9.5-34 .1zm34 192l136-136c9.4-9.4 9.4-24.6 0-33.9l-22.6-22.6c-9.4-9.4-24.6-9.4-33.9 0L160 352.1l-96.4-96.4c-9.4-9.4-24.6-9.4-33.9 0L7 278.3c-9.4 9.4-9.4 24.6 0 33.9l136 136c9.4 9.5 24.6 9.5 34 .1z\"><\/path><\/svg>\t\t\t\t\t\t<\/span>\n\t\t\t\t\t\t\t\t\t\t<span class=\"elementor-icon-list-text\">Blog &amp; island knowledge<\/span>\n\t\t\t\t\t\t\t\t\t<\/li>\n\t\t\t\t\t\t<\/ul>\n\t\t\t\t\t\t<\/div>\n\t\t\t\t<\/div>\n\t\t\t\t<div class=\"elementor-element elementor-element-59462d2 elementor-widget elementor-widget-heading\" data-id=\"59462d2\" data-element_type=\"widget\" data-e-type=\"widget\" data-widget_type=\"heading.default\">\n\t\t\t\t<div class=\"elementor-widget-container\">\n\t\t\t\t\t<h2 class=\"elementor-heading-title elementor-size-default\">Articles, impressions &amp; interesting facts<\/h2>\t\t\t\t<\/div>\n\t\t\t\t<\/div>\n\t\t\t\t<div class=\"elementor-element elementor-element-1001928 raven-button-align-justify raven-mobile-button-align-center aktivitaeten-karussell elementor-widget elementor-widget-raven-posts-carousel\" data-id=\"1001928\" data-element_type=\"widget\" data-e-type=\"widget\" data-settings=\"{&quot;classic_enable_autoplay&quot;:&quot;yes&quot;,&quot;classic_autoplay_speed&quot;:5000,&quot;classic_columns_space_between&quot;:{&quot;unit&quot;:&quot;px&quot;,&quot;size&quot;:15,&quot;sizes&quot;:[]},&quot;_skin&quot;:&quot;classic&quot;,&quot;query_posts_per_page&quot;:10,&quot;classic_slides_view&quot;:&quot;3&quot;,&quot;classic_slides_view_tablet&quot;:&quot;2&quot;,&quot;classic_slides_view_mobile&quot;:&quot;1&quot;,&quot;classic_slides_scroll&quot;:&quot;1&quot;,&quot;classic_slides_scroll_tablet&quot;:&quot;1&quot;,&quot;classic_slides_scroll_mobile&quot;:&quot;1&quot;,&quot;classic_transition_speed&quot;:500,&quot;classic_enable_infinite_loop&quot;:&quot;yes&quot;,&quot;classic_show_arrows&quot;:&quot;yes&quot;,&quot;query_offset&quot;:0,&quot;classic_columns_space_between_tablet&quot;:{&quot;unit&quot;:&quot;px&quot;,&quot;size&quot;:20,&quot;sizes&quot;:[]},&quot;classic_columns_space_between_mobile&quot;:{&quot;unit&quot;:&quot;px&quot;,&quot;size&quot;:10,&quot;sizes&quot;:[]}}\" data-widget_type=\"raven-posts-carousel.classic\">\n\t\t\t\t<div class=\"elementor-widget-container\">\n\t\t\t\t\t\t\t<div class=\"raven-posts-carousel raven-swiper-slider\">\n\t\t\t<div class=\"raven-posts-carousel-swiper-container swiper\">\n\t\t\t\t<div class=\"swiper-wrapper swiper-columns-3\" data-swiper='{&quot;rtl&quot;:false}'>\n\t\t\n\t\t<div class=\"swiper-slide\">\n\t\t\t<div class=\"raven-post-wrapper\">\n\t\t\t\t<div class=\"raven-post\">\n\t\t\t\t\t\t\t<div class=\"raven-post-image-wrap\">\n\t\t\t<a class=\"raven-post-image raven-image-fit\"  href=\"https:\/\/vive-fuerteventura.com\/en\/eine-insel-voller-kontraste\/\"><img loading=\"lazy\" decoding=\"async\" width=\"1024\" height=\"683\" src=\"https:\/\/vive-fuerteventura.com\/wp-content\/uploads\/2025\/04\/VIVE_Pictures_2025-04-03\/hanna-E-unsplashfuerteventura general_result-1024x683.webp\" class=\"attachment-large size-large wp-image-12312\" alt=\"\" srcset=\"\" sizes=\"(max-width: 1024px) 100vw, 1024px\" data-srcset=\"\" \/> <span class=\"raven-post-image-overlay\"><\/span><\/a>\t\t<\/div>\n\t\t\n\t\t\t\t\t<div class=\"raven-post-content\">\n\t\t\t\t\t\t<h3 class=\"raven-post-title\"><a class=\"raven-post-title-link\" href=\"https:\/\/vive-fuerteventura.com\/en\/eine-insel-voller-kontraste\/\">An island full of contrasts<\/a><\/h3>\t\t<div class=\"raven-post-meta\"><span class=\"raven-post-meta-item raven-post-categories\"><a href=\"https:\/\/vive-fuerteventura.com\/en\/category\/wissenswertes\/\" rel=\"tag\">Worth knowing<\/a><\/span><\/div>\n\t\t<div class=\"raven-post-excerpt\">Fuerteventura is located around 100 kilometres west of the Moroccan coast. The island is known for its endless beaches, volcanic landscape and mild, sun-kissed climate, which attracts tourists all year round.<\/div>\t\t<div class=\"raven-post-read-more\">\n\t\t\t<a class=\"raven-post-button\" href=\"https:\/\/vive-fuerteventura.com\/en\/eine-insel-voller-kontraste\/\"><span class=\"raven-post-button-text\">to the article<\/span><\/a>\n\t\t<\/div>\n\t\t\t\t\t\t\t<\/div>\n\t\t\t\t<\/div>\n\t\t\t<\/div>\n\t\t<\/div>\n\t\t\n\t\t<div class=\"swiper-slide\">\n\t\t\t<div class=\"raven-post-wrapper\">\n\t\t\t\t<div class=\"raven-post\">\n\t\t\t\t\t\t\t<div class=\"raven-post-image-wrap\">\n\t\t\t<a class=\"raven-post-image raven-image-fit\"  href=\"https:\/\/vive-fuerteventura.com\/en\/die-tierwelt-fuerteventuras\/\"><img loading=\"lazy\" decoding=\"async\" width=\"1024\" height=\"681\" src=\"https:\/\/vive-fuerteventura.com\/wp-content\/uploads\/2025\/04\/VIVE_Pictures_2025-04-03\/iStock-1249356790animal_result-1024x681.webp\" class=\"attachment-large size-large wp-image-12407\" alt=\"\" srcset=\"https:\/\/vive-fuerteventura.com\/wp-content\/uploads\/2025\/04\/VIVE_Pictures_2025-04-03\/iStock-1249356790animal_result-1024x681.webp 1024w, https:\/\/vive-fuerteventura.com\/wp-content\/uploads\/2025\/04\/VIVE_Pictures_2025-04-03\/iStock-1249356790animal_result-300x199.webp 300w, https:\/\/vive-fuerteventura.com\/wp-content\/uploads\/2025\/04\/VIVE_Pictures_2025-04-03\/iStock-1249356790animal_result-768x511.webp 768w, https:\/\/vive-fuerteventura.com\/wp-content\/uploads\/2025\/04\/VIVE_Pictures_2025-04-03\/iStock-1249356790animal_result-1536x1021.webp 1536w, https:\/\/vive-fuerteventura.com\/wp-content\/uploads\/2025\/04\/VIVE_Pictures_2025-04-03\/iStock-1249356790animal_result-2048x1362.webp 2048w\" sizes=\"(max-width: 1024px) 100vw, 1024px\" \/> <span class=\"raven-post-image-overlay\"><\/span><\/a>\t\t<\/div>\n\t\t\n\t\t\t\t\t<div class=\"raven-post-content\">\n\t\t\t\t\t\t<h3 class=\"raven-post-title\"><a class=\"raven-post-title-link\" href=\"https:\/\/vive-fuerteventura.com\/en\/die-tierwelt-fuerteventuras\/\">The wildlife of Fuerteventura<\/a><\/h3>\t\t<div class=\"raven-post-meta\"><span class=\"raven-post-meta-item raven-post-categories\"><a href=\"https:\/\/vive-fuerteventura.com\/en\/category\/wissenswertes\/\" rel=\"tag\">Worth knowing<\/a><\/span><\/div>\n\t\t<div class=\"raven-post-excerpt\">At first glance, Fuerteventura appears barren - but if you take a closer look, you will discover a surprisingly diverse fauna that has adapted to the hostile conditions: from land animals and birds to the rich underwater world.<\/div>\t\t<div class=\"raven-post-read-more\">\n\t\t\t<a class=\"raven-post-button\" href=\"https:\/\/vive-fuerteventura.com\/en\/die-tierwelt-fuerteventuras\/\"><span class=\"raven-post-button-text\">to the article<\/span><\/a>\n\t\t<\/div>\n\t\t\t\t\t\t\t<\/div>\n\t\t\t\t<\/div>\n\t\t\t<\/div>\n\t\t<\/div>\n\t\t\n\t\t<div class=\"swiper-slide\">\n\t\t\t<div class=\"raven-post-wrapper\">\n\t\t\t\t<div class=\"raven-post\">\n\t\t\t\t\t\t\t<div class=\"raven-post-image-wrap\">\n\t\t\t<a class=\"raven-post-image raven-image-fit\"  href=\"https:\/\/vive-fuerteventura.com\/en\/gemeinden-fuerteventuras\/\"><img loading=\"lazy\" decoding=\"async\" width=\"1024\" height=\"745\" src=\"https:\/\/vive-fuerteventura.com\/wp-content\/uploads\/2024\/10\/VIVE-Fuerteventura-Blog-Gemeinden-Fuerteventuras-1024x745.jpg\" class=\"attachment-large size-large wp-image-1129\" alt=\"\" srcset=\"https:\/\/vive-fuerteventura.com\/wp-content\/uploads\/2024\/10\/VIVE-Fuerteventura-Blog-Gemeinden-Fuerteventuras-1024x745.jpg 1024w, https:\/\/vive-fuerteventura.com\/wp-content\/uploads\/2024\/10\/VIVE-Fuerteventura-Blog-Gemeinden-Fuerteventuras-300x218.jpg 300w, https:\/\/vive-fuerteventura.com\/wp-content\/uploads\/2024\/10\/VIVE-Fuerteventura-Blog-Gemeinden-Fuerteventuras-768x559.jpg 768w, https:\/\/vive-fuerteventura.com\/wp-content\/uploads\/2024\/10\/VIVE-Fuerteventura-Blog-Gemeinden-Fuerteventuras.jpg 1100w\" sizes=\"(max-width: 1024px) 100vw, 1024px\" \/> <span class=\"raven-post-image-overlay\"><\/span><\/a>\t\t<\/div>\n\t\t\n\t\t\t\t\t<div class=\"raven-post-content\">\n\t\t\t\t\t\t<h3 class=\"raven-post-title\"><a class=\"raven-post-title-link\" href=\"https:\/\/vive-fuerteventura.com\/en\/gemeinden-fuerteventuras\/\">The municipalities of Fuerteventura<\/a><\/h3>\t\t<div class=\"raven-post-meta\"><span class=\"raven-post-meta-item raven-post-categories\"><a href=\"https:\/\/vive-fuerteventura.com\/en\/category\/wissenswertes\/\" rel=\"tag\">Worth knowing<\/a><\/span><\/div>\n\t\t<div class=\"raven-post-excerpt\">Fuerteventura, the second largest island in the Canary Islands, is located around 100 kilometres west of the Moroccan coast. The island is known for its endless beaches, volcanic landscape and mild, sun-kissed climate.<\/div>\t\t<div class=\"raven-post-read-more\">\n\t\t\t<a class=\"raven-post-button\" href=\"https:\/\/vive-fuerteventura.com\/en\/gemeinden-fuerteventuras\/\"><span class=\"raven-post-button-text\">to the article<\/span><\/a>\n\t\t<\/div>\n\t\t\t\t\t\t\t<\/div>\n\t\t\t\t<\/div>\n\t\t\t<\/div>\n\t\t<\/div>\n\t\t\n\t\t<div class=\"swiper-slide\">\n\t\t\t<div class=\"raven-post-wrapper\">\n\t\t\t\t<div class=\"raven-post\">\n\t\t\t\t\t\t\t<div class=\"raven-post-image-wrap\">\n\t\t\t<a class=\"raven-post-image raven-image-fit\"  href=\"https:\/\/vive-fuerteventura.com\/en\/die-5-schoensten-tagesrouten\/\"><img loading=\"lazy\" decoding=\"async\" width=\"555\" height=\"900\" src=\"https:\/\/vive-fuerteventura.com\/wp-content\/uploads\/2024\/10\/VIVE-Fuerteventura-Beaches-Playa-Cofete_Start-01_555x900px.jpg\" class=\"attachment-large size-large wp-image-1059\" alt=\"\" srcset=\"https:\/\/vive-fuerteventura.com\/wp-content\/uploads\/2024\/10\/VIVE-Fuerteventura-Beaches-Playa-Cofete_Start-01_555x900px.jpg 555w, https:\/\/vive-fuerteventura.com\/wp-content\/uploads\/2024\/10\/VIVE-Fuerteventura-Beaches-Playa-Cofete_Start-01_555x900px-185x300.jpg 185w\" sizes=\"(max-width: 555px) 100vw, 555px\" \/> <span class=\"raven-post-image-overlay\"><\/span><\/a>\t\t<\/div>\n\t\t\n\t\t\t\t\t<div class=\"raven-post-content\">\n\t\t\t\t\t\t<h3 class=\"raven-post-title\"><a class=\"raven-post-title-link\" href=\"https:\/\/vive-fuerteventura.com\/en\/die-5-schoensten-tagesrouten\/\">The most beautiful day routes<\/a><\/h3>\t\t<div class=\"raven-post-meta\"><span class=\"raven-post-meta-item raven-post-categories\"><a href=\"https:\/\/vive-fuerteventura.com\/en\/category\/erlebnisse\/\" rel=\"tag\">Experiences<\/a><\/span><\/div>\n\t\t<div class=\"raven-post-excerpt\">Experience Fuerteventura according to your preferences and discover the many facets of the island on extraordinary day trips. No matter which route you choose, every day will be an unforgettable experience.<\/div>\t\t<div class=\"raven-post-read-more\">\n\t\t\t<a class=\"raven-post-button\" href=\"https:\/\/vive-fuerteventura.com\/en\/die-5-schoensten-tagesrouten\/\"><span class=\"raven-post-button-text\">to the article<\/span><\/a>\n\t\t<\/div>\n\t\t\t\t\t\t\t<\/div>\n\t\t\t\t<\/div>\n\t\t\t<\/div>\n\t\t<\/div>\n\t\t\t\t\t\t<\/div>\n\t\t<div class=\"swiper-pagination swiper-pager-outside bullets-pagination-type\"><\/div>\n\t\t<\/div>\n\n\t\t\t\t\t\t\t<div class=\"swiper-button-prev\"><\/div>\n\t\t\t\t<div class=\"swiper-button-next\"><\/div>\n\t\t\t\n\t\t<\/div>\n\t\t\t\t\t\t<\/div>\n\t\t\t\t<\/div>\n\t\t\t\t\t<\/div>\n\t\t<\/div>\n\t\t\t\t\t<\/div>\n\t\t<\/section>\n\t\t\t\t<section class=\"elementor-section elementor-top-section elementor-element elementor-element-c499f49 elementor-section-boxed elementor-section-height-default elementor-section-height-default\" data-id=\"c499f49\" data-element_type=\"section\" data-e-type=\"section\" data-settings=\"{&quot;jet_parallax_layout_list&quot;:[{&quot;jet_parallax_layout_image&quot;:{&quot;url&quot;:&quot;&quot;,&quot;id&quot;:&quot;&quot;,&quot;size&quot;:&quot;&quot;},&quot;_id&quot;:&quot;431fff4&quot;,&quot;jet_parallax_layout_speed&quot;:{&quot;unit&quot;:&quot;%&quot;,&quot;size&quot;:50,&quot;sizes&quot;:[]},&quot;jet_parallax_layout_image_tablet&quot;:{&quot;url&quot;:&quot;&quot;,&quot;id&quot;:&quot;&quot;,&quot;size&quot;:&quot;&quot;},&quot;jet_parallax_layout_image_mobile&quot;:{&quot;url&quot;:&quot;&quot;,&quot;id&quot;:&quot;&quot;,&quot;size&quot;:&quot;&quot;},&quot;jet_parallax_layout_type&quot;:&quot;scroll&quot;,&quot;jet_parallax_layout_direction&quot;:&quot;1&quot;,&quot;jet_parallax_layout_fx_direction&quot;:null,&quot;jet_parallax_layout_z_index&quot;:&quot;&quot;,&quot;jet_parallax_layout_bg_x&quot;:50,&quot;jet_parallax_layout_bg_x_tablet&quot;:&quot;&quot;,&quot;jet_parallax_layout_bg_x_mobile&quot;:&quot;&quot;,&quot;jet_parallax_layout_bg_y&quot;:50,&quot;jet_parallax_layout_bg_y_tablet&quot;:&quot;&quot;,&quot;jet_parallax_layout_bg_y_mobile&quot;:&quot;&quot;,&quot;jet_parallax_layout_bg_size&quot;:&quot;auto&quot;,&quot;jet_parallax_layout_bg_size_tablet&quot;:&quot;&quot;,&quot;jet_parallax_layout_bg_size_mobile&quot;:&quot;&quot;,&quot;jet_parallax_layout_animation_prop&quot;:&quot;transform&quot;,&quot;jet_parallax_layout_on&quot;:[&quot;desktop&quot;,&quot;tablet&quot;]}],&quot;background_background&quot;:&quot;classic&quot;}\">\n\t\t\t\t\t\t<div class=\"elementor-container elementor-column-gap-no\">\n\t\t\t\t\t<div class=\"elementor-column elementor-col-50 elementor-top-column elementor-element elementor-element-f0ffa5f\" data-id=\"f0ffa5f\" data-element_type=\"column\" data-e-type=\"column\">\n\t\t\t<div class=\"elementor-widget-wrap elementor-element-populated\">\n\t\t\t\t\t\t<div class=\"elementor-element elementor-element-f5b7731 elementor-widget elementor-widget-image\" data-id=\"f5b7731\" data-element_type=\"widget\" data-e-type=\"widget\" data-widget_type=\"image.default\">\n\t\t\t\t<div class=\"elementor-widget-container\">\n\t\t\t\t\t\t\t\t\t\t\t\t\t\t\t\t<a href=\"https:\/\/vive-fuerteventura.com\/en\/home\/\">\n\t\t\t\t\t\t\t<img decoding=\"async\" src=\"https:\/\/vive-fuerteventura.com\/wp-content\/uploads\/elementor\/thumbs\/pascal-scholl-WlxHpuwbLns-unsplashfuerteventura%20general_result-r3shoz09scg4rj4lf0t2hwjxo6eyfs8l2bzgslq17c.webp\" title=\"pascal-scholl-WlxHpuwbLns-unsplashfuerteventura general_result\" alt=\"pascal-scholl-WlxHpuwbLns-unsplashfuerteventura general_result\" loading=\"lazy\" \/>\t\t\t\t\t\t\t\t<\/a>\n\t\t\t\t\t\t\t\t\t\t\t\t\t\t\t<\/div>\n\t\t\t\t<\/div>\n\t\t\t\t<div class=\"elementor-element elementor-element-71d822e elementor-widget-mobile__width-initial elementor-widget elementor-widget-image\" data-id=\"71d822e\" data-element_type=\"widget\" data-e-type=\"widget\" data-widget_type=\"image.default\">\n\t\t\t\t<div class=\"elementor-widget-container\">\n\t\t\t\t\t\t\t\t\t\t\t\t\t\t\t\t<a href=\"https:\/\/vive-fuerteventura.com\/en\/home\/\">\n\t\t\t\t\t\t\t<img loading=\"lazy\" decoding=\"async\" width=\"1024\" height=\"589\" src=\"https:\/\/vive-fuerteventura.com\/wp-content\/uploads\/2018\/09\/VIVE-Fuerteventura-white-Logo-e1727689829431-1024x589.png\" class=\"attachment-large size-large wp-image-321\" alt=\"\" srcset=\"https:\/\/vive-fuerteventura.com\/wp-content\/uploads\/2018\/09\/VIVE-Fuerteventura-white-Logo-e1727689829431-1024x589.png 1024w, https:\/\/vive-fuerteventura.com\/wp-content\/uploads\/2018\/09\/VIVE-Fuerteventura-white-Logo-e1727689829431-300x173.png 300w, https:\/\/vive-fuerteventura.com\/wp-content\/uploads\/2018\/09\/VIVE-Fuerteventura-white-Logo-e1727689829431-768x442.png 768w, https:\/\/vive-fuerteventura.com\/wp-content\/uploads\/2018\/09\/VIVE-Fuerteventura-white-Logo-e1727689829431.png 1395w\" sizes=\"(max-width: 1024px) 100vw, 1024px\" \/>\t\t\t\t\t\t\t\t<\/a>\n\t\t\t\t\t\t\t\t\t\t\t\t\t\t\t<\/div>\n\t\t\t\t<\/div>\n\t\t\t\t<div class=\"elementor-element elementor-element-0c58962 elementor-align-justify elementor-mobile-align-right elementor-widget elementor-widget-button\" data-id=\"0c58962\" data-element_type=\"widget\" data-e-type=\"widget\" data-widget_type=\"button.default\">\n\t\t\t\t<div class=\"elementor-widget-container\">\n\t\t\t\t\t\t\t\t\t<div class=\"elementor-button-wrapper\">\n\t\t\t\t\t<a class=\"elementor-button elementor-button-link elementor-size-sm elementor-animation-shrink\" href=\"https:\/\/vive-fuerteventura.com\/en\/home\/\">\n\t\t\t\t\t\t<span class=\"elementor-button-content-wrapper\">\n\t\t\t\t\t\t<span class=\"elementor-button-icon\">\n\t\t\t\t<svg aria-hidden=\"true\" class=\"e-font-icon-svg e-fas-angle-double-left\" viewbox=\"0 0 448 512\" xmlns=\"http:\/\/www.w3.org\/2000\/svg\"><path d=\"M223.7 239l136-136c9.4-9.4 24.6-9.4 33.9 0l22.6 22.6c9.4 9.4 9.4 24.6 0 33.9L319.9 256l96.4 96.4c9.4 9.4 9.4 24.6 0 33.9L393.7 409c-9.4 9.4-24.6 9.4-33.9 0l-136-136c-9.5-9.4-9.5-24.6-.1-34zm-192 34l136 136c9.4 9.4 24.6 9.4 33.9 0l22.6-22.6c9.4-9.4 9.4-24.6 0-33.9L127.9 256l96.4-96.4c9.4-9.4 9.4-24.6 0-33.9L201.7 103c-9.4-9.4-24.6-9.4-33.9 0l-136 136c-9.5 9.4-9.5 24.6-.1 34z\"><\/path><\/svg>\t\t\t<\/span>\n\t\t\t\t\t\t\t\t\t<span class=\"elementor-button-text\">back to the homepage<\/span>\n\t\t\t\t\t<\/span>\n\t\t\t\t\t<\/a>\n\t\t\t\t<\/div>\n\t\t\t\t\t\t\t\t<\/div>\n\t\t\t\t<\/div>\n\t\t\t\t\t<\/div>\n\t\t<\/div>\n\t\t\t\t<div class=\"elementor-column elementor-col-50 elementor-top-column elementor-element elementor-element-4c2193f\" data-id=\"4c2193f\" data-element_type=\"column\" data-e-type=\"column\">\n\t\t\t<div class=\"elementor-widget-wrap elementor-element-populated\">\n\t\t\t\t\t\t\t<\/div>\n\t\t<\/div>\n\t\t\t\t\t<\/div>\n\t\t<\/section>\n\t\t\t\t<\/div>\n\t\t<button class=\"simplefavorite-button\" data-postid=\"84\" data-siteid=\"1\" data-groupid=\"1\" data-favoritecount=\"0\" style=\"\">\u2661<\/button>","protected":false},"excerpt":{"rendered":"<p>Attractions From historical sites to impressive natural monuments, Fuerteventura's sights tell of the island's geological origins, religious tradition and cultural history. Between rock formations, old mills, caves, chapels and historic buildings, there is a special diversity that offers a real insight into the history and nature of the island. Top Spots Cuevas de Ajuy LA OLIVA [...]<\/p>","protected":false},"author":1,"featured_media":0,"parent":0,"menu_order":0,"comment_status":"closed","ping_status":"closed","template":"elementor_header_footer","meta":{"_acf_changed":false,"footnotes":""},"class_list":["post-1806","page","type-page","status-publish","hentry"],"acf":[],"yoast_head":"<!-- This site is optimized with the Yoast SEO plugin v26.7 - https:\/\/yoast.com\/wordpress\/plugins\/seo\/ -->\n<title>VIVE Fuerteventura - Sehensw\u00fcrdigkeiten<\/title>\n<meta name=\"description\" content=\"Fuerteventura beeindruckt auch mit zahlreichen Sehensw\u00fcrdigkeiten und Aussichtspunkten, die die Sch\u00f6nheit und Vielfalt der Insel offenbaren.\" \/>\n<meta name=\"robots\" content=\"index, follow, max-snippet:-1, max-image-preview:large, max-video-preview:-1\" \/>\n<link rel=\"canonical\" href=\"https:\/\/vive-fuerteventura.com\/en\/sehenswuerdigkeiten-aussichtspunkte\/\" \/>\n<meta property=\"og:locale\" content=\"en_GB\" \/>\n<meta property=\"og:type\" content=\"article\" \/>\n<meta property=\"og:title\" content=\"VIVE Fuerteventura - Sehensw\u00fcrdigkeiten\" \/>\n<meta property=\"og:description\" content=\"Fuerteventura beeindruckt auch mit zahlreichen Sehensw\u00fcrdigkeiten und Aussichtspunkten, die die Sch\u00f6nheit und Vielfalt der Insel offenbaren.\" \/>\n<meta property=\"og:url\" content=\"https:\/\/vive-fuerteventura.com\/en\/sehenswuerdigkeiten-aussichtspunkte\/\" \/>\n<meta property=\"og:site_name\" content=\"VIVE Fuerteventura\" \/>\n<meta property=\"article:modified_time\" content=\"2025-12-08T23:31:57+00:00\" \/>\n<meta property=\"og:image\" content=\"https:\/\/vive-fuerteventura.com\/wp-content\/uploads\/2024\/11\/VIVE-Fuerteventura-Aussichtspunkte-Intro.jpg\" \/>\n\t<meta property=\"og:image:width\" content=\"500\" \/>\n\t<meta property=\"og:image:height\" content=\"700\" \/>\n\t<meta property=\"og:image:type\" content=\"image\/jpeg\" \/>\n<meta name=\"twitter:card\" content=\"summary_large_image\" \/>\n<meta name=\"twitter:label1\" content=\"Estimated reading time\" \/>\n\t<meta name=\"twitter:data1\" content=\"29 minutes\" \/>\n<script type=\"application\/ld+json\" class=\"yoast-schema-graph\">{\"@context\":\"https:\/\/schema.org\",\"@graph\":[{\"@type\":\"WebPage\",\"@id\":\"https:\/\/vive-fuerteventura.com\/sehenswuerdigkeiten-aussichtspunkte\/\",\"url\":\"https:\/\/vive-fuerteventura.com\/sehenswuerdigkeiten-aussichtspunkte\/\",\"name\":\"VIVE Fuerteventura - Sehensw\u00fcrdigkeiten\",\"isPartOf\":{\"@id\":\"https:\/\/vive-fuerteventura.com\/#website\"},\"primaryImageOfPage\":{\"@id\":\"https:\/\/vive-fuerteventura.com\/sehenswuerdigkeiten-aussichtspunkte\/#primaryimage\"},\"image\":{\"@id\":\"https:\/\/vive-fuerteventura.com\/sehenswuerdigkeiten-aussichtspunkte\/#primaryimage\"},\"thumbnailUrl\":\"https:\/\/vive-fuerteventura.com\/wp-content\/uploads\/2024\/11\/VIVE-Fuerteventura-Aussichtspunkte-Intro.jpg\",\"datePublished\":\"2024-11-02T09:50:10+00:00\",\"dateModified\":\"2025-12-08T23:31:57+00:00\",\"description\":\"Fuerteventura beeindruckt auch mit zahlreichen Sehensw\u00fcrdigkeiten und Aussichtspunkten, die die Sch\u00f6nheit und Vielfalt der Insel offenbaren.\",\"breadcrumb\":{\"@id\":\"https:\/\/vive-fuerteventura.com\/sehenswuerdigkeiten-aussichtspunkte\/#breadcrumb\"},\"inLanguage\":\"en-GB\",\"potentialAction\":[{\"@type\":\"ReadAction\",\"target\":[\"https:\/\/vive-fuerteventura.com\/sehenswuerdigkeiten-aussichtspunkte\/\"]}]},{\"@type\":\"ImageObject\",\"inLanguage\":\"en-GB\",\"@id\":\"https:\/\/vive-fuerteventura.com\/sehenswuerdigkeiten-aussichtspunkte\/#primaryimage\",\"url\":\"https:\/\/vive-fuerteventura.com\/wp-content\/uploads\/2024\/11\/VIVE-Fuerteventura-Aussichtspunkte-Intro.jpg\",\"contentUrl\":\"https:\/\/vive-fuerteventura.com\/wp-content\/uploads\/2024\/11\/VIVE-Fuerteventura-Aussichtspunkte-Intro.jpg\"},{\"@type\":\"BreadcrumbList\",\"@id\":\"https:\/\/vive-fuerteventura.com\/sehenswuerdigkeiten-aussichtspunkte\/#breadcrumb\",\"itemListElement\":[{\"@type\":\"ListItem\",\"position\":1,\"name\":\"Startseite\",\"item\":\"https:\/\/vive-fuerteventura.com\/\"},{\"@type\":\"ListItem\",\"position\":2,\"name\":\"Sehensw\u00fcrdigkeiten\"}]},{\"@type\":\"WebSite\",\"@id\":\"https:\/\/vive-fuerteventura.com\/#website\",\"url\":\"https:\/\/vive-fuerteventura.com\/\",\"name\":\"VIVE Fuerteventura\",\"description\":\"Deine interaktive Plattform f\u00fcr einzigartige Inselerlebnisse!\",\"potentialAction\":[{\"@type\":\"SearchAction\",\"target\":{\"@type\":\"EntryPoint\",\"urlTemplate\":\"https:\/\/vive-fuerteventura.com\/?s={search_term_string}\"},\"query-input\":{\"@type\":\"PropertyValueSpecification\",\"valueRequired\":true,\"valueName\":\"search_term_string\"}}],\"inLanguage\":\"en-GB\"}]}<\/script>\n<!-- \/ Yoast SEO plugin. -->","yoast_head_json":{"title":"VIVE Fuerteventura - Places of interest","description":"Fuerteventura also impresses with numerous sights and viewpoints that reveal the beauty and diversity of the island.","robots":{"index":"index","follow":"follow","max-snippet":"max-snippet:-1","max-image-preview":"max-image-preview:large","max-video-preview":"max-video-preview:-1"},"canonical":"https:\/\/vive-fuerteventura.com\/en\/sehenswuerdigkeiten-aussichtspunkte\/","og_locale":"en_GB","og_type":"article","og_title":"VIVE Fuerteventura - Sehensw\u00fcrdigkeiten","og_description":"Fuerteventura beeindruckt auch mit zahlreichen Sehensw\u00fcrdigkeiten und Aussichtspunkten, die die Sch\u00f6nheit und Vielfalt der Insel offenbaren.","og_url":"https:\/\/vive-fuerteventura.com\/en\/sehenswuerdigkeiten-aussichtspunkte\/","og_site_name":"VIVE Fuerteventura","article_modified_time":"2025-12-08T23:31:57+00:00","og_image":[{"width":500,"height":700,"url":"https:\/\/vive-fuerteventura.com\/wp-content\/uploads\/2024\/11\/VIVE-Fuerteventura-Aussichtspunkte-Intro.jpg","type":"image\/jpeg"}],"twitter_card":"summary_large_image","twitter_misc":{"Estimated reading time":"29 minutes"},"schema":{"@context":"https:\/\/schema.org","@graph":[{"@type":"WebPage","@id":"https:\/\/vive-fuerteventura.com\/sehenswuerdigkeiten-aussichtspunkte\/","url":"https:\/\/vive-fuerteventura.com\/sehenswuerdigkeiten-aussichtspunkte\/","name":"VIVE Fuerteventura - Places of interest","isPartOf":{"@id":"https:\/\/vive-fuerteventura.com\/#website"},"primaryImageOfPage":{"@id":"https:\/\/vive-fuerteventura.com\/sehenswuerdigkeiten-aussichtspunkte\/#primaryimage"},"image":{"@id":"https:\/\/vive-fuerteventura.com\/sehenswuerdigkeiten-aussichtspunkte\/#primaryimage"},"thumbnailUrl":"https:\/\/vive-fuerteventura.com\/wp-content\/uploads\/2024\/11\/VIVE-Fuerteventura-Aussichtspunkte-Intro.jpg","datePublished":"2024-11-02T09:50:10+00:00","dateModified":"2025-12-08T23:31:57+00:00","description":"Fuerteventura also impresses with numerous sights and viewpoints that reveal the beauty and diversity of the island.","breadcrumb":{"@id":"https:\/\/vive-fuerteventura.com\/sehenswuerdigkeiten-aussichtspunkte\/#breadcrumb"},"inLanguage":"en-GB","potentialAction":[{"@type":"ReadAction","target":["https:\/\/vive-fuerteventura.com\/sehenswuerdigkeiten-aussichtspunkte\/"]}]},{"@type":"ImageObject","inLanguage":"en-GB","@id":"https:\/\/vive-fuerteventura.com\/sehenswuerdigkeiten-aussichtspunkte\/#primaryimage","url":"https:\/\/vive-fuerteventura.com\/wp-content\/uploads\/2024\/11\/VIVE-Fuerteventura-Aussichtspunkte-Intro.jpg","contentUrl":"https:\/\/vive-fuerteventura.com\/wp-content\/uploads\/2024\/11\/VIVE-Fuerteventura-Aussichtspunkte-Intro.jpg"},{"@type":"BreadcrumbList","@id":"https:\/\/vive-fuerteventura.com\/sehenswuerdigkeiten-aussichtspunkte\/#breadcrumb","itemListElement":[{"@type":"ListItem","position":1,"name":"Startseite","item":"https:\/\/vive-fuerteventura.com\/"},{"@type":"ListItem","position":2,"name":"Sehensw\u00fcrdigkeiten"}]},{"@type":"WebSite","@id":"https:\/\/vive-fuerteventura.com\/#website","url":"https:\/\/vive-fuerteventura.com\/","name":"VIVE Fuerteventura","description":"Your interactive platform for unique island experiences!","potentialAction":[{"@type":"SearchAction","target":{"@type":"EntryPoint","urlTemplate":"https:\/\/vive-fuerteventura.com\/?s={search_term_string}"},"query-input":{"@type":"PropertyValueSpecification","valueRequired":true,"valueName":"search_term_string"}}],"inLanguage":"en-GB"}]}},"_links":{"self":[{"href":"https:\/\/vive-fuerteventura.com\/en\/wp-json\/wp\/v2\/pages\/1806","targetHints":{"allow":["GET"]}}],"collection":[{"href":"https:\/\/vive-fuerteventura.com\/en\/wp-json\/wp\/v2\/pages"}],"about":[{"href":"https:\/\/vive-fuerteventura.com\/en\/wp-json\/wp\/v2\/types\/page"}],"author":[{"embeddable":true,"href":"https:\/\/vive-fuerteventura.com\/en\/wp-json\/wp\/v2\/users\/1"}],"replies":[{"embeddable":true,"href":"https:\/\/vive-fuerteventura.com\/en\/wp-json\/wp\/v2\/comments?post=1806"}],"version-history":[{"count":458,"href":"https:\/\/vive-fuerteventura.com\/en\/wp-json\/wp\/v2\/pages\/1806\/revisions"}],"predecessor-version":[{"id":41097,"href":"https:\/\/vive-fuerteventura.com\/en\/wp-json\/wp\/v2\/pages\/1806\/revisions\/41097"}],"wp:attachment":[{"href":"https:\/\/vive-fuerteventura.com\/en\/wp-json\/wp\/v2\/media?parent=1806"}],"curies":[{"name":"wp","href":"https:\/\/api.w.org\/{rel}","templated":true}]}}